{"id":17778,"date":"2024-07-10T11:51:35","date_gmt":"2024-07-10T09:51:35","guid":{"rendered":"https:\/\/www.compact-kaeltetechnik.de\/chillventa\/"},"modified":"2024-07-11T08:25:59","modified_gmt":"2024-07-11T06:25:59","slug":"chillventa","status":"publish","type":"page","link":"https:\/\/www.compact-kaeltetechnik.de\/pl\/chillventa\/","title":{"rendered":"Chillventa"},"content":{"rendered":"<p><div class=\"fusion-fullwidth fullwidth-box fusion-builder-row-1 fusion-flex-container has-pattern-background has-mask-background fusion-parallax-none nonhundred-percent-fullwidth non-hundred-percent-height-scrolling\" style=\"--awb-background-blend-mode:multiply;--awb-border-radius-top-left:0px;--awb-border-radius-top-right:0px;--awb-border-radius-bottom-right:0px;--awb-border-radius-bottom-left:0px;--awb-padding-top:240px;--awb-padding-bottom:250px;--awb-padding-top-medium:251px;--awb-padding-bottom-medium:90px;--awb-padding-left-medium:41px;--awb-padding-top-small:78px;--awb-padding-right-small:15px;--awb-padding-bottom-small:69px;--awb-padding-left-small:15px;--awb-margin-top:-40px;--awb-margin-bottom-medium:0px;--awb-background-color:rgba(35,97,146,0.43);--awb-background-image:url(&quot;https:\/\/www.compact-kaeltetechnik.de\/wp-content\/uploads\/2024\/03\/Headermotiv_Chillventa_2024_2.jpg&quot;);--awb-background-size:cover;--awb-flex-wrap:wrap;\" data-preload-img=\"https:\/\/www.compact-kaeltetechnik.de\/wp-content\/uploads\/2024\/03\/Headermotiv_Chillventa_2024_2.jpg\" ><div class=\"fusion-builder-row fusion-row fusion-flex-align-items-flex-start fusion-flex-content-wrap\" style=\"max-width:1248px;margin-left: calc(-4% \/ 2 );margin-right: calc(-4% \/ 2 );\"><\/div><\/div><div class=\"fusion-fullwidth fullwidth-box fusion-builder-row-2 fusion-flex-container has-pattern-background has-mask-background nonhundred-percent-fullwidth non-hundred-percent-height-scrolling\" style=\"--awb-border-radius-top-left:0px;--awb-border-radius-top-right:0px;--awb-border-radius-bottom-right:0px;--awb-border-radius-bottom-left:0px;--awb-padding-top:90px;--awb-padding-bottom:30px;--awb-padding-top-medium:50px;--awb-padding-bottom-medium:20px;--awb-padding-top-small:30px;--awb-flex-wrap:wrap;\" ><div class=\"fusion-builder-row fusion-row fusion-flex-align-items-flex-start fusion-flex-content-wrap\" style=\"max-width:1248px;margin-left: calc(-4% \/ 2 );margin-right: calc(-4% \/ 2 );\"><div class=\"fusion-layout-column fusion_builder_column fusion-builder-column-0 fusion_builder_column_3_5 3_5 fusion-flex-column fusion-flex-align-self-stretch\" style=\"--awb-padding-right:77px;--awb-padding-right-small:0px;--awb-bg-size:cover;--awb-width-large:60%;--awb-margin-top-large:0px;--awb-spacing-right-large:3.2%;--awb-margin-bottom-large:2%;--awb-spacing-left-large:3.2%;--awb-width-medium:100%;--awb-order-medium:0;--awb-spacing-right-medium:1.92%;--awb-spacing-left-medium:1.92%;--awb-width-small:100%;--awb-order-small:0;--awb-spacing-right-small:1.92%;--awb-spacing-left-small:1.92%;\"><div class=\"fusion-column-wrapper fusion-column-has-shadow fusion-flex-justify-content-flex-start fusion-content-layout-column\"><div class=\"fusion-title title fusion-title-1 fusion-sep-none fusion-title-text fusion-title-size-one tit\" style=\"--awb-text-color:var(--awb-color7);--awb-margin-top-small:0px;--awb-margin-right-small:0px;--awb-margin-bottom-small:20px;--awb-margin-left-small:0px;--awb-font-size:45px;\"><h1 class=\"fusion-title-heading title-heading-left fusion-responsive-typography-calculated\" style=\"margin:0;font-size:1em;--fontSize:45;line-height:1.2;\">Chillventa: wiod\u0105ce na \u015bwiecie targi techniki ch\u0142odniczej, klimatyzacyjnej, wentylacyjnej i pomp ciep\u0142a<\/h1><\/div><div class=\"fusion-text fusion-text-1\"><p>Jeste\u015bmy dumnym wystawc\u0105 w\u015br\u00f3d ponad 1000 firm z ponad 40 kraj\u00f3w i cieszymy si\u0119 na osobiste spotkanie z Pa\u0144stwem. Targi Chillventa 2024 odb\u0119d\u0105 si\u0119 w dniach od <b>8-10 pa\u017adziernika 2024 r<\/b>, w centrum wystawowym w Norymberdze i s\u0105 \u201ePlace to be\u201d dla wszystkich ekspert\u00f3w w dziedzinie ch\u0142odnictwa. To spotkanie bran\u017cowe zapowiada trzy wspania\u0142e dni targowe. Targi s\u0105 nie tylko aren\u0105 wiod\u0105cych innowacji w bran\u017cy, ale r\u00f3wnie\u017c \u017cywym forum dla specjalistycznych dyskusji, kongres\u00f3w i warsztat\u00f3w. Jest to wyj\u0105tkowa okazja do zapoznania si\u0119 z aktualnymi trendami, wymiany wiedzy z ekspertami oraz nawi\u0105zywania i utrzymywania cennych kontakt\u00f3w biznesowych. Do\u0142\u0105cz do nas w tym wyj\u0105tkowym \u015brodowisku, kt\u00f3re \u0142\u0105czy wiedz\u0119, sieci i najnowocze\u015bniejsze technologie.<\/p>\n<\/div><\/div><\/div><div class=\"fusion-layout-column fusion_builder_column fusion-builder-column-1 fusion_builder_column_2_5 2_5 fusion-flex-column fusion-flex-align-self-flex-start\" style=\"--awb-bg-size:cover;--awb-width-large:40%;--awb-margin-top-large:0px;--awb-spacing-right-large:4.8%;--awb-margin-bottom-large:2%;--awb-spacing-left-large:4.8%;--awb-width-medium:66.666666666667%;--awb-order-medium:0;--awb-spacing-right-medium:2.88%;--awb-spacing-left-medium:2.88%;--awb-width-small:100%;--awb-order-small:0;--awb-spacing-right-small:1.92%;--awb-spacing-left-small:1.92%;\"><div class=\"fusion-column-wrapper fusion-column-has-shadow fusion-flex-justify-content-flex-start fusion-content-layout-column\"><div class=\"fusion-image-element \" style=\"--awb-caption-title-font-family:var(--h2_typography-font-family);--awb-caption-title-font-weight:var(--h2_typography-font-weight);--awb-caption-title-font-style:var(--h2_typography-font-style);--awb-caption-title-size:var(--h2_typography-font-size);--awb-caption-title-transform:var(--h2_typography-text-transform);--awb-caption-title-line-height:var(--h2_typography-line-height);--awb-caption-title-letter-spacing:var(--h2_typography-letter-spacing);\"><span class=\" fusion-imageframe imageframe-none imageframe-1 hover-type-none\"><img decoding=\"async\" width=\"1080\" height=\"1080\" title=\"chillv\" src=\"https:\/\/www.compact-kaeltetechnik.de\/wp-content\/uploads\/2024\/02\/chillv.jpg\" data-orig-src=\"https:\/\/www.compact-kaeltetechnik.de\/wp-content\/uploads\/2024\/02\/chillv.jpg\" alt class=\"lazyload img-responsive wp-image-14815\" srcset=\"data:image\/svg+xml,%3Csvg%20xmlns%3D%27http%3A%2F%2Fwww.w3.org%2F2000%2Fsvg%27%20width%3D%271080%27%20height%3D%271080%27%20viewBox%3D%270%200%201080%201080%27%3E%3Crect%20width%3D%271080%27%20height%3D%271080%27%20fill-opacity%3D%220%22%2F%3E%3C%2Fsvg%3E\" data-srcset=\"https:\/\/www.compact-kaeltetechnik.de\/wp-content\/uploads\/2024\/02\/chillv-200x200.jpg 200w, https:\/\/www.compact-kaeltetechnik.de\/wp-content\/uploads\/2024\/02\/chillv-400x400.jpg 400w, https:\/\/www.compact-kaeltetechnik.de\/wp-content\/uploads\/2024\/02\/chillv-600x600.jpg 600w, https:\/\/www.compact-kaeltetechnik.de\/wp-content\/uploads\/2024\/02\/chillv-800x800.jpg 800w, https:\/\/www.compact-kaeltetechnik.de\/wp-content\/uploads\/2024\/02\/chillv.jpg 1080w\" data-sizes=\"auto\" data-orig-sizes=\"(max-width: 1300px) 100vw, (max-width: 640px) 100vw, 600px\" \/><\/span><\/div><\/div><\/div><\/div><\/div><div class=\"fusion-fullwidth fullwidth-box fusion-builder-row-3 fusion-flex-container has-pattern-background has-mask-background nonhundred-percent-fullwidth non-hundred-percent-height-scrolling\" style=\"--awb-border-radius-top-left:0px;--awb-border-radius-top-right:0px;--awb-border-radius-bottom-right:0px;--awb-border-radius-bottom-left:0px;--awb-padding-bottom:39px;--awb-padding-bottom-small:24px;--awb-flex-wrap:wrap;\" ><div class=\"fusion-builder-row fusion-row fusion-flex-align-items-flex-start fusion-flex-content-wrap\" style=\"max-width:1248px;margin-left: calc(-4% \/ 2 );margin-right: calc(-4% \/ 2 );\"><div class=\"fusion-layout-column fusion_builder_column fusion-builder-column-2 fusion_builder_column_1_1 1_1 fusion-flex-column\" style=\"--awb-bg-size:cover;--awb-width-large:100%;--awb-margin-top-large:0px;--awb-spacing-right-large:1.92%;--awb-margin-bottom-large:2%;--awb-spacing-left-large:1.92%;--awb-width-medium:100%;--awb-order-medium:0;--awb-spacing-right-medium:1.92%;--awb-spacing-left-medium:1.92%;--awb-width-small:100%;--awb-order-small:0;--awb-spacing-right-small:1.92%;--awb-spacing-left-small:1.92%;\"><div class=\"fusion-column-wrapper fusion-column-has-shadow fusion-flex-justify-content-flex-start fusion-content-layout-column\"><div class=\"fusion-title title fusion-title-2 fusion-sep-none fusion-title-text fusion-title-size-two\" style=\"--awb-margin-top-small:0px;--awb-margin-right-small:0px;--awb-margin-bottom-small:20px;--awb-margin-left-small:0px;\"><h2 class=\"fusion-title-heading title-heading-left fusion-responsive-typography-calculated\" style=\"margin:0;--fontSize:32;line-height:1.2;\">Chillventa 2024: We are part of it<\/h2><\/div><div class=\"fusion-text fusion-text-2\"><p>compact K\u00e4ltetechnik prezentuje si\u0119 po raz kolejny na wiod\u0105cych \u015bwiatowych targach ch\u0142odnictwa i klimatyzacji, na Chillventa 2024. Od 8 do 10 pa\u017adziernika 2024 r. <b>centrum targowe w Norymberdze<\/b> ponownie stanie si\u0119 centralnym miejscem spotka\u0144 in\u017cynier\u00f3w, projektant\u00f3w, instalator\u00f3w, operator\u00f3w, producent\u00f3w, dystrybutor\u00f3w, naukowc\u00f3w i konsultant\u00f3w z bran\u017cy.<\/p>\n<p>Przygotowania ju\u017c id\u0105 pe\u0142n\u0105 par\u0105. Dzi\u0119ki oko\u0142o 230 m2 powierzchni stoiska rozszerzyli\u015bmy nasz\u0105 obecno\u015b\u0107 na miejscu i cieszymy si\u0119 na osobist\u0105 wymian\u0119 informacji na temat najnowszych osi\u0105gni\u0119\u0107 produktowych, trend\u00f3w bran\u017cowych, cennego wk\u0142adu, ekscytuj\u0105cych dyskusji i wyj\u0105tkowej wiedzy fachowej. Do zobaczenia na targach Chillventa 2024 w <b>hali 7, na stoiskach 550 i 650<\/b>.<\/p>\n<\/div><\/div><\/div><\/div><\/div><div class=\"fusion-fullwidth fullwidth-box fusion-builder-row-4 fusion-flex-container has-pattern-background has-mask-background nonhundred-percent-fullwidth non-hundred-percent-height-scrolling\" style=\"--awb-border-radius-top-left:0px;--awb-border-radius-top-right:0px;--awb-border-radius-bottom-right:0px;--awb-border-radius-bottom-left:0px;--awb-padding-top:90px;--awb-padding-bottom:100px;--awb-padding-top-medium:60px;--awb-padding-bottom-medium:70px;--awb-padding-top-small:44px;--awb-padding-bottom-small:50px;--awb-background-color:var(--awb-color2);--awb-flex-wrap:wrap;\" ><div class=\"fusion-builder-row fusion-row fusion-flex-align-items-flex-start fusion-flex-justify-content-center fusion-flex-content-wrap\" style=\"max-width:1248px;margin-left: calc(-4% \/ 2 );margin-right: calc(-4% \/ 2 );\"><div class=\"fusion-layout-column fusion_builder_column fusion-builder-column-3 fusion_builder_column_1_1 1_1 fusion-flex-column\" style=\"--awb-padding-right-small:15px;--awb-padding-left-small:15px;--awb-bg-size:cover;--awb-width-large:100%;--awb-margin-top-large:0px;--awb-spacing-right-large:1.92%;--awb-margin-bottom-large:2%;--awb-spacing-left-large:1.92%;--awb-width-medium:100%;--awb-order-medium:0;--awb-spacing-right-medium:1.92%;--awb-spacing-left-medium:1.92%;--awb-width-small:100%;--awb-order-small:0;--awb-spacing-right-small:1.92%;--awb-spacing-left-small:1.92%;\"><div class=\"fusion-column-wrapper fusion-column-has-shadow fusion-flex-justify-content-flex-start fusion-content-layout-column\"><div class=\"fusion-title title fusion-title-3 fusion-sep-none fusion-title-center fusion-title-text fusion-title-size-two mobtit\" style=\"--awb-margin-bottom:20px;--awb-margin-top-small:0px;--awb-margin-right-small:0px;--awb-margin-bottom-small:20px;--awb-margin-left-small:0px;\"><h2 class=\"fusion-title-heading title-heading-center fusion-responsive-typography-calculated\" style=\"margin:0;--fontSize:32;line-height:1.2;\">Spotkaj si\u0119 z nami osobi\u015bcie na targach<\/h2><\/div><\/div><\/div><div class=\"fusion-layout-column fusion_builder_column fusion-builder-column-4 fusion_builder_column_1_2 1_2 fusion-flex-column fusion-flex-align-self-stretch\" style=\"--awb-padding-top:80px;--awb-padding-right:64px;--awb-padding-bottom:60px;--awb-padding-left:64px;--awb-padding-top-medium:51px;--awb-padding-right-medium:40px;--awb-padding-left-medium:40px;--awb-padding-top-small:40px;--awb-padding-right-small:20px;--awb-padding-bottom-small:32px;--awb-padding-left-small:19px;--awb-bg-color:var(--awb-color1);--awb-bg-color-hover:var(--awb-color1);--awb-bg-size:cover;--awb-width-large:50%;--awb-margin-top-large:0px;--awb-spacing-right-large:0%;--awb-margin-bottom-large:2%;--awb-spacing-left-large:3.84%;--awb-width-medium:50%;--awb-order-medium:0;--awb-spacing-right-medium:0%;--awb-margin-bottom-medium:0px;--awb-spacing-left-medium:3.84%;--awb-width-small:100%;--awb-order-small:0;--awb-spacing-right-small:1.92%;--awb-spacing-left-small:1.92%;\"><div class=\"fusion-column-wrapper fusion-column-has-shadow fusion-flex-justify-content-flex-start fusion-content-layout-column\"><div class=\"fusion-title title fusion-title-4 fusion-sep-none fusion-title-text fusion-title-size-three\" style=\"--awb-margin-bottom:20px;--awb-margin-top-small:0px;--awb-margin-right-small:0px;--awb-margin-bottom-small:20px;--awb-margin-left-small:0px;\"><h3 class=\"fusion-title-heading title-heading-left fusion-responsive-typography-calculated\" style=\"margin:0;--fontSize:24;--minFontSize:24;line-height:1.4;\">Zarezerwuj dogodny termin rozmowy ju\u017c teraz<\/h3><\/div><div class=\"fusion-text fusion-text-3\"><p><span style=\"color: #c6007e;\"><b>8-10 pa\u017adziernika 2024 r.<\/b><br \/>\n<b>Hala 7 | Stoisko 550-650<\/b><\/span><\/p>\n<p>Czekamy na osobiste rozmowy, wymian\u0119 do\u015bwiadcze\u0144 lub fachow\u0105 porad\u0119.<\/p>\n<\/div><\/div><\/div><div class=\"fusion-layout-column fusion_builder_column fusion-builder-column-5 fusion_builder_column_1_2 1_2 fusion-flex-column fusion-flex-align-self-stretch\" style=\"--awb-padding-top:70px;--awb-padding-right:40px;--awb-padding-left:40px;--awb-padding-top-medium:40px;--awb-padding-right-medium:25px;--awb-padding-bottom-medium:0px;--awb-padding-left-medium:25px;--awb-padding-top-small:20px;--awb-padding-right-small:0px;--awb-padding-bottom-small:0px;--awb-padding-left-small:0px;--awb-bg-color:var(--awb-custom14);--awb-bg-color-hover:var(--awb-custom14);--awb-bg-size:cover;--awb-width-large:50%;--awb-margin-top-large:0px;--awb-spacing-right-large:3.84%;--awb-margin-bottom-large:2%;--awb-spacing-left-large:0%;--awb-width-medium:50%;--awb-order-medium:0;--awb-spacing-right-medium:3.84%;--awb-margin-bottom-medium:0px;--awb-spacing-left-medium:0%;--awb-width-small:100%;--awb-order-small:0;--awb-spacing-right-small:1.92%;--awb-spacing-left-small:1.92%;\"><div class=\"fusion-column-wrapper fusion-column-has-shadow fusion-flex-justify-content-flex-start fusion-content-layout-column\">\n<script>\n  if (typeof hasAmeliaEntitiesApiCall === 'undefined' && ('' === '' && '' !== '1')) {\n    var hasAmeliaEntitiesApiCall = true;\n  }\n  var ameliaShortcodeData = (typeof ameliaShortcodeData === 'undefined') ? [] : ameliaShortcodeData;\n  ameliaShortcodeData.push(\n    {\n      'hasApiCall': (typeof hasAmeliaEntitiesApiCall !== 'undefined') && hasAmeliaEntitiesApiCall,\n      'trigger': '',\n      'trigger_type': '',\n      'triggered_form': 'sbsNew',\n      'in_dialog': '',\n      'show': '',\n      'counter': '1000',\n      'category': '',\n      'service': '4',\n      'employee': '',\n      'location': '',\n      'package': '',\n      'layout': '',\n    }\n  );\n\n  var ameliaShortcodeDataTriggered = (typeof ameliaShortcodeDataTriggered === 'undefined') ? [] : ameliaShortcodeDataTriggered;\n  if (ameliaShortcodeData[ameliaShortcodeData.length - 1].trigger !== '') {\n    if (ameliaShortcodeDataTriggered.filter(a => a.counter === ameliaShortcodeData[ameliaShortcodeData.length - 1].counter).length === 0) {\n      ameliaShortcodeDataTriggered.push(ameliaShortcodeData.pop());\n    } else {\n      ameliaShortcodeData.pop()\n    }\n  }\n  if (typeof hasAmeliaEntitiesApiCall !== 'undefined' && hasAmeliaEntitiesApiCall) {\n    hasAmeliaEntitiesApiCall = false;\n  }\n<\/script>\n\n<div\n  id=\"amelia-v2-booking-1000\"\n  class=\"amelia-v2-booking\"\n >\n    <step-form-wrapper><\/step-form-wrapper><\/div>\n<\/div><\/div><\/div><\/div><div class=\"fusion-fullwidth fullwidth-box fusion-builder-row-5 fusion-flex-container has-pattern-background has-mask-background nonhundred-percent-fullwidth non-hundred-percent-height-scrolling\" style=\"--awb-border-radius-top-left:0px;--awb-border-radius-top-right:0px;--awb-border-radius-bottom-right:0px;--awb-border-radius-bottom-left:0px;--awb-padding-top:61px;--awb-padding-bottom:80px;--awb-padding-top-medium:31px;--awb-padding-bottom-small:50px;--awb-flex-wrap:wrap;\" ><div class=\"fusion-builder-row fusion-row fusion-flex-align-items-flex-start fusion-flex-content-wrap\" style=\"max-width:1248px;margin-left: calc(-4% \/ 2 );margin-right: calc(-4% \/ 2 );\"><div class=\"fusion-layout-column fusion_builder_column fusion-builder-column-6 fusion_builder_column_1_1 1_1 fusion-flex-column\" style=\"--awb-bg-size:cover;--awb-width-large:100%;--awb-margin-top-large:0px;--awb-spacing-right-large:1.92%;--awb-margin-bottom-large:2%;--awb-spacing-left-large:1.92%;--awb-width-medium:100%;--awb-order-medium:0;--awb-spacing-right-medium:1.92%;--awb-spacing-left-medium:1.92%;--awb-width-small:100%;--awb-order-small:0;--awb-spacing-right-small:1.92%;--awb-spacing-left-small:1.92%;\"><div class=\"fusion-column-wrapper fusion-column-has-shadow fusion-flex-justify-content-flex-start fusion-content-layout-column\"><div class=\"fusion-title title fusion-title-5 fusion-sep-none fusion-title-center fusion-title-text fusion-title-size-two mobtit\" style=\"--awb-margin-top-small:0px;--awb-margin-right-small:0px;--awb-margin-bottom-small:20px;--awb-margin-left-small:0px;\"><h2 class=\"fusion-title-heading title-heading-center fusion-responsive-typography-calculated\" style=\"margin:0;--fontSize:32;line-height:1.2;\">FAQ na temat Chillventa<\/h2><\/div><div class=\"accordian fusion-accordian\" style=\"--awb-padding-top:10px;--awb-padding-bottom:10px;--awb-border-size:1px;--awb-icon-size:20px;--awb-content-font-size:20px;--awb-icon-alignment:right;--awb-hover-color:#f9f9f9;--awb-border-color:#333333;--awb-background-color:#ffffff;--awb-divider-color:#e0dede;--awb-divider-hover-color:#e0dede;--awb-icon-color:var(--awb-color7);--awb-title-color:#333333;--awb-content-color:var(--awb-color7);--awb-icon-box-color:var(--awb-color7);--awb-toggle-hover-accent-color:var(--awb-color7);--awb-title-font-family:&quot;Source Sans 3&quot;;--awb-title-font-weight:700;--awb-title-font-style:normal;--awb-title-font-size:24px;--awb-content-font-family:&quot;Source Sans Pro&quot;;--awb-content-font-style:normal;--awb-content-font-weight:300;\"><div class=\"panel-group fusion-toggle-icon-right fusion-toggle-icon-unboxed\" id=\"accordion-17778-1\"><div class=\"fusion-panel panel-default panel-72e7f46e5c2c8c856 fusion-toggle-has-divider\" style=\"--awb-title-color:#333333;--awb-content-color:var(--awb-color7);\"><div class=\"panel-heading\"><h4 class=\"panel-title toggle\" id=\"toggle_72e7f46e5c2c8c856\"><a aria-expanded=\"false\" aria-controls=\"72e7f46e5c2c8c856\" role=\"button\" data-toggle=\"collapse\" data-parent=\"#accordion-17778-1\" data-target=\"#72e7f46e5c2c8c856\" href=\"#72e7f46e5c2c8c856\"><span class=\"fusion-toggle-icon-wrapper\" aria-hidden=\"true\"><i class=\"fa-fusion-box active-icon awb-icon-minus\" aria-hidden=\"true\"><\/i><i class=\"fa-fusion-box inactive-icon awb-icon-plus\" aria-hidden=\"true\"><\/i><\/span><span class=\"fusion-toggle-heading\">Jak cz\u0119sto firma compact K\u00e4ltetechnik wystawia\u0142a si\u0119 na targach Chillventa?<\/span><\/a><\/h4><\/div><div id=\"72e7f46e5c2c8c856\" class=\"panel-collapse collapse \" aria-labelledby=\"toggle_72e7f46e5c2c8c856\"><div class=\"panel-body toggle-content fusion-clearfix\">\n<p>Chillventa to obok targ\u00f3w Euroshop w D\u00fcsseldorfie jedna z najwa\u017cniejszych imprez targowych dla compact K\u00e4ltetechnik. Targi s\u0105 miejscem spotka\u0144 bran\u017cy technologii ch\u0142odniczych i oferuj\u0105 nam cenn\u0105 okazj\u0119 do wymiany pomys\u0142\u00f3w na miejscu.<\/p>\n<\/div><\/div><\/div><div class=\"fusion-panel panel-default panel-e942f2c4d22b65e35 fusion-toggle-has-divider\" style=\"--awb-title-color:#333333;--awb-content-color:var(--awb-color7);\"><div class=\"panel-heading\"><h4 class=\"panel-title toggle\" id=\"toggle_e942f2c4d22b65e35\"><a aria-expanded=\"false\" aria-controls=\"e942f2c4d22b65e35\" role=\"button\" data-toggle=\"collapse\" data-parent=\"#accordion-17778-1\" data-target=\"#e942f2c4d22b65e35\" href=\"#e942f2c4d22b65e35\"><span class=\"fusion-toggle-icon-wrapper\" aria-hidden=\"true\"><i class=\"fa-fusion-box active-icon awb-icon-minus\" aria-hidden=\"true\"><\/i><i class=\"fa-fusion-box inactive-icon awb-icon-plus\" aria-hidden=\"true\"><\/i><\/span><span class=\"fusion-toggle-heading\">Czy w tym roku jest temat przewodni?<\/span><\/a><\/h4><\/div><div id=\"e942f2c4d22b65e35\" class=\"panel-collapse collapse \" aria-labelledby=\"toggle_e942f2c4d22b65e35\"><div class=\"panel-body toggle-content fusion-clearfix\">\n<p>Na naszym stoisku wystawienniczym znajduje si\u0119 &#8220;showroom&#8221; zr\u00f3wnowa\u017conych i energooszcz\u0119dnych system\u00f3w ch\u0142odniczych. Prezentujemy zar\u00f3wno niestandardowe systemy, jak i produkty seryjne. Nacisk k\u0142adziony jest na CO2 jako naturalny czynnik ch\u0142odniczy. Po raz pierwszy na targach Chillventa 2024 b\u0119dzie mo\u017cna przetestowa\u0107 na \u017cywo nasz\u0105 now\u0105 i rozszerzon\u0105 wersj\u0119 konfiguratora produkt\u00f3w online.<\/p>\n<\/div><\/div><\/div><div class=\"fusion-panel panel-default panel-cdc3285f256c0c432 fusion-toggle-has-divider\" style=\"--awb-title-color:#333333;--awb-content-color:var(--awb-color7);\"><div class=\"panel-heading\"><h4 class=\"panel-title toggle\" id=\"toggle_cdc3285f256c0c432\"><a aria-expanded=\"false\" aria-controls=\"cdc3285f256c0c432\" role=\"button\" data-toggle=\"collapse\" data-parent=\"#accordion-17778-1\" data-target=\"#cdc3285f256c0c432\" href=\"#cdc3285f256c0c432\"><span class=\"fusion-toggle-icon-wrapper\" aria-hidden=\"true\"><i class=\"fa-fusion-box active-icon awb-icon-minus\" aria-hidden=\"true\"><\/i><i class=\"fa-fusion-box inactive-icon awb-icon-plus\" aria-hidden=\"true\"><\/i><\/span><span class=\"fusion-toggle-heading\">Gdzie mog\u0119 znale\u017a\u0107 compact K\u00e4ltetechnik w Chillventa?<\/span><\/a><\/h4><\/div><div id=\"cdc3285f256c0c432\" class=\"panel-collapse collapse \" aria-labelledby=\"toggle_cdc3285f256c0c432\"><div class=\"panel-body toggle-content fusion-clearfix\">\n<p>Nasze stoisko wystawowe znajduje si\u0119 w hali 7, stoisko 550 i 650. Z niecierpliwo\u015bci\u0105 czekamy na osobiste spotkanie.<\/p>\n<\/div><\/div><\/div><div class=\"fusion-panel panel-default panel-a43c6928f3851313b fusion-toggle-has-divider\" style=\"--awb-title-color:#333333;--awb-content-color:var(--awb-color7);\"><div class=\"panel-heading\"><h4 class=\"panel-title toggle\" id=\"toggle_a43c6928f3851313b\"><a aria-expanded=\"false\" aria-controls=\"a43c6928f3851313b\" role=\"button\" data-toggle=\"collapse\" data-parent=\"#accordion-17778-1\" data-target=\"#a43c6928f3851313b\" href=\"#a43c6928f3851313b\"><span class=\"fusion-toggle-icon-wrapper\" aria-hidden=\"true\"><i class=\"fa-fusion-box active-icon awb-icon-minus\" aria-hidden=\"true\"><\/i><i class=\"fa-fusion-box inactive-icon awb-icon-plus\" aria-hidden=\"true\"><\/i><\/span><span class=\"fusion-toggle-heading\">Czy musz\u0119 by\u0107 go\u015bciem bran\u017cowym, aby wzi\u0105\u0107 udzia\u0142 w Chillventa?<\/span><\/a><\/h4><\/div><div id=\"a43c6928f3851313b\" class=\"panel-collapse collapse \" aria-labelledby=\"toggle_a43c6928f3851313b\"><div class=\"panel-body toggle-content fusion-clearfix\">\n<p>Chillventa skierowana jest przede wszystkim do ekspert\u00f3w z bran\u017cy ch\u0142odnictwa i klimatyzacji. Dow\u00f3d przynale\u017cno\u015bci do bran\u017cy nie jest wymagany do wizyty.<\/p>\n<\/div><\/div><\/div><div class=\"fusion-panel panel-default panel-39c5c98a210dd0f6f fusion-toggle-has-divider\" style=\"--awb-title-color:#333333;--awb-content-color:var(--awb-color7);\"><div class=\"panel-heading\"><h4 class=\"panel-title toggle\" id=\"toggle_39c5c98a210dd0f6f\"><a aria-expanded=\"false\" aria-controls=\"39c5c98a210dd0f6f\" role=\"button\" data-toggle=\"collapse\" data-parent=\"#accordion-17778-1\" data-target=\"#39c5c98a210dd0f6f\" href=\"#39c5c98a210dd0f6f\"><span class=\"fusion-toggle-icon-wrapper\" aria-hidden=\"true\"><i class=\"fa-fusion-box active-icon awb-icon-minus\" aria-hidden=\"true\"><\/i><i class=\"fa-fusion-box inactive-icon awb-icon-plus\" aria-hidden=\"true\"><\/i><\/span><span class=\"fusion-toggle-heading\">Jak zdoby\u0107 bilet wst\u0119pu do Chillventa?<\/span><\/a><\/h4><\/div><div id=\"39c5c98a210dd0f6f\" class=\"panel-collapse collapse \" aria-labelledby=\"toggle_39c5c98a210dd0f6f\"><div class=\"panel-body toggle-content fusion-clearfix\">\n<p>Sprzeda\u017c bilet\u00f3w i realizacja voucher\u00f3w odbywa si\u0119 wy\u0142\u0105cznie za po\u015brednictwem internetowego sklepu z biletami Chillventa. Prosimy o zakup biletu wst\u0119pu z wyprzedzeniem lub wykorzystanie kodu vouchera. Na miejscu nie mo\u017cna kupi\u0107 bilet\u00f3w ani zrealizowa\u0107 voucher\u00f3w. Bilety online mo\u017cna rezerwowa\u0107 od ko\u0144ca maja 2024 roku.<\/p>\n<\/div><\/div><\/div><div class=\"fusion-panel panel-default panel-c401aadb90599496c fusion-toggle-has-divider\" style=\"--awb-title-color:#333333;--awb-content-color:var(--awb-color7);\"><div class=\"panel-heading\"><h4 class=\"panel-title toggle\" id=\"toggle_c401aadb90599496c\"><a aria-expanded=\"false\" aria-controls=\"c401aadb90599496c\" role=\"button\" data-toggle=\"collapse\" data-parent=\"#accordion-17778-1\" data-target=\"#c401aadb90599496c\" href=\"#c401aadb90599496c\"><span class=\"fusion-toggle-icon-wrapper\" aria-hidden=\"true\"><i class=\"fa-fusion-box active-icon awb-icon-minus\" aria-hidden=\"true\"><\/i><i class=\"fa-fusion-box inactive-icon awb-icon-plus\" aria-hidden=\"true\"><\/i><\/span><span class=\"fusion-toggle-heading\">Jakie s\u0105 godziny otwarcia Chillventa?<\/span><\/a><\/h4><\/div><div id=\"c401aadb90599496c\" class=\"panel-collapse collapse \" aria-labelledby=\"toggle_c401aadb90599496c\"><div class=\"panel-body toggle-content fusion-clearfix\">\n<p>Chillventa jest otwarta od 8 pa\u017adziernika do 10 pa\u017adziernika 2024 r. w godzinach 09:00 &#8211; 18:00.<\/p>\n<\/div><\/div><\/div><div class=\"fusion-panel panel-default panel-0a5c2b20be838bc72 fusion-toggle-has-divider\" style=\"--awb-title-color:#333333;--awb-content-color:var(--awb-color7);\"><div class=\"panel-heading\"><h4 class=\"panel-title toggle\" id=\"toggle_0a5c2b20be838bc72\"><a aria-expanded=\"false\" aria-controls=\"0a5c2b20be838bc72\" role=\"button\" data-toggle=\"collapse\" data-parent=\"#accordion-17778-1\" data-target=\"#0a5c2b20be838bc72\" href=\"#0a5c2b20be838bc72\"><span class=\"fusion-toggle-icon-wrapper\" aria-hidden=\"true\"><i class=\"fa-fusion-box active-icon awb-icon-minus\" aria-hidden=\"true\"><\/i><i class=\"fa-fusion-box inactive-icon awb-icon-plus\" aria-hidden=\"true\"><\/i><\/span><span class=\"fusion-toggle-heading\">Jak mog\u0119 znale\u017a\u0107 Chillventa w moim systemie nawigacji?<\/span><\/a><\/h4><\/div><div id=\"0a5c2b20be838bc72\" class=\"panel-collapse collapse \" aria-labelledby=\"toggle_0a5c2b20be838bc72\"><div class=\"panel-body toggle-content fusion-clearfix\">\n<p>Aby nawigowa\u0107 do Chillventa, nale\u017cy wpisa\u0107 nast\u0119puj\u0105cy adres: ,,Karl-Sch\u00f6nleben-Stra\u00dfe, 90471 N\u00fcrnberg\u2019\u2019. Mo\u017cna jednak po prostu wpisa\u0107 \u201eMesse N\u00fcrnberg\u201d. Dynamiczny system zarz\u0105dzania ruchem drogowym prowadzi do wolnego miejsca parkingowego. Kosztuje to 12 \u20ac\/dzie\u0144.<\/p>\n<\/div><\/div><\/div><\/div><\/div><\/div><\/div><\/div><\/div><div class=\"fusion-fullwidth fullwidth-box fusion-builder-row-6 fusion-flex-container has-pattern-background has-mask-background nonhundred-percent-fullwidth non-hundred-percent-height-scrolling\" style=\"--awb-border-radius-top-left:0px;--awb-border-radius-top-right:0px;--awb-border-radius-bottom-right:0px;--awb-border-radius-bottom-left:0px;--awb-padding-top:48px;--awb-padding-right:30px;--awb-padding-right-medium:16px;--awb-padding-top-small:34px;--awb-margin-top-medium:0px;--awb-background-color:#f5f5f5;--awb-flex-wrap:wrap;\" ><div class=\"fusion-builder-row fusion-row fusion-flex-align-items-flex-start fusion-flex-justify-content-center fusion-flex-content-wrap\" style=\"max-width:1248px;margin-left: calc(-4% \/ 2 );margin-right: calc(-4% \/ 2 );\"><div class=\"fusion-layout-column fusion_builder_column fusion-builder-column-7 fusion_builder_column_3_4 3_4 fusion-flex-column\" style=\"--awb-bg-size:cover;--awb-width-large:75%;--awb-margin-top-large:0px;--awb-spacing-right-large:2.56%;--awb-margin-bottom-large:2%;--awb-spacing-left-large:2.56%;--awb-width-medium:100%;--awb-order-medium:0;--awb-spacing-right-medium:1.92%;--awb-spacing-left-medium:1.92%;--awb-width-small:100%;--awb-order-small:0;--awb-spacing-right-small:1.92%;--awb-spacing-left-small:1.92%;\"><div class=\"fusion-column-wrapper fusion-column-has-shadow fusion-flex-justify-content-flex-start fusion-content-layout-column\"><div class=\"fusion-title title fusion-title-6 fusion-sep-none fusion-title-center fusion-title-text fusion-title-size-two\" style=\"--awb-margin-top-small:0px;--awb-margin-right-small:0px;--awb-margin-bottom-small:20px;--awb-margin-left-small:0px;\"><h2 class=\"fusion-title-heading title-heading-center fusion-responsive-typography-calculated\" style=\"margin:0;--fontSize:32;line-height:1.2;\">Kontakt<\/h2><\/div><div class=\"fusion-text fusion-text-4\"><p style=\"text-align: center;\">Czy masz jakie\u015b pytania lub chcia\u0142by\u015b um\u00f3wi\u0107 si\u0119 na indywidualne spotkanie?<\/p>\n<\/div><\/div><\/div><div class=\"fusion-layout-column fusion_builder_column fusion-builder-column-8 fusion_builder_column_1_3 1_3 fusion-flex-column\" style=\"--awb-padding-top:12px;--awb-bg-size:cover;--awb-width-large:33.333333333333%;--awb-margin-top-large:0px;--awb-spacing-right-large:5.76%;--awb-margin-bottom-large:2%;--awb-spacing-left-large:5.76%;--awb-width-medium:40%;--awb-order-medium:0;--awb-spacing-right-medium:4.8%;--awb-spacing-left-medium:4.8%;--awb-width-small:100%;--awb-order-small:0;--awb-spacing-right-small:1.92%;--awb-margin-bottom-small:25px;--awb-spacing-left-small:1.92%;\"><div class=\"fusion-column-wrapper fusion-column-has-shadow fusion-flex-justify-content-flex-start fusion-content-layout-column\"><div class=\"fusion-image-element \" style=\"--awb-margin-bottom:20px;--awb-caption-title-font-family:var(--h2_typography-font-family);--awb-caption-title-font-weight:var(--h2_typography-font-weight);--awb-caption-title-font-style:var(--h2_typography-font-style);--awb-caption-title-size:var(--h2_typography-font-size);--awb-caption-title-transform:var(--h2_typography-text-transform);--awb-caption-title-line-height:var(--h2_typography-line-height);--awb-caption-title-letter-spacing:var(--h2_typography-letter-spacing);\"><span class=\" fusion-imageframe imageframe-none imageframe-2 hover-type-none\"><img decoding=\"async\" width=\"1045\" height=\"1045\" alt=\"Ewa Domagala\" src=\"https:\/\/www.compact-kaeltetechnik.de\/wp-content\/uploads\/2024\/04\/ewad.png\" data-orig-src=\"https:\/\/www.compact-kaeltetechnik.de\/wp-content\/uploads\/2024\/04\/ewad.png\" class=\"lazyload img-responsive wp-image-16288\" srcset=\"data:image\/svg+xml,%3Csvg%20xmlns%3D%27http%3A%2F%2Fwww.w3.org%2F2000%2Fsvg%27%20width%3D%271045%27%20height%3D%271045%27%20viewBox%3D%270%200%201045%201045%27%3E%3Crect%20width%3D%271045%27%20height%3D%271045%27%20fill-opacity%3D%220%22%2F%3E%3C%2Fsvg%3E\" data-srcset=\"https:\/\/www.compact-kaeltetechnik.de\/wp-content\/uploads\/2024\/04\/ewad-200x200.png 200w, https:\/\/www.compact-kaeltetechnik.de\/wp-content\/uploads\/2024\/04\/ewad-400x400.png 400w, https:\/\/www.compact-kaeltetechnik.de\/wp-content\/uploads\/2024\/04\/ewad-600x600.png 600w, https:\/\/www.compact-kaeltetechnik.de\/wp-content\/uploads\/2024\/04\/ewad-800x800.png 800w, https:\/\/www.compact-kaeltetechnik.de\/wp-content\/uploads\/2024\/04\/ewad.png 1045w\" data-sizes=\"auto\" data-orig-sizes=\"(max-width: 1300px) 100vw, (max-width: 640px) 100vw, 400px\" \/><\/span><\/div><div class=\"fusion-title title fusion-title-7 fusion-sep-none fusion-title-text fusion-title-size-three\" style=\"--awb-margin-bottom:0px;--awb-margin-top-small:0px;--awb-margin-right-small:0px;--awb-margin-bottom-small:0px;--awb-margin-left-small:0px;--awb-font-size:28px;\"><h3 class=\"fusion-title-heading title-heading-left fusion-responsive-typography-calculated\" style=\"margin:0;font-size:1em;--fontSize:28;--minFontSize:28;line-height:1.4;\"><span class=\"person-name\">Ewa Domagala<\/span><\/h3><\/div><div class=\"fusion-text fusion-text-5 person\"><p>Regionalny Kierownik Sprzeda\u017cy<\/p>\n<p>Telefon: <a href=\"tel:+484180444\">+48 418-0-444<\/a><\/p>\n<\/div><div class=\"fusion-social-links fusion-social-links-1\" style=\"--awb-margin-top:0px;--awb-margin-right:0px;--awb-margin-bottom:0px;--awb-margin-left:0px;--awb-box-border-top:0px;--awb-box-border-right:0px;--awb-box-border-bottom:0px;--awb-box-border-left:0px;--awb-icon-colors-hover:var(--awb-color4);--awb-box-colors-hover:var(--awb-color1);--awb-box-border-color:var(--awb-color3);--awb-box-border-color-hover:var(--awb-color4);\"><div class=\"fusion-social-networks color-type-custom\"><div class=\"fusion-social-networks-wrapper\"><a class=\"fusion-social-network-icon fusion-tooltip fusion-linkedin awb-icon-linkedin\" style=\"color:var(--awb-custom14);font-size:16px;\" data-placement=\"top\" data-title=\"LinkedIn\" data-toggle=\"tooltip\" title=\"LinkedIn\" aria-label=\"linkedin\" target=\"_blank\" rel=\"noopener noreferrer\" href=\"https:\/\/www.linkedin.com\/in\/ewa-domagala-214b6093\/\"><\/a><\/div><\/div><\/div><\/div><\/div><div class=\"fusion-layout-column fusion_builder_column fusion-builder-column-9 fusion_builder_column_2_3 2_3 fusion-flex-column\" style=\"--awb-bg-size:cover;--awb-width-large:66.666666666667%;--awb-margin-top-large:0px;--awb-spacing-right-large:2.88%;--awb-margin-bottom-large:2%;--awb-spacing-left-large:8.208%;--awb-width-medium:60%;--awb-order-medium:0;--awb-spacing-right-medium:7.04%;--awb-spacing-left-medium:7.04%;--awb-width-small:100%;--awb-order-small:0;--awb-spacing-right-small:5.76%;--awb-spacing-left-small:5.76%;\"><div class=\"fusion-column-wrapper fusion-column-has-shadow fusion-flex-justify-content-flex-start fusion-content-layout-column\"><script type=\"text\/javascript\" src=\"\/\/ma.compact-kaeltetechnik.de\/form\/generate.js?id=65\"><\/script><\/div><\/div><\/div><\/div><\/p>\n","protected":false},"excerpt":{"rendered":"","protected":false},"author":246,"featured_media":0,"parent":0,"menu_order":0,"comment_status":"closed","ping_status":"closed","template":"100-width.php","meta":{"footnotes":""},"class_list":["post-17778","page","type-page","status-publish","hentry"],"_links":{"self":[{"href":"https:\/\/www.compact-kaeltetechnik.de\/pl\/wp-json\/wp\/v2\/pages\/17778","targetHints":{"allow":["GET"]}}],"collection":[{"href":"https:\/\/www.compact-kaeltetechnik.de\/pl\/wp-json\/wp\/v2\/pages"}],"about":[{"href":"https:\/\/www.compact-kaeltetechnik.de\/pl\/wp-json\/wp\/v2\/types\/page"}],"author":[{"embeddable":true,"href":"https:\/\/www.compact-kaeltetechnik.de\/pl\/wp-json\/wp\/v2\/users\/246"}],"replies":[{"embeddable":true,"href":"https:\/\/www.compact-kaeltetechnik.de\/pl\/wp-json\/wp\/v2\/comments?post=17778"}],"version-history":[{"count":8,"href":"https:\/\/www.compact-kaeltetechnik.de\/pl\/wp-json\/wp\/v2\/pages\/17778\/revisions"}],"predecessor-version":[{"id":17792,"href":"https:\/\/www.compact-kaeltetechnik.de\/pl\/wp-json\/wp\/v2\/pages\/17778\/revisions\/17792"}],"wp:attachment":[{"href":"https:\/\/www.compact-kaeltetechnik.de\/pl\/wp-json\/wp\/v2\/media?parent=17778"}],"curies":[{"name":"wp","href":"https:\/\/api.w.org\/{rel}","templated":true}]}}