{"id":17537,"date":"2024-05-22T13:14:10","date_gmt":"2024-05-22T11:14:10","guid":{"rendered":"https:\/\/www.compact-kaeltetechnik.de\/impressum\/"},"modified":"2026-03-24T12:30:23","modified_gmt":"2026-03-24T11:30:23","slug":"impressum","status":"publish","type":"page","link":"https:\/\/www.compact-kaeltetechnik.de\/pl\/impressum\/","title":{"rendered":"Impressum"},"content":{"rendered":"<div class=\"fusion-fullwidth fullwidth-box fusion-builder-row-1 fusion-flex-container nonhundred-percent-fullwidth non-hundred-percent-height-scrolling\" style=\"--awb-border-radius-top-left:0px;--awb-border-radius-top-right:0px;--awb-border-radius-bottom-right:0px;--awb-border-radius-bottom-left:0px;--awb-flex-wrap:wrap;\" ><div class=\"fusion-builder-row fusion-row fusion-flex-align-items-flex-start fusion-flex-content-wrap\" style=\"max-width:1248px;margin-left: calc(-4% \/ 2 );margin-right: calc(-4% \/ 2 );\"><div class=\"fusion-layout-column fusion_builder_column fusion-builder-column-0 fusion_builder_column_1_1 1_1 fusion-flex-column\" style=\"--awb-bg-blend:overlay;--awb-bg-size:cover;--awb-width-large:100%;--awb-margin-top-large:0px;--awb-spacing-right-large:1.92%;--awb-margin-bottom-large:2%;--awb-spacing-left-large:1.92%;--awb-width-medium:100%;--awb-spacing-right-medium:1.92%;--awb-spacing-left-medium:1.92%;--awb-width-small:100%;--awb-spacing-right-small:1.92%;--awb-spacing-left-small:1.92%;\"><div class=\"fusion-column-wrapper fusion-flex-justify-content-flex-start fusion-content-layout-column\"><div class=\"fusion-title title fusion-title-1 fusion-sep-none fusion-title-text fusion-title-size-one tit1\" style=\"--awb-text-color:var(--awb-color7);--awb-margin-top-small:0px;--awb-margin-right-small:0px;--awb-margin-bottom-small:20px;--awb-margin-left-small:0px;\"><h1 class=\"fusion-title-heading title-heading-left fusion-responsive-typography-calculated\" style=\"margin:0;--fontSize:56;line-height:1.4;\">Impressum<\/h1><\/div><div class=\"fusion-text fusion-text-1\" style=\"--awb-text-transform:none;\"><p><b>compact K\u00e4ltetechnik GmbH<\/b><br \/>\nDieselstra\u00dfe 3<br \/>\n01257 Dresden<\/p>\n<p>Zarz\u0105d:<br \/>\nAnnett Gregor, Robert Lauth, Peter Szalai<\/p>\n<p>Og\u00f3lne warunki handlowe<br \/>\n<a href=\"https:\/\/ma.compact-kaeltetechnik.de\/asset\/106:owh?stream=1\" target=\"_blank\" rel=\"noopener noreferrer\">Download PDF<\/a><\/p>\n<p>T: <a href=\"tel:+49351207970\" target=\"_blank\" rel=\"noopener noreferrer\">+49 351 20797-0<\/a><br \/>\nEmail: <a href=\"mailto:mail@compact-kaeltetechnik.de\" target=\"_blank\" rel=\"noopener noreferrer\">mail@compact-kaeltetechnik.de<\/a><\/p>\n<p>Siedziba sp\u00f3\u0142ki: Drezno<br \/>\nRejestr handlowy: HRB-nr. 12859<br \/>\nNumer identyfikacyjny VAT Europa VAT-ID: DE 183301665<\/p>\n<p>Izba Rzemie\u015blnicza w Dre\u017anie: 227806<br \/>\nIzba rzemie\u015blnicza Chemnitz: 10050234<\/p>\n<p>Odpowiedzialny za tre\u015b\u0107 zgodnie z \u00a7 18 ust. 2 MStV:<br \/>\nAnnett Gregor<\/p>\n<p>Projekt strony internetowej:<br \/>\ntwentyZEN GmbH<\/p>\n<p><b>Tre\u015b\u0107 oferty online<\/b><br \/>\nAutor nie gwarantuje aktualno\u015bci, poprawno\u015bci, kompletno\u015bci lub jako\u015bci dostarczonych informacji. Roszczenia z tytu\u0142u odpowiedzialno\u015bci wobec autora, kt\u00f3re odnosz\u0105 si\u0119 do szk\u00f3d materialnych lub niematerialnych spowodowanych wykorzystaniem lub niewykorzystaniem prezentowanych informacji lub wykorzystaniem b\u0142\u0119dnych i niekompletnych informacji, s\u0105 zasadniczo wykluczone, chyba \u017ce istnieje udowodnione umy\u015blne lub ra\u017c\u0105ce zaniedbanie ze strony autora. Wszystkie oferty s\u0105 dobrowolne i niewi\u0105\u017c\u0105ce. Autor wyra\u017anie zastrzega sobie prawo do zmiany, uzupe\u0142nienia, usuni\u0119cia cz\u0119\u015bci stron lub ca\u0142ej oferty bez odr\u0119bnego powiadomienia lub czasowego lub sta\u0142ego zaprzestania publikacji.<\/p>\n<p><b>Odno\u015bniki i linki<\/b><br \/>\nW przypadku bezpo\u015brednich lub po\u015brednich odno\u015bnik\u00f3w do obcych stron internetowych (\u201elink\u00f3w\u201d), kt\u00f3re znajduj\u0105 si\u0119 poza obszarem odpowiedzialno\u015bci autora, odpowiedzialno\u015b\u0107 powstaje tylko wtedy, gdy autor zna tre\u015b\u0107 i jest technicznie mo\u017cliwe i uzasadnione, aby uniemo\u017cliwi\u0107 korzystanie z tre\u015bci niezgodnych z prawem. W zwi\u0105zku z tym autor o\u015bwiadcza wyra\u017anie, \u017ce w momencie umieszczania linku odno\u015bne strony, do kt\u00f3rych prowadz\u0105 odno\u015bniki, by\u0142y wolne od nielegalnych tre\u015bci. Autor nie ma \u017cadnego wp\u0142ywu na obecny i przysz\u0142y kszta\u0142t i tre\u015b\u0107 stron, do kt\u00f3rych prowadz\u0105 linki. W zwi\u0105zku z tym dystansuje si\u0119 on niniejszym wyra\u017anie od wszystkich tre\u015bci wszystkich powi\u0105zanych stron, kt\u00f3re zosta\u0142y zmienione po umieszczeniu linku. Stwierdzenie to odnosi si\u0119 do wszystkich link\u00f3w i odno\u015bnik\u00f3w umieszczonych w ramach w\u0142asnej oferty internetowej, a tak\u017ce do wpis\u00f3w obcych w utworzonych przez autora ksi\u0119gach go\u015bci, forach dyskusyjnych i listach mailingowych. Za nielegalne, b\u0142\u0119dne lub niekompletne tre\u015bci, a w szczeg\u00f3lno\u015bci za szkody wynikaj\u0105ce z wykorzystania lub niewykorzystania takich informacji, odpowiedzialno\u015b\u0107 ponosi wy\u0142\u0105cznie dostawca strony, do kt\u00f3rej odsy\u0142a, a nie ten, kt\u00f3ry odsy\u0142a za pomoc\u0105 link\u00f3w do danej publikacji.<\/p>\n<p><b>Prawa autorskie i znaki towarowe<\/b><br \/>\nAutor dok\u0142ada wszelkich stara\u0144, aby we wszystkich publikacjach przestrzega\u0107 praw autorskich u\u017cytych grafik, dokument\u00f3w d\u017awi\u0119kowych, sekwencji wideo i tekst\u00f3w, wykorzystywa\u0107 w\u0142asne grafiki, dokumenty d\u017awi\u0119kowe, sekwencje wideo i teksty lub odwo\u0142ywa\u0107 si\u0119 do nielicencjonowanych grafik, dokument\u00f3w d\u017awi\u0119kowych, sekwencji wideo i tekst\u00f3w. Wszystkie znaki towarowe i znaki towarowe wymienione w ofercie internetowej i ewentualnie chronione przez osoby trzecie podlegaj\u0105 w pe\u0142ni przepisom obowi\u0105zuj\u0105cego prawa o znakach towarowych i prawom w\u0142asno\u015bci odpowiednich zarejestrowanych w\u0142a\u015bcicieli. Z samej tylko wzmianki nie mo\u017cna wywnioskowa\u0107, \u017ce znaki towarowe nie s\u0105 chronione prawami os\u00f3b trzecich! Prawa autorskie do opublikowanych, stworzonych przez samego autora obiekt\u00f3w nale\u017c\u0105 wy\u0142\u0105cznie do autora stron. Powielanie lub wykorzystywanie takich grafik, dokument\u00f3w d\u017awi\u0119kowych, sekwencji wideo i tekst\u00f3w w innych publikacjach elektronicznych lub drukowanych jest niedozwolone bez wyra\u017anej zgody autora.<\/p>\n<p><b>Skuteczno\u015b\u0107 prawna niniejszego wy\u0142\u0105czenia odpowiedzialno\u015bci<\/b><br \/>\nNiniejsze wy\u0142\u0105czenie odpowiedzialno\u015bci nale\u017cy traktowa\u0107 jako cz\u0119\u015b\u0107 oferty internetowej, z kt\u00f3rej nast\u0105pi\u0142o przekierowanie do niniejszej strony. O ile cz\u0119\u015bci lub poszczeg\u00f3lne sformu\u0142owania niniejszego dokumentu nie s\u0105 zgodne, przesta\u0142y lub nie s\u0105 w pe\u0142ni zgodne z obowi\u0105zuj\u0105cym stanem prawnym, nie ma to wp\u0142ywu na tre\u015b\u0107 i wa\u017cno\u015b\u0107 pozosta\u0142ych cz\u0119\u015bci dokumentu.<\/p>\n<\/div><\/div><\/div><\/div><\/div>\n","protected":false},"excerpt":{"rendered":"","protected":false},"author":2,"featured_media":0,"parent":0,"menu_order":0,"comment_status":"closed","ping_status":"closed","template":"100-width.php","meta":{"footnotes":""},"class_list":["post-17537","page","type-page","status-publish","hentry"],"_links":{"self":[{"href":"https:\/\/www.compact-kaeltetechnik.de\/pl\/wp-json\/wp\/v2\/pages\/17537","targetHints":{"allow":["GET"]}}],"collection":[{"href":"https:\/\/www.compact-kaeltetechnik.de\/pl\/wp-json\/wp\/v2\/pages"}],"about":[{"href":"https:\/\/www.compact-kaeltetechnik.de\/pl\/wp-json\/wp\/v2\/types\/page"}],"author":[{"embeddable":true,"href":"https:\/\/www.compact-kaeltetechnik.de\/pl\/wp-json\/wp\/v2\/users\/2"}],"replies":[{"embeddable":true,"href":"https:\/\/www.compact-kaeltetechnik.de\/pl\/wp-json\/wp\/v2\/comments?post=17537"}],"version-history":[{"count":4,"href":"https:\/\/www.compact-kaeltetechnik.de\/pl\/wp-json\/wp\/v2\/pages\/17537\/revisions"}],"predecessor-version":[{"id":26885,"href":"https:\/\/www.compact-kaeltetechnik.de\/pl\/wp-json\/wp\/v2\/pages\/17537\/revisions\/26885"}],"wp:attachment":[{"href":"https:\/\/www.compact-kaeltetechnik.de\/pl\/wp-json\/wp\/v2\/media?parent=17537"}],"curies":[{"name":"wp","href":"https:\/\/api.w.org\/{rel}","templated":true}]}}