{"id":17027,"date":"2024-04-28T10:11:36","date_gmt":"2024-04-28T08:11:36","guid":{"rendered":"https:\/\/www.compact-kaeltetechnik.de\/firma\/historia\/"},"modified":"2026-03-24T14:06:50","modified_gmt":"2026-03-24T13:06:50","slug":"historia","status":"publish","type":"page","link":"https:\/\/www.compact-kaeltetechnik.de\/pl\/firma\/historia\/","title":{"rendered":"Historia"},"content":{"rendered":"<p><div class=\"fusion-fullwidth fullwidth-box fusion-builder-row-1 fusion-flex-container nonhundred-percent-fullwidth non-hundred-percent-height-scrolling\" style=\"--awb-border-radius-top-left:0px;--awb-border-radius-top-right:0px;--awb-border-radius-bottom-right:0px;--awb-border-radius-bottom-left:0px;--awb-flex-wrap:wrap;\" ><div class=\"fusion-builder-row fusion-row fusion-flex-align-items-flex-start fusion-flex-content-wrap\" style=\"max-width:1248px;margin-left: calc(-4% \/ 2 );margin-right: calc(-4% \/ 2 );\"><div class=\"fusion-layout-column fusion_builder_column fusion-builder-column-0 fusion_builder_column_1_6 1_6 fusion-flex-column fusion-no-small-visibility\" style=\"--awb-bg-size:cover;--awb-width-large:16.666666666667%;--awb-margin-top-large:0px;--awb-spacing-right-large:11.52%;--awb-margin-bottom-large:2%;--awb-spacing-left-large:11.52%;--awb-width-medium:100%;--awb-spacing-right-medium:1.92%;--awb-spacing-left-medium:1.92%;--awb-width-small:100%;--awb-spacing-right-small:1.92%;--awb-spacing-left-small:1.92%;\"><div class=\"fusion-column-wrapper fusion-column-has-shadow fusion-flex-justify-content-flex-start fusion-content-layout-column\"><\/div><\/div><div class=\"fusion-layout-column fusion_builder_column fusion-builder-column-1 fusion_builder_column_2_3 2_3 fusion-flex-column\" style=\"--awb-bg-blend:overlay;--awb-bg-size:cover;--awb-width-large:66.666666666667%;--awb-margin-top-large:0px;--awb-spacing-right-large:2.88%;--awb-margin-bottom-large:2%;--awb-spacing-left-large:2.88%;--awb-width-medium:100%;--awb-spacing-right-medium:1.92%;--awb-spacing-left-medium:1.92%;--awb-width-small:100%;--awb-spacing-right-small:1.92%;--awb-spacing-left-small:1.92%;\"><div class=\"fusion-column-wrapper fusion-flex-justify-content-flex-start fusion-content-layout-column\"><div class=\"fusion-title title fusion-title-1 fusion-sep-none fusion-title-text fusion-title-size-two\" style=\"--awb-margin-bottom:45px;--awb-margin-top-small:0px;--awb-margin-right-small:0px;--awb-margin-bottom-small:20px;--awb-margin-left-small:0px;\"><h2 class=\"fusion-title-heading title-heading-left fusion-responsive-typography-calculated\" style=\"margin:0;--fontSize:32;line-height:1.2;\">Kamienie milowe &#8211; z naszej historii<\/h2><\/div><div class=\"fusion-content-boxes content-boxes columns row fusion-columns-1 fusion-columns-total-20 fusion-content-boxes-1 content-boxes-timeline-vertical content-left content-boxes-timeline-layout content-boxes-icon-with-title fusion-delayed-animation\" style=\"--awb-backgroundcolor:#fafafa;--awb-hover-accent-color:var(--awb-color7);--awb-circle-hover-accent-color:var(--awb-color7);--awb-item-margin-bottom:40px;\" data-animation-delay=\"350\" data-animationOffset=\"top-into-view\"><div style=\"--awb-backgroundcolor:#fafafa;--awb-content-padding-left:62px;\" class=\"fusion-column content-box-column content-box-column content-box-column-1 col-lg-12 col-md-12 col-sm-12 fusion-content-box-hover content-box-column-last-in-row\"><div class=\"col content-box-wrapper content-wrapper-background link-area-link-icon icon-hover-animation-fade fusion-animated\" data-animationType=\"fadeIn\" data-animationDuration=\"0.25\" data-animationOffset=\"top-into-view\"><div class=\"heading heading-with-icon icon-left\" style=\"margin-top:12px;\"><div class=\"icon\" style=\"margin-top:-12px;margin-bottom:-12px;-webkit-animation-duration: 350ms;animation-duration: 350ms;\"><i style=\"border-color:#c5007d;border-width:0px;background-color:#c5007d;box-sizing:content-box;height:42px;width:42px;line-height:42px;border-radius:50%;font-size:21px;\" aria-hidden=\"true\" class=\"fontawesome-icon fa-calendar-alt fas circle-yes\"><\/i><\/div><h2 class=\"content-box-heading fusion-responsive-typography-calculated\" style=\"--h2_typography-font-size:18px;--fontSize:18;line-height:1.2;\">2026<\/h2><\/div><div class=\"fusion-clearfix\"><\/div><div class=\"content-container\">\n<p>Zmiana pokoleniowa w zarz\u0105dzie: Lutz Hering odchodzi z funkcji dyrektora operacyjnego po 33 latach.<\/p>\n<ul>\n<li>Od 1 marca 2026 r. Annett Gregor i Peter Szalai figuruj\u0105 w rejestrze handlowym jako dyrektorzy.<\/li>\n<li>Wraz z Robertem Lauth tworz\u0105 nowy zarz\u0105d.<\/li>\n<\/ul>\n<\/div><div class=\"content-box-shortcode-timeline-vertical\" style=\"border-color:#c5007d;left:71px;top:56px;-webkit-transition-duration: 350ms;animation-duration: 350ms;\"><\/div><\/div><\/div><div style=\"--awb-backgroundcolor:#fafafa;--awb-content-padding-left:62px;\" class=\"fusion-column content-box-column content-box-column content-box-column-2 col-lg-12 col-md-12 col-sm-12 fusion-content-box-hover content-box-column-last-in-row\"><div class=\"col content-box-wrapper content-wrapper-background link-area-link-icon icon-hover-animation-fade fusion-animated\" data-animationType=\"fadeIn\" data-animationDuration=\"0.25\" data-animationOffset=\"top-into-view\"><div class=\"heading heading-with-icon icon-left\" style=\"margin-top:12px;\"><div class=\"icon\" style=\"margin-top:-12px;margin-bottom:-12px;-webkit-animation-duration: 350ms;animation-duration: 350ms;\"><i style=\"border-color:#c5007d;border-width:0px;background-color:#c5007d;box-sizing:content-box;height:42px;width:42px;line-height:42px;border-radius:50%;font-size:21px;\" aria-hidden=\"true\" class=\"fontawesome-icon fa-calendar-alt fas circle-yes\"><\/i><\/div><h2 class=\"content-box-heading fusion-responsive-typography-calculated\" style=\"--h2_typography-font-size:18px;--fontSize:18;line-height:1.2;\">2024<\/h2><\/div><div class=\"fusion-clearfix\"><\/div><div class=\"content-container\">20 lat oddzia\u0142u w Scharfenstein<\/div><div class=\"content-box-shortcode-timeline-vertical\" style=\"border-color:#c5007d;left:71px;top:56px;-webkit-transition-duration: 350ms;animation-duration: 350ms;\"><\/div><\/div><\/div><div style=\"--awb-backgroundcolor:#fafafa;--awb-content-padding-left:62px;\" class=\"fusion-column content-box-column content-box-column content-box-column-3 col-lg-12 col-md-12 col-sm-12 fusion-content-box-hover content-box-column-last-in-row\"><div class=\"col content-box-wrapper content-wrapper-background link-area-link-icon icon-hover-animation-fade fusion-animated\" data-animationType=\"fadeIn\" data-animationDuration=\"0.25\" data-animationOffset=\"top-into-view\"><div class=\"heading heading-with-icon icon-left\" style=\"margin-top:12px;\"><div class=\"icon\" style=\"margin-top:-12px;margin-bottom:-12px;-webkit-animation-duration: 350ms;animation-duration: 350ms;\"><i style=\"border-color:#c5007d;border-width:0px;background-color:#c5007d;box-sizing:content-box;height:42px;width:42px;line-height:42px;border-radius:50%;font-size:21px;\" aria-hidden=\"true\" class=\"fontawesome-icon fa-calendar-alt fas circle-yes\"><\/i><\/div><h2 class=\"content-box-heading fusion-responsive-typography-calculated\" style=\"--h2_typography-font-size:18px;--fontSize:18;line-height:1.2;\">2022<\/h2><\/div><div class=\"fusion-clearfix\"><\/div><div class=\"content-container\">compact K\u00e4ltetechnik \u015bwi\u0119tuje swoje 30-lecie<\/div><div class=\"content-box-shortcode-timeline-vertical\" style=\"border-color:#c5007d;left:71px;top:56px;-webkit-transition-duration: 350ms;animation-duration: 350ms;\"><\/div><\/div><\/div><div style=\"--awb-backgroundcolor:#fafafa;--awb-content-padding-left:62px;\" class=\"fusion-column content-box-column content-box-column content-box-column-4 col-lg-12 col-md-12 col-sm-12 fusion-content-box-hover content-box-column-last-in-row\"><div class=\"col content-box-wrapper content-wrapper-background link-area-link-icon icon-hover-animation-fade fusion-animated\" data-animationType=\"fadeIn\" data-animationDuration=\"0.25\" data-animationOffset=\"top-into-view\"><div class=\"heading heading-with-icon icon-left\" style=\"margin-top:12px;\"><div class=\"icon\" style=\"margin-top:-12px;margin-bottom:-12px;-webkit-animation-duration: 350ms;animation-duration: 350ms;\"><i style=\"border-color:#c5007d;border-width:0px;background-color:#c5007d;box-sizing:content-box;height:42px;width:42px;line-height:42px;border-radius:50%;font-size:21px;\" aria-hidden=\"true\" class=\"fontawesome-icon fa-calendar-alt fas circle-yes\"><\/i><\/div><h2 class=\"content-box-heading fusion-responsive-typography-calculated\" style=\"--h2_typography-font-size:18px;--fontSize:18;line-height:1.2;\">2021<\/h2><\/div><div class=\"fusion-clearfix\"><\/div><div class=\"content-container\">\n<p>Po raz kolejny wyr\u00f3\u017cniona jako wzorowa firma szkoleniowa przez Izb\u0119 Rzemie\u015blnicz\u0105 w Dre\u017anie i Najlepszy Pracodawca w sektorze M\u015aP przez FOCUS-BUSINESS<\/p>\n<\/div><div class=\"content-box-shortcode-timeline-vertical\" style=\"border-color:#c5007d;left:71px;top:56px;-webkit-transition-duration: 350ms;animation-duration: 350ms;\"><\/div><\/div><\/div><div style=\"--awb-backgroundcolor:#fafafa;--awb-content-padding-left:62px;\" class=\"fusion-column content-box-column content-box-column content-box-column-5 col-lg-12 col-md-12 col-sm-12 fusion-content-box-hover content-box-column-last-in-row\"><div class=\"col content-box-wrapper content-wrapper-background link-area-link-icon icon-hover-animation-fade fusion-animated\" data-animationType=\"fadeIn\" data-animationDuration=\"0.25\" data-animationOffset=\"top-into-view\"><div class=\"heading heading-with-icon icon-left\" style=\"margin-top:12px;\"><div class=\"icon\" style=\"margin-top:-12px;margin-bottom:-12px;-webkit-animation-duration: 350ms;animation-duration: 350ms;\"><i style=\"border-color:#c5007d;border-width:0px;background-color:#c5007d;box-sizing:content-box;height:42px;width:42px;line-height:42px;border-radius:50%;font-size:21px;\" aria-hidden=\"true\" class=\"fontawesome-icon fa-calendar-alt fas circle-yes\"><\/i><\/div><h2 class=\"content-box-heading fusion-responsive-typography-calculated\" style=\"--h2_typography-font-size:18px;--fontSize:18;line-height:1.2;\">2020<\/h2><\/div><div class=\"fusion-clearfix\"><\/div><div class=\"content-container\">\n<p>Robert Lauth przejmuje rol\u0119 dyrektora generalnego za Franka Poschmann<\/p>\n<\/div><div class=\"content-box-shortcode-timeline-vertical\" style=\"border-color:#c5007d;left:71px;top:56px;-webkit-transition-duration: 350ms;animation-duration: 350ms;\"><\/div><\/div><\/div><div style=\"--awb-backgroundcolor:#fafafa;--awb-content-padding-left:62px;\" class=\"fusion-column content-box-column content-box-column content-box-column-6 col-lg-12 col-md-12 col-sm-12 fusion-content-box-hover content-box-column-last-in-row\"><div class=\"col content-box-wrapper content-wrapper-background link-area-link-icon icon-hover-animation-fade fusion-animated\" data-animationType=\"fadeIn\" data-animationDuration=\"0.25\" data-animationOffset=\"top-into-view\"><div class=\"heading heading-with-icon icon-left\" style=\"margin-top:12px;\"><div class=\"icon\" style=\"margin-top:-12px;margin-bottom:-12px;-webkit-animation-duration: 350ms;animation-duration: 350ms;\"><i style=\"border-color:#c5007d;border-width:0px;background-color:#c5007d;box-sizing:content-box;height:42px;width:42px;line-height:42px;border-radius:50%;font-size:21px;\" aria-hidden=\"true\" class=\"fontawesome-icon fa-calendar-alt fas circle-yes\"><\/i><\/div><h2 class=\"content-box-heading fusion-responsive-typography-calculated\" style=\"--h2_typography-font-size:18px;--fontSize:18;line-height:1.2;\">2019<\/h2><\/div><div class=\"fusion-clearfix\"><\/div><div class=\"content-container\">\n<ul>\n<li>Rozszerzenie sk\u0142adu zarz\u0105du, Robert Lauth (kierownik produkcji w Dre\u017anie) i Peter Szalai (kierownik oddzia\u0142u Scharfenstein)<\/li>\n<li>Za\u0142o\u017cenie sp\u00f3\u0142ki-c\u00f3rki compact technika ch\u0142odnicza sp. z o.o. (Dystrybucja Polska)<\/li>\n<\/ul>\n<\/div><div class=\"content-box-shortcode-timeline-vertical\" style=\"border-color:#c5007d;left:71px;top:56px;-webkit-transition-duration: 350ms;animation-duration: 350ms;\"><\/div><\/div><\/div><div style=\"--awb-backgroundcolor:#fafafa;--awb-content-padding-left:62px;\" class=\"fusion-column content-box-column content-box-column content-box-column-7 col-lg-12 col-md-12 col-sm-12 fusion-content-box-hover content-box-column-last-in-row\"><div class=\"col content-box-wrapper content-wrapper-background link-area-link-icon icon-hover-animation-fade fusion-animated\" data-animationType=\"fadeIn\" data-animationDuration=\"0.25\" data-animationOffset=\"top-into-view\"><div class=\"heading heading-with-icon icon-left\" style=\"margin-top:12px;\"><div class=\"icon\" style=\"margin-top:-12px;margin-bottom:-12px;-webkit-animation-duration: 350ms;animation-duration: 350ms;\"><i style=\"border-color:#c5007d;border-width:0px;background-color:#c5007d;box-sizing:content-box;height:42px;width:42px;line-height:42px;border-radius:50%;font-size:21px;\" aria-hidden=\"true\" class=\"fontawesome-icon fa-calendar-alt fas circle-yes\"><\/i><\/div><h2 class=\"content-box-heading fusion-responsive-typography-calculated\" style=\"--h2_typography-font-size:18px;--fontSize:18;line-height:1.2;\">2018<\/h2><\/div><div class=\"fusion-clearfix\"><\/div><div class=\"content-container\">\n<ul>\n<li>Nagroda Przysz\u0142o\u015bci Izby Rzemie\u015blniczej w Dre\u017anie<\/li>\n<li>Rozw\u00f3j c-ejectora dla bardziej energooszcz\u0119dnej pracy system\u00f3w CO<span style=\"font-size: smaller;\"><sub>2<\/sub><\/span> Booster<\/li>\n<\/ul>\n<\/div><div class=\"content-box-shortcode-timeline-vertical\" style=\"border-color:#c5007d;left:71px;top:56px;-webkit-transition-duration: 350ms;animation-duration: 350ms;\"><\/div><\/div><\/div><div style=\"--awb-backgroundcolor:#fafafa;--awb-content-padding-left:62px;\" class=\"fusion-column content-box-column content-box-column content-box-column-8 col-lg-12 col-md-12 col-sm-12 fusion-content-box-hover content-box-column-last-in-row\"><div class=\"col content-box-wrapper content-wrapper-background link-area-link-icon icon-hover-animation-fade fusion-animated\" data-animationType=\"fadeIn\" data-animationDuration=\"0.25\" data-animationOffset=\"top-into-view\"><div class=\"heading heading-with-icon icon-left\" style=\"margin-top:12px;\"><div class=\"icon\" style=\"margin-top:-12px;margin-bottom:-12px;-webkit-animation-duration: 350ms;animation-duration: 350ms;\"><i style=\"border-color:#c5007d;border-width:0px;background-color:#c5007d;box-sizing:content-box;height:42px;width:42px;line-height:42px;border-radius:50%;font-size:21px;\" aria-hidden=\"true\" class=\"fontawesome-icon fa-calendar-alt fas circle-yes\"><\/i><\/div><h2 class=\"content-box-heading fusion-responsive-typography-calculated\" style=\"--h2_typography-font-size:18px;--fontSize:18;line-height:1.2;\">2017<\/h2><\/div><div class=\"fusion-clearfix\"><\/div><div class=\"content-container\">Nowa hala produkcyjna i budynek administracyjny w Dre\u017anie<\/div><div class=\"content-box-shortcode-timeline-vertical\" style=\"border-color:#c5007d;left:71px;top:56px;-webkit-transition-duration: 350ms;animation-duration: 350ms;\"><\/div><\/div><\/div><div style=\"--awb-backgroundcolor:#fafafa;--awb-content-padding-left:62px;\" class=\"fusion-column content-box-column content-box-column content-box-column-9 col-lg-12 col-md-12 col-sm-12 fusion-content-box-hover content-box-column-last-in-row\"><div class=\"col content-box-wrapper content-wrapper-background link-area-link-icon icon-hover-animation-fade fusion-animated\" data-animationType=\"fadeIn\" data-animationDuration=\"0.25\" data-animationOffset=\"top-into-view\"><div class=\"heading heading-with-icon icon-left\" style=\"margin-top:12px;\"><div class=\"icon\" style=\"margin-top:-12px;margin-bottom:-12px;-webkit-animation-duration: 350ms;animation-duration: 350ms;\"><i style=\"border-color:#c5007d;border-width:0px;background-color:#c5007d;box-sizing:content-box;height:42px;width:42px;line-height:42px;border-radius:50%;font-size:21px;\" aria-hidden=\"true\" class=\"fontawesome-icon fa-calendar-alt fas circle-yes\"><\/i><\/div><h2 class=\"content-box-heading fusion-responsive-typography-calculated\" style=\"--h2_typography-font-size:18px;--fontSize:18;line-height:1.2;\">2016<\/h2><\/div><div class=\"fusion-clearfix\"><\/div><div class=\"content-container\">\n<ul>\n<li>\u201eNagroda im. Waltera-Hartwiga 2016 za wzorowe kszta\u0142cenie\u201d od HWK Chemnitz<\/li>\n<li>Wycofanie Gerharda Gregora z aktywnej dzia\u0142alno\u015bci i przekazanie Annett Gregor<\/li>\n<\/ul>\n<\/div><div class=\"content-box-shortcode-timeline-vertical\" style=\"border-color:#c5007d;left:71px;top:56px;-webkit-transition-duration: 350ms;animation-duration: 350ms;\"><\/div><\/div><\/div><div style=\"--awb-backgroundcolor:#fafafa;--awb-content-padding-left:62px;\" class=\"fusion-column content-box-column content-box-column content-box-column-10 col-lg-12 col-md-12 col-sm-12 fusion-content-box-hover content-box-column-last-in-row\"><div class=\"col content-box-wrapper content-wrapper-background link-area-link-icon icon-hover-animation-fade fusion-animated\" data-animationType=\"fadeIn\" data-animationDuration=\"0.25\" data-animationOffset=\"top-into-view\"><div class=\"heading heading-with-icon icon-left\" style=\"margin-top:12px;\"><div class=\"icon\" style=\"margin-top:-12px;margin-bottom:-12px;-webkit-animation-duration: 350ms;animation-duration: 350ms;\"><i style=\"border-color:#c5007d;border-width:0px;background-color:#c5007d;box-sizing:content-box;height:42px;width:42px;line-height:42px;border-radius:50%;font-size:21px;\" aria-hidden=\"true\" class=\"fontawesome-icon fa-calendar-alt fas circle-yes\"><\/i><\/div><h2 class=\"content-box-heading fusion-responsive-typography-calculated\" style=\"--h2_typography-font-size:18px;--fontSize:18;line-height:1.2;\">2015<\/h2><\/div><div class=\"fusion-clearfix\"><\/div><div class=\"content-container\">\n<p>Wyr\u00f3\u017cnienie \u00bbWzorowy zak\u0142ad szkoleniowy\u00ab od HWK Dresden<\/p>\n<\/div><div class=\"content-box-shortcode-timeline-vertical\" style=\"border-color:#c5007d;left:71px;top:56px;-webkit-transition-duration: 350ms;animation-duration: 350ms;\"><\/div><\/div><\/div><div style=\"--awb-backgroundcolor:#fafafa;--awb-content-padding-left:62px;\" class=\"fusion-column content-box-column content-box-column content-box-column-11 col-lg-12 col-md-12 col-sm-12 fusion-content-box-hover content-box-column-last-in-row\"><div class=\"col content-box-wrapper content-wrapper-background link-area-link-icon icon-hover-animation-fade fusion-animated\" data-animationType=\"fadeIn\" data-animationDuration=\"0.25\" data-animationOffset=\"top-into-view\"><div class=\"heading heading-with-icon icon-left\" style=\"margin-top:12px;\"><div class=\"icon\" style=\"margin-top:-12px;margin-bottom:-12px;-webkit-animation-duration: 350ms;animation-duration: 350ms;\"><i style=\"border-color:#c5007d;border-width:0px;background-color:#c5007d;box-sizing:content-box;height:42px;width:42px;line-height:42px;border-radius:50%;font-size:21px;\" aria-hidden=\"true\" class=\"fontawesome-icon fa-calendar-alt fas circle-yes\"><\/i><\/div><h2 class=\"content-box-heading fusion-responsive-typography-calculated\" style=\"--h2_typography-font-size:18px;--fontSize:18;line-height:1.2;\">2013<\/h2><\/div><div class=\"fusion-clearfix\"><\/div><div class=\"content-container\">\n<p>Zatwierdzenie systemu jako\u015bci zgodnie z modu\u0142em H1 dyrektywy w sprawie urz\u0105dze\u0144 ci\u015bnieniowych<\/p>\n<\/div><div class=\"content-box-shortcode-timeline-vertical\" style=\"border-color:#c5007d;left:71px;top:56px;-webkit-transition-duration: 350ms;animation-duration: 350ms;\"><\/div><\/div><\/div><div style=\"--awb-backgroundcolor:#fafafa;--awb-content-padding-left:62px;\" class=\"fusion-column content-box-column content-box-column content-box-column-12 col-lg-12 col-md-12 col-sm-12 fusion-content-box-hover content-box-column-last-in-row\"><div class=\"col content-box-wrapper content-wrapper-background link-area-link-icon icon-hover-animation-fade fusion-animated\" data-animationType=\"fadeIn\" data-animationDuration=\"0.25\" data-animationOffset=\"top-into-view\"><div class=\"heading heading-with-icon icon-left\" style=\"margin-top:12px;\"><div class=\"icon\" style=\"margin-top:-12px;margin-bottom:-12px;-webkit-animation-duration: 350ms;animation-duration: 350ms;\"><i style=\"border-color:#c5007d;border-width:0px;background-color:#c5007d;box-sizing:content-box;height:42px;width:42px;line-height:42px;border-radius:50%;font-size:21px;\" aria-hidden=\"true\" class=\"fontawesome-icon fa-calendar-alt fas circle-yes\"><\/i><\/div><h2 class=\"content-box-heading fusion-responsive-typography-calculated\" style=\"--h2_typography-font-size:18px;--fontSize:18;line-height:1.2;\">2012<\/h2><\/div><div class=\"fusion-clearfix\"><\/div><div class=\"content-container\">\n<p>Uruchomienie obszaru testowego i szkoleniowego dla naturalnych czynnik\u00f3w ch\u0142odniczych<\/p>\n<\/div><div class=\"content-box-shortcode-timeline-vertical\" style=\"border-color:#c5007d;left:71px;top:56px;-webkit-transition-duration: 350ms;animation-duration: 350ms;\"><\/div><\/div><\/div><div style=\"--awb-backgroundcolor:#fafafa;--awb-content-padding-left:62px;\" class=\"fusion-column content-box-column content-box-column content-box-column-13 col-lg-12 col-md-12 col-sm-12 fusion-content-box-hover content-box-column-last-in-row\"><div class=\"col content-box-wrapper content-wrapper-background link-area-link-icon icon-hover-animation-fade fusion-animated\" data-animationType=\"fadeIn\" data-animationDuration=\"0.25\" data-animationOffset=\"top-into-view\"><div class=\"heading heading-with-icon icon-left\" style=\"margin-top:12px;\"><div class=\"icon\" style=\"margin-top:-12px;margin-bottom:-12px;-webkit-animation-duration: 350ms;animation-duration: 350ms;\"><i style=\"border-color:#c5007d;border-width:0px;background-color:#c5007d;box-sizing:content-box;height:42px;width:42px;line-height:42px;border-radius:50%;font-size:21px;\" aria-hidden=\"true\" class=\"fontawesome-icon fa-calendar-alt fas circle-yes\"><\/i><\/div><h2 class=\"content-box-heading fusion-responsive-typography-calculated\" style=\"--h2_typography-font-size:18px;--fontSize:18;line-height:1.2;\">2011<\/h2><\/div><div class=\"fusion-clearfix\"><\/div><div class=\"content-container\">Dostawa pierwszego agregatu ch\u0142odniczego NH<span style=\"font-size: smaller;\"><sub>3<\/sub><\/span> z parownikiem U-rurowym<\/div><div class=\"content-box-shortcode-timeline-vertical\" style=\"border-color:#c5007d;left:71px;top:56px;-webkit-transition-duration: 350ms;animation-duration: 350ms;\"><\/div><\/div><\/div><div style=\"--awb-backgroundcolor:#fafafa;--awb-content-padding-left:62px;\" class=\"fusion-column content-box-column content-box-column content-box-column-14 col-lg-12 col-md-12 col-sm-12 fusion-content-box-hover content-box-column-last-in-row\"><div class=\"col content-box-wrapper content-wrapper-background link-area-link-icon icon-hover-animation-fade fusion-animated\" data-animationType=\"fadeIn\" data-animationDuration=\"0.25\" data-animationOffset=\"top-into-view\"><div class=\"heading heading-with-icon icon-left\" style=\"margin-top:12px;\"><div class=\"icon\" style=\"margin-top:-12px;margin-bottom:-12px;-webkit-animation-duration: 350ms;animation-duration: 350ms;\"><i style=\"border-color:#c5007d;border-width:0px;background-color:#c5007d;box-sizing:content-box;height:42px;width:42px;line-height:42px;border-radius:50%;font-size:21px;\" aria-hidden=\"true\" class=\"fontawesome-icon fa-calendar-alt fas circle-yes\"><\/i><\/div><h2 class=\"content-box-heading fusion-responsive-typography-calculated\" style=\"--h2_typography-font-size:18px;--fontSize:18;line-height:1.2;\">2010<\/h2><\/div><div class=\"fusion-clearfix\"><\/div><div class=\"content-container\">Uruchomienie pierwszych transkrytycznych zespo\u0142\u00f3w CO<span style=\"font-size: smaller;\"><sub>2<\/sub><\/span><\/div><div class=\"content-box-shortcode-timeline-vertical\" style=\"border-color:#c5007d;left:71px;top:56px;-webkit-transition-duration: 350ms;animation-duration: 350ms;\"><\/div><\/div><\/div><div style=\"--awb-backgroundcolor:#fafafa;--awb-content-padding-left:62px;\" class=\"fusion-column content-box-column content-box-column content-box-column-15 col-lg-12 col-md-12 col-sm-12 fusion-content-box-hover content-box-column-last-in-row\"><div class=\"col content-box-wrapper content-wrapper-background link-area-link-icon icon-hover-animation-fade fusion-animated\" data-animationType=\"fadeIn\" data-animationDuration=\"0.25\" data-animationOffset=\"top-into-view\"><div class=\"heading heading-with-icon icon-left\" style=\"margin-top:12px;\"><div class=\"icon\" style=\"margin-top:-12px;margin-bottom:-12px;-webkit-animation-duration: 350ms;animation-duration: 350ms;\"><i style=\"border-color:#c5007d;border-width:0px;background-color:#c5007d;box-sizing:content-box;height:42px;width:42px;line-height:42px;border-radius:50%;font-size:21px;\" aria-hidden=\"true\" class=\"fontawesome-icon fa-calendar-alt fas circle-yes\"><\/i><\/div><h2 class=\"content-box-heading fusion-responsive-typography-calculated\" style=\"--h2_typography-font-size:18px;--fontSize:18;line-height:1.2;\">2005<\/h2><\/div><div class=\"fusion-clearfix\"><\/div><div class=\"content-container\">\n<p>ISO 9001: Audyt i wst\u0119pna certyfikacja przez T\u00dcV S\u00dcD<\/p>\n<\/div><div class=\"content-box-shortcode-timeline-vertical\" style=\"border-color:#c5007d;left:71px;top:56px;-webkit-transition-duration: 350ms;animation-duration: 350ms;\"><\/div><\/div><\/div><div style=\"--awb-backgroundcolor:#fafafa;--awb-content-padding-left:62px;\" class=\"fusion-column content-box-column content-box-column content-box-column-16 col-lg-12 col-md-12 col-sm-12 fusion-content-box-hover content-box-column-last-in-row\"><div class=\"col content-box-wrapper content-wrapper-background link-area-link-icon icon-hover-animation-fade fusion-animated\" data-animationType=\"fadeIn\" data-animationDuration=\"0.25\" data-animationOffset=\"top-into-view\"><div class=\"heading heading-with-icon icon-left\" style=\"margin-top:12px;\"><div class=\"icon\" style=\"margin-top:-12px;margin-bottom:-12px;-webkit-animation-duration: 350ms;animation-duration: 350ms;\"><i style=\"border-color:#c5007d;border-width:0px;background-color:#c5007d;box-sizing:content-box;height:42px;width:42px;line-height:42px;border-radius:50%;font-size:21px;\" aria-hidden=\"true\" class=\"fontawesome-icon fa-calendar-alt fas circle-yes\"><\/i><\/div><h2 class=\"content-box-heading fusion-responsive-typography-calculated\" style=\"--h2_typography-font-size:18px;--fontSize:18;line-height:1.2;\">2004<\/h2><\/div><div class=\"fusion-clearfix\"><\/div><div class=\"content-container\">\n<ul>\n<li>Dostawa pierwszego agregatu ch\u0142odniczego NH<span style=\"font-size: smaller;\"><sub>3<\/sub><\/span><\/li>\n<li>Otwarcie drugiego zak\u0142adu produkcyjnego w Scharfenstein<\/li>\n<\/ul>\n<\/div><div class=\"content-box-shortcode-timeline-vertical\" style=\"border-color:#c5007d;left:71px;top:56px;-webkit-transition-duration: 350ms;animation-duration: 350ms;\"><\/div><\/div><\/div><div style=\"--awb-backgroundcolor:#fafafa;--awb-content-padding-left:62px;\" class=\"fusion-column content-box-column content-box-column content-box-column-17 col-lg-12 col-md-12 col-sm-12 fusion-content-box-hover content-box-column-last-in-row\"><div class=\"col content-box-wrapper content-wrapper-background link-area-link-icon icon-hover-animation-fade fusion-animated\" data-animationType=\"fadeIn\" data-animationDuration=\"0.25\" data-animationOffset=\"top-into-view\"><div class=\"heading heading-with-icon icon-left\" style=\"margin-top:12px;\"><div class=\"icon\" style=\"margin-top:-12px;margin-bottom:-12px;-webkit-animation-duration: 350ms;animation-duration: 350ms;\"><i style=\"border-color:#c5007d;border-width:0px;background-color:#c5007d;box-sizing:content-box;height:42px;width:42px;line-height:42px;border-radius:50%;font-size:21px;\" aria-hidden=\"true\" class=\"fontawesome-icon fa-calendar-alt fas circle-yes\"><\/i><\/div><h2 class=\"content-box-heading fusion-responsive-typography-calculated\" style=\"--h2_typography-font-size:18px;--fontSize:18;line-height:1.2;\">2001<\/h2><\/div><div class=\"fusion-clearfix\"><\/div><div class=\"content-container\">\n<p>Wprowadzenie do obecnego zak\u0142adu produkcyjnego w Dre\u017anie<\/p>\n<\/div><div class=\"content-box-shortcode-timeline-vertical\" style=\"border-color:#c5007d;left:71px;top:56px;-webkit-transition-duration: 350ms;animation-duration: 350ms;\"><\/div><\/div><\/div><div style=\"--awb-backgroundcolor:#fafafa;--awb-content-padding-left:62px;\" class=\"fusion-column content-box-column content-box-column content-box-column-18 col-lg-12 col-md-12 col-sm-12 fusion-content-box-hover content-box-column-last-in-row\"><div class=\"col content-box-wrapper content-wrapper-background link-area-link-icon icon-hover-animation-fade fusion-animated\" data-animationType=\"fadeIn\" data-animationDuration=\"0.25\" data-animationOffset=\"top-into-view\"><div class=\"heading heading-with-icon icon-left\" style=\"margin-top:12px;\"><div class=\"icon\" style=\"margin-top:-12px;margin-bottom:-12px;-webkit-animation-duration: 350ms;animation-duration: 350ms;\"><i style=\"border-color:#c5007d;border-width:0px;background-color:#c5007d;box-sizing:content-box;height:42px;width:42px;line-height:42px;border-radius:50%;font-size:21px;\" aria-hidden=\"true\" class=\"fontawesome-icon fa-calendar-alt fas circle-yes\"><\/i><\/div><h2 class=\"content-box-heading fusion-responsive-typography-calculated\" style=\"--h2_typography-font-size:18px;--fontSize:18;line-height:1.2;\">1998<\/h2><\/div><div class=\"fusion-clearfix\"><\/div><div class=\"content-container\">Wst\u0119p do VDKF e. V.<\/div><div class=\"content-box-shortcode-timeline-vertical\" style=\"border-color:#c5007d;left:71px;top:56px;-webkit-transition-duration: 350ms;animation-duration: 350ms;\"><\/div><\/div><\/div><div style=\"--awb-backgroundcolor:#fafafa;--awb-content-padding-left:62px;\" class=\"fusion-column content-box-column content-box-column content-box-column-19 col-lg-12 col-md-12 col-sm-12 fusion-content-box-hover content-box-column-last-in-row\"><div class=\"col content-box-wrapper content-wrapper-background link-area-link-icon icon-hover-animation-fade fusion-animated\" data-animationType=\"fadeIn\" data-animationDuration=\"0.25\" data-animationOffset=\"top-into-view\"><div class=\"heading heading-with-icon icon-left\" style=\"margin-top:12px;\"><div class=\"icon\" style=\"margin-top:-12px;margin-bottom:-12px;-webkit-animation-duration: 350ms;animation-duration: 350ms;\"><i style=\"border-color:#c5007d;border-width:0px;background-color:#c5007d;box-sizing:content-box;height:42px;width:42px;line-height:42px;border-radius:50%;font-size:21px;\" aria-hidden=\"true\" class=\"fontawesome-icon fa-calendar-alt fas circle-yes\"><\/i><\/div><h2 class=\"content-box-heading fusion-responsive-typography-calculated\" style=\"--h2_typography-font-size:18px;--fontSize:18;line-height:1.2;\">1995<\/h2><\/div><div class=\"fusion-clearfix\"><\/div><div class=\"content-container\">compact K\u00e4ltetechnik GmbH za\u0142o\u017cona przez Lutza Heringa, Franka Poschmanna i Gerharda Gregora<\/div><div class=\"content-box-shortcode-timeline-vertical\" style=\"border-color:#c5007d;left:71px;top:56px;-webkit-transition-duration: 350ms;animation-duration: 350ms;\"><\/div><\/div><\/div><div style=\"--awb-backgroundcolor:#fafafa;--awb-iconcolor:#ffffff;--awb-content-padding-left:62px;\" class=\"fusion-column content-box-column content-box-column content-box-column-20 col-lg-12 col-md-12 col-sm-12 fusion-content-box-hover content-box-column-last content-box-column-last-in-row\"><div class=\"col content-box-wrapper content-wrapper-background link-area-link-icon icon-hover-animation-fade fusion-animated\" data-animationType=\"fadeIn\" data-animationDuration=\"0.25\" data-animationOffset=\"top-into-view\"><div class=\"heading heading-with-icon icon-left\" style=\"margin-top:12px;\"><div class=\"icon\" style=\"margin-top:-12px;margin-bottom:-12px;-webkit-animation-duration: 350ms;animation-duration: 350ms;\"><i style=\"border-color:#c5007d;border-width:0px;background-color:#c5007d;box-sizing:content-box;height:42px;width:42px;line-height:42px;border-radius:50%;font-size:21px;\" aria-hidden=\"true\" class=\"fontawesome-icon fa-calendar-alt fas circle-yes\"><\/i><\/div><h2 class=\"content-box-heading fusion-responsive-typography-calculated\" style=\"--h2_typography-font-size:18px;--fontSize:18;line-height:1.2;\">1992<\/h2><\/div><div class=\"fusion-clearfix\"><\/div><div class=\"content-container\">Za\u0142o\u017cenie firmy<\/div><div class=\"content-box-shortcode-timeline-vertical\" style=\"border-color:#c5007d;left:71px;top:56px;-webkit-transition-duration: 350ms;animation-duration: 350ms;\"><\/div><\/div><\/div><div class=\"fusion-clearfix\"><\/div><\/div><\/div><\/div><div class=\"fusion-layout-column fusion_builder_column fusion-builder-column-2 fusion_builder_column_1_6 1_6 fusion-flex-column fusion-no-small-visibility\" style=\"--awb-bg-size:cover;--awb-width-large:16.666666666667%;--awb-margin-top-large:0px;--awb-spacing-right-large:11.52%;--awb-margin-bottom-large:2%;--awb-spacing-left-large:11.52%;--awb-width-medium:100%;--awb-spacing-right-medium:1.92%;--awb-spacing-left-medium:1.92%;--awb-width-small:100%;--awb-spacing-right-small:1.92%;--awb-spacing-left-small:1.92%;\"><div class=\"fusion-column-wrapper fusion-column-has-shadow fusion-flex-justify-content-flex-start fusion-content-layout-column\"><\/div><\/div><\/div><\/div><div class=\"fusion-fullwidth fullwidth-box fusion-builder-row-2 fusion-flex-container has-pattern-background has-mask-background nonhundred-percent-fullwidth non-hundred-percent-height-scrolling\" style=\"--awb-border-radius-top-left:0px;--awb-border-radius-top-right:0px;--awb-border-radius-bottom-right:0px;--awb-border-radius-bottom-left:0px;--awb-padding-top:48px;--awb-padding-right:30px;--awb-padding-right-medium:16px;--awb-padding-top-small:34px;--awb-margin-top-medium:0px;--awb-background-color:#f5f5f5;--awb-flex-wrap:wrap;\" ><div class=\"fusion-builder-row fusion-row fusion-flex-align-items-flex-start fusion-flex-justify-content-center fusion-flex-content-wrap\" style=\"max-width:1248px;margin-left: calc(-4% \/ 2 );margin-right: calc(-4% \/ 2 );\"><div class=\"fusion-layout-column fusion_builder_column fusion-builder-column-3 fusion_builder_column_3_4 3_4 fusion-flex-column\" style=\"--awb-bg-size:cover;--awb-width-large:75%;--awb-margin-top-large:0px;--awb-spacing-right-large:2.56%;--awb-margin-bottom-large:2%;--awb-spacing-left-large:2.56%;--awb-width-medium:100%;--awb-order-medium:0;--awb-spacing-right-medium:1.92%;--awb-spacing-left-medium:1.92%;--awb-width-small:100%;--awb-order-small:0;--awb-spacing-right-small:1.92%;--awb-spacing-left-small:1.92%;\"><div class=\"fusion-column-wrapper fusion-column-has-shadow fusion-flex-justify-content-flex-start fusion-content-layout-column\"><div class=\"fusion-title title fusion-title-2 fusion-sep-none fusion-title-center fusion-title-text fusion-title-size-three ansprech\" style=\"--awb-margin-top-small:0px;--awb-margin-right-small:0px;--awb-margin-bottom-small:20px;--awb-margin-left-small:0px;\"><h3 class=\"fusion-title-heading title-heading-center fusion-responsive-typography-calculated\" style=\"margin:0;--fontSize:24;--minFontSize:24;line-height:1.4;\">Osoba kontaktowa<\/h3><\/div><div class=\"fusion-text fusion-text-1\"><p style=\"text-align: center;\">Masz pytania dotycz\u0105ce naszej firmy? Prosz\u0119 o kontakt.<\/p>\n<\/div><\/div><\/div><div class=\"fusion-layout-column fusion_builder_column fusion-builder-column-4 fusion_builder_column_1_3 1_3 fusion-flex-column\" style=\"--awb-padding-top:12px;--awb-bg-size:cover;--awb-width-large:33.333333333333%;--awb-margin-top-large:0px;--awb-spacing-right-large:5.76%;--awb-margin-bottom-large:2%;--awb-spacing-left-large:5.76%;--awb-width-medium:40%;--awb-order-medium:0;--awb-spacing-right-medium:4.8%;--awb-spacing-left-medium:4.8%;--awb-width-small:100%;--awb-order-small:0;--awb-spacing-right-small:1.92%;--awb-margin-bottom-small:25px;--awb-spacing-left-small:1.92%;\"><div class=\"fusion-column-wrapper fusion-column-has-shadow fusion-flex-justify-content-flex-start fusion-content-layout-column\"><div class=\"fusion-image-element \" style=\"--awb-margin-bottom:20px;--awb-caption-title-font-family:var(--h2_typography-font-family);--awb-caption-title-font-weight:var(--h2_typography-font-weight);--awb-caption-title-font-style:var(--h2_typography-font-style);--awb-caption-title-size:var(--h2_typography-font-size);--awb-caption-title-transform:var(--h2_typography-text-transform);--awb-caption-title-line-height:var(--h2_typography-line-height);--awb-caption-title-letter-spacing:var(--h2_typography-letter-spacing);\"><span class=\" fusion-imageframe imageframe-none imageframe-1 hover-type-none\"><img decoding=\"async\" width=\"1045\" height=\"1045\" alt=\"Ewa Domagala\" src=\"https:\/\/www.compact-kaeltetechnik.de\/wp-content\/uploads\/2024\/04\/ewad.png\" data-orig-src=\"https:\/\/www.compact-kaeltetechnik.de\/wp-content\/uploads\/2024\/04\/ewad.png\" class=\"lazyload img-responsive wp-image-16288\" srcset=\"data:image\/svg+xml,%3Csvg%20xmlns%3D%27http%3A%2F%2Fwww.w3.org%2F2000%2Fsvg%27%20width%3D%271045%27%20height%3D%271045%27%20viewBox%3D%270%200%201045%201045%27%3E%3Crect%20width%3D%271045%27%20height%3D%271045%27%20fill-opacity%3D%220%22%2F%3E%3C%2Fsvg%3E\" data-srcset=\"https:\/\/www.compact-kaeltetechnik.de\/wp-content\/uploads\/2024\/04\/ewad-200x200.png 200w, https:\/\/www.compact-kaeltetechnik.de\/wp-content\/uploads\/2024\/04\/ewad-400x400.png 400w, https:\/\/www.compact-kaeltetechnik.de\/wp-content\/uploads\/2024\/04\/ewad-600x600.png 600w, https:\/\/www.compact-kaeltetechnik.de\/wp-content\/uploads\/2024\/04\/ewad-800x800.png 800w, https:\/\/www.compact-kaeltetechnik.de\/wp-content\/uploads\/2024\/04\/ewad.png 1045w\" data-sizes=\"auto\" data-orig-sizes=\"(max-width: 1300px) 100vw, (max-width: 640px) 100vw, 400px\" \/><\/span><\/div><div class=\"fusion-title title fusion-title-3 fusion-sep-none fusion-title-text fusion-title-size-three\" style=\"--awb-margin-bottom:0px;--awb-margin-top-small:0px;--awb-margin-right-small:0px;--awb-margin-bottom-small:0px;--awb-margin-left-small:0px;--awb-font-size:28px;\"><h3 class=\"fusion-title-heading title-heading-left fusion-responsive-typography-calculated\" style=\"margin:0;font-size:1em;--fontSize:28;--minFontSize:28;line-height:1.4;\"><span class=\"person-name\">Ewa Domagala<\/span><\/h3><\/div><div class=\"fusion-text fusion-text-2 person\"><p>Regionalny Kierownik Sprzeda\u017cy<\/p>\n<p>Telefon: <a href=\"tel:+484180444\">+48 418-0-444<\/a><\/p>\n<\/div><div class=\"fusion-social-links fusion-social-links-1\" style=\"--awb-margin-top:0px;--awb-margin-right:0px;--awb-margin-bottom:0px;--awb-margin-left:0px;--awb-box-border-top:0px;--awb-box-border-right:0px;--awb-box-border-bottom:0px;--awb-box-border-left:0px;--awb-icon-colors-hover:var(--awb-color4);--awb-box-colors-hover:var(--awb-color1);--awb-box-border-color:var(--awb-color3);--awb-box-border-color-hover:var(--awb-color4);\"><div class=\"fusion-social-networks color-type-custom\"><div class=\"fusion-social-networks-wrapper\"><a class=\"fusion-social-network-icon fusion-tooltip fusion-linkedin awb-icon-linkedin\" style=\"color:var(--awb-custom14);font-size:16px;\" data-placement=\"top\" data-title=\"LinkedIn\" data-toggle=\"tooltip\" title=\"LinkedIn\" aria-label=\"linkedin\" target=\"_blank\" rel=\"noopener noreferrer\" href=\"https:\/\/www.linkedin.com\/in\/ewa-domagala-214b6093\/\"><\/a><\/div><\/div><\/div><\/div><\/div><div class=\"fusion-layout-column fusion_builder_column fusion-builder-column-5 fusion_builder_column_2_3 2_3 fusion-flex-column\" style=\"--awb-bg-size:cover;--awb-width-large:66.666666666667%;--awb-margin-top-large:0px;--awb-spacing-right-large:2.88%;--awb-margin-bottom-large:2%;--awb-spacing-left-large:8.208%;--awb-width-medium:60%;--awb-order-medium:0;--awb-spacing-right-medium:7.04%;--awb-spacing-left-medium:7.04%;--awb-width-small:100%;--awb-order-small:0;--awb-spacing-right-small:5.76%;--awb-spacing-left-small:5.76%;\"><div class=\"fusion-column-wrapper fusion-column-has-shadow fusion-flex-justify-content-flex-start fusion-content-layout-column\"><script type=\"text\/javascript\" src=\"\/\/ma.compact-kaeltetechnik.de\/form\/generate.js?id=65\"><\/script><\/div><\/div><\/div><\/div><\/p>\n","protected":false},"excerpt":{"rendered":"","protected":false},"author":13,"featured_media":0,"parent":6190,"menu_order":3,"comment_status":"closed","ping_status":"closed","template":"100-width.php","meta":{"footnotes":""},"class_list":["post-17027","page","type-page","status-publish","hentry"],"_links":{"self":[{"href":"https:\/\/www.compact-kaeltetechnik.de\/pl\/wp-json\/wp\/v2\/pages\/17027","targetHints":{"allow":["GET"]}}],"collection":[{"href":"https:\/\/www.compact-kaeltetechnik.de\/pl\/wp-json\/wp\/v2\/pages"}],"about":[{"href":"https:\/\/www.compact-kaeltetechnik.de\/pl\/wp-json\/wp\/v2\/types\/page"}],"author":[{"embeddable":true,"href":"https:\/\/www.compact-kaeltetechnik.de\/pl\/wp-json\/wp\/v2\/users\/13"}],"replies":[{"embeddable":true,"href":"https:\/\/www.compact-kaeltetechnik.de\/pl\/wp-json\/wp\/v2\/comments?post=17027"}],"version-history":[{"count":11,"href":"https:\/\/www.compact-kaeltetechnik.de\/pl\/wp-json\/wp\/v2\/pages\/17027\/revisions"}],"predecessor-version":[{"id":26913,"href":"https:\/\/www.compact-kaeltetechnik.de\/pl\/wp-json\/wp\/v2\/pages\/17027\/revisions\/26913"}],"up":[{"embeddable":true,"href":"https:\/\/www.compact-kaeltetechnik.de\/pl\/wp-json\/wp\/v2\/pages\/6190"}],"wp:attachment":[{"href":"https:\/\/www.compact-kaeltetechnik.de\/pl\/wp-json\/wp\/v2\/media?parent=17027"}],"curies":[{"name":"wp","href":"https:\/\/api.w.org\/{rel}","templated":true}]}}