{"id":16933,"date":"2024-04-28T04:13:28","date_gmt":"2024-04-28T02:13:28","guid":{"rendered":"https:\/\/www.compact-kaeltetechnik.de\/anlage\/combi-chiller\/"},"modified":"2024-04-28T11:28:48","modified_gmt":"2024-04-28T09:28:48","slug":"combi-chiller","status":"publish","type":"avada_portfolio","link":"https:\/\/www.compact-kaeltetechnik.de\/pl\/system\/combi-chiller\/","title":{"rendered":"*combi-Chiller"},"content":{"rendered":"<p><div class=\"fusion-fullwidth fullwidth-box fusion-builder-row-1 fusion-flex-container nonhundred-percent-fullwidth non-hundred-percent-height-scrolling\" style=\"--awb-border-radius-top-left:0px;--awb-border-radius-top-right:0px;--awb-border-radius-bottom-right:0px;--awb-border-radius-bottom-left:0px;--awb-padding-bottom-medium:0px;--awb-padding-top-small:0px;--awb-flex-wrap:wrap;\" ><div class=\"fusion-builder-row fusion-row fusion-flex-align-items-flex-start fusion-flex-content-wrap\" style=\"max-width:1248px;margin-left: calc(-4% \/ 2 );margin-right: calc(-4% \/ 2 );\"><div class=\"fusion-layout-column fusion_builder_column fusion-builder-column-0 fusion_builder_column_1_1 1_1 fusion-flex-column\" style=\"--awb-bg-blend:overlay;--awb-bg-size:cover;--awb-width-large:100%;--awb-margin-top-large:0px;--awb-spacing-right-large:1.92%;--awb-margin-bottom-large:40px;--awb-spacing-left-large:1.92%;--awb-width-medium:100%;--awb-spacing-right-medium:1.92%;--awb-spacing-left-medium:1.92%;--awb-width-small:100%;--awb-spacing-right-small:1.92%;--awb-spacing-left-small:1.92%;\"><div class=\"fusion-column-wrapper fusion-flex-justify-content-flex-start fusion-content-layout-column\"><div class=\"fusion-title title fusion-title-1 fusion-sep-none fusion-title-text fusion-title-size-one\" style=\"--awb-text-color:var(--awb-color7);--awb-margin-top-small:0px;--awb-margin-right-small:0px;--awb-margin-bottom-small:20px;--awb-margin-left-small:0px;--awb-font-size:var(--awb-typography1-font-size);\"><h1 class=\"fusion-title-heading title-heading-left fusion-responsive-typography-calculated\" style=\"font-family:var(--awb-typography1-font-family);font-weight:var(--awb-typography1-font-weight);font-style:var(--awb-typography1-font-style);margin:0;letter-spacing:var(--awb-typography1-letter-spacing);text-transform:var(--awb-typography1-text-transform);font-size:1em;--fontSize:46;line-height:var(--awb-typography1-line-height);\">*combi-Chiller<\/h1><\/div><div class=\"fusion-image-element \" style=\"--awb-caption-title-font-family:var(--h2_typography-font-family);--awb-caption-title-font-weight:var(--h2_typography-font-weight);--awb-caption-title-font-style:var(--h2_typography-font-style);--awb-caption-title-size:var(--h2_typography-font-size);--awb-caption-title-transform:var(--h2_typography-text-transform);--awb-caption-title-line-height:var(--h2_typography-line-height);--awb-caption-title-letter-spacing:var(--h2_typography-letter-spacing);\"><span class=\" fusion-imageframe imageframe-none imageframe-1 hover-type-none\"><img decoding=\"async\" width=\"722\" height=\"457\" title=\"combiChiller\" src=\"https:\/\/www.compact-kaeltetechnik.de\/wp-content\/uploads\/2019\/04\/combiChiller.jpg\" data-orig-src=\"https:\/\/www.compact-kaeltetechnik.de\/wp-content\/uploads\/2019\/04\/combiChiller.jpg\" alt class=\"lazyload img-responsive wp-image-16934\" srcset=\"data:image\/svg+xml,%3Csvg%20xmlns%3D%27http%3A%2F%2Fwww.w3.org%2F2000%2Fsvg%27%20width%3D%27722%27%20height%3D%27457%27%20viewBox%3D%270%200%20722%20457%27%3E%3Crect%20width%3D%27722%27%20height%3D%27457%27%20fill-opacity%3D%220%22%2F%3E%3C%2Fsvg%3E\" data-srcset=\"https:\/\/www.compact-kaeltetechnik.de\/wp-content\/uploads\/2019\/04\/combiChiller-200x127.jpg 200w, https:\/\/www.compact-kaeltetechnik.de\/wp-content\/uploads\/2019\/04\/combiChiller-400x253.jpg 400w, https:\/\/www.compact-kaeltetechnik.de\/wp-content\/uploads\/2019\/04\/combiChiller-600x380.jpg 600w, https:\/\/www.compact-kaeltetechnik.de\/wp-content\/uploads\/2019\/04\/combiChiller.jpg 722w\" data-sizes=\"auto\" data-orig-sizes=\"(max-width: 1300px) 100vw, (max-width: 640px) 100vw, 722px\" \/><\/span><\/div><\/div><\/div><div class=\"fusion-layout-column fusion_builder_column fusion-builder-column-1 fusion_builder_column_1_3 1_3 fusion-flex-column\" style=\"--awb-bg-blend:overlay;--awb-bg-size:cover;--awb-width-large:33.333333333333%;--awb-margin-top-large:0px;--awb-spacing-right-large:5.76%;--awb-margin-bottom-large:2%;--awb-spacing-left-large:5.76%;--awb-width-medium:100%;--awb-spacing-right-medium:1.92%;--awb-spacing-left-medium:1.92%;--awb-width-small:100%;--awb-spacing-right-small:1.92%;--awb-spacing-left-small:1.92%;\"><div class=\"fusion-column-wrapper fusion-flex-justify-content-flex-start fusion-content-layout-column\"><div class=\"fusion-title title fusion-title-2 fusion-sep-none fusion-title-text fusion-title-size-three\" style=\"--awb-margin-bottom:10px;--awb-margin-top-small:0px;--awb-margin-right-small:0px;--awb-margin-bottom-small:10px;--awb-margin-left-small:0px;\"><h3 class=\"fusion-title-heading title-heading-left fusion-responsive-typography-calculated\" style=\"margin:0;--fontSize:24;--minFontSize:24;line-height:1.4;\">Aplikacja<\/h3><\/div><div class=\"fusion-text fusion-text-1\"><p>Nasze wszechstronne rozwi\u0105zanie do ch\u0142odzenia magazyn\u00f3w, system\u00f3w wody lodowej, zak\u0142ad\u00f3w produkcyjnych, system\u00f3w waterloop, klimatyzacji, pomp ciep\u0142a, data center.<\/p>\n<\/div><div style=\"text-align:left;\"><a class=\"fusion-button button-flat button-large button-default fusion-button-default button-1 fusion-button-default-span fusion-button-default-type\" target=\"_blank\" rel=\"noopener noreferrer\" href=\"https:\/\/ma.compact-kaeltetechnik.de\/asset\/56:combichiller-en?stream=1?stream=1\"><span class=\"fusion-button-text awb-button__text awb-button__text--default\">Download broszura produktowa *combiChiller<\/span><\/a><\/div><div class=\"fusion-separator fusion-full-width-sep\" style=\"align-self: center;margin-left: auto;margin-right: auto;margin-bottom:20px;width:100%;\"><\/div><\/div><\/div><div class=\"fusion-layout-column fusion_builder_column fusion-builder-column-2 fusion_builder_column_2_3 2_3 fusion-flex-column\" style=\"--awb-bg-blend:overlay;--awb-bg-size:cover;--awb-width-large:66.666666666667%;--awb-margin-top-large:0px;--awb-spacing-right-large:2.88%;--awb-margin-bottom-large:2%;--awb-spacing-left-large:2.88%;--awb-width-medium:100%;--awb-margin-top-medium:21px;--awb-spacing-right-medium:1.92%;--awb-spacing-left-medium:1.92%;--awb-width-small:100%;--awb-spacing-right-small:1.92%;--awb-spacing-left-small:1.92%;\"><div class=\"fusion-column-wrapper fusion-flex-justify-content-flex-start fusion-content-layout-column\"><div class=\"fusion-title title fusion-title-3 fusion-sep-none fusion-title-text fusion-title-size-three\" style=\"--awb-margin-bottom:10px;--awb-margin-top-small:0px;--awb-margin-right-small:0px;--awb-margin-bottom-small:10px;--awb-margin-left-small:0px;\"><h3 class=\"fusion-title-heading title-heading-left fusion-responsive-typography-calculated\" style=\"margin:0;--fontSize:24;--minFontSize:24;line-height:1.4;\">Charakterystyka<\/h3><\/div><div class=\"fusion-text fusion-text-2\"><p><b><span style=\"color: #c5007d;\">*<\/span><span style=\"color: #009fdf;\">c<\/span>ombiChiller<\/b> mo\u017ce by\u0107 u\u017cywany do wielu r\u00f3\u017cnych zastosowa\u0144.<\/p>\n<p><b><span style=\"color: #c5007d;\">*<\/span><span style=\"color: #009fdf;\">c<\/span>ombiChiller<\/b> obs\u0142uguje zakres temperatur od -10\u00b0C do 20\u00b0C po stronie ch\u0142odz\u0105cej. Ciep\u0142a strona mo\u017ce osi\u0105gn\u0105\u0107 temperatur\u0119 skraplania do 65\u00b0C w zale\u017cno\u015bci od potrzeb.<\/p>\n<p><b><span style=\"color: #c5007d;\">*<\/span><span style=\"color: #009fdf;\">c<\/span>ombiChiller<\/b> to zamkni\u0119ty obieg ch\u0142odniczy, kt\u00f3ry stanowi podstaw\u0119 naszych koncepcji. Obieg ch\u0142odniczy ma bardzo ma\u0142e ilo\u015bci nape\u0142nienia, kt\u00f3re w zale\u017cno\u015bci od wydajno\u015bci wynosz\u0105 od 0,5 do 2,4 kg propanu\/propenu\/butanu.<\/p>\n<p><b><span style=\"color: #c5007d;\">*<\/span><span style=\"color: #009fdf;\">c<\/span>ombiChiller<\/b> jest dost\u0119pny w seriach S, M, L. Karty katalogowe znajduj\u0105 si\u0119 w naszej <a href=\"https:\/\/ma.compact-kaeltetechnik.de\/asset\/56:combichiller-en?stream=1?\">broszurze produktowej<\/a>.<\/p>\n<p>Modele z naszej serii <b><span style=\"color: #c5007d;\">*<\/span><span style=\"color: #009fdf;\">c<\/span>ombiChiller<\/b>, kt\u00f3re oferuj\u0105 moc ch\u0142odnicz\u0105 od 5 do 80 kW, mog\u0105 by\u0107 wyposa\u017cone w dodatkowe <b><span style=\"color: #c5007d;\">*<\/span><span style=\"color: #009fdf;\">c<\/span>ombiChillery<\/b> w celu uzyskania wy\u017cszej wydajno\u015bci ca\u0142kowitej.<\/p>\n<p><b>Zasada modu\u0142u <span style=\"color: #c5007d;\">*<\/span><span style=\"color: #009fdf;\">c<\/span>ombiChiller:<\/b> Zestaw combiChillerKit zosta\u0142 zaprojektowany do monta\u017cu wewn\u0119trznego, jest indywidualnie dopasowany i dostosowany do wymaga\u0144 wydajno\u015bci i temperatury. Maksymalna mo\u017cliwa redundancja dzi\u0119ki zastosowaniu kilku obieg\u00f3w obok siebie.<\/p>\n<\/div><div class=\"fusion-separator fusion-full-width-sep\" style=\"align-self: center;margin-left: auto;margin-right: auto;margin-bottom:20px;width:100%;\"><\/div><\/div><\/div><div class=\"fusion-layout-column fusion_builder_column fusion-builder-column-3 fusion_builder_column_1_1 1_1 fusion-flex-column\" style=\"--awb-bg-blend:overlay;--awb-bg-size:cover;--awb-width-large:100%;--awb-margin-top-large:0px;--awb-spacing-right-large:1.92%;--awb-margin-bottom-large:2%;--awb-spacing-left-large:1.92%;--awb-width-medium:100%;--awb-spacing-right-medium:1.92%;--awb-spacing-left-medium:1.92%;--awb-width-small:100%;--awb-spacing-right-small:1.92%;--awb-spacing-left-small:1.92%;\"><div class=\"fusion-column-wrapper fusion-flex-justify-content-flex-start fusion-content-layout-column\"><div class=\"fusion-image-element \" style=\"text-align:center;--awb-caption-title-font-family:var(--h2_typography-font-family);--awb-caption-title-font-weight:var(--h2_typography-font-weight);--awb-caption-title-font-style:var(--h2_typography-font-style);--awb-caption-title-size:var(--h2_typography-font-size);--awb-caption-title-transform:var(--h2_typography-text-transform);--awb-caption-title-line-height:var(--h2_typography-line-height);--awb-caption-title-letter-spacing:var(--h2_typography-letter-spacing);\"><span class=\" fusion-imageframe imageframe-none imageframe-2 hover-type-none\"><img decoding=\"async\" width=\"837\" height=\"714\" alt=\"Combi Chiller\" src=\"https:\/\/www.compact-kaeltetechnik.de\/wp-content\/uploads\/2019\/09\/chiller2.png\" data-orig-src=\"https:\/\/www.compact-kaeltetechnik.de\/wp-content\/uploads\/2019\/09\/chiller2.png\" class=\"lazyload img-responsive wp-image-16675\" srcset=\"data:image\/svg+xml,%3Csvg%20xmlns%3D%27http%3A%2F%2Fwww.w3.org%2F2000%2Fsvg%27%20width%3D%27837%27%20height%3D%27714%27%20viewBox%3D%270%200%20837%20714%27%3E%3Crect%20width%3D%27837%27%20height%3D%27714%27%20fill-opacity%3D%220%22%2F%3E%3C%2Fsvg%3E\" data-srcset=\"https:\/\/www.compact-kaeltetechnik.de\/wp-content\/uploads\/2019\/09\/chiller2-200x171.png 200w, https:\/\/www.compact-kaeltetechnik.de\/wp-content\/uploads\/2019\/09\/chiller2-400x341.png 400w, https:\/\/www.compact-kaeltetechnik.de\/wp-content\/uploads\/2019\/09\/chiller2-600x512.png 600w, https:\/\/www.compact-kaeltetechnik.de\/wp-content\/uploads\/2019\/09\/chiller2-800x682.png 800w, https:\/\/www.compact-kaeltetechnik.de\/wp-content\/uploads\/2019\/09\/chiller2.png 837w\" data-sizes=\"auto\" data-orig-sizes=\"(max-width: 1300px) 100vw, (max-width: 640px) 100vw, 837px\" \/><\/span><\/div><\/div><\/div><div class=\"fusion-layout-column fusion_builder_column fusion-builder-column-4 fusion_builder_column_1_1 1_1 fusion-flex-column\" style=\"--awb-bg-blend:overlay;--awb-bg-size:cover;--awb-width-large:100%;--awb-margin-top-large:22px;--awb-spacing-right-large:1.92%;--awb-margin-bottom-large:2%;--awb-spacing-left-large:1.92%;--awb-width-medium:100%;--awb-spacing-right-medium:1.92%;--awb-margin-bottom-medium:0px;--awb-spacing-left-medium:1.92%;--awb-width-small:100%;--awb-spacing-right-small:1.92%;--awb-spacing-left-small:1.92%;\"><div class=\"fusion-column-wrapper fusion-flex-justify-content-flex-start fusion-content-layout-column\"><div class=\"fusion-text fusion-text-3\"><p>Jak zwykle compact K\u00e4ltetechnik przygotuje dla Ciebie specjaln\u0105 ofert\u0119, dostosowan\u0105 do Twojej indywidualnej wydajno\u015bci, temperatur lub warunk\u00f3w instalacji. Skontaktuj si\u0119 z nami.<\/p>\n<\/div><\/div><\/div><\/div><\/div><div class=\"fusion-fullwidth fullwidth-box fusion-builder-row-2 fusion-flex-container has-pattern-background has-mask-background nonhundred-percent-fullwidth non-hundred-percent-height-scrolling\" style=\"--awb-border-radius-top-left:0px;--awb-border-radius-top-right:0px;--awb-border-radius-bottom-right:0px;--awb-border-radius-bottom-left:0px;--awb-padding-top:20px;--awb-padding-bottom:40px;--awb-padding-top-medium:21px;--awb-padding-bottom-medium:56px;--awb-padding-top-small:44px;--awb-padding-right-small:30px;--awb-padding-bottom-small:18px;--awb-padding-left-small:30px;--awb-margin-bottom:0px;--awb-margin-bottom-medium:0px;--awb-flex-wrap:wrap;\" ><div class=\"fusion-builder-row fusion-row fusion-flex-align-items-flex-start fusion-flex-justify-content-center fusion-flex-content-wrap\" style=\"max-width:1248px;margin-left: calc(-4% \/ 2 );margin-right: calc(-4% \/ 2 );\"><div class=\"fusion-layout-column fusion_builder_column fusion-builder-column-5 fusion_builder_column_1_1 1_1 fusion-flex-column\" style=\"--awb-bg-size:cover;--awb-width-large:100%;--awb-margin-top-large:0px;--awb-spacing-right-large:1.92%;--awb-margin-bottom-large:2%;--awb-spacing-left-large:1.92%;--awb-width-medium:100%;--awb-order-medium:0;--awb-spacing-right-medium:1.92%;--awb-spacing-left-medium:1.92%;--awb-width-small:100%;--awb-order-small:0;--awb-spacing-right-small:1.92%;--awb-margin-bottom-small:21.7188px;--awb-spacing-left-small:1.92%;\"><div class=\"fusion-column-wrapper fusion-column-has-shadow fusion-flex-justify-content-flex-start fusion-content-layout-column\"><div class=\"fusion-menu-anchor ankerlink\" id=\"ansprechpartner\"><\/div><div class=\"fusion-title title fusion-title-4 fusion-sep-none fusion-title-center fusion-title-text fusion-title-size-two mitt\" style=\"--awb-text-color:var(--awb-color7);--awb-margin-top-small:0px;--awb-margin-right-small:0px;--awb-margin-bottom-small:20px;--awb-margin-left-small:0px;--awb-font-size:32px;\"><h2 class=\"fusion-title-heading title-heading-center fusion-responsive-typography-calculated\" style=\"margin:0;font-size:1em;--fontSize:32;line-height:1.2;\">Osoba kontaktowa<\/h2><\/div><\/div><\/div><div class=\"fusion-layout-column fusion_builder_column fusion-builder-column-6 fusion_builder_column_1_5 1_5 fusion-flex-column\" style=\"--awb-bg-size:cover;--awb-width-large:20%;--awb-margin-top-large:0px;--awb-spacing-right-large:9.6%;--awb-margin-bottom-large:2%;--awb-spacing-left-large:9.6%;--awb-width-medium:25%;--awb-order-medium:0;--awb-spacing-right-medium:15.36%;--awb-spacing-left-medium:0%;--awb-width-small:100%;--awb-order-small:0;--awb-spacing-right-small:3.84%;--awb-spacing-left-small:0%;\"><div class=\"fusion-column-wrapper fusion-column-has-shadow fusion-flex-justify-content-flex-start fusion-content-layout-column\"><div class=\"fusion-image-element \" style=\"text-align:center;--awb-max-width:250px;--awb-caption-title-font-family:var(--h2_typography-font-family);--awb-caption-title-font-weight:var(--h2_typography-font-weight);--awb-caption-title-font-style:var(--h2_typography-font-style);--awb-caption-title-size:var(--h2_typography-font-size);--awb-caption-title-transform:var(--h2_typography-text-transform);--awb-caption-title-line-height:var(--h2_typography-line-height);--awb-caption-title-letter-spacing:var(--h2_typography-letter-spacing);\"><span class=\" fusion-imageframe imageframe-none imageframe-3 hover-type-none\" style=\"border-radius:50%;\"><img decoding=\"async\" width=\"1045\" height=\"1045\" alt=\"Ewa Domagala\" src=\"https:\/\/www.compact-kaeltetechnik.de\/wp-content\/uploads\/2024\/04\/ewad.png\" data-orig-src=\"https:\/\/www.compact-kaeltetechnik.de\/wp-content\/uploads\/2024\/04\/ewad.png\" class=\"lazyload img-responsive wp-image-16288\" srcset=\"data:image\/svg+xml,%3Csvg%20xmlns%3D%27http%3A%2F%2Fwww.w3.org%2F2000%2Fsvg%27%20width%3D%271045%27%20height%3D%271045%27%20viewBox%3D%270%200%201045%201045%27%3E%3Crect%20width%3D%271045%27%20height%3D%271045%27%20fill-opacity%3D%220%22%2F%3E%3C%2Fsvg%3E\" data-srcset=\"https:\/\/www.compact-kaeltetechnik.de\/wp-content\/uploads\/2024\/04\/ewad-200x200.png 200w, https:\/\/www.compact-kaeltetechnik.de\/wp-content\/uploads\/2024\/04\/ewad-400x400.png 400w, https:\/\/www.compact-kaeltetechnik.de\/wp-content\/uploads\/2024\/04\/ewad-600x600.png 600w, https:\/\/www.compact-kaeltetechnik.de\/wp-content\/uploads\/2024\/04\/ewad-800x800.png 800w, https:\/\/www.compact-kaeltetechnik.de\/wp-content\/uploads\/2024\/04\/ewad.png 1045w\" data-sizes=\"auto\" data-orig-sizes=\"(max-width: 1300px) 100vw, (max-width: 640px) 100vw, 200px\" \/><\/span><\/div><\/div><\/div><div class=\"fusion-layout-column fusion_builder_column fusion-builder-column-7 fusion_builder_column_1_3 1_3 fusion-flex-column\" style=\"--awb-padding-right-medium:10px;--awb-padding-left-medium:8px;--awb-bg-size:cover;--awb-width-large:33.333333333333%;--awb-margin-top-large:3%;--awb-spacing-right-large:0%;--awb-margin-bottom-large:2%;--awb-spacing-left-large:14.976%;--awb-width-medium:25%;--awb-order-medium:1;--awb-margin-top-medium:4%;--awb-spacing-right-medium:0%;--awb-margin-bottom-medium:10px;--awb-spacing-left-medium:0%;--awb-width-small:100%;--awb-order-small:0;--awb-margin-top-small:35px;--awb-spacing-right-small:0%;--awb-margin-bottom-small:0px;--awb-spacing-left-small:2.112%;\"><div class=\"fusion-column-wrapper fusion-column-has-shadow fusion-flex-justify-content-flex-start fusion-content-layout-column\"><div class=\"fusion-text fusion-text-4 person text-neu\" style=\"--awb-font-size:20px;--awb-line-height:1.6;--awb-text-color:var(--awb-color7);--awb-text-font-family:&quot;Source Sans 3&quot;;--awb-text-font-style:normal;--awb-text-font-weight:300;\"><h2>Ewa Domagala<\/h2>\n<p>Regionalny Kierownik Sprzeda\u017cy \/<br \/>\nArea Sales Manager<\/p>\n<\/div><div class=\"fusion-social-links fusion-social-links-1\" style=\"--awb-margin-top:0px;--awb-margin-right:0px;--awb-margin-bottom:0px;--awb-margin-left:0px;--awb-box-border-top:0px;--awb-box-border-right:0px;--awb-box-border-bottom:0px;--awb-box-border-left:0px;--awb-icon-colors-hover:var(--awb-custom14);--awb-box-colors-hover:var(--awb-color1);--awb-box-border-color:var(--awb-color3);--awb-box-border-color-hover:var(--awb-color4);\"><div class=\"fusion-social-networks color-type-custom\"><div class=\"fusion-social-networks-wrapper\"><a class=\"fusion-social-network-icon fusion-tooltip fusion-linkedin awb-icon-linkedin\" style=\"color:var(--awb-custom14);font-size:16px;\" data-placement=\"right\" data-title=\"LinkedIn\" data-toggle=\"tooltip\" title=\"LinkedIn\" aria-label=\"linkedin\" target=\"_blank\" rel=\"noopener noreferrer\" href=\"https:\/\/www.linkedin.com\/in\/ewa-domagala-214b6093\/\"><\/a><a class=\"fusion-social-network-icon fusion-tooltip fusion-mail awb-icon-mail\" style=\"color:var(--awb-custom14);font-size:16px;\" data-placement=\"right\" data-title=\"Email\" data-toggle=\"tooltip\" title=\"Email\" aria-label=\"mail\" target=\"_blank\" rel=\"noopener noreferrer\" href=\"mailto:&#101;.&#100;&#111;ma&#103;&#097;l&#097;&#064;co&#109;pa&#099;&#116;-kae&#108;t&#101;&#116;e&#099;hn&#105;k.&#112;&#108;\"><\/a><\/div><\/div><\/div><\/div><\/div><div class=\"fusion-layout-column fusion_builder_column fusion-builder-column-8 fusion_builder_column_1_3 1_3 fusion-flex-column\" style=\"--awb-padding-right-medium:10px;--awb-padding-left-medium:10px;--awb-padding-top-small:20px;--awb-bg-size:cover;--awb-width-large:33.333333333333%;--awb-margin-top-large:3%;--awb-spacing-right-large:5.76%;--awb-margin-bottom-large:2%;--awb-spacing-left-large:5.76%;--awb-width-medium:25%;--awb-order-medium:1;--awb-margin-top-medium:4.4%;--awb-spacing-right-medium:0%;--awb-margin-bottom-medium:10px;--awb-spacing-left-medium:0%;--awb-width-small:100%;--awb-order-small:0;--awb-margin-top-small:0;--awb-spacing-right-small:0px;--awb-spacing-left-small:3px;\" data-scroll-devices=\"small-visibility,medium-visibility,large-visibility\"><div class=\"fusion-column-wrapper fusion-column-has-shadow fusion-flex-justify-content-flex-start fusion-content-layout-column\"><div class=\"fusion-text fusion-text-5 person text-neu\" style=\"--awb-font-size:20px;--awb-line-height:1.6;--awb-text-color:var(--awb-color7);--awb-text-font-family:&quot;Source Sans 3&quot;;--awb-text-font-style:normal;--awb-text-font-weight:300;\"><p>Telefon: <a href=\"tel:+484180444\">+48 32 418-0-444<\/a><br \/>\nTelefon kom\u00f3rkowy: <a href=\"tel:+48570040081\">+48 570-040-081<\/a><\/p>\n<\/div><\/div><\/div><\/div><\/div>\n<div class=\"fusion-fullwidth fullwidth-box fusion-builder-row-3 fusion-flex-container has-pattern-background has-mask-background nonhundred-percent-fullwidth non-hundred-percent-height-scrolling\" style=\"--awb-border-radius-top-left:0px;--awb-border-radius-top-right:0px;--awb-border-radius-bottom-right:0px;--awb-border-radius-bottom-left:0px;--awb-padding-top:60px;--awb-padding-bottom:60px;--awb-padding-right-medium:45px;--awb-padding-left-medium:45px;--awb-padding-top-small:46px;--awb-padding-right-small:19px;--awb-padding-bottom-small:35px;--awb-padding-left-small:20px;--awb-background-color:#f4f4f4;--awb-flex-wrap:wrap;\" ><div class=\"fusion-builder-row fusion-row fusion-flex-align-items-flex-start fusion-flex-justify-content-center fusion-flex-content-wrap\" style=\"max-width:1248px;margin-left: calc(-4% \/ 2 );margin-right: calc(-4% \/ 2 );\"><div class=\"fusion-layout-column fusion_builder_column fusion-builder-column-9 fusion_builder_column_3_4 3_4 fusion-flex-column\" style=\"--awb-padding-right-small:0px;--awb-padding-left-small:0px;--awb-bg-size:cover;--awb-width-large:75%;--awb-margin-top-large:0px;--awb-spacing-right-large:2.56%;--awb-margin-bottom-large:2%;--awb-spacing-left-large:2.56%;--awb-width-medium:100%;--awb-order-medium:0;--awb-spacing-right-medium:1.92%;--awb-spacing-left-medium:1.92%;--awb-width-small:100%;--awb-order-small:0;--awb-spacing-right-small:0%;--awb-margin-bottom-small:0;--awb-spacing-left-small:2.112%;\"><div class=\"fusion-column-wrapper fusion-column-has-shadow fusion-flex-justify-content-flex-start fusion-content-layout-column\"><div class=\"fusion-title title fusion-title-5 fusion-sep-none fusion-title-center fusion-title-text fusion-title-size-two lef\" style=\"--awb-text-color:var(--awb-color7);--awb-margin-top-small:0px;--awb-margin-right-small:0px;--awb-margin-bottom-small:10px;--awb-margin-left-small:0px;--awb-margin-bottom-medium:20px;--awb-font-size:32px;\"><h2 class=\"fusion-title-heading title-heading-center fusion-responsive-typography-calculated\" style=\"font-family:&quot;Source Sans 3&quot;;font-style:normal;font-weight:700;margin:0;font-size:1em;--fontSize:32;line-height:1.2;\">Kontakt<\/h2><\/div><div class=\"fusion-text fusion-text-6 text-neu absatz\" style=\"--awb-text-color:var(--awb-color7);--awb-margin-right:0px;--awb-margin-left:0px;\"><p>Odkryj zr\u00f3wnowa\u017con\u0105 przysz\u0142o\u015b\u0107 dzi\u0119ki kompaktowej technologii ch\u0142odzenia! Nasz zesp\u00f3\u0142 z przyjemno\u015bci\u0105 wesprze Ci\u0119 wydajnymi i przyjaznymi dla \u015brodowiska rozwi\u0105zaniami ch\u0142odniczymi \u2013 skontaktuj si\u0119 z nami ju\u017c dzi\u015b.<\/p>\n<\/div><\/div><\/div><div class=\"fusion-layout-column fusion_builder_column fusion-builder-column-10 fusion_builder_column_3_4 3_4 fusion-flex-column\" style=\"--awb-bg-size:cover;--awb-width-large:75%;--awb-margin-top-large:0px;--awb-spacing-right-large:3.84%;--awb-margin-bottom-large:2%;--awb-spacing-left-large:3.84%;--awb-width-medium:100%;--awb-order-medium:0;--awb-spacing-right-medium:2.88%;--awb-spacing-left-medium:2.88%;--awb-width-small:100%;--awb-order-small:0;--awb-spacing-right-small:6.048%;--awb-spacing-left-small:6.048%;\"><div class=\"fusion-column-wrapper fusion-column-has-shadow fusion-flex-justify-content-flex-start fusion-content-layout-column\"><script type=\"text\/javascript\" src=\"\/\/ma.compact-kaeltetechnik.de\/form\/generate.js?id=65\"><\/script><\/div><\/div><\/div><\/div>\n<\/p>\n","protected":false},"excerpt":{"rendered":"<p>Agregat ch\u0142odniczy na propan<\/p>\n","protected":false},"author":2,"featured_media":16934,"menu_order":0,"template":"","format":"standard","meta":{"footnotes":""},"portfolio_category":[171,143,144,319,142],"portfolio_skills":[148,169,147],"portfolio_tags":[320],"class_list":["post-16933","avada_portfolio","type-avada_portfolio","status-publish","format-standard","has-post-thumbnail","hentry","portfolio_category-chlodzenie-przemyslowe-rozwiazania-standardowe","portfolio_category-chlodzenie-w-handlu-rozwiazania-standardowe","portfolio_category-chlodzenie-zywnosci-rozwiazania-standardowe","portfolio_category-propan-rozwiazania-standardowe","portfolio_category-rozwiazania-standardowe","portfolio_skills-chlodzenie-w-handlu","portfolio_skills-chlodzenie-przemyslowe","portfolio_skills-chlodzenie-zywnosci","portfolio_tags-r290-pl"],"_links":{"self":[{"href":"https:\/\/www.compact-kaeltetechnik.de\/pl\/wp-json\/wp\/v2\/avada_portfolio\/16933","targetHints":{"allow":["GET"]}}],"collection":[{"href":"https:\/\/www.compact-kaeltetechnik.de\/pl\/wp-json\/wp\/v2\/avada_portfolio"}],"about":[{"href":"https:\/\/www.compact-kaeltetechnik.de\/pl\/wp-json\/wp\/v2\/types\/avada_portfolio"}],"author":[{"embeddable":true,"href":"https:\/\/www.compact-kaeltetechnik.de\/pl\/wp-json\/wp\/v2\/users\/2"}],"version-history":[{"count":8,"href":"https:\/\/www.compact-kaeltetechnik.de\/pl\/wp-json\/wp\/v2\/avada_portfolio\/16933\/revisions"}],"predecessor-version":[{"id":17051,"href":"https:\/\/www.compact-kaeltetechnik.de\/pl\/wp-json\/wp\/v2\/avada_portfolio\/16933\/revisions\/17051"}],"wp:featuredmedia":[{"embeddable":true,"href":"https:\/\/www.compact-kaeltetechnik.de\/pl\/wp-json\/wp\/v2\/media\/16934"}],"wp:attachment":[{"href":"https:\/\/www.compact-kaeltetechnik.de\/pl\/wp-json\/wp\/v2\/media?parent=16933"}],"wp:term":[{"taxonomy":"portfolio_category","embeddable":true,"href":"https:\/\/www.compact-kaeltetechnik.de\/pl\/wp-json\/wp\/v2\/portfolio_category?post=16933"},{"taxonomy":"portfolio_skills","embeddable":true,"href":"https:\/\/www.compact-kaeltetechnik.de\/pl\/wp-json\/wp\/v2\/portfolio_skills?post=16933"},{"taxonomy":"portfolio_tags","embeddable":true,"href":"https:\/\/www.compact-kaeltetechnik.de\/pl\/wp-json\/wp\/v2\/portfolio_tags?post=16933"}],"curies":[{"name":"wp","href":"https:\/\/api.w.org\/{rel}","templated":true}]}}