{"id":4853,"date":"2019-09-19T12:40:17","date_gmt":"2019-09-19T10:40:17","guid":{"rendered":"https:\/\/beta.compact-kaeltetechnik.de\/?page_id=4853"},"modified":"2025-12-02T13:56:14","modified_gmt":"2025-12-02T12:56:14","slug":"lebensmittelkuehlung","status":"publish","type":"page","link":"https:\/\/www.compact-kaeltetechnik.de\/de\/anwendungsgebiete\/lebensmittelkuehlung\/","title":{"rendered":"Lebensmittelk\u00fchlung"},"content":{"rendered":"<p><div class=\"fusion-fullwidth fullwidth-box fusion-builder-row-1 fusion-flex-container has-pattern-background has-mask-background fusion-parallax-none nonhundred-percent-fullwidth non-hundred-percent-height-scrolling\" style=\"--awb-background-blend-mode:multiply;--awb-border-radius-top-left:0px;--awb-border-radius-top-right:0px;--awb-border-radius-bottom-right:0px;--awb-border-radius-bottom-left:0px;--awb-padding-top:197px;--awb-padding-bottom:150px;--awb-padding-top-medium:148px;--awb-padding-bottom-medium:130px;--awb-padding-left-medium:41px;--awb-padding-top-small:59px;--awb-padding-right-small:15px;--awb-padding-bottom-small:44px;--awb-padding-left-small:15px;--awb-margin-top:-40px;--awb-margin-bottom-medium:0px;--awb-background-color:rgba(35,97,146,0.7);--awb-background-image:url(&quot;https:\/\/www.compact-kaeltetechnik.de\/wp-content\/uploads\/2023\/09\/transparente-plastikflaschen-mit-gelber-substanz-gefuellt_1-1.jpg&quot;);--awb-background-size:cover;--awb-flex-wrap:wrap;\" data-preload-img=\"https:\/\/www.compact-kaeltetechnik.de\/wp-content\/uploads\/2023\/09\/transparente-plastikflaschen-mit-gelber-substanz-gefuellt_1-1.jpg\" ><div class=\"fusion-builder-row fusion-row fusion-flex-align-items-flex-start fusion-flex-content-wrap\" style=\"max-width:1248px;margin-left: calc(-4% \/ 2 );margin-right: calc(-4% \/ 2 );\"><div class=\"fusion-layout-column fusion_builder_column fusion-builder-column-0 fusion_builder_column_1_2 1_2 fusion-flex-column\" style=\"--awb-padding-right:19px;--awb-padding-right-medium:34px;--awb-bg-size:cover;--awb-width-large:50%;--awb-margin-top-large:0px;--awb-spacing-right-large:3.84%;--awb-margin-bottom-large:2%;--awb-spacing-left-large:3.84%;--awb-width-medium:75%;--awb-order-medium:0;--awb-spacing-right-medium:2.56%;--awb-spacing-left-medium:5.504%;--awb-width-small:100%;--awb-order-small:0;--awb-spacing-right-small:0%;--awb-spacing-left-small:12px;\"><div class=\"fusion-column-wrapper fusion-column-has-shadow fusion-flex-justify-content-flex-start fusion-content-layout-column\"><div class=\"fusion-title title fusion-title-1 fusion-sep-none fusion-title-text fusion-title-size-one head\" style=\"--awb-text-color:var(--awb-color1);--awb-margin-top-small:0px;--awb-margin-right-small:0px;--awb-margin-bottom-small:20px;--awb-margin-left-small:0px;\"><h1 class=\"fusion-title-heading title-heading-left fusion-responsive-typography-calculated\" style=\"margin:0;--fontSize:56;line-height:1.4;\">Lebensmittel\u00adk\u00fchlung<\/h1><\/div><script type=\"application\/ld+json\">\n{\n  \"@context\": \"https:\/\/schema.org\",\n  \"@type\": \"WebPage\",\n  \"@id\": \"https:\/\/www.compact-kaeltetechnik.de\/de\/anwendungsgebiete\/lebensmittelkuehlung\/\",\n  \"name\": \"Lebensmittelk\u00fchlung \u2013 K\u00e4ltel\u00f6sungen f\u00fcr die Lebensmittelindustrie\",\n  \"description\": \"W\u00e4hlen Sie compact K\u00e4ltetechnik f\u00fcr Ihre Lebensmittelk\u00fchlung \u2013 zuverl\u00e4ssige und effiziente K\u00fchlsysteme f\u00fcr Produktion, Lagerung und Verarbeitung in der Lebensmittelindustrie.\",\n  \"mainEntity\": {\n    \"@type\": \"Service\",\n    \"name\": \"Lebensmittelk\u00fchlung\",\n    \"serviceType\": \"Individuelle K\u00e4ltel\u00f6sungen f\u00fcr die Lebensmittelindustrie\",\n    \"provider\": {\n      \"@type\": \"Organization\",\n      \"name\": \"compact K\u00e4ltetechnik GmbH\",\n      \"url\": \"https:\/\/www.compact-kaeltetechnik.de\"\n    },\n    \"areaServed\": [\n      { \"@type\": \"Place\", \"name\": \"Europe\" },\n      { \"@type\": \"Place\", \"name\": \"Asia\" },\n      { \"@type\": \"Place\", \"name\": \"Africa\" },\n      { \"@type\": \"Place\", \"name\": \"North America\" },\n      { \"@type\": \"Place\", \"name\": \"South America\" },\n      { \"@type\": \"Place\", \"name\": \"Australia\" }\n    ],\n    \"audience\": {\n      \"@type\": \"Audience\",\n      \"audienceType\": \"Lebensmittelproduzenten, Verarbeiter, Lebensmittelindustrie\"\n    }\n  }\n}\n<\/script>\n<\/div><\/div><div class=\"fusion-layout-column fusion_builder_column fusion-builder-column-1 fusion_builder_column_1_2 1_2 fusion-flex-column fusion-no-small-visibility fusion-no-medium-visibility\" style=\"--awb-bg-size:cover;--awb-width-large:50%;--awb-margin-top-large:0px;--awb-spacing-right-large:3.84%;--awb-margin-bottom-large:2%;--awb-spacing-left-large:3.84%;--awb-width-medium:100%;--awb-order-medium:0;--awb-spacing-right-medium:1.92%;--awb-spacing-left-medium:1.92%;--awb-width-small:100%;--awb-order-small:0;--awb-spacing-right-small:1.92%;--awb-spacing-left-small:1.92%;\"><div class=\"fusion-column-wrapper fusion-column-has-shadow fusion-flex-justify-content-flex-start fusion-content-layout-column\"><\/div><\/div><\/div><\/div><div class=\"fusion-fullwidth fullwidth-box fusion-builder-row-2 fusion-flex-container nonhundred-percent-fullwidth non-hundred-percent-height-scrolling\" style=\"--awb-border-radius-top-left:0px;--awb-border-radius-top-right:0px;--awb-border-radius-bottom-right:0px;--awb-border-radius-bottom-left:0px;--awb-padding-top:70px;--awb-padding-bottom:83px;--awb-padding-top-small:43px;--awb-margin-top:0px;--awb-margin-bottom:-30px;--awb-flex-wrap:wrap;\" ><div class=\"fusion-builder-row fusion-row fusion-flex-align-items-flex-start fusion-flex-content-wrap\" style=\"max-width:1248px;margin-left: calc(-4% \/ 2 );margin-right: calc(-4% \/ 2 );\"><div class=\"fusion-layout-column fusion_builder_column fusion-builder-column-2 fusion_builder_column_1_2 1_2 fusion-flex-column fusion-flex-align-self-stretch\" style=\"--awb-bg-size:cover;--awb-width-large:50%;--awb-margin-top-large:0px;--awb-spacing-right-large:3.84%;--awb-margin-bottom-large:2%;--awb-spacing-left-large:3.84%;--awb-width-medium:50%;--awb-order-medium:0;--awb-spacing-right-medium:3.84%;--awb-spacing-left-medium:3.84%;--awb-width-small:100%;--awb-order-small:0;--awb-spacing-right-small:1.92%;--awb-spacing-left-small:1.92%;\"><div class=\"fusion-column-wrapper fusion-column-has-shadow fusion-flex-justify-content-flex-start fusion-content-layout-column\"><div class=\"fusion-text fusion-text-1\"><p>Die durchg\u00e4ngige K\u00fchlung von Lebensmitteln ist ein entscheidender Faktor zum Erhalt deren Quali\u00adt\u00e4t und des Geschmacks. Sowohl die K\u00fchlung von Rohstoffen w\u00e4hrend der Produktion als auch die anschlie\u00ad\u00dfende Lagerung verl\u00e4ngern die Haltbar\u00adkeit. Daher sollte die K\u00fchlkette w\u00e4hrend der gesam\u00adten Prozesse immer konstant aufrecht gehalten werden. Hier finden Sie Standardl\u00f6sungen als auch individuell ange\u00adpasste Systeme f\u00fcr diesen Einsatz\u00adbereich. Gern beraten wir Sie f\u00fcr Ihren individuellen Anwendungsfall.<\/p>\n<\/div><div style=\"text-align:center;\"><a class=\"fusion-button button-flat fusion-button-default-size button-default fusion-button-default button-1 fusion-button-default-span fusion-button-default-type\" style=\"--awb-margin-top:10px;\" target=\"_self\" href=\"#ansprechpartner\"><span class=\"fusion-button-text awb-button__text awb-button__text--default\">Jetzt beraten lassen<\/span><\/a><\/div><\/div><\/div><div class=\"fusion-layout-column fusion_builder_column fusion-builder-column-3 fusion_builder_column_1_2 1_2 fusion-flex-column fusion-flex-align-self-stretch fusion-no-small-visibility\" style=\"--awb-bg-color:var(--awb-custom16);--awb-bg-color-hover:var(--awb-custom16);--awb-bg-position:center center;--awb-bg-size:cover;--awb-width-large:50%;--awb-margin-top-large:0px;--awb-spacing-right-large:3.84%;--awb-margin-bottom-large:2%;--awb-spacing-left-large:3.84%;--awb-width-medium:50%;--awb-order-medium:0;--awb-spacing-right-medium:3.84%;--awb-spacing-left-medium:3.84%;--awb-width-small:100%;--awb-order-small:0;--awb-spacing-right-small:1.92%;--awb-spacing-left-small:1.92%;\" data-scroll-devices=\"small-visibility,medium-visibility,large-visibility\"><div class=\"fusion-column-wrapper lazyload fusion-column-has-shadow fusion-flex-justify-content-flex-start fusion-content-layout-column fusion-empty-column-bg-image fusion-column-has-bg-image\" data-bg-url=\"https:\/\/www.compact-kaeltetechnik.de\/wp-content\/uploads\/2019\/09\/Lebensmittelk\u00fchlung_1200x800.jpg\" data-bg=\"https:\/\/www.compact-kaeltetechnik.de\/wp-content\/uploads\/2019\/09\/Lebensmittelk\u00fchlung_1200x800.jpg\"><img decoding=\"async\" class=\"fusion-empty-dims-img-placeholder\" alt=\"Lebensmittelkuehlung\" src=\"data:image\/svg+xml,%3Csvg%20xmlns%3D%27http%3A%2F%2Fwww.w3.org%2F2000%2Fsvg%27%20width%3D%271200%27%20height%3D%27800%27%20viewBox%3D%270%200%201200%20800%27%3E%3Crect%20width%3D%271200%27%20height%3D%27800%27%20fill-opacity%3D%220%22%2F%3E%3C%2Fsvg%3E\"><\/div><\/div><\/div><\/div><div class=\"fusion-fullwidth fullwidth-box fusion-builder-row-3 fusion-flex-container has-pattern-background has-mask-background hundred-percent-fullwidth non-hundred-percent-height-scrolling\" style=\"--awb-border-radius-top-left:0px;--awb-border-radius-top-right:0px;--awb-border-radius-bottom-right:0px;--awb-border-radius-bottom-left:0px;--awb-padding-top:59px;--awb-padding-right:102px;--awb-padding-bottom:40px;--awb-padding-left:101px;--awb-padding-right-medium:70px;--awb-padding-bottom-medium:54px;--awb-padding-left-medium:70px;--awb-padding-top-small:40px;--awb-padding-right-small:30px;--awb-padding-bottom-small:40px;--awb-padding-left-small:30px;--awb-margin-bottom:0px;--awb-margin-top-small:0px;--awb-background-color:#f5f5f5;--awb-flex-wrap:wrap;\" ><div class=\"fusion-builder-row fusion-row fusion-flex-align-items-flex-start fusion-flex-justify-content-center fusion-flex-content-wrap\" style=\"width:104% !important;max-width:104% !important;margin-left: calc(-4% \/ 2 );margin-right: calc(-4% \/ 2 );\"><div class=\"fusion-layout-column fusion_builder_column fusion-builder-column-4 fusion_builder_column_4_5 4_5 fusion-flex-column\" style=\"--awb-bg-size:cover;--awb-width-large:80%;--awb-margin-top-large:0px;--awb-spacing-right-large:2.4%;--awb-margin-bottom-large:2%;--awb-spacing-left-large:2.4%;--awb-width-medium:100%;--awb-order-medium:0;--awb-spacing-right-medium:1.92%;--awb-spacing-left-medium:1.92%;--awb-width-small:100%;--awb-order-small:0;--awb-spacing-right-small:1.92%;--awb-margin-bottom-small:30px;--awb-spacing-left-small:1.92%;\"><div class=\"fusion-column-wrapper fusion-column-has-shadow fusion-flex-justify-content-flex-start fusion-content-layout-column\"><div class=\"fusion-title title fusion-title-2 fusion-sep-none fusion-title-center fusion-title-text fusion-title-size-two tit1 lef\" style=\"--awb-text-color:var(--awb-color7);--awb-margin-top-small:0px;--awb-margin-right-small:0px;--awb-margin-bottom-small:10px;--awb-margin-left-small:0px;--awb-margin-bottom-medium:20px;\"><h2 class=\"fusion-title-heading title-heading-center fusion-responsive-typography-calculated\" style=\"margin:0;--fontSize:32;line-height:1.2;\">K\u00e4ltetechnik in Perfektion<\/h2><\/div><div class=\"fusion-text fusion-text-2 text-neu absatz\" style=\"--awb-text-color:var(--awb-color7);\"><p>Wir arbeiten Hand in Hand mit unseren Kunden, um ma\u00dfgeschneiderte k\u00e4ltetechnische L\u00f6sungen zu entwickeln, die exakt auf ihre spezifischen Bed\u00fcrfnisse zugeschnitten sind. Unser umfassendes Know-how aus \u00fcber 30 Jahren Branchenerfahrung, erm\u00f6glicht es uns, jede Herausforderung zu meistern.<\/p>\n<p>Weil guter Service auch ein Beitrag zur Nachhaltigkeit ist, sind alle compact-K\u00e4lteanlagen besonders wartungsfreundlich konzipiert. Das spart Zeit bei Inspektionen und Reparaturen durch das Support-Team \u2013 f\u00fcr einen effizienten und wirtschaftlichen Anlagenbetrieb.<\/p>\n<\/div><\/div><\/div><div class=\"fusion-layout-column fusion_builder_column fusion-builder-column-5 fusion_builder_column_1_1 1_1 fusion-flex-column content\" style=\"--awb-padding-right-medium:0px;--awb-padding-left-medium:0px;--awb-padding-right-small:0px;--awb-padding-left-small:0px;--awb-bg-size:cover;--awb-width-large:100%;--awb-margin-top-large:0px;--awb-spacing-right-large:1.92%;--awb-margin-bottom-large:0px;--awb-spacing-left-large:1.92%;--awb-width-medium:100%;--awb-order-medium:0;--awb-spacing-right-medium:1.92%;--awb-spacing-left-medium:0px;--awb-width-small:100%;--awb-order-small:0;--awb-spacing-right-small:1.92%;--awb-spacing-left-small:1.92%;\"><div class=\"fusion-column-wrapper fusion-column-has-shadow fusion-flex-justify-content-flex-start fusion-content-layout-column\"><div class=\"fusion-content-boxes content-boxes columns row fusion-columns-4 fusion-columns-total-4 fusion-content-boxes-1 content-boxes-timeline-horizontal content-left content-boxes-icon-on-top content-boxes-timeline-layout fusion-delayed-animation\" style=\"--awb-title-color:var(--awb-color7);--awb-iconcolor:#3ba1db;--awb-hover-accent-color:var(--awb-color2);--awb-circle-hover-accent-color:var(--awb-color2);\" data-animation-delay=\"350\" data-animationOffset=\"top-into-view\"><div style=\"--awb-backgroundcolor:rgba(255,255,255,0);--awb-iconcolor:var(--awb-custom14);\" class=\"fusion-column content-box-column content-box-column content-box-column-1 col-lg-3 col-md-3 col-sm-3 fusion-content-box-hover content-box-column-first-in-row\"><div class=\"col content-box-wrapper content-wrapper link-area-link-icon content-icon-wrapper-yes icon-hover-animation-none fusion-animated\" data-animationType=\"fadeIn\" data-animationDuration=\"0.25\" data-animationOffset=\"top-into-view\"><div class=\"heading heading-with-icon icon-left\"><div class=\"icon\" style=\"-webkit-animation-duration: 350ms;animation-duration: 350ms;\"><span style=\"height:82px;width:82px;line-height:42px;border-color:var(--awb-custom14);border-width:1px;border-style:solid;background-color:rgba(33,41,52,0);box-sizing:content-box;border-radius:50%;\"><i style=\"border-color:rgba(33,41,52,0);border-width:1px;background-color:#f5f5f5;box-sizing:content-box;height:80px;width:80px;line-height:80px;border-radius:50%;position:relative;top:auto;left:auto;margin:0;border-radius:50%;font-size:40px;\" aria-hidden=\"true\" class=\"fontawesome-icon fa-comments fas circle-yes\"><\/i><\/span><\/div><h2 class=\"content-box-heading fusion-responsive-typography-calculated\" style=\"--h2_typography-font-size:18px;--fontSize:18;line-height:1.2;\">Beratung &amp; Konzeption <\/h2><\/div><div class=\"fusion-clearfix\"><\/div><div class=\"content-container\">\n<p class=\"text-neu\" style=\"text-align: center;\">Unser Team arbeitet eng mit Ihnen zusammen, um die spezifischen Anforderungen Ihres Projekts zu ermitteln und die optimale K\u00e4ltel\u00f6sung zu entwickeln. Durch sorgf\u00e4ltige Planung stellen wir sicher, dass jedes Detail ber\u00fccksichtigt wird.<\/p>\n<\/div><div class=\"content-box-shortcode-timeline\" style=\"border-color:var(--awb-custom14);top:42px;-webkit-transition-duration: 350ms;animation-duration: 350ms;\"><\/div><\/div><\/div><div style=\"--awb-backgroundcolor:rgba(255,255,255,0);--awb-iconcolor:var(--awb-custom14);\" class=\"fusion-column content-box-column content-box-column content-box-column-2 col-lg-3 col-md-3 col-sm-3 fusion-content-box-hover \"><div class=\"col content-box-wrapper content-wrapper link-area-link-icon content-icon-wrapper-yes icon-hover-animation-none fusion-animated\" data-animationType=\"fadeIn\" data-animationDuration=\"0.25\" data-animationOffset=\"top-into-view\"><div class=\"heading heading-with-icon icon-left\"><div class=\"icon\" style=\"-webkit-animation-duration: 350ms;animation-duration: 350ms;\"><span style=\"height:82px;width:82px;line-height:42px;border-color:var(--awb-custom14);border-width:1px;border-style:solid;background-color:rgba(33,41,52,0);box-sizing:content-box;border-radius:50%;\"><i style=\"border-color:rgba(33,41,52,0);border-width:1px;background-color:#f5f5f5;box-sizing:content-box;height:80px;width:80px;line-height:80px;border-radius:50%;position:relative;top:auto;left:auto;margin:0;border-radius:50%;font-size:40px;\" aria-hidden=\"true\" class=\"fontawesome-icon fa-drafting-compass fas circle-yes\"><\/i><\/span><\/div><h2 class=\"content-box-heading fusion-responsive-typography-calculated\" style=\"--h2_typography-font-size:18px;--fontSize:18;line-height:1.2;\">Projektierung &amp; Konstruktion <\/h2><\/div><div class=\"fusion-clearfix\"><\/div><div class=\"content-container\">\n<p class=\"text-neu\" style=\"text-align: center;\">Das Konstruktionsteam realisiert eine effiziente und nachhaltige K\u00e4ltel\u00f6sung. Dabei legen wir gro\u00dfen Wert darauf, Ihre Anforderungen zu erf\u00fcllen. Egal, ob es sich um besondere Platzverh\u00e4ltnisse oder Anlageneffizienz handelt.<\/p>\n<\/div><div class=\"content-box-shortcode-timeline\" style=\"border-color:var(--awb-custom14);top:42px;-webkit-transition-duration: 350ms;animation-duration: 350ms;\"><\/div><\/div><\/div><div style=\"--awb-backgroundcolor:rgba(255,255,255,0);--awb-iconcolor:var(--awb-custom14);\" class=\"fusion-column content-box-column content-box-column content-box-column-3 col-lg-3 col-md-3 col-sm-3 fusion-content-box-hover \"><div class=\"col content-box-wrapper content-wrapper link-area-link-icon content-icon-wrapper-yes icon-hover-animation-none fusion-animated\" data-animationType=\"fadeIn\" data-animationDuration=\"0.25\" data-animationOffset=\"top-into-view\"><div class=\"heading heading-with-icon icon-left\"><div class=\"icon\" style=\"-webkit-animation-duration: 350ms;animation-duration: 350ms;\"><span style=\"height:82px;width:82px;line-height:42px;border-color:var(--awb-custom14);border-width:1px;border-style:solid;background-color:rgba(33,41,52,0);box-sizing:content-box;border-radius:50%;\"><i style=\"border-color:rgba(33,41,52,0);border-width:1px;background-color:#f5f5f5;box-sizing:content-box;height:80px;width:80px;line-height:80px;border-radius:50%;position:relative;top:auto;left:auto;margin:0;border-radius:50%;font-size:40px;\" aria-hidden=\"true\" class=\"fontawesome-icon fa-tools fas circle-yes\"><\/i><\/span><\/div><h2 class=\"content-box-heading fusion-responsive-typography-calculated\" style=\"--h2_typography-font-size:18px;--fontSize:18;line-height:1.2;\">Fertigung <\/h2><\/div><div class=\"fusion-clearfix\"><\/div><div class=\"content-container\">\n<p class=\"text-neu\" style=\"text-align: center;\">Nach kundenseitiger Freigabe beginnen wir mit der Fertigung Ihres Projektes. Mit modernster Technologie und hochwertigen Materialien produzieren wir nach h\u00f6chsten Standards. Daf\u00fcr sind wir u.a. auch nach ISO 9001:2015 zertifiziert.<\/p>\n<\/div><div class=\"content-box-shortcode-timeline\" style=\"border-color:var(--awb-custom14);top:42px;-webkit-transition-duration: 350ms;animation-duration: 350ms;\"><\/div><\/div><\/div><div style=\"--awb-backgroundcolor:rgba(255,255,255,0);--awb-iconcolor:var(--awb-custom14);\" class=\"fusion-column content-box-column content-box-column content-box-column-4 col-lg-3 col-md-3 col-sm-3 fusion-content-box-hover content-box-column-last content-box-column-last-in-row\"><div class=\"col content-box-wrapper content-wrapper link-area-link-icon content-icon-wrapper-yes icon-hover-animation-none fusion-animated\" data-animationType=\"fadeIn\" data-animationDuration=\"0.25\" data-animationOffset=\"top-into-view\"><div class=\"heading heading-with-icon icon-left\"><div class=\"icon\" style=\"-webkit-animation-duration: 350ms;animation-duration: 350ms;\"><span style=\"height:82px;width:82px;line-height:42px;border-color:var(--awb-custom14);border-width:1px;border-style:solid;background-color:rgba(33,41,52,0);box-sizing:content-box;border-radius:50%;\"><i style=\"border-color:rgba(33,41,52,0);border-width:1px;background-color:#f5f5f5;box-sizing:content-box;height:80px;width:80px;line-height:80px;border-radius:50%;position:relative;top:auto;left:auto;margin:0;border-radius:50%;font-size:40px;\" aria-hidden=\"true\" class=\"fontawesome-icon fa-info fas circle-yes\"><\/i><\/span><\/div><h2 class=\"content-box-heading fusion-responsive-typography-calculated\" style=\"--h2_typography-font-size:18px;--fontSize:18;line-height:1.2;\">Service <\/h2><\/div><div class=\"fusion-clearfix\"><\/div><div class=\"content-container\">Auf Wunsch unterst\u00fctzen wir Sie bei der Inbetriebnahme vor Ort. Sollte es doch mal zu einer St\u00f6rung kommen, stehen wir gern gemeinsam mit unseren Servicepartnern zur Verf\u00fcgung.<\/div><div class=\"content-box-shortcode-timeline\" style=\"border-color:var(--awb-custom14);top:42px;-webkit-transition-duration: 350ms;animation-duration: 350ms;\"><\/div><\/div><\/div><div class=\"fusion-clearfix\"><\/div><\/div><\/div><\/div><div class=\"fusion-layout-column fusion_builder_column fusion-builder-column-6 fusion_builder_column_1_1 1_1 fusion-flex-column\" style=\"--awb-padding-top:15px;--awb-padding-right:40px;--awb-padding-left:40px;--awb-padding-top-medium:0px;--awb-padding-right-medium:0px;--awb-padding-left-medium:0px;--awb-padding-top-small:26px;--awb-padding-right-small:0px;--awb-padding-left-small:0px;--awb-bg-size:cover;--awb-width-large:100%;--awb-margin-top-large:0px;--awb-spacing-right-large:1.92%;--awb-margin-bottom-large:2%;--awb-spacing-left-large:1.92%;--awb-width-medium:100%;--awb-order-medium:0;--awb-margin-top-medium:-20px;--awb-spacing-right-medium:1.92%;--awb-spacing-left-medium:1.92%;--awb-width-small:100%;--awb-order-small:0;--awb-spacing-right-small:1.92%;--awb-spacing-left-small:1.92%;\"><div class=\"fusion-column-wrapper fusion-column-has-shadow fusion-flex-justify-content-flex-start fusion-content-layout-column\"><div class=\"fusion-title title fusion-title-3 fusion-sep-none fusion-title-center fusion-title-text fusion-title-size-three\" style=\"--awb-margin-bottom:0px;--awb-margin-top-small:0px;--awb-margin-right-small:0px;--awb-margin-bottom-small:0px;--awb-margin-left-small:0px;\"><h3 class=\"fusion-title-heading title-heading-center fusion-responsive-typography-calculated\" style=\"margin:0;--fontSize:24;--minFontSize:24;line-height:1.4;\">Das compact-K\u00e4ltetechnik Qualit\u00e4tsversprechen<\/h3><\/div><\/div><\/div><div class=\"fusion-layout-column fusion_builder_column fusion-builder-column-7 fusion_builder_column_2_5 2_5 fusion-flex-column\" style=\"--awb-padding-bottom-medium:0px;--awb-bg-size:cover;--awb-width-large:40%;--awb-margin-top-large:0px;--awb-spacing-right-large:4.8%;--awb-margin-bottom-large:0%;--awb-spacing-left-large:4.8%;--awb-width-medium:100%;--awb-order-medium:0;--awb-spacing-right-medium:1.92%;--awb-margin-bottom-medium:-35px;--awb-spacing-left-medium:1.92%;--awb-width-small:100%;--awb-order-small:0;--awb-spacing-right-small:1.92%;--awb-spacing-left-small:1.92%;\"><div class=\"fusion-column-wrapper fusion-column-has-shadow fusion-flex-justify-content-flex-start fusion-content-layout-column\"><div class=\"fusion-text fusion-text-3\"><ul>\n<li>Qualit\u00e4tsmanagement zertifiziert nach\u202f<b>ISO 9001<\/b>\u202ff\u00fcr alle Unternehmensprozesse<\/li>\n<li>Fertigung der K\u00e4ltemaschinen auf der Basis der\u202fDruckger\u00e4terichtlinie und <b>DIN EN 378<\/b><\/li>\n<li>Zertifikat f\u00fcr die Unterhaltung eines zugelassenen Qualit\u00e4tssicherungs\u00adsystems nach <b>Dekra Modul H1<\/b><\/li>\n<\/ul>\n<\/div><\/div><\/div><div class=\"fusion-layout-column fusion_builder_column fusion-builder-column-8 fusion_builder_column_2_5 2_5 fusion-flex-column\" style=\"--awb-padding-top-medium:0px;--awb-bg-size:cover;--awb-width-large:40%;--awb-margin-top-large:0px;--awb-spacing-right-large:4.8%;--awb-margin-bottom-large:0%;--awb-spacing-left-large:4.8%;--awb-width-medium:100%;--awb-order-medium:0;--awb-margin-top-medium:0;--awb-spacing-right-medium:1.92%;--awb-spacing-left-medium:1.92%;--awb-width-small:100%;--awb-order-small:0;--awb-spacing-right-small:1.92%;--awb-spacing-left-small:1.92%;\"><div class=\"fusion-column-wrapper fusion-column-has-shadow fusion-flex-justify-content-flex-start fusion-content-layout-column\"><div class=\"fusion-text fusion-text-4\"><ul>\n<li>Zugelassener Schwei\u00dffachbetrieb nach\u202f<b>AD 2000 Merkblatt HP0<\/b><\/li>\n<li>Zertifikat f\u00fcr die Erf\u00fcllung der schwei\u00dftechnischen Qualit\u00e4tsanforderungen nach\u202fD<b>IN EN ISO 3834-2<\/b><\/li>\n<li>Fachunternehmerbescheinigung der Sach- und Fachkunde zur Pr\u00fcfung und zur Installation und Wartung von K\u00e4lteanlagen durch den<b>\u202fVDKF\u202fe.V. <\/b><\/li>\n<\/ul>\n<\/div><\/div><\/div><div class=\"fusion-layout-column fusion_builder_column fusion-builder-column-9 fusion_builder_column_1_1 1_1 fusion-flex-column\" style=\"--awb-bg-size:cover;--awb-width-large:100%;--awb-margin-top-large:10px;--awb-spacing-right-large:1.92%;--awb-margin-bottom-large:2%;--awb-spacing-left-large:1.92%;--awb-width-medium:100%;--awb-order-medium:0;--awb-spacing-right-medium:1.92%;--awb-spacing-left-medium:1.92%;--awb-width-small:100%;--awb-order-small:0;--awb-spacing-right-small:1.92%;--awb-spacing-left-small:1.92%;\"><div class=\"fusion-column-wrapper fusion-column-has-shadow fusion-flex-justify-content-flex-start fusion-content-layout-column\"><div style=\"text-align:center;\"><a class=\"fusion-button button-flat fusion-button-default-size button-default fusion-button-default button-2 fusion-button-default-span fusion-button-default-type\" style=\"--awb-margin-top:10px;--button_typography-font-family:&quot;Source Sans 3&quot;;--button_typography-font-style:normal;--button_typography-font-weight:400;\" target=\"_self\" href=\"#ansprechpartner\"><span class=\"fusion-button-text awb-button__text awb-button__text--default\">Jetzt beraten lassen<\/span><\/a><\/div><\/div><\/div><\/div><\/div>\n<div class=\"fusion-fullwidth fullwidth-box fusion-builder-row-4 fusion-flex-container nonhundred-percent-fullwidth non-hundred-percent-height-scrolling fusion-no-small-visibility\" style=\"--awb-border-radius-top-left:0px;--awb-border-radius-top-right:0px;--awb-border-radius-bottom-right:0px;--awb-border-radius-bottom-left:0px;--awb-padding-top:91px;--awb-padding-bottom:0px;--awb-padding-top-medium:56px;--awb-padding-top-small:46px;--awb-flex-wrap:wrap;\" ><div class=\"fusion-builder-row fusion-row fusion-flex-align-items-flex-start fusion-flex-content-wrap\" style=\"max-width:1248px;margin-left: calc(-4% \/ 2 );margin-right: calc(-4% \/ 2 );\"><div class=\"fusion-layout-column fusion_builder_column fusion-builder-column-10 fusion_builder_column_1_1 1_1 fusion-flex-column\" style=\"--awb-padding-top:0%;--awb-bg-blend:overlay;--awb-bg-size:cover;--awb-width-large:100%;--awb-margin-top-large:0px;--awb-spacing-right-large:1.92%;--awb-margin-bottom-large:0%;--awb-spacing-left-large:1.92%;--awb-width-medium:100%;--awb-spacing-right-medium:1.92%;--awb-spacing-left-medium:1.92%;--awb-width-small:100%;--awb-spacing-right-small:1.92%;--awb-spacing-left-small:1.92%;\"><div class=\"fusion-column-wrapper fusion-column-has-shadow fusion-flex-justify-content-flex-start fusion-content-layout-column\"><div class=\"fusion-title title fusion-title-4 fusion-sep-none fusion-title-center fusion-title-text fusion-title-size-two\" style=\"--awb-margin-top-small:0px;--awb-margin-right-small:0px;--awb-margin-bottom-small:20px;--awb-margin-left-small:0px;\"><h2 class=\"fusion-title-heading title-heading-center fusion-responsive-typography-calculated\" style=\"margin:0;--fontSize:32;line-height:1.2;\">Lebensmittelk\u00fchlung Produkte<\/h2><\/div><div class=\"fusion-recent-works fusion-portfolio-element fusion-portfolio fusion-portfolio-1 fusion-portfolio-carousel fusion-portfolio-paging-pagination recent-works-carousel portfolio-carousel picture-size-auto\" data-id=\"-rw-1\"><div class=\"awb-carousel awb-swiper awb-swiper-carousel fusion-carousel-title-below-image\" style=\"--awb-columns:3;\" data-metacontent=\"yes\" data-autoplay=\"no\" data-columns=\"3\" data-itemmargin=\"12\" data-itemwidth=\"180\" data-touchscroll=\"yes\" data-imagesize=\"auto\"><div class=\"swiper-wrapper\"><div class=\"swiper-slide\"><div class=\"fusion-carousel-item-wrapper\"><div  class=\"fusion-image-wrapper\" aria-haspopup=\"true\">\n\t\t\t\t\t\t\t<a href=\"https:\/\/www.compact-kaeltetechnik.de\/de\/anlage\/c-greyline\/\" aria-label=\"*c-greyline\">\n\t\t\t\t\t\t\t<img decoding=\"async\" width=\"722\" height=\"457\" src=\"https:\/\/www.compact-kaeltetechnik.de\/wp-content\/uploads\/2018\/06\/greyline.jpg\" class=\"attachment-full size-full lazyload wp-post-image\" alt=\"\" srcset=\"data:image\/svg+xml,%3Csvg%20xmlns%3D%27http%3A%2F%2Fwww.w3.org%2F2000%2Fsvg%27%20width%3D%27722%27%20height%3D%27457%27%20viewBox%3D%270%200%20722%20457%27%3E%3Crect%20width%3D%27722%27%20height%3D%27457%27%20fill-opacity%3D%220%22%2F%3E%3C%2Fsvg%3E\" data-orig-src=\"https:\/\/www.compact-kaeltetechnik.de\/wp-content\/uploads\/2018\/06\/greyline.jpg\" data-srcset=\"https:\/\/www.compact-kaeltetechnik.de\/wp-content\/uploads\/2018\/06\/greyline-200x127.jpg 200w, https:\/\/www.compact-kaeltetechnik.de\/wp-content\/uploads\/2018\/06\/greyline-400x253.jpg 400w, https:\/\/www.compact-kaeltetechnik.de\/wp-content\/uploads\/2018\/06\/greyline-600x380.jpg 600w, https:\/\/www.compact-kaeltetechnik.de\/wp-content\/uploads\/2018\/06\/greyline.jpg 722w\" data-sizes=\"auto\" \/>\t\t\t<\/a>\n\t\t\t\t\t\t\t<\/div>\n<h4 class=\"fusion-carousel-title\"><a href=\"https:\/\/www.compact-kaeltetechnik.de\/de\/anlage\/c-greyline\/\" target=\"_self\">*c-greyline<\/a><\/h4><div class=\"fusion-carousel-meta\"><a href=\"https:\/\/www.compact-kaeltetechnik.de\/de\/kategorie\/frigen-standard\/\" rel=\"tag\">Frigen Standardl\u00f6sungen<\/a>, <a href=\"https:\/\/www.compact-kaeltetechnik.de\/de\/kategorie\/gewerbekuehlung-standard\/\" rel=\"tag\">Gewerbek\u00fchlung Standardl\u00f6sungen<\/a>, <a href=\"https:\/\/www.compact-kaeltetechnik.de\/de\/kategorie\/lebensmittelkuehlung-standard\/\" rel=\"tag\">Lebensmittelk\u00fchlung Standardl\u00f6sungen<\/a>, <a href=\"https:\/\/www.compact-kaeltetechnik.de\/de\/kategorie\/standardloesungen\/\" rel=\"tag\">Standardl\u00f6sungen<\/a>, <a href=\"https:\/\/www.compact-kaeltetechnik.de\/de\/kategorie\/supermarktkuehlung-standard\/\" rel=\"tag\">Supermarktk\u00fchlung Standardl\u00f6sungen<\/a><\/div><\/div><\/div><div class=\"swiper-slide\"><div class=\"fusion-carousel-item-wrapper\"><div  class=\"fusion-image-wrapper\" aria-haspopup=\"true\">\n\t\t\t\t\t\t\t<a href=\"https:\/\/www.compact-kaeltetechnik.de\/de\/anlage\/combi-chiller\/\" aria-label=\"*combi-Chiller\">\n\t\t\t\t\t\t\t<img decoding=\"async\" width=\"722\" height=\"457\" src=\"https:\/\/www.compact-kaeltetechnik.de\/wp-content\/uploads\/2019\/04\/combiChiller.jpg\" class=\"attachment-full size-full lazyload wp-post-image\" alt=\"\" srcset=\"data:image\/svg+xml,%3Csvg%20xmlns%3D%27http%3A%2F%2Fwww.w3.org%2F2000%2Fsvg%27%20width%3D%27722%27%20height%3D%27457%27%20viewBox%3D%270%200%20722%20457%27%3E%3Crect%20width%3D%27722%27%20height%3D%27457%27%20fill-opacity%3D%220%22%2F%3E%3C%2Fsvg%3E\" data-orig-src=\"https:\/\/www.compact-kaeltetechnik.de\/wp-content\/uploads\/2019\/04\/combiChiller.jpg\" data-srcset=\"https:\/\/www.compact-kaeltetechnik.de\/wp-content\/uploads\/2019\/04\/combiChiller-200x127.jpg 200w, https:\/\/www.compact-kaeltetechnik.de\/wp-content\/uploads\/2019\/04\/combiChiller-400x253.jpg 400w, https:\/\/www.compact-kaeltetechnik.de\/wp-content\/uploads\/2019\/04\/combiChiller-600x380.jpg 600w, https:\/\/www.compact-kaeltetechnik.de\/wp-content\/uploads\/2019\/04\/combiChiller.jpg 722w\" data-sizes=\"auto\" \/>\t\t\t<\/a>\n\t\t\t\t\t\t\t<\/div>\n<h4 class=\"fusion-carousel-title\"><a href=\"https:\/\/www.compact-kaeltetechnik.de\/de\/anlage\/combi-chiller\/\" target=\"_self\">*combi-Chiller<\/a><\/h4><div class=\"fusion-carousel-meta\"><a href=\"https:\/\/www.compact-kaeltetechnik.de\/de\/kategorie\/gewerbekuehlung-standard\/\" rel=\"tag\">Gewerbek\u00fchlung Standardl\u00f6sungen<\/a>, <a href=\"https:\/\/www.compact-kaeltetechnik.de\/de\/kategorie\/industriekuehlung-standard\/\" rel=\"tag\">Industriek\u00fchlung Standardl\u00f6sungen<\/a>, <a href=\"https:\/\/www.compact-kaeltetechnik.de\/de\/kategorie\/lebensmittelkuehlung-standard\/\" rel=\"tag\">Lebensmittelk\u00fchlung Standardl\u00f6sungen<\/a>, <a href=\"https:\/\/www.compact-kaeltetechnik.de\/de\/kategorie\/propan-standardloesungen\/\" rel=\"tag\">Propan Standardl\u00f6sungen<\/a>, <a href=\"https:\/\/www.compact-kaeltetechnik.de\/de\/kategorie\/standardloesungen\/\" rel=\"tag\">Standardl\u00f6sungen<\/a><\/div><\/div><\/div><div class=\"swiper-slide\"><div class=\"fusion-carousel-item-wrapper\"><div  class=\"fusion-image-wrapper\" aria-haspopup=\"true\">\n\t\t\t\t\t\t\t<a href=\"https:\/\/www.compact-kaeltetechnik.de\/de\/anlage\/carbo-line\/\" aria-label=\"*carbo-Line\">\n\t\t\t\t\t\t\t<img decoding=\"async\" width=\"722\" height=\"457\" src=\"https:\/\/www.compact-kaeltetechnik.de\/wp-content\/uploads\/2019\/04\/carbo-Line.jpg\" class=\"attachment-full size-full lazyload wp-post-image\" alt=\"\" srcset=\"data:image\/svg+xml,%3Csvg%20xmlns%3D%27http%3A%2F%2Fwww.w3.org%2F2000%2Fsvg%27%20width%3D%27722%27%20height%3D%27457%27%20viewBox%3D%270%200%20722%20457%27%3E%3Crect%20width%3D%27722%27%20height%3D%27457%27%20fill-opacity%3D%220%22%2F%3E%3C%2Fsvg%3E\" data-orig-src=\"https:\/\/www.compact-kaeltetechnik.de\/wp-content\/uploads\/2019\/04\/carbo-Line.jpg\" data-srcset=\"https:\/\/www.compact-kaeltetechnik.de\/wp-content\/uploads\/2019\/04\/carbo-Line-200x127.jpg 200w, https:\/\/www.compact-kaeltetechnik.de\/wp-content\/uploads\/2019\/04\/carbo-Line-400x253.jpg 400w, https:\/\/www.compact-kaeltetechnik.de\/wp-content\/uploads\/2019\/04\/carbo-Line-600x380.jpg 600w, https:\/\/www.compact-kaeltetechnik.de\/wp-content\/uploads\/2019\/04\/carbo-Line.jpg 722w\" data-sizes=\"auto\" \/>\t\t\t<\/a>\n\t\t\t\t\t\t\t<\/div>\n<h4 class=\"fusion-carousel-title\"><a href=\"https:\/\/www.compact-kaeltetechnik.de\/de\/anlage\/carbo-line\/\" target=\"_self\">*carbo-Line<\/a><\/h4><div class=\"fusion-carousel-meta\"><a href=\"https:\/\/www.compact-kaeltetechnik.de\/de\/kategorie\/co2-standard\/\" rel=\"tag\">CO2 Standardl\u00f6sungen<\/a>, <a href=\"https:\/\/www.compact-kaeltetechnik.de\/de\/kategorie\/lebensmittelkuehlung-standard\/\" rel=\"tag\">Lebensmittelk\u00fchlung Standardl\u00f6sungen<\/a>, <a href=\"https:\/\/www.compact-kaeltetechnik.de\/de\/kategorie\/standardloesungen\/\" rel=\"tag\">Standardl\u00f6sungen<\/a>, <a href=\"https:\/\/www.compact-kaeltetechnik.de\/de\/kategorie\/supermarktkuehlung-standard\/\" rel=\"tag\">Supermarktk\u00fchlung Standardl\u00f6sungen<\/a><\/div><\/div><\/div><\/div><div class=\"awb-swiper-button awb-swiper-button-prev\"><i class=\"awb-icon-angle-left\" aria-hidden=\"true\"><\/i><\/div><div class=\"awb-swiper-button awb-swiper-button-next\"><i class=\"awb-icon-angle-right\" aria-hidden=\"true\"><\/i><\/div><\/div><\/div><\/div><\/div><\/div><\/div><div class=\"fusion-fullwidth fullwidth-box fusion-builder-row-5 fusion-flex-container nonhundred-percent-fullwidth non-hundred-percent-height-scrolling fusion-no-medium-visibility fusion-no-large-visibility\" style=\"--awb-border-radius-top-left:0px;--awb-border-radius-top-right:0px;--awb-border-radius-bottom-right:0px;--awb-border-radius-bottom-left:0px;--awb-padding-top:91px;--awb-padding-bottom:0px;--awb-padding-top-medium:56px;--awb-padding-top-small:46px;--awb-flex-wrap:wrap;\" ><div class=\"fusion-builder-row fusion-row fusion-flex-align-items-flex-start fusion-flex-content-wrap\" style=\"max-width:1248px;margin-left: calc(-4% \/ 2 );margin-right: calc(-4% \/ 2 );\"><div class=\"fusion-layout-column fusion_builder_column fusion-builder-column-11 fusion_builder_column_1_1 1_1 fusion-flex-column\" style=\"--awb-padding-top:0%;--awb-bg-blend:overlay;--awb-bg-size:cover;--awb-width-large:100%;--awb-margin-top-large:0px;--awb-spacing-right-large:1.92%;--awb-margin-bottom-large:0%;--awb-spacing-left-large:1.92%;--awb-width-medium:100%;--awb-spacing-right-medium:1.92%;--awb-spacing-left-medium:1.92%;--awb-width-small:100%;--awb-spacing-right-small:1.92%;--awb-spacing-left-small:1.92%;\"><div class=\"fusion-column-wrapper fusion-column-has-shadow fusion-flex-justify-content-flex-start fusion-content-layout-column\"><div class=\"fusion-title title fusion-title-5 fusion-sep-none fusion-title-center fusion-title-text fusion-title-size-two\" style=\"--awb-margin-top-small:0px;--awb-margin-right-small:0px;--awb-margin-bottom-small:20px;--awb-margin-left-small:0px;\"><h2 class=\"fusion-title-heading title-heading-center fusion-responsive-typography-calculated\" style=\"margin:0;--fontSize:32;line-height:1.2;\">Lebensmittelk\u00fchlung Produkte<\/h2><\/div><div class=\"fusion-recent-works fusion-portfolio-element fusion-portfolio fusion-portfolio-2 fusion-portfolio-carousel fusion-portfolio-paging-pagination recent-works-carousel portfolio-carousel picture-size-auto\" data-id=\"-rw-2\"><div class=\"awb-carousel awb-swiper awb-swiper-carousel fusion-carousel-title-below-image\" style=\"--awb-columns:1;\" data-metacontent=\"yes\" data-autoplay=\"no\" data-columns=\"1\" data-itemmargin=\"12\" data-itemwidth=\"180\" data-touchscroll=\"no\" data-imagesize=\"auto\"><div class=\"swiper-wrapper\"><div class=\"swiper-slide\"><div class=\"fusion-carousel-item-wrapper\"><div  class=\"fusion-image-wrapper\" aria-haspopup=\"true\">\n\t\t\t\t\t\t\t<a href=\"https:\/\/www.compact-kaeltetechnik.de\/de\/anlage\/carbo-chill\/\" aria-label=\"*carbo-Chill\">\n\t\t\t\t\t\t\t<img decoding=\"async\" width=\"722\" height=\"457\" src=\"https:\/\/www.compact-kaeltetechnik.de\/wp-content\/uploads\/2020\/10\/CO2-Kaltwassersatz.jpg\" class=\"attachment-full size-full lazyload wp-post-image\" alt=\"CO2 Kaltwassersatz\" srcset=\"data:image\/svg+xml,%3Csvg%20xmlns%3D%27http%3A%2F%2Fwww.w3.org%2F2000%2Fsvg%27%20width%3D%27722%27%20height%3D%27457%27%20viewBox%3D%270%200%20722%20457%27%3E%3Crect%20width%3D%27722%27%20height%3D%27457%27%20fill-opacity%3D%220%22%2F%3E%3C%2Fsvg%3E\" data-orig-src=\"https:\/\/www.compact-kaeltetechnik.de\/wp-content\/uploads\/2020\/10\/CO2-Kaltwassersatz.jpg\" data-srcset=\"https:\/\/www.compact-kaeltetechnik.de\/wp-content\/uploads\/2020\/10\/CO2-Kaltwassersatz-200x127.jpg 200w, https:\/\/www.compact-kaeltetechnik.de\/wp-content\/uploads\/2020\/10\/CO2-Kaltwassersatz-400x253.jpg 400w, https:\/\/www.compact-kaeltetechnik.de\/wp-content\/uploads\/2020\/10\/CO2-Kaltwassersatz-600x380.jpg 600w, https:\/\/www.compact-kaeltetechnik.de\/wp-content\/uploads\/2020\/10\/CO2-Kaltwassersatz.jpg 722w\" data-sizes=\"auto\" \/>\t\t\t<\/a>\n\t\t\t\t\t\t\t<\/div>\n<h4 class=\"fusion-carousel-title\"><a href=\"https:\/\/www.compact-kaeltetechnik.de\/de\/anlage\/carbo-chill\/\" target=\"_self\">*carbo-Chill<\/a><\/h4><div class=\"fusion-carousel-meta\"><a href=\"https:\/\/www.compact-kaeltetechnik.de\/de\/kategorie\/co2-standard\/\" rel=\"tag\">CO2 Standardl\u00f6sungen<\/a>, <a href=\"https:\/\/www.compact-kaeltetechnik.de\/de\/kategorie\/gewerbekuehlung-standard\/\" rel=\"tag\">Gewerbek\u00fchlung Standardl\u00f6sungen<\/a>, <a href=\"https:\/\/www.compact-kaeltetechnik.de\/de\/kategorie\/industriekuehlung-standard\/\" rel=\"tag\">Industriek\u00fchlung Standardl\u00f6sungen<\/a>, <a href=\"https:\/\/www.compact-kaeltetechnik.de\/de\/kategorie\/kaltwassersaetze\/\" rel=\"tag\">Kaltwassers\u00e4tze<\/a>, <a href=\"https:\/\/www.compact-kaeltetechnik.de\/de\/kategorie\/lebensmittelkuehlung-standard\/\" rel=\"tag\">Lebensmittelk\u00fchlung Standardl\u00f6sungen<\/a>, <a href=\"https:\/\/www.compact-kaeltetechnik.de\/de\/kategorie\/standardloesungen\/\" rel=\"tag\">Standardl\u00f6sungen<\/a><\/div><\/div><\/div><div class=\"swiper-slide\"><div class=\"fusion-carousel-item-wrapper\"><div  class=\"fusion-image-wrapper\" aria-haspopup=\"true\">\n\t\t\t\t\t\t\t<a href=\"https:\/\/www.compact-kaeltetechnik.de\/de\/anlage\/c-greyline\/\" aria-label=\"*c-greyline\">\n\t\t\t\t\t\t\t<img decoding=\"async\" width=\"722\" height=\"457\" src=\"https:\/\/www.compact-kaeltetechnik.de\/wp-content\/uploads\/2018\/06\/greyline.jpg\" class=\"attachment-full size-full lazyload wp-post-image\" alt=\"\" srcset=\"data:image\/svg+xml,%3Csvg%20xmlns%3D%27http%3A%2F%2Fwww.w3.org%2F2000%2Fsvg%27%20width%3D%27722%27%20height%3D%27457%27%20viewBox%3D%270%200%20722%20457%27%3E%3Crect%20width%3D%27722%27%20height%3D%27457%27%20fill-opacity%3D%220%22%2F%3E%3C%2Fsvg%3E\" data-orig-src=\"https:\/\/www.compact-kaeltetechnik.de\/wp-content\/uploads\/2018\/06\/greyline.jpg\" data-srcset=\"https:\/\/www.compact-kaeltetechnik.de\/wp-content\/uploads\/2018\/06\/greyline-200x127.jpg 200w, https:\/\/www.compact-kaeltetechnik.de\/wp-content\/uploads\/2018\/06\/greyline-400x253.jpg 400w, https:\/\/www.compact-kaeltetechnik.de\/wp-content\/uploads\/2018\/06\/greyline-600x380.jpg 600w, https:\/\/www.compact-kaeltetechnik.de\/wp-content\/uploads\/2018\/06\/greyline.jpg 722w\" data-sizes=\"auto\" \/>\t\t\t<\/a>\n\t\t\t\t\t\t\t<\/div>\n<h4 class=\"fusion-carousel-title\"><a href=\"https:\/\/www.compact-kaeltetechnik.de\/de\/anlage\/c-greyline\/\" target=\"_self\">*c-greyline<\/a><\/h4><div class=\"fusion-carousel-meta\"><a href=\"https:\/\/www.compact-kaeltetechnik.de\/de\/kategorie\/frigen-standard\/\" rel=\"tag\">Frigen Standardl\u00f6sungen<\/a>, <a href=\"https:\/\/www.compact-kaeltetechnik.de\/de\/kategorie\/gewerbekuehlung-standard\/\" rel=\"tag\">Gewerbek\u00fchlung Standardl\u00f6sungen<\/a>, <a href=\"https:\/\/www.compact-kaeltetechnik.de\/de\/kategorie\/lebensmittelkuehlung-standard\/\" rel=\"tag\">Lebensmittelk\u00fchlung Standardl\u00f6sungen<\/a>, <a href=\"https:\/\/www.compact-kaeltetechnik.de\/de\/kategorie\/standardloesungen\/\" rel=\"tag\">Standardl\u00f6sungen<\/a>, <a href=\"https:\/\/www.compact-kaeltetechnik.de\/de\/kategorie\/supermarktkuehlung-standard\/\" rel=\"tag\">Supermarktk\u00fchlung Standardl\u00f6sungen<\/a><\/div><\/div><\/div><div class=\"swiper-slide\"><div class=\"fusion-carousel-item-wrapper\"><div  class=\"fusion-image-wrapper\" aria-haspopup=\"true\">\n\t\t\t\t\t\t\t<a href=\"https:\/\/www.compact-kaeltetechnik.de\/de\/anlage\/combi-chiller\/\" aria-label=\"*combi-Chiller\">\n\t\t\t\t\t\t\t<img decoding=\"async\" width=\"722\" height=\"457\" src=\"https:\/\/www.compact-kaeltetechnik.de\/wp-content\/uploads\/2019\/04\/combiChiller.jpg\" class=\"attachment-full size-full lazyload wp-post-image\" alt=\"\" srcset=\"data:image\/svg+xml,%3Csvg%20xmlns%3D%27http%3A%2F%2Fwww.w3.org%2F2000%2Fsvg%27%20width%3D%27722%27%20height%3D%27457%27%20viewBox%3D%270%200%20722%20457%27%3E%3Crect%20width%3D%27722%27%20height%3D%27457%27%20fill-opacity%3D%220%22%2F%3E%3C%2Fsvg%3E\" data-orig-src=\"https:\/\/www.compact-kaeltetechnik.de\/wp-content\/uploads\/2019\/04\/combiChiller.jpg\" data-srcset=\"https:\/\/www.compact-kaeltetechnik.de\/wp-content\/uploads\/2019\/04\/combiChiller-200x127.jpg 200w, https:\/\/www.compact-kaeltetechnik.de\/wp-content\/uploads\/2019\/04\/combiChiller-400x253.jpg 400w, https:\/\/www.compact-kaeltetechnik.de\/wp-content\/uploads\/2019\/04\/combiChiller-600x380.jpg 600w, https:\/\/www.compact-kaeltetechnik.de\/wp-content\/uploads\/2019\/04\/combiChiller.jpg 722w\" data-sizes=\"auto\" \/>\t\t\t<\/a>\n\t\t\t\t\t\t\t<\/div>\n<h4 class=\"fusion-carousel-title\"><a href=\"https:\/\/www.compact-kaeltetechnik.de\/de\/anlage\/combi-chiller\/\" target=\"_self\">*combi-Chiller<\/a><\/h4><div class=\"fusion-carousel-meta\"><a href=\"https:\/\/www.compact-kaeltetechnik.de\/de\/kategorie\/gewerbekuehlung-standard\/\" rel=\"tag\">Gewerbek\u00fchlung Standardl\u00f6sungen<\/a>, <a href=\"https:\/\/www.compact-kaeltetechnik.de\/de\/kategorie\/industriekuehlung-standard\/\" rel=\"tag\">Industriek\u00fchlung Standardl\u00f6sungen<\/a>, <a href=\"https:\/\/www.compact-kaeltetechnik.de\/de\/kategorie\/lebensmittelkuehlung-standard\/\" rel=\"tag\">Lebensmittelk\u00fchlung Standardl\u00f6sungen<\/a>, <a href=\"https:\/\/www.compact-kaeltetechnik.de\/de\/kategorie\/propan-standardloesungen\/\" rel=\"tag\">Propan Standardl\u00f6sungen<\/a>, <a href=\"https:\/\/www.compact-kaeltetechnik.de\/de\/kategorie\/standardloesungen\/\" rel=\"tag\">Standardl\u00f6sungen<\/a><\/div><\/div><\/div><div class=\"swiper-slide\"><div class=\"fusion-carousel-item-wrapper\"><div  class=\"fusion-image-wrapper\" aria-haspopup=\"true\">\n\t\t\t\t\t\t\t<a href=\"https:\/\/www.compact-kaeltetechnik.de\/de\/anlage\/carbo-line\/\" aria-label=\"*carbo-Line\">\n\t\t\t\t\t\t\t<img decoding=\"async\" width=\"722\" height=\"457\" src=\"https:\/\/www.compact-kaeltetechnik.de\/wp-content\/uploads\/2019\/04\/carbo-Line.jpg\" class=\"attachment-full size-full lazyload wp-post-image\" alt=\"\" srcset=\"data:image\/svg+xml,%3Csvg%20xmlns%3D%27http%3A%2F%2Fwww.w3.org%2F2000%2Fsvg%27%20width%3D%27722%27%20height%3D%27457%27%20viewBox%3D%270%200%20722%20457%27%3E%3Crect%20width%3D%27722%27%20height%3D%27457%27%20fill-opacity%3D%220%22%2F%3E%3C%2Fsvg%3E\" data-orig-src=\"https:\/\/www.compact-kaeltetechnik.de\/wp-content\/uploads\/2019\/04\/carbo-Line.jpg\" data-srcset=\"https:\/\/www.compact-kaeltetechnik.de\/wp-content\/uploads\/2019\/04\/carbo-Line-200x127.jpg 200w, https:\/\/www.compact-kaeltetechnik.de\/wp-content\/uploads\/2019\/04\/carbo-Line-400x253.jpg 400w, https:\/\/www.compact-kaeltetechnik.de\/wp-content\/uploads\/2019\/04\/carbo-Line-600x380.jpg 600w, https:\/\/www.compact-kaeltetechnik.de\/wp-content\/uploads\/2019\/04\/carbo-Line.jpg 722w\" data-sizes=\"auto\" \/>\t\t\t<\/a>\n\t\t\t\t\t\t\t<\/div>\n<h4 class=\"fusion-carousel-title\"><a href=\"https:\/\/www.compact-kaeltetechnik.de\/de\/anlage\/carbo-line\/\" target=\"_self\">*carbo-Line<\/a><\/h4><div class=\"fusion-carousel-meta\"><a href=\"https:\/\/www.compact-kaeltetechnik.de\/de\/kategorie\/co2-standard\/\" rel=\"tag\">CO2 Standardl\u00f6sungen<\/a>, <a href=\"https:\/\/www.compact-kaeltetechnik.de\/de\/kategorie\/lebensmittelkuehlung-standard\/\" rel=\"tag\">Lebensmittelk\u00fchlung Standardl\u00f6sungen<\/a>, <a href=\"https:\/\/www.compact-kaeltetechnik.de\/de\/kategorie\/standardloesungen\/\" rel=\"tag\">Standardl\u00f6sungen<\/a>, <a href=\"https:\/\/www.compact-kaeltetechnik.de\/de\/kategorie\/supermarktkuehlung-standard\/\" rel=\"tag\">Supermarktk\u00fchlung Standardl\u00f6sungen<\/a><\/div><\/div><\/div><\/div><div class=\"awb-swiper-button awb-swiper-button-prev\"><i class=\"awb-icon-angle-left\" aria-hidden=\"true\"><\/i><\/div><div class=\"awb-swiper-button awb-swiper-button-next\"><i class=\"awb-icon-angle-right\" aria-hidden=\"true\"><\/i><\/div><\/div><\/div><\/div><\/div><\/div><\/div><div class=\"fusion-fullwidth fullwidth-box fusion-builder-row-6 fusion-flex-container nonhundred-percent-fullwidth non-hundred-percent-height-scrolling fusion-no-small-visibility\" style=\"--awb-border-radius-top-left:0px;--awb-border-radius-top-right:0px;--awb-border-radius-bottom-right:0px;--awb-border-radius-bottom-left:0px;--awb-padding-top:0px;--awb-padding-bottom-medium:0px;--awb-margin-bottom:-160px;--awb-margin-top-medium:-30px;--awb-margin-bottom-medium:-220px;--awb-flex-wrap:wrap;\" ><div class=\"fusion-builder-row fusion-row fusion-flex-align-items-flex-start fusion-flex-content-wrap\" style=\"max-width:1248px;margin-left: calc(-4% \/ 2 );margin-right: calc(-4% \/ 2 );\"><div class=\"fusion-layout-column fusion_builder_column fusion-builder-column-12 fusion_builder_column_1_1 1_1 fusion-flex-column\" style=\"--awb-padding-top:0px;--awb-bg-blend:overlay;--awb-bg-size:cover;--awb-width-large:100%;--awb-margin-top-large:0px;--awb-spacing-right-large:1.92%;--awb-margin-bottom-large:2%;--awb-spacing-left-large:1.92%;--awb-width-medium:100%;--awb-spacing-right-medium:1.92%;--awb-spacing-left-medium:1.92%;--awb-width-small:100%;--awb-spacing-right-small:1.92%;--awb-spacing-left-small:1.92%;\"><div class=\"fusion-column-wrapper fusion-column-has-shadow fusion-flex-justify-content-flex-start fusion-content-layout-column\"><div class=\"fusion-title title fusion-title-6 fusion-sep-none fusion-title-center fusion-title-text fusion-title-size-two\" style=\"--awb-margin-top-small:7%;--awb-margin-right-small:0px;--awb-margin-bottom-small:20px;--awb-margin-left-small:0px;\"><h2 class=\"fusion-title-heading title-heading-center fusion-responsive-typography-calculated\" style=\"margin:0;--fontSize:32;line-height:1.2;\">Lebensmittelk\u00fchlung Referenzen<\/h2><\/div><div class=\"fusion-recent-works fusion-portfolio-element fusion-portfolio fusion-portfolio-3 fusion-portfolio-carousel fusion-portfolio-paging-pagination recent-works-carousel portfolio-carousel referenz_lk\" data-id=\"-rw-3\"><div class=\"awb-carousel awb-swiper awb-swiper-carousel fusion-carousel-title-below-image fusion-portfolio-carousel-fixed\" style=\"--awb-columns:3;\" data-metacontent=\"yes\" data-autoplay=\"no\" data-columns=\"3\" data-itemmargin=\"12\" data-itemwidth=\"180\" data-touchscroll=\"yes\" data-imagesize=\"fixed\"><div class=\"swiper-wrapper\"><div class=\"swiper-slide\"><div class=\"fusion-carousel-item-wrapper\"><div  class=\"fusion-image-wrapper fusion-image-size-fixed\" aria-haspopup=\"true\">\n\t\t\t\t\t\t\t<a href=\"https:\/\/www.compact-kaeltetechnik.de\/de\/anlage\/propen-kaltsolesatz-gehaeuse\/\" aria-label=\"Propen Kaltsolesatz zur Lebensmittel-Produktion\">\n\t\t\t\t\t\t\t<img decoding=\"async\" width=\"460\" height=\"295\" src=\"data:image\/svg+xml,%3Csvg%20xmlns%3D%27http%3A%2F%2Fwww.w3.org%2F2000%2Fsvg%27%20width%3D%27460%27%20height%3D%27295%27%20viewBox%3D%270%200%20460%20295%27%3E%3Crect%20width%3D%27460%27%20height%3D%27295%27%20fill-opacity%3D%220%22%2F%3E%3C%2Fsvg%3E\" data-orig-src=\"https:\/\/www.compact-kaeltetechnik.de\/wp-content\/uploads\/2020\/04\/combiChiller-Geh\u00e4use-460x295.jpg\" class=\"lazyload attachment-portfolio-two size-portfolio-two wp-post-image\" alt=\"\" \/>\t\t\t<\/a>\n\t\t\t\t\t\t\t<\/div>\n<h4 class=\"fusion-carousel-title\"><a href=\"https:\/\/www.compact-kaeltetechnik.de\/de\/anlage\/propen-kaltsolesatz-gehaeuse\/\" target=\"_self\">Propen Kaltsolesatz zur Lebensmittel-Produktion<\/a><\/h4><div class=\"fusion-carousel-meta\"><a href=\"https:\/\/www.compact-kaeltetechnik.de\/de\/kategorie\/container-gehaeuseloesungen\/\" rel=\"tag\">Container- und Geh\u00e4usel\u00f6sungen<\/a>, <a href=\"https:\/\/www.compact-kaeltetechnik.de\/de\/kategorie\/kaltwassersaetze\/\" rel=\"tag\">Kaltwassers\u00e4tze<\/a>, <a href=\"https:\/\/www.compact-kaeltetechnik.de\/de\/kategorie\/lebensmittelkuehlung-referenzen\/\" rel=\"tag\">Lebensmittelk\u00fchlung Referenzen<\/a>, <a href=\"https:\/\/www.compact-kaeltetechnik.de\/de\/kategorie\/propan-referenzen\/\" rel=\"tag\">Propan Referenzen<\/a>, <a href=\"https:\/\/www.compact-kaeltetechnik.de\/de\/kategorie\/referenz\/\" rel=\"tag\">Referenzen<\/a>, <a href=\"https:\/\/www.compact-kaeltetechnik.de\/de\/kategorie\/schaltschraenke\/\" rel=\"tag\">Schaltschr\u00e4nke<\/a><\/div><\/div><\/div><div class=\"swiper-slide\"><div class=\"fusion-carousel-item-wrapper\"><div  class=\"fusion-image-wrapper fusion-image-size-fixed\" aria-haspopup=\"true\">\n\t\t\t\t\t\t\t<a href=\"https:\/\/www.compact-kaeltetechnik.de\/de\/anlage\/r717-kaltsolesatz\/\" aria-label=\"Ammoniak Kaltsolesatz\">\n\t\t\t\t\t\t\t<img decoding=\"async\" width=\"460\" height=\"295\" src=\"data:image\/svg+xml,%3Csvg%20xmlns%3D%27http%3A%2F%2Fwww.w3.org%2F2000%2Fsvg%27%20width%3D%27460%27%20height%3D%27295%27%20viewBox%3D%270%200%20460%20295%27%3E%3Crect%20width%3D%27460%27%20height%3D%27295%27%20fill-opacity%3D%220%22%2F%3E%3C%2Fsvg%3E\" data-orig-src=\"https:\/\/www.compact-kaeltetechnik.de\/wp-content\/uploads\/2019\/11\/180158_A-460x295.jpg\" class=\"lazyload attachment-portfolio-two size-portfolio-two wp-post-image\" alt=\"\" \/>\t\t\t<\/a>\n\t\t\t\t\t\t\t<\/div>\n<h4 class=\"fusion-carousel-title\"><a href=\"https:\/\/www.compact-kaeltetechnik.de\/de\/anlage\/r717-kaltsolesatz\/\" target=\"_self\">Ammoniak Kaltsolesatz<\/a><\/h4><div class=\"fusion-carousel-meta\"><a href=\"https:\/\/www.compact-kaeltetechnik.de\/de\/kategorie\/nh3-referenzen\/\" rel=\"tag\">Ammoniak Referenzen<\/a>, <a href=\"https:\/\/www.compact-kaeltetechnik.de\/de\/kategorie\/container-gehaeuseloesungen\/\" rel=\"tag\">Container- und Geh\u00e4usel\u00f6sungen<\/a>, <a href=\"https:\/\/www.compact-kaeltetechnik.de\/de\/kategorie\/gewerbekuehlung-referenzen\/\" rel=\"tag\">Gewerbek\u00fchlung Referenzen<\/a>, <a href=\"https:\/\/www.compact-kaeltetechnik.de\/de\/kategorie\/kaltwassersaetze\/\" rel=\"tag\">Kaltwassers\u00e4tze<\/a>, <a href=\"https:\/\/www.compact-kaeltetechnik.de\/de\/kategorie\/lebensmittelkuehlung-referenzen\/\" rel=\"tag\">Lebensmittelk\u00fchlung Referenzen<\/a>, <a href=\"https:\/\/www.compact-kaeltetechnik.de\/de\/kategorie\/pumpenstationen\/\" rel=\"tag\">Pumpenstationen<\/a>, <a href=\"https:\/\/www.compact-kaeltetechnik.de\/de\/kategorie\/referenz\/\" rel=\"tag\">Referenzen<\/a>, <a href=\"https:\/\/www.compact-kaeltetechnik.de\/de\/kategorie\/schaltschraenke\/\" rel=\"tag\">Schaltschr\u00e4nke<\/a>, <a href=\"https:\/\/www.compact-kaeltetechnik.de\/de\/kategorie\/verbundanlagen\/\" rel=\"tag\">Verbundanlagen<\/a>, <a href=\"https:\/\/www.compact-kaeltetechnik.de\/de\/kategorie\/verdichtersaetze\/\" rel=\"tag\">Verdichters\u00e4tze<\/a><\/div><\/div><\/div><div class=\"swiper-slide\"><div class=\"fusion-carousel-item-wrapper\"><div  class=\"fusion-image-wrapper fusion-image-size-fixed\" aria-haspopup=\"true\">\n\t\t\t\t\t\t\t<a href=\"https:\/\/www.compact-kaeltetechnik.de\/de\/anlage\/tk-booster-gaskuehler\/\" aria-label=\"TK Booster mit Gask\u00fchler zur Lebensmittelproduktion\">\n\t\t\t\t\t\t\t<img decoding=\"async\" width=\"460\" height=\"295\" src=\"data:image\/svg+xml,%3Csvg%20xmlns%3D%27http%3A%2F%2Fwww.w3.org%2F2000%2Fsvg%27%20width%3D%27460%27%20height%3D%27295%27%20viewBox%3D%270%200%20460%20295%27%3E%3Crect%20width%3D%27460%27%20height%3D%27295%27%20fill-opacity%3D%220%22%2F%3E%3C%2Fsvg%3E\" data-orig-src=\"https:\/\/www.compact-kaeltetechnik.de\/wp-content\/uploads\/2018\/03\/160554-460x295.png\" class=\"lazyload attachment-portfolio-two size-portfolio-two wp-post-image\" alt=\"\" \/>\t\t\t<\/a>\n\t\t\t\t\t\t\t<\/div>\n<h4 class=\"fusion-carousel-title\"><a href=\"https:\/\/www.compact-kaeltetechnik.de\/de\/anlage\/tk-booster-gaskuehler\/\" target=\"_self\">TK Booster mit Gask\u00fchler zur Lebensmittelproduktion<\/a><\/h4><div class=\"fusion-carousel-meta\"><a href=\"https:\/\/www.compact-kaeltetechnik.de\/de\/kategorie\/co2-referenzen\/\" rel=\"tag\">CO2 Referenzen<\/a>, <a href=\"https:\/\/www.compact-kaeltetechnik.de\/de\/kategorie\/lebensmittelkuehlung-referenzen\/\" rel=\"tag\">Lebensmittelk\u00fchlung Referenzen<\/a>, <a href=\"https:\/\/www.compact-kaeltetechnik.de\/de\/kategorie\/referenz\/\" rel=\"tag\">Referenzen<\/a>, <a href=\"https:\/\/www.compact-kaeltetechnik.de\/de\/kategorie\/verdichtersaetze\/\" rel=\"tag\">Verdichters\u00e4tze<\/a>, <a href=\"https:\/\/www.compact-kaeltetechnik.de\/de\/kategorie\/verfluessigungssaetze\/\" rel=\"tag\">Verfl\u00fcssigungss\u00e4tze<\/a><\/div><\/div><\/div><div class=\"swiper-slide\"><div class=\"fusion-carousel-item-wrapper\"><div  class=\"fusion-image-wrapper fusion-image-size-fixed\" aria-haspopup=\"true\">\n\t\t\t\t\t\t\t<a href=\"https:\/\/www.compact-kaeltetechnik.de\/de\/anlage\/propan-kaltsolesatz\/\" aria-label=\"Propan Kaltsolesatz\">\n\t\t\t\t\t\t\t<img decoding=\"async\" width=\"460\" height=\"295\" src=\"data:image\/svg+xml,%3Csvg%20xmlns%3D%27http%3A%2F%2Fwww.w3.org%2F2000%2Fsvg%27%20width%3D%27460%27%20height%3D%27295%27%20viewBox%3D%270%200%20460%20295%27%3E%3Crect%20width%3D%27460%27%20height%3D%27295%27%20fill-opacity%3D%220%22%2F%3E%3C%2Fsvg%3E\" data-orig-src=\"https:\/\/www.compact-kaeltetechnik.de\/wp-content\/uploads\/2018\/03\/160153-Kaltsolesatz-460x295.png\" class=\"lazyload attachment-portfolio-two size-portfolio-two wp-post-image\" alt=\"\" \/>\t\t\t<\/a>\n\t\t\t\t\t\t\t<\/div>\n<h4 class=\"fusion-carousel-title\"><a href=\"https:\/\/www.compact-kaeltetechnik.de\/de\/anlage\/propan-kaltsolesatz\/\" target=\"_self\">Propan Kaltsolesatz<\/a><\/h4><div class=\"fusion-carousel-meta\"><a href=\"https:\/\/www.compact-kaeltetechnik.de\/de\/kategorie\/kaltwassersaetze\/\" rel=\"tag\">Kaltwassers\u00e4tze<\/a>, <a href=\"https:\/\/www.compact-kaeltetechnik.de\/de\/kategorie\/lebensmittelkuehlung-referenzen\/\" rel=\"tag\">Lebensmittelk\u00fchlung Referenzen<\/a>, <a href=\"https:\/\/www.compact-kaeltetechnik.de\/de\/kategorie\/propan-referenzen\/\" rel=\"tag\">Propan Referenzen<\/a>, <a href=\"https:\/\/www.compact-kaeltetechnik.de\/de\/kategorie\/referenz\/\" rel=\"tag\">Referenzen<\/a><\/div><\/div><\/div><div class=\"swiper-slide\"><div class=\"fusion-carousel-item-wrapper\"><div  class=\"fusion-image-wrapper fusion-image-size-fixed\" aria-haspopup=\"true\">\n\t\t\t\t\t\t\t<a href=\"https:\/\/www.compact-kaeltetechnik.de\/de\/anlage\/nk-verbund-kuehlhaus\/\" aria-label=\"NK Verbund f\u00fcr K\u00fchlhaus\">\n\t\t\t\t\t\t\t<img decoding=\"async\" width=\"460\" height=\"295\" src=\"data:image\/svg+xml,%3Csvg%20xmlns%3D%27http%3A%2F%2Fwww.w3.org%2F2000%2Fsvg%27%20width%3D%27460%27%20height%3D%27295%27%20viewBox%3D%270%200%20460%20295%27%3E%3Crect%20width%3D%27460%27%20height%3D%27295%27%20fill-opacity%3D%220%22%2F%3E%3C%2Fsvg%3E\" data-orig-src=\"https:\/\/www.compact-kaeltetechnik.de\/wp-content\/uploads\/2018\/03\/160583_rev1-460x295.png\" class=\"lazyload attachment-portfolio-two size-portfolio-two wp-post-image\" alt=\"\" \/>\t\t\t<\/a>\n\t\t\t\t\t\t\t<\/div>\n<h4 class=\"fusion-carousel-title\"><a href=\"https:\/\/www.compact-kaeltetechnik.de\/de\/anlage\/nk-verbund-kuehlhaus\/\" target=\"_self\">NK Verbund f\u00fcr K\u00fchlhaus<\/a><\/h4><div class=\"fusion-carousel-meta\"><a href=\"https:\/\/www.compact-kaeltetechnik.de\/de\/kategorie\/frigen-referenzen\/\" rel=\"tag\">Frigen Referenzen<\/a>, <a href=\"https:\/\/www.compact-kaeltetechnik.de\/de\/kategorie\/gewerbekuehlung-referenzen\/\" rel=\"tag\">Gewerbek\u00fchlung Referenzen<\/a>, <a href=\"https:\/\/www.compact-kaeltetechnik.de\/de\/kategorie\/industriekuehlung-referenzen\/\" rel=\"tag\">Industriek\u00fchlung Referenzen<\/a>, <a href=\"https:\/\/www.compact-kaeltetechnik.de\/de\/kategorie\/lebensmittelkuehlung-referenzen\/\" rel=\"tag\">Lebensmittelk\u00fchlung Referenzen<\/a>, <a href=\"https:\/\/www.compact-kaeltetechnik.de\/de\/kategorie\/referenz\/\" rel=\"tag\">Referenzen<\/a>, <a href=\"https:\/\/www.compact-kaeltetechnik.de\/de\/kategorie\/verbundanlagen\/\" rel=\"tag\">Verbundanlagen<\/a>, <a href=\"https:\/\/www.compact-kaeltetechnik.de\/de\/kategorie\/verdichtersaetze\/\" rel=\"tag\">Verdichters\u00e4tze<\/a><\/div><\/div><\/div><div class=\"swiper-slide\"><div class=\"fusion-carousel-item-wrapper\"><div  class=\"fusion-image-wrapper fusion-image-size-fixed\" aria-haspopup=\"true\">\n\t\t\t\t\t\t\t<a href=\"https:\/\/www.compact-kaeltetechnik.de\/de\/anlage\/tk-verbund-supermarkt\/\" aria-label=\"TK Verbund f\u00fcr Metzger-Lager\">\n\t\t\t\t\t\t\t<img decoding=\"async\" width=\"460\" height=\"295\" src=\"data:image\/svg+xml,%3Csvg%20xmlns%3D%27http%3A%2F%2Fwww.w3.org%2F2000%2Fsvg%27%20width%3D%27460%27%20height%3D%27295%27%20viewBox%3D%270%200%20460%20295%27%3E%3Crect%20width%3D%27460%27%20height%3D%27295%27%20fill-opacity%3D%220%22%2F%3E%3C%2Fsvg%3E\" data-orig-src=\"https:\/\/www.compact-kaeltetechnik.de\/wp-content\/uploads\/2018\/02\/160596-rev1-460x295.png\" class=\"lazyload attachment-portfolio-two size-portfolio-two wp-post-image\" alt=\"\" \/>\t\t\t<\/a>\n\t\t\t\t\t\t\t<\/div>\n<h4 class=\"fusion-carousel-title\"><a href=\"https:\/\/www.compact-kaeltetechnik.de\/de\/anlage\/tk-verbund-supermarkt\/\" target=\"_self\">TK Verbund f\u00fcr Metzger-Lager<\/a><\/h4><div class=\"fusion-carousel-meta\"><a href=\"https:\/\/www.compact-kaeltetechnik.de\/de\/kategorie\/frigen-referenzen\/\" rel=\"tag\">Frigen Referenzen<\/a>, <a href=\"https:\/\/www.compact-kaeltetechnik.de\/de\/kategorie\/lebensmittelkuehlung-referenzen\/\" rel=\"tag\">Lebensmittelk\u00fchlung Referenzen<\/a>, <a href=\"https:\/\/www.compact-kaeltetechnik.de\/de\/kategorie\/referenz\/\" rel=\"tag\">Referenzen<\/a>, <a href=\"https:\/\/www.compact-kaeltetechnik.de\/de\/kategorie\/verbundanlagen\/\" rel=\"tag\">Verbundanlagen<\/a>, <a href=\"https:\/\/www.compact-kaeltetechnik.de\/de\/kategorie\/verdichtersaetze\/\" rel=\"tag\">Verdichters\u00e4tze<\/a><\/div><\/div><\/div><\/div><div class=\"awb-swiper-button awb-swiper-button-prev\"><i class=\"awb-icon-angle-left\" aria-hidden=\"true\"><\/i><\/div><div class=\"awb-swiper-button awb-swiper-button-next\"><i class=\"awb-icon-angle-right\" aria-hidden=\"true\"><\/i><\/div><\/div><\/div><\/div><\/div><\/div><\/div><div class=\"fusion-fullwidth fullwidth-box fusion-builder-row-7 fusion-flex-container has-pattern-background has-mask-background nonhundred-percent-fullwidth non-hundred-percent-height-scrolling\" style=\"--awb-border-radius-top-left:0px;--awb-border-radius-top-right:0px;--awb-border-radius-bottom-right:0px;--awb-border-radius-bottom-left:0px;--awb-padding-top:40px;--awb-padding-bottom:70px;--awb-padding-top-medium:21px;--awb-padding-right-medium:0px;--awb-padding-bottom-medium:47px;--awb-padding-left-medium:0px;--awb-padding-top-small:29px;--awb-padding-right-small:20px;--awb-padding-left-small:20px;--awb-margin-bottom:0px;--awb-margin-bottom-medium:0px;--awb-flex-wrap:wrap;\" ><div class=\"fusion-builder-row fusion-row fusion-flex-align-items-flex-start fusion-flex-justify-content-center fusion-flex-content-wrap\" style=\"max-width:1248px;margin-left: calc(-4% \/ 2 );margin-right: calc(-4% \/ 2 );\"><div class=\"fusion-layout-column fusion_builder_column fusion-builder-column-13 fusion_builder_column_1_1 1_1 fusion-flex-column\" style=\"--awb-padding-bottom-medium:16px;--awb-bg-size:cover;--awb-width-large:100%;--awb-margin-top-large:0px;--awb-spacing-right-large:1.92%;--awb-margin-bottom-large:32px;--awb-spacing-left-large:1.92%;--awb-width-medium:100%;--awb-order-medium:0;--awb-spacing-right-medium:1.92%;--awb-margin-bottom-medium:0px;--awb-spacing-left-medium:1.92%;--awb-width-small:100%;--awb-order-small:0;--awb-spacing-right-small:1.92%;--awb-margin-bottom-small:20px;--awb-spacing-left-small:1.92%;\"><div class=\"fusion-column-wrapper fusion-column-has-shadow fusion-flex-justify-content-flex-start fusion-content-layout-column\"><div class=\"fusion-menu-anchor ankerlink\" id=\"ansprechpartner\"><\/div><div class=\"fusion-title title fusion-title-7 fusion-sep-none fusion-title-center fusion-title-text fusion-title-size-two mitt\" style=\"--awb-text-color:var(--awb-color7);--awb-margin-top-small:0px;--awb-margin-right-small:0px;--awb-margin-bottom-small:20px;--awb-margin-left-small:0px;--awb-font-size:32px;\"><h2 class=\"fusion-title-heading title-heading-center fusion-responsive-typography-calculated\" style=\"margin:0;font-size:1em;--fontSize:32;line-height:1.2;\">Ansprechpartner<\/h2><\/div><\/div><\/div><div class=\"fusion-layout-column fusion_builder_column fusion-builder-column-14 fusion_builder_column_1_5 1_5 fusion-flex-column\" style=\"--awb-bg-size:cover;--awb-width-large:20%;--awb-margin-top-large:0px;--awb-spacing-right-large:9.6%;--awb-margin-bottom-large:2%;--awb-spacing-left-large:9.6%;--awb-width-medium:25%;--awb-order-medium:1;--awb-spacing-right-medium:15.36%;--awb-spacing-left-medium:0%;--awb-width-small:100%;--awb-order-small:0;--awb-spacing-right-small:3.84%;--awb-spacing-left-small:0%;\"><div class=\"fusion-column-wrapper fusion-column-has-shadow fusion-flex-justify-content-flex-start fusion-content-layout-column\"><div class=\"fusion-image-element \" style=\"text-align:center;--awb-max-width:250px;--awb-caption-title-font-family:var(--h2_typography-font-family);--awb-caption-title-font-weight:var(--h2_typography-font-weight);--awb-caption-title-font-style:var(--h2_typography-font-style);--awb-caption-title-size:var(--h2_typography-font-size);--awb-caption-title-transform:var(--h2_typography-text-transform);--awb-caption-title-line-height:var(--h2_typography-line-height);--awb-caption-title-letter-spacing:var(--h2_typography-letter-spacing);\"><span class=\" fusion-imageframe imageframe-none imageframe-1 hover-type-none\" style=\"border-radius:50%;\"><img decoding=\"async\" width=\"500\" height=\"500\" alt=\"Dirk Leuteritz\" src=\"https:\/\/www.compact-kaeltetechnik.de\/wp-content\/uploads\/2023\/08\/Leuteritz.jpg\" data-orig-src=\"https:\/\/www.compact-kaeltetechnik.de\/wp-content\/uploads\/2023\/08\/Leuteritz.jpg\" class=\"lazyload img-responsive wp-image-12291\" srcset=\"data:image\/svg+xml,%3Csvg%20xmlns%3D%27http%3A%2F%2Fwww.w3.org%2F2000%2Fsvg%27%20width%3D%27500%27%20height%3D%27500%27%20viewBox%3D%270%200%20500%20500%27%3E%3Crect%20width%3D%27500%27%20height%3D%27500%27%20fill-opacity%3D%220%22%2F%3E%3C%2Fsvg%3E\" data-srcset=\"https:\/\/www.compact-kaeltetechnik.de\/wp-content\/uploads\/2023\/08\/Leuteritz-200x200.jpg 200w, https:\/\/www.compact-kaeltetechnik.de\/wp-content\/uploads\/2023\/08\/Leuteritz-400x400.jpg 400w, https:\/\/www.compact-kaeltetechnik.de\/wp-content\/uploads\/2023\/08\/Leuteritz.jpg 500w\" data-sizes=\"auto\" data-orig-sizes=\"(max-width: 1300px) 100vw, (max-width: 640px) 100vw, 200px\" \/><\/span><\/div><\/div><\/div><div class=\"fusion-layout-column fusion_builder_column fusion-builder-column-15 fusion_builder_column_1_3 1_3 fusion-flex-column\" style=\"--awb-padding-right-medium:10px;--awb-padding-left-medium:8px;--awb-bg-size:cover;--awb-width-large:33.333333333333%;--awb-margin-top-large:3%;--awb-spacing-right-large:0%;--awb-margin-bottom-large:2%;--awb-spacing-left-large:14.976%;--awb-width-medium:25%;--awb-order-medium:2;--awb-margin-top-medium:4%;--awb-spacing-right-medium:0%;--awb-margin-bottom-medium:10px;--awb-spacing-left-medium:0%;--awb-width-small:100%;--awb-order-small:0;--awb-margin-top-small:35px;--awb-spacing-right-small:0%;--awb-margin-bottom-small:0px;--awb-spacing-left-small:2.112%;\"><div class=\"fusion-column-wrapper fusion-column-has-shadow fusion-flex-justify-content-flex-start fusion-content-layout-column\"><div class=\"fusion-text fusion-text-5 person text-neu kleiner\" style=\"--awb-font-size:20px;--awb-line-height:1.6;--awb-text-color:var(--awb-color7);--awb-text-font-family:&quot;Source Sans 3&quot;;--awb-text-font-style:normal;--awb-text-font-weight:300;\"><h2 style=\"font-size: 24px !important; padding-top: 0; margin-top: 2px;\">Dirk Leuteritz<\/h2>\n<p>Leiter Vertrieb<\/p>\n<\/div><div class=\"fusion-social-links fusion-social-links-1\" style=\"--awb-margin-top:0px;--awb-margin-right:0px;--awb-margin-bottom:0px;--awb-margin-left:0px;--awb-box-border-top:0px;--awb-box-border-right:0px;--awb-box-border-bottom:0px;--awb-box-border-left:0px;--awb-icon-colors-hover:var(--awb-custom14);--awb-box-colors-hover:var(--awb-color1);--awb-box-border-color:var(--awb-color3);--awb-box-border-color-hover:var(--awb-color4);\"><div class=\"fusion-social-networks color-type-custom\"><div class=\"fusion-social-networks-wrapper\"><a class=\"fusion-social-network-icon fusion-tooltip fusion-linkedin awb-icon-linkedin\" style=\"color:var(--awb-custom14);font-size:16px;\" data-placement=\"right\" data-title=\"LinkedIn\" data-toggle=\"tooltip\" title=\"LinkedIn\" aria-label=\"linkedin\" target=\"_blank\" rel=\"noopener noreferrer\" href=\"https:\/\/www.linkedin.com\/in\/dirk-leuteritz-16903b14a\/\"><\/a><a class=\"fusion-social-network-icon fusion-tooltip fusion-mail awb-icon-mail\" style=\"color:var(--awb-custom14);font-size:16px;\" data-placement=\"right\" data-title=\"E-Mail\" data-toggle=\"tooltip\" title=\"E-Mail\" aria-label=\"mail\" target=\"_blank\" rel=\"noopener noreferrer\" href=\"mailto:v&#101;rt&#114;ie&#098;&#064;co&#109;&#112;a&#099;t-&#107;&#097;e&#108;t&#101;tech&#110;i&#107;&#046;d&#101;\"><\/a><\/div><\/div><\/div><\/div><\/div><div class=\"fusion-layout-column fusion_builder_column fusion-builder-column-16 fusion_builder_column_1_3 1_3 fusion-flex-column\" style=\"--awb-padding-left-medium:10px;--awb-padding-top-small:20px;--awb-bg-size:cover;--awb-width-large:33.333333333333%;--awb-margin-top-large:3%;--awb-spacing-right-large:5.76%;--awb-margin-bottom-large:2%;--awb-spacing-left-large:5.76%;--awb-width-medium:33.333333333333%;--awb-order-medium:4;--awb-margin-top-medium:4.4%;--awb-spacing-right-medium:0%;--awb-margin-bottom-medium:10px;--awb-spacing-left-medium:0%;--awb-width-small:100%;--awb-order-small:0;--awb-margin-top-small:0px;--awb-spacing-right-small:0%;--awb-spacing-left-small:3px;\"><div class=\"fusion-column-wrapper fusion-column-has-shadow fusion-flex-justify-content-flex-start fusion-content-layout-column\"><div class=\"fusion-text fusion-text-6 text-neu kleiner\" style=\"--awb-font-size:20px;--awb-text-color:var(--awb-color7);--awb-text-font-family:&quot;Source Sans 3&quot;;--awb-text-font-style:normal;--awb-text-font-weight:300;\"><p>Telefon: <a href=\"tel:+493512079736\">+49 351 20797-36<\/a><\/p>\n<\/div><\/div><\/div><div class=\"fusion-layout-column fusion_builder_column fusion-builder-column-17 fusion_builder_column_1_1 1_1 fusion-flex-column\" style=\"--awb-bg-size:cover;--awb-width-large:100%;--awb-margin-top-large:0px;--awb-spacing-right-large:1.92%;--awb-margin-bottom-large:2%;--awb-spacing-left-large:1.92%;--awb-width-medium:100%;--awb-order-medium:7;--awb-spacing-right-medium:1.92%;--awb-spacing-left-medium:1.92%;--awb-width-small:100%;--awb-order-small:0;--awb-margin-top-small:0px;--awb-spacing-right-small:0%;--awb-margin-bottom-small:30px;--awb-spacing-left-small:0%;\"><div class=\"fusion-column-wrapper fusion-column-has-shadow fusion-flex-justify-content-flex-start fusion-content-layout-column\"><div class=\"fusion-separator\" style=\"align-self: center;margin-left: auto;margin-right: auto;margin-top:20px;margin-bottom:20px;width:100%;max-width:90%;\"><div class=\"fusion-separator-border sep-single sep-solid\" style=\"--awb-height:20px;--awb-amount:20px;border-color:#e0dede;border-top-width:1px;\"><\/div><\/div><\/div><\/div><div class=\"fusion-layout-column fusion_builder_column fusion-builder-column-18 fusion_builder_column_1_5 1_5 fusion-flex-column\" style=\"--awb-bg-size:cover;--awb-width-large:20%;--awb-margin-top-large:0px;--awb-spacing-right-large:9.6%;--awb-margin-bottom-large:2%;--awb-spacing-left-large:9.6%;--awb-width-medium:25%;--awb-order-medium:6;--awb-spacing-right-medium:15.36%;--awb-spacing-left-medium:0%;--awb-width-small:100%;--awb-order-small:0;--awb-spacing-right-small:0%;--awb-spacing-left-small:0%;\"><div class=\"fusion-column-wrapper fusion-column-has-shadow fusion-flex-justify-content-flex-start fusion-content-layout-column\"><div class=\"fusion-image-element \" style=\"text-align:center;--awb-max-width:250px;--awb-caption-title-font-family:var(--h2_typography-font-family);--awb-caption-title-font-weight:var(--h2_typography-font-weight);--awb-caption-title-font-style:var(--h2_typography-font-style);--awb-caption-title-size:var(--h2_typography-font-size);--awb-caption-title-transform:var(--h2_typography-text-transform);--awb-caption-title-line-height:var(--h2_typography-line-height);--awb-caption-title-letter-spacing:var(--h2_typography-letter-spacing);\"><span class=\" fusion-imageframe imageframe-none imageframe-2 hover-type-none\" style=\"border-radius:50%;\"><img decoding=\"async\" width=\"500\" height=\"500\" alt=\"Sebastian Z\u00fcrich\" src=\"https:\/\/www.compact-kaeltetechnik.de\/wp-content\/uploads\/2023\/08\/Zuerich.jpg\" data-orig-src=\"https:\/\/www.compact-kaeltetechnik.de\/wp-content\/uploads\/2023\/08\/Zuerich.jpg\" class=\"lazyload img-responsive wp-image-12294\" srcset=\"data:image\/svg+xml,%3Csvg%20xmlns%3D%27http%3A%2F%2Fwww.w3.org%2F2000%2Fsvg%27%20width%3D%27500%27%20height%3D%27500%27%20viewBox%3D%270%200%20500%20500%27%3E%3Crect%20width%3D%27500%27%20height%3D%27500%27%20fill-opacity%3D%220%22%2F%3E%3C%2Fsvg%3E\" data-srcset=\"https:\/\/www.compact-kaeltetechnik.de\/wp-content\/uploads\/2023\/08\/Zuerich-200x200.jpg 200w, https:\/\/www.compact-kaeltetechnik.de\/wp-content\/uploads\/2023\/08\/Zuerich-400x400.jpg 400w, https:\/\/www.compact-kaeltetechnik.de\/wp-content\/uploads\/2023\/08\/Zuerich.jpg 500w\" data-sizes=\"auto\" data-orig-sizes=\"(max-width: 1300px) 100vw, (max-width: 640px) 100vw, 200px\" \/><\/span><\/div><\/div><\/div><div class=\"fusion-layout-column fusion_builder_column fusion-builder-column-19 fusion_builder_column_1_3 1_3 fusion-flex-column\" style=\"--awb-padding-right-medium:10px;--awb-padding-left-medium:8px;--awb-bg-size:cover;--awb-width-large:33.333333333333%;--awb-margin-top-large:3%;--awb-spacing-right-large:0%;--awb-margin-bottom-large:2%;--awb-spacing-left-large:14.976%;--awb-width-medium:25%;--awb-order-medium:7;--awb-margin-top-medium:4%;--awb-spacing-right-medium:0%;--awb-margin-bottom-medium:10px;--awb-spacing-left-medium:0%;--awb-width-small:100%;--awb-order-small:0;--awb-margin-top-small:35px;--awb-spacing-right-small:0%;--awb-margin-bottom-small:0px;--awb-spacing-left-small:2.112%;\"><div class=\"fusion-column-wrapper fusion-column-has-shadow fusion-flex-justify-content-flex-start fusion-content-layout-column\"><div class=\"fusion-text fusion-text-7 person text-neu kleiner \" style=\"--awb-font-size:20px;--awb-line-height:1.6;--awb-text-color:var(--awb-color7);--awb-text-font-family:&quot;Source Sans 3&quot;;--awb-text-font-style:normal;--awb-text-font-weight:300;\"><h2 style=\"font-size: 24px !important; padding-top: 0; margin-top: 2px;\">Sebastian Z\u00fcrich<\/h2>\n<p>Leiter Projektierung<\/p>\n<\/div><div class=\"fusion-social-links fusion-social-links-2\" style=\"--awb-margin-top:0px;--awb-margin-right:0px;--awb-margin-bottom:0px;--awb-margin-left:0px;--awb-box-border-top:0px;--awb-box-border-right:0px;--awb-box-border-bottom:0px;--awb-box-border-left:0px;--awb-icon-colors-hover:var(--awb-custom14);--awb-box-colors-hover:var(--awb-color1);--awb-box-border-color:var(--awb-color3);--awb-box-border-color-hover:var(--awb-color4);\"><div class=\"fusion-social-networks color-type-custom\"><div class=\"fusion-social-networks-wrapper\"><a class=\"fusion-social-network-icon fusion-tooltip fusion-linkedin awb-icon-linkedin\" style=\"color:var(--awb-custom14);font-size:16px;\" data-placement=\"right\" data-title=\"LinkedIn\" data-toggle=\"tooltip\" title=\"LinkedIn\" aria-label=\"linkedin\" target=\"_blank\" rel=\"noopener noreferrer\" href=\"https:\/\/www.linkedin.com\/in\/sebastian-z%C3%BCrich-4834b2179\/\"><\/a><a class=\"fusion-social-network-icon fusion-tooltip fusion-mail awb-icon-mail\" style=\"color:var(--awb-custom14);font-size:16px;\" data-placement=\"right\" data-title=\"E-Mail\" data-toggle=\"tooltip\" title=\"E-Mail\" aria-label=\"mail\" target=\"_blank\" rel=\"noopener noreferrer\" href=\"mailto:&#118;ert&#114;&#105;e&#098;&#064;c&#111;&#109;&#112;act&#045;&#107;&#097;el&#116;etec&#104;&#110;ik.&#100;&#101;\"><\/a><\/div><\/div><\/div><\/div><\/div><div class=\"fusion-layout-column fusion_builder_column fusion-builder-column-20 fusion_builder_column_1_3 1_3 fusion-flex-column\" style=\"--awb-padding-left-medium:10px;--awb-padding-top-small:20px;--awb-bg-size:cover;--awb-width-large:33.333333333333%;--awb-margin-top-large:3%;--awb-spacing-right-large:5.76%;--awb-margin-bottom-large:2%;--awb-spacing-left-large:5.76%;--awb-width-medium:33.333333333333%;--awb-order-medium:8;--awb-margin-top-medium:4.4%;--awb-spacing-right-medium:0%;--awb-margin-bottom-medium:10px;--awb-spacing-left-medium:0%;--awb-width-small:100%;--awb-order-small:0;--awb-margin-top-small:0px;--awb-spacing-right-small:0%;--awb-spacing-left-small:3px;\"><div class=\"fusion-column-wrapper fusion-column-has-shadow fusion-flex-justify-content-flex-start fusion-content-layout-column\"><div class=\"fusion-text fusion-text-8 text-neu kleiner\" style=\"--awb-font-size:20px;--awb-text-color:var(--awb-color7);--awb-text-font-family:&quot;Source Sans 3&quot;;--awb-text-font-style:normal;--awb-text-font-weight:300;\"><p>Telefon: <a href=\"tel:+493512079729\">+49 351 20797-29<\/a><\/p>\n<\/div><\/div><\/div><div class=\"fusion-layout-column fusion_builder_column fusion-builder-column-21 fusion_builder_column_1_1 1_1 fusion-flex-column\" style=\"--awb-bg-size:cover;--awb-width-large:100%;--awb-margin-top-large:0px;--awb-spacing-right-large:1.92%;--awb-margin-bottom-large:2%;--awb-spacing-left-large:1.92%;--awb-width-medium:100%;--awb-order-medium:7;--awb-spacing-right-medium:1.92%;--awb-spacing-left-medium:1.92%;--awb-width-small:100%;--awb-order-small:0;--awb-margin-top-small:0px;--awb-spacing-right-small:0%;--awb-margin-bottom-small:30px;--awb-spacing-left-small:0%;\"><div class=\"fusion-column-wrapper fusion-column-has-shadow fusion-flex-justify-content-flex-start fusion-content-layout-column\"><div class=\"fusion-separator\" style=\"align-self: center;margin-left: auto;margin-right: auto;margin-top:20px;margin-bottom:20px;width:100%;max-width:90%;\"><div class=\"fusion-separator-border sep-single sep-solid\" style=\"--awb-height:20px;--awb-amount:20px;border-color:#e0dede;border-top-width:1px;\"><\/div><\/div><\/div><\/div><div class=\"fusion-layout-column fusion_builder_column fusion-builder-column-22 fusion_builder_column_1_5 1_5 fusion-flex-column\" style=\"--awb-bg-size:cover;--awb-width-large:20%;--awb-margin-top-large:0px;--awb-spacing-right-large:9.6%;--awb-margin-bottom-large:2%;--awb-spacing-left-large:9.6%;--awb-width-medium:25%;--awb-order-medium:1;--awb-spacing-right-medium:15.36%;--awb-spacing-left-medium:0%;--awb-width-small:100%;--awb-order-small:0;--awb-spacing-right-small:3.84%;--awb-spacing-left-small:0%;\"><div class=\"fusion-column-wrapper fusion-column-has-shadow fusion-flex-justify-content-flex-start fusion-content-layout-column\"><div class=\"fusion-image-element \" style=\"text-align:center;--awb-max-width:250px;--awb-caption-title-font-family:var(--h2_typography-font-family);--awb-caption-title-font-weight:var(--h2_typography-font-weight);--awb-caption-title-font-style:var(--h2_typography-font-style);--awb-caption-title-size:var(--h2_typography-font-size);--awb-caption-title-transform:var(--h2_typography-text-transform);--awb-caption-title-line-height:var(--h2_typography-line-height);--awb-caption-title-letter-spacing:var(--h2_typography-letter-spacing);\"><span class=\" fusion-imageframe imageframe-none imageframe-3 hover-type-none\" style=\"border-radius:50%;\"><img decoding=\"async\" width=\"500\" height=\"500\" alt=\"Adam Grohmann\" src=\"https:\/\/www.compact-kaeltetechnik.de\/wp-content\/uploads\/2025\/12\/Kontaktbild_AGro_Website4.jpg\" data-orig-src=\"https:\/\/www.compact-kaeltetechnik.de\/wp-content\/uploads\/2025\/12\/Kontaktbild_AGro_Website4.jpg\" class=\"lazyload img-responsive wp-image-25742\" srcset=\"data:image\/svg+xml,%3Csvg%20xmlns%3D%27http%3A%2F%2Fwww.w3.org%2F2000%2Fsvg%27%20width%3D%27500%27%20height%3D%27500%27%20viewBox%3D%270%200%20500%20500%27%3E%3Crect%20width%3D%27500%27%20height%3D%27500%27%20fill-opacity%3D%220%22%2F%3E%3C%2Fsvg%3E\" data-srcset=\"https:\/\/www.compact-kaeltetechnik.de\/wp-content\/uploads\/2025\/12\/Kontaktbild_AGro_Website4-200x200.jpg 200w, https:\/\/www.compact-kaeltetechnik.de\/wp-content\/uploads\/2025\/12\/Kontaktbild_AGro_Website4-400x400.jpg 400w, https:\/\/www.compact-kaeltetechnik.de\/wp-content\/uploads\/2025\/12\/Kontaktbild_AGro_Website4.jpg 500w\" data-sizes=\"auto\" data-orig-sizes=\"(max-width: 1300px) 100vw, (max-width: 640px) 100vw, 200px\" \/><\/span><\/div><\/div><\/div><div class=\"fusion-layout-column fusion_builder_column fusion-builder-column-23 fusion_builder_column_1_3 1_3 fusion-flex-column\" style=\"--awb-padding-right-medium:10px;--awb-padding-left-medium:8px;--awb-bg-size:cover;--awb-width-large:33.333333333333%;--awb-margin-top-large:3%;--awb-spacing-right-large:0%;--awb-margin-bottom-large:2%;--awb-spacing-left-large:14.976%;--awb-width-medium:25%;--awb-order-medium:2;--awb-margin-top-medium:4%;--awb-spacing-right-medium:0%;--awb-margin-bottom-medium:10px;--awb-spacing-left-medium:0%;--awb-width-small:100%;--awb-order-small:0;--awb-margin-top-small:35px;--awb-spacing-right-small:0%;--awb-margin-bottom-small:0px;--awb-spacing-left-small:2.112%;\"><div class=\"fusion-column-wrapper fusion-column-has-shadow fusion-flex-justify-content-flex-start fusion-content-layout-column\"><div class=\"fusion-text fusion-text-9 person text-neu kleiner\" style=\"--awb-font-size:20px;--awb-line-height:1.6;--awb-text-color:var(--awb-color7);--awb-text-font-family:&quot;Source Sans 3&quot;;--awb-text-font-style:normal;--awb-text-font-weight:300;\"><h2 style=\"font-size: 24px; padding-top: 0; margin-top: 2px;\">Adam Grohmann<\/h2>\n<p>Vertrieb &amp; Aftersales<\/p>\n<\/div><div class=\"fusion-social-links fusion-social-links-3\" style=\"--awb-margin-top:0px;--awb-margin-right:0px;--awb-margin-bottom:0px;--awb-margin-left:0px;--awb-box-border-top:0px;--awb-box-border-right:0px;--awb-box-border-bottom:0px;--awb-box-border-left:0px;--awb-icon-colors-hover:var(--awb-custom14);--awb-box-colors-hover:var(--awb-color1);--awb-box-border-color:var(--awb-color3);--awb-box-border-color-hover:var(--awb-color4);\"><div class=\"fusion-social-networks color-type-custom\"><div class=\"fusion-social-networks-wrapper\"><a class=\"fusion-social-network-icon fusion-tooltip fusion-linkedin awb-icon-linkedin\" style=\"color:var(--awb-custom14);font-size:16px;\" data-placement=\"right\" data-title=\"LinkedIn\" data-toggle=\"tooltip\" title=\"LinkedIn\" aria-label=\"linkedin\" target=\"_blank\" rel=\"noopener noreferrer\" href=\"https:\/\/linkedin.com\/in\/adam-grohmann-41639b215\"><\/a><a class=\"fusion-social-network-icon fusion-tooltip fusion-mail awb-icon-mail\" style=\"color:var(--awb-custom14);font-size:16px;\" data-placement=\"right\" data-title=\"E-Mail\" data-toggle=\"tooltip\" title=\"E-Mail\" aria-label=\"mail\" target=\"_blank\" rel=\"noopener noreferrer\" href=\"mailto:&#118;ert&#114;&#105;&#101;&#098;&#064;&#099;o&#109;pact-kae&#108;&#116;&#101;&#116;&#101;&#099;&#104;&#110;&#105;&#107;.&#100;e\"><\/a><\/div><\/div><\/div><\/div><\/div><div class=\"fusion-layout-column fusion_builder_column fusion-builder-column-24 fusion_builder_column_1_3 1_3 fusion-flex-column\" style=\"--awb-padding-left-medium:10px;--awb-padding-top-small:20px;--awb-bg-size:cover;--awb-width-large:33.333333333333%;--awb-margin-top-large:3%;--awb-spacing-right-large:5.76%;--awb-margin-bottom-large:2%;--awb-spacing-left-large:5.76%;--awb-width-medium:33.333333333333%;--awb-order-medium:4;--awb-margin-top-medium:4.4%;--awb-spacing-right-medium:0%;--awb-margin-bottom-medium:10px;--awb-spacing-left-medium:0%;--awb-width-small:100%;--awb-order-small:0;--awb-margin-top-small:0px;--awb-spacing-right-small:0%;--awb-spacing-left-small:3px;\"><div class=\"fusion-column-wrapper fusion-column-has-shadow fusion-flex-justify-content-flex-start fusion-content-layout-column\"><div class=\"fusion-text fusion-text-10 text-neu kleiner\" style=\"--awb-font-size:20px;--awb-text-color:var(--awb-color7);--awb-text-font-family:&quot;Source Sans 3&quot;;--awb-text-font-style:normal;--awb-text-font-weight:300;\"><p>Telefon: <a href=\"tel:+493512079736\">+49 351 20797-50<\/a><\/p>\n<\/div><\/div><\/div><\/div><\/div>\n<div class=\"fusion-fullwidth fullwidth-box fusion-builder-row-8 fusion-flex-container nonhundred-percent-fullwidth non-hundred-percent-height-scrolling fusion-no-medium-visibility fusion-no-large-visibility\" style=\"--awb-border-radius-top-left:0px;--awb-border-radius-top-right:0px;--awb-border-radius-bottom-right:0px;--awb-border-radius-bottom-left:0px;--awb-padding-top:0px;--awb-padding-bottom-medium:0px;--awb-margin-top-medium:-30px;--awb-margin-bottom-medium:-30px;--awb-margin-top-small:-70px;--awb-margin-bottom-small:-200px;--awb-flex-wrap:wrap;\" ><div class=\"fusion-builder-row fusion-row fusion-flex-align-items-flex-start fusion-flex-content-wrap\" style=\"max-width:1248px;margin-left: calc(-4% \/ 2 );margin-right: calc(-4% \/ 2 );\"><div class=\"fusion-layout-column fusion_builder_column fusion-builder-column-25 fusion_builder_column_1_1 1_1 fusion-flex-column\" style=\"--awb-padding-top:0px;--awb-bg-blend:overlay;--awb-bg-size:cover;--awb-width-large:100%;--awb-margin-top-large:0px;--awb-spacing-right-large:1.92%;--awb-margin-bottom-large:2%;--awb-spacing-left-large:1.92%;--awb-width-medium:100%;--awb-spacing-right-medium:1.92%;--awb-spacing-left-medium:1.92%;--awb-width-small:100%;--awb-spacing-right-small:1.92%;--awb-spacing-left-small:1.92%;\"><div class=\"fusion-column-wrapper fusion-column-has-shadow fusion-flex-justify-content-flex-start fusion-content-layout-column\"><div class=\"fusion-title title fusion-title-8 fusion-sep-none fusion-title-center fusion-title-text fusion-title-size-two\" style=\"--awb-margin-top-small:7%;--awb-margin-right-small:0px;--awb-margin-bottom-small:20px;--awb-margin-left-small:0px;\"><h2 class=\"fusion-title-heading title-heading-center fusion-responsive-typography-calculated\" style=\"margin:0;--fontSize:32;line-height:1.2;\">Lebensmittelk\u00fchlung Referenzen<\/h2><\/div><div class=\"fusion-recent-works fusion-portfolio-element fusion-portfolio fusion-portfolio-4 fusion-portfolio-carousel fusion-portfolio-paging-pagination recent-works-carousel portfolio-carousel referenz_lk\" data-id=\"-rw-4\"><div class=\"awb-carousel awb-swiper awb-swiper-carousel fusion-carousel-title-below-image fusion-portfolio-carousel-fixed\" style=\"--awb-columns:1;\" data-metacontent=\"yes\" data-autoplay=\"no\" data-columns=\"1\" data-itemmargin=\"12\" data-itemwidth=\"180\" data-touchscroll=\"yes\" data-imagesize=\"fixed\"><div class=\"swiper-wrapper\"><div class=\"swiper-slide\"><div class=\"fusion-carousel-item-wrapper\"><div  class=\"fusion-image-wrapper fusion-image-size-fixed\" aria-haspopup=\"true\">\n\t\t\t\t\t\t\t<a href=\"https:\/\/www.compact-kaeltetechnik.de\/de\/anlage\/propen-kaltsolesatz-gehaeuse\/\" aria-label=\"Propen Kaltsolesatz zur Lebensmittel-Produktion\">\n\t\t\t\t\t\t\t<img decoding=\"async\" width=\"460\" height=\"295\" src=\"data:image\/svg+xml,%3Csvg%20xmlns%3D%27http%3A%2F%2Fwww.w3.org%2F2000%2Fsvg%27%20width%3D%27460%27%20height%3D%27295%27%20viewBox%3D%270%200%20460%20295%27%3E%3Crect%20width%3D%27460%27%20height%3D%27295%27%20fill-opacity%3D%220%22%2F%3E%3C%2Fsvg%3E\" data-orig-src=\"https:\/\/www.compact-kaeltetechnik.de\/wp-content\/uploads\/2020\/04\/combiChiller-Geh\u00e4use-460x295.jpg\" class=\"lazyload attachment-portfolio-two size-portfolio-two wp-post-image\" alt=\"\" \/>\t\t\t<\/a>\n\t\t\t\t\t\t\t<\/div>\n<h4 class=\"fusion-carousel-title\"><a href=\"https:\/\/www.compact-kaeltetechnik.de\/de\/anlage\/propen-kaltsolesatz-gehaeuse\/\" target=\"_self\">Propen Kaltsolesatz zur Lebensmittel-Produktion<\/a><\/h4><div class=\"fusion-carousel-meta\"><a href=\"https:\/\/www.compact-kaeltetechnik.de\/de\/kategorie\/container-gehaeuseloesungen\/\" rel=\"tag\">Container- und Geh\u00e4usel\u00f6sungen<\/a>, <a href=\"https:\/\/www.compact-kaeltetechnik.de\/de\/kategorie\/kaltwassersaetze\/\" rel=\"tag\">Kaltwassers\u00e4tze<\/a>, <a href=\"https:\/\/www.compact-kaeltetechnik.de\/de\/kategorie\/lebensmittelkuehlung-referenzen\/\" rel=\"tag\">Lebensmittelk\u00fchlung Referenzen<\/a>, <a href=\"https:\/\/www.compact-kaeltetechnik.de\/de\/kategorie\/propan-referenzen\/\" rel=\"tag\">Propan Referenzen<\/a>, <a href=\"https:\/\/www.compact-kaeltetechnik.de\/de\/kategorie\/referenz\/\" rel=\"tag\">Referenzen<\/a>, <a href=\"https:\/\/www.compact-kaeltetechnik.de\/de\/kategorie\/schaltschraenke\/\" rel=\"tag\">Schaltschr\u00e4nke<\/a><\/div><\/div><\/div><div class=\"swiper-slide\"><div class=\"fusion-carousel-item-wrapper\"><div  class=\"fusion-image-wrapper fusion-image-size-fixed\" aria-haspopup=\"true\">\n\t\t\t\t\t\t\t<a href=\"https:\/\/www.compact-kaeltetechnik.de\/de\/anlage\/r717-kaltsolesatz\/\" aria-label=\"Ammoniak Kaltsolesatz\">\n\t\t\t\t\t\t\t<img decoding=\"async\" width=\"460\" height=\"295\" src=\"data:image\/svg+xml,%3Csvg%20xmlns%3D%27http%3A%2F%2Fwww.w3.org%2F2000%2Fsvg%27%20width%3D%27460%27%20height%3D%27295%27%20viewBox%3D%270%200%20460%20295%27%3E%3Crect%20width%3D%27460%27%20height%3D%27295%27%20fill-opacity%3D%220%22%2F%3E%3C%2Fsvg%3E\" data-orig-src=\"https:\/\/www.compact-kaeltetechnik.de\/wp-content\/uploads\/2019\/11\/180158_A-460x295.jpg\" class=\"lazyload attachment-portfolio-two size-portfolio-two wp-post-image\" alt=\"\" \/>\t\t\t<\/a>\n\t\t\t\t\t\t\t<\/div>\n<h4 class=\"fusion-carousel-title\"><a href=\"https:\/\/www.compact-kaeltetechnik.de\/de\/anlage\/r717-kaltsolesatz\/\" target=\"_self\">Ammoniak Kaltsolesatz<\/a><\/h4><div class=\"fusion-carousel-meta\"><a href=\"https:\/\/www.compact-kaeltetechnik.de\/de\/kategorie\/nh3-referenzen\/\" rel=\"tag\">Ammoniak Referenzen<\/a>, <a href=\"https:\/\/www.compact-kaeltetechnik.de\/de\/kategorie\/container-gehaeuseloesungen\/\" rel=\"tag\">Container- und Geh\u00e4usel\u00f6sungen<\/a>, <a href=\"https:\/\/www.compact-kaeltetechnik.de\/de\/kategorie\/gewerbekuehlung-referenzen\/\" rel=\"tag\">Gewerbek\u00fchlung Referenzen<\/a>, <a href=\"https:\/\/www.compact-kaeltetechnik.de\/de\/kategorie\/kaltwassersaetze\/\" rel=\"tag\">Kaltwassers\u00e4tze<\/a>, <a href=\"https:\/\/www.compact-kaeltetechnik.de\/de\/kategorie\/lebensmittelkuehlung-referenzen\/\" rel=\"tag\">Lebensmittelk\u00fchlung Referenzen<\/a>, <a href=\"https:\/\/www.compact-kaeltetechnik.de\/de\/kategorie\/pumpenstationen\/\" rel=\"tag\">Pumpenstationen<\/a>, <a href=\"https:\/\/www.compact-kaeltetechnik.de\/de\/kategorie\/referenz\/\" rel=\"tag\">Referenzen<\/a>, <a href=\"https:\/\/www.compact-kaeltetechnik.de\/de\/kategorie\/schaltschraenke\/\" rel=\"tag\">Schaltschr\u00e4nke<\/a>, <a href=\"https:\/\/www.compact-kaeltetechnik.de\/de\/kategorie\/verbundanlagen\/\" rel=\"tag\">Verbundanlagen<\/a>, <a href=\"https:\/\/www.compact-kaeltetechnik.de\/de\/kategorie\/verdichtersaetze\/\" rel=\"tag\">Verdichters\u00e4tze<\/a><\/div><\/div><\/div><div class=\"swiper-slide\"><div class=\"fusion-carousel-item-wrapper\"><div  class=\"fusion-image-wrapper fusion-image-size-fixed\" aria-haspopup=\"true\">\n\t\t\t\t\t\t\t<a href=\"https:\/\/www.compact-kaeltetechnik.de\/de\/anlage\/tk-booster-gaskuehler\/\" aria-label=\"TK Booster mit Gask\u00fchler zur Lebensmittelproduktion\">\n\t\t\t\t\t\t\t<img decoding=\"async\" width=\"460\" height=\"295\" src=\"data:image\/svg+xml,%3Csvg%20xmlns%3D%27http%3A%2F%2Fwww.w3.org%2F2000%2Fsvg%27%20width%3D%27460%27%20height%3D%27295%27%20viewBox%3D%270%200%20460%20295%27%3E%3Crect%20width%3D%27460%27%20height%3D%27295%27%20fill-opacity%3D%220%22%2F%3E%3C%2Fsvg%3E\" data-orig-src=\"https:\/\/www.compact-kaeltetechnik.de\/wp-content\/uploads\/2018\/03\/160554-460x295.png\" class=\"lazyload attachment-portfolio-two size-portfolio-two wp-post-image\" alt=\"\" \/>\t\t\t<\/a>\n\t\t\t\t\t\t\t<\/div>\n<h4 class=\"fusion-carousel-title\"><a href=\"https:\/\/www.compact-kaeltetechnik.de\/de\/anlage\/tk-booster-gaskuehler\/\" target=\"_self\">TK Booster mit Gask\u00fchler zur Lebensmittelproduktion<\/a><\/h4><div class=\"fusion-carousel-meta\"><a href=\"https:\/\/www.compact-kaeltetechnik.de\/de\/kategorie\/co2-referenzen\/\" rel=\"tag\">CO2 Referenzen<\/a>, <a href=\"https:\/\/www.compact-kaeltetechnik.de\/de\/kategorie\/lebensmittelkuehlung-referenzen\/\" rel=\"tag\">Lebensmittelk\u00fchlung Referenzen<\/a>, <a href=\"https:\/\/www.compact-kaeltetechnik.de\/de\/kategorie\/referenz\/\" rel=\"tag\">Referenzen<\/a>, <a href=\"https:\/\/www.compact-kaeltetechnik.de\/de\/kategorie\/verdichtersaetze\/\" rel=\"tag\">Verdichters\u00e4tze<\/a>, <a href=\"https:\/\/www.compact-kaeltetechnik.de\/de\/kategorie\/verfluessigungssaetze\/\" rel=\"tag\">Verfl\u00fcssigungss\u00e4tze<\/a><\/div><\/div><\/div><div class=\"swiper-slide\"><div class=\"fusion-carousel-item-wrapper\"><div  class=\"fusion-image-wrapper fusion-image-size-fixed\" aria-haspopup=\"true\">\n\t\t\t\t\t\t\t<a href=\"https:\/\/www.compact-kaeltetechnik.de\/de\/anlage\/propan-kaltsolesatz\/\" aria-label=\"Propan Kaltsolesatz\">\n\t\t\t\t\t\t\t<img decoding=\"async\" width=\"460\" height=\"295\" src=\"data:image\/svg+xml,%3Csvg%20xmlns%3D%27http%3A%2F%2Fwww.w3.org%2F2000%2Fsvg%27%20width%3D%27460%27%20height%3D%27295%27%20viewBox%3D%270%200%20460%20295%27%3E%3Crect%20width%3D%27460%27%20height%3D%27295%27%20fill-opacity%3D%220%22%2F%3E%3C%2Fsvg%3E\" data-orig-src=\"https:\/\/www.compact-kaeltetechnik.de\/wp-content\/uploads\/2018\/03\/160153-Kaltsolesatz-460x295.png\" class=\"lazyload attachment-portfolio-two size-portfolio-two wp-post-image\" alt=\"\" \/>\t\t\t<\/a>\n\t\t\t\t\t\t\t<\/div>\n<h4 class=\"fusion-carousel-title\"><a href=\"https:\/\/www.compact-kaeltetechnik.de\/de\/anlage\/propan-kaltsolesatz\/\" target=\"_self\">Propan Kaltsolesatz<\/a><\/h4><div class=\"fusion-carousel-meta\"><a href=\"https:\/\/www.compact-kaeltetechnik.de\/de\/kategorie\/kaltwassersaetze\/\" rel=\"tag\">Kaltwassers\u00e4tze<\/a>, <a href=\"https:\/\/www.compact-kaeltetechnik.de\/de\/kategorie\/lebensmittelkuehlung-referenzen\/\" rel=\"tag\">Lebensmittelk\u00fchlung Referenzen<\/a>, <a href=\"https:\/\/www.compact-kaeltetechnik.de\/de\/kategorie\/propan-referenzen\/\" rel=\"tag\">Propan Referenzen<\/a>, <a href=\"https:\/\/www.compact-kaeltetechnik.de\/de\/kategorie\/referenz\/\" rel=\"tag\">Referenzen<\/a><\/div><\/div><\/div><div class=\"swiper-slide\"><div class=\"fusion-carousel-item-wrapper\"><div  class=\"fusion-image-wrapper fusion-image-size-fixed\" aria-haspopup=\"true\">\n\t\t\t\t\t\t\t<a href=\"https:\/\/www.compact-kaeltetechnik.de\/de\/anlage\/nk-verbund-kuehlhaus\/\" aria-label=\"NK Verbund f\u00fcr K\u00fchlhaus\">\n\t\t\t\t\t\t\t<img decoding=\"async\" width=\"460\" height=\"295\" src=\"data:image\/svg+xml,%3Csvg%20xmlns%3D%27http%3A%2F%2Fwww.w3.org%2F2000%2Fsvg%27%20width%3D%27460%27%20height%3D%27295%27%20viewBox%3D%270%200%20460%20295%27%3E%3Crect%20width%3D%27460%27%20height%3D%27295%27%20fill-opacity%3D%220%22%2F%3E%3C%2Fsvg%3E\" data-orig-src=\"https:\/\/www.compact-kaeltetechnik.de\/wp-content\/uploads\/2018\/03\/160583_rev1-460x295.png\" class=\"lazyload attachment-portfolio-two size-portfolio-two wp-post-image\" alt=\"\" \/>\t\t\t<\/a>\n\t\t\t\t\t\t\t<\/div>\n<h4 class=\"fusion-carousel-title\"><a href=\"https:\/\/www.compact-kaeltetechnik.de\/de\/anlage\/nk-verbund-kuehlhaus\/\" target=\"_self\">NK Verbund f\u00fcr K\u00fchlhaus<\/a><\/h4><div class=\"fusion-carousel-meta\"><a href=\"https:\/\/www.compact-kaeltetechnik.de\/de\/kategorie\/frigen-referenzen\/\" rel=\"tag\">Frigen Referenzen<\/a>, <a href=\"https:\/\/www.compact-kaeltetechnik.de\/de\/kategorie\/gewerbekuehlung-referenzen\/\" rel=\"tag\">Gewerbek\u00fchlung Referenzen<\/a>, <a href=\"https:\/\/www.compact-kaeltetechnik.de\/de\/kategorie\/industriekuehlung-referenzen\/\" rel=\"tag\">Industriek\u00fchlung Referenzen<\/a>, <a href=\"https:\/\/www.compact-kaeltetechnik.de\/de\/kategorie\/lebensmittelkuehlung-referenzen\/\" rel=\"tag\">Lebensmittelk\u00fchlung Referenzen<\/a>, <a href=\"https:\/\/www.compact-kaeltetechnik.de\/de\/kategorie\/referenz\/\" rel=\"tag\">Referenzen<\/a>, <a href=\"https:\/\/www.compact-kaeltetechnik.de\/de\/kategorie\/verbundanlagen\/\" rel=\"tag\">Verbundanlagen<\/a>, <a href=\"https:\/\/www.compact-kaeltetechnik.de\/de\/kategorie\/verdichtersaetze\/\" rel=\"tag\">Verdichters\u00e4tze<\/a><\/div><\/div><\/div><div class=\"swiper-slide\"><div class=\"fusion-carousel-item-wrapper\"><div  class=\"fusion-image-wrapper fusion-image-size-fixed\" aria-haspopup=\"true\">\n\t\t\t\t\t\t\t<a href=\"https:\/\/www.compact-kaeltetechnik.de\/de\/anlage\/tk-verbund-supermarkt\/\" aria-label=\"TK Verbund f\u00fcr Metzger-Lager\">\n\t\t\t\t\t\t\t<img decoding=\"async\" width=\"460\" height=\"295\" src=\"data:image\/svg+xml,%3Csvg%20xmlns%3D%27http%3A%2F%2Fwww.w3.org%2F2000%2Fsvg%27%20width%3D%27460%27%20height%3D%27295%27%20viewBox%3D%270%200%20460%20295%27%3E%3Crect%20width%3D%27460%27%20height%3D%27295%27%20fill-opacity%3D%220%22%2F%3E%3C%2Fsvg%3E\" data-orig-src=\"https:\/\/www.compact-kaeltetechnik.de\/wp-content\/uploads\/2018\/02\/160596-rev1-460x295.png\" class=\"lazyload attachment-portfolio-two size-portfolio-two wp-post-image\" alt=\"\" \/>\t\t\t<\/a>\n\t\t\t\t\t\t\t<\/div>\n<h4 class=\"fusion-carousel-title\"><a href=\"https:\/\/www.compact-kaeltetechnik.de\/de\/anlage\/tk-verbund-supermarkt\/\" target=\"_self\">TK Verbund f\u00fcr Metzger-Lager<\/a><\/h4><div class=\"fusion-carousel-meta\"><a href=\"https:\/\/www.compact-kaeltetechnik.de\/de\/kategorie\/frigen-referenzen\/\" rel=\"tag\">Frigen Referenzen<\/a>, <a href=\"https:\/\/www.compact-kaeltetechnik.de\/de\/kategorie\/lebensmittelkuehlung-referenzen\/\" rel=\"tag\">Lebensmittelk\u00fchlung Referenzen<\/a>, <a href=\"https:\/\/www.compact-kaeltetechnik.de\/de\/kategorie\/referenz\/\" rel=\"tag\">Referenzen<\/a>, <a href=\"https:\/\/www.compact-kaeltetechnik.de\/de\/kategorie\/verbundanlagen\/\" rel=\"tag\">Verbundanlagen<\/a>, <a href=\"https:\/\/www.compact-kaeltetechnik.de\/de\/kategorie\/verdichtersaetze\/\" rel=\"tag\">Verdichters\u00e4tze<\/a><\/div><\/div><\/div><\/div><div class=\"awb-swiper-button awb-swiper-button-prev\"><i class=\"awb-icon-angle-left\" aria-hidden=\"true\"><\/i><\/div><div class=\"awb-swiper-button awb-swiper-button-next\"><i class=\"awb-icon-angle-right\" aria-hidden=\"true\"><\/i><\/div><\/div><\/div><\/div><\/div><\/div><\/div><div class=\"fusion-fullwidth fullwidth-box fusion-builder-row-9 fusion-flex-container has-pattern-background has-mask-background nonhundred-percent-fullwidth non-hundred-percent-height-scrolling\" style=\"--awb-border-radius-top-left:0px;--awb-border-radius-top-right:0px;--awb-border-radius-bottom-right:0px;--awb-border-radius-bottom-left:0px;--awb-padding-top:60px;--awb-padding-bottom:60px;--awb-padding-right-medium:45px;--awb-padding-left-medium:45px;--awb-padding-top-small:46px;--awb-padding-right-small:19px;--awb-padding-bottom-small:35px;--awb-padding-left-small:20px;--awb-background-color:#f4f4f4;--awb-flex-wrap:wrap;\" ><div class=\"fusion-builder-row fusion-row fusion-flex-align-items-flex-start fusion-flex-justify-content-center fusion-flex-content-wrap\" style=\"max-width:1248px;margin-left: calc(-4% \/ 2 );margin-right: calc(-4% \/ 2 );\"><div class=\"fusion-layout-column fusion_builder_column fusion-builder-column-26 fusion_builder_column_3_4 3_4 fusion-flex-column\" style=\"--awb-padding-right-small:0px;--awb-padding-left-small:0px;--awb-bg-size:cover;--awb-width-large:75%;--awb-margin-top-large:0px;--awb-spacing-right-large:2.56%;--awb-margin-bottom-large:2%;--awb-spacing-left-large:2.56%;--awb-width-medium:100%;--awb-order-medium:0;--awb-spacing-right-medium:1.92%;--awb-spacing-left-medium:1.92%;--awb-width-small:100%;--awb-order-small:0;--awb-spacing-right-small:0%;--awb-margin-bottom-small:0;--awb-spacing-left-small:2.112%;\"><div class=\"fusion-column-wrapper fusion-column-has-shadow fusion-flex-justify-content-flex-start fusion-content-layout-column\"><div class=\"fusion-title title fusion-title-9 fusion-sep-none fusion-title-center fusion-title-text fusion-title-size-two lef\" style=\"--awb-text-color:var(--awb-color7);--awb-margin-top-small:0px;--awb-margin-right-small:0px;--awb-margin-bottom-small:10px;--awb-margin-left-small:0px;--awb-margin-bottom-medium:20px;--awb-font-size:32px;\"><h2 class=\"fusion-title-heading title-heading-center fusion-responsive-typography-calculated\" style=\"font-family:&quot;Source Sans 3&quot;;font-style:normal;font-weight:700;margin:0;font-size:1em;--fontSize:32;line-height:1.2;\">Kontakt<\/h2><\/div><div class=\"fusion-text fusion-text-11 text-neu absatz\" style=\"--awb-text-color:var(--awb-color7);--awb-margin-right:0px;--awb-margin-left:0px;\"><p>Entdecken Sie eine nachhaltige Zukunft mit compact K\u00e4ltetechnik! Unser Team unter\u00adst\u00fctzt Sie gerne bei effizienten und umwelt\u00adfreundlichen K\u00e4ltel\u00f6sungen \u2013 Kontaktieren Sie uns noch heute.<\/p>\n<\/div><\/div><\/div><div class=\"fusion-layout-column fusion_builder_column fusion-builder-column-27 fusion_builder_column_3_4 3_4 fusion-flex-column\" style=\"--awb-bg-size:cover;--awb-width-large:75%;--awb-margin-top-large:0px;--awb-spacing-right-large:3.84%;--awb-margin-bottom-large:2%;--awb-spacing-left-large:3.84%;--awb-width-medium:100%;--awb-order-medium:0;--awb-spacing-right-medium:2.88%;--awb-spacing-left-medium:2.88%;--awb-width-small:100%;--awb-order-small:0;--awb-spacing-right-small:6.048%;--awb-spacing-left-small:6.048%;\"><div class=\"fusion-column-wrapper fusion-column-has-shadow fusion-flex-justify-content-flex-start fusion-content-layout-column\"><script type=\"text\/javascript\" src=\"\/\/ma.compact-kaeltetechnik.de\/form\/generate.js?id=56\"><\/script><\/div><\/div><\/div><\/div>\n<\/p>\n","protected":false},"excerpt":{"rendered":"","protected":false},"author":291,"featured_media":0,"parent":11326,"menu_order":0,"comment_status":"closed","ping_status":"closed","template":"100-width.php","meta":{"footnotes":""},"class_list":["post-4853","page","type-page","status-publish","hentry"],"_links":{"self":[{"href":"https:\/\/www.compact-kaeltetechnik.de\/de\/wp-json\/wp\/v2\/pages\/4853","targetHints":{"allow":["GET"]}}],"collection":[{"href":"https:\/\/www.compact-kaeltetechnik.de\/de\/wp-json\/wp\/v2\/pages"}],"about":[{"href":"https:\/\/www.compact-kaeltetechnik.de\/de\/wp-json\/wp\/v2\/types\/page"}],"author":[{"embeddable":true,"href":"https:\/\/www.compact-kaeltetechnik.de\/de\/wp-json\/wp\/v2\/users\/291"}],"replies":[{"embeddable":true,"href":"https:\/\/www.compact-kaeltetechnik.de\/de\/wp-json\/wp\/v2\/comments?post=4853"}],"version-history":[{"count":81,"href":"https:\/\/www.compact-kaeltetechnik.de\/de\/wp-json\/wp\/v2\/pages\/4853\/revisions"}],"predecessor-version":[{"id":25988,"href":"https:\/\/www.compact-kaeltetechnik.de\/de\/wp-json\/wp\/v2\/pages\/4853\/revisions\/25988"}],"up":[{"embeddable":true,"href":"https:\/\/www.compact-kaeltetechnik.de\/de\/wp-json\/wp\/v2\/pages\/11326"}],"wp:attachment":[{"href":"https:\/\/www.compact-kaeltetechnik.de\/de\/wp-json\/wp\/v2\/media?parent=4853"}],"curies":[{"name":"wp","href":"https:\/\/api.w.org\/{rel}","templated":true}]}}