{"id":4834,"date":"2019-09-19T11:55:50","date_gmt":"2019-09-19T09:55:50","guid":{"rendered":"https:\/\/beta.compact-kaeltetechnik.de\/?page_id=4834"},"modified":"2025-12-04T10:31:32","modified_gmt":"2025-12-04T09:31:32","slug":"co2-r744","status":"publish","type":"page","link":"https:\/\/www.compact-kaeltetechnik.de\/de\/produkte-kaelteanlagen\/co2-r744\/","title":{"rendered":"CO2 &#8211; R744"},"content":{"rendered":"<p><div class=\"fusion-fullwidth fullwidth-box fusion-builder-row-1 fusion-flex-container has-pattern-background has-mask-background fusion-parallax-none nonhundred-percent-fullwidth non-hundred-percent-height-scrolling\" style=\"--awb-background-blend-mode:multiply;--awb-border-radius-top-left:0px;--awb-border-radius-top-right:0px;--awb-border-radius-bottom-right:0px;--awb-border-radius-bottom-left:0px;--awb-padding-top:197px;--awb-padding-bottom:155px;--awb-padding-top-medium:148px;--awb-padding-bottom-medium:130px;--awb-padding-left-medium:41px;--awb-padding-top-small:89px;--awb-padding-right-small:15px;--awb-padding-bottom-small:64px;--awb-padding-left-small:15px;--awb-margin-top:-40px;--awb-margin-bottom-medium:0px;--awb-background-color:rgba(35,97,146,0.7);--awb-background-image:url(&quot;https:\/\/www.compact-kaeltetechnik.de\/wp-content\/uploads\/2023\/09\/210702_-1.jpg&quot;);--awb-background-size:cover;--awb-flex-wrap:wrap;\" data-preload-img=\"https:\/\/www.compact-kaeltetechnik.de\/wp-content\/uploads\/2023\/09\/210702_-1.jpg\" ><div class=\"fusion-builder-row fusion-row fusion-flex-align-items-flex-start fusion-flex-content-wrap\" style=\"max-width:1248px;margin-left: calc(-4% \/ 2 );margin-right: calc(-4% \/ 2 );\"><div class=\"fusion-layout-column fusion_builder_column fusion-builder-column-0 fusion_builder_column_1_2 1_2 fusion-flex-column\" style=\"--awb-padding-right:19px;--awb-padding-right-medium:34px;--awb-bg-size:cover;--awb-width-large:50%;--awb-margin-top-large:0px;--awb-spacing-right-large:3.84%;--awb-margin-bottom-large:2%;--awb-spacing-left-large:3.84%;--awb-width-medium:75%;--awb-order-medium:0;--awb-spacing-right-medium:2.56%;--awb-spacing-left-medium:5.504%;--awb-width-small:100%;--awb-order-small:0;--awb-spacing-right-small:0%;--awb-spacing-left-small:12px;\"><div class=\"fusion-column-wrapper fusion-column-has-shadow fusion-flex-justify-content-flex-start fusion-content-layout-column\"><div class=\"fusion-title title fusion-title-1 fusion-sep-none fusion-title-text fusion-title-size-one head\" style=\"--awb-text-color:var(--awb-color1);--awb-margin-top-small:0px;--awb-margin-right-small:0px;--awb-margin-bottom-small:20px;--awb-margin-left-small:0px;\"><h1 class=\"fusion-title-heading title-heading-left fusion-responsive-typography-calculated\" style=\"margin:0;--fontSize:56;line-height:1.2;\">K\u00e4ltemittel CO<span style=\"font-size: smaller;\"><sub>2<\/sub><\/span><\/h1><\/div><script type=\"application\/ld+json\">\n{\n  \"@context\": \"https:\/\/schema.org\",\n  \"@type\": \"CollectionPage\",\n  \"name\": \"CO\u2082-K\u00e4lteanlagen \u00dcbersicht (R744)\",\n  \"description\": \"\u00dcbersicht \u00fcber alle CO\u2082-K\u00e4lteanlagen und Ejektor-Komponenten von compact K\u00e4ltetechnik \u2013 klimafreundlich, energieeffizient und zukunftssicher mit nat\u00fcrlichem K\u00e4ltemittel R744.\",\n  \"mainEntity\": {\n    \"@type\": \"ItemList\",\n    \"itemListOrder\": \"http:\/\/schema.org\/ItemListOrderAscending\",\n    \"numberOfItems\": 8,\n    \"itemListElement\": [\n      {\n        \"@type\": \"ListItem\",\n        \"position\": 1,\n        \"url\": \"https:\/\/www.compact-kaeltetechnik.de\/de\/anlage\/carbo-box\/\",\n        \"name\": \"carbo-Box\"\n      },\n      {\n        \"@type\": \"ListItem\",\n        \"position\": 2,\n        \"url\": \"https:\/\/www.compact-kaeltetechnik.de\/de\/anlage\/carbo-line\/\",\n        \"name\": \"carbo-Line\"\n      },\n      {\n        \"@type\": \"ListItem\",\n        \"position\": 3,\n        \"url\": \"https:\/\/www.compact-kaeltetechnik.de\/de\/anlage\/carbo-rack\/\",\n        \"name\": \"carbo-Rack\"\n      },\n      {\n        \"@type\": \"ListItem\",\n        \"position\": 4,\n        \"url\": \"https:\/\/www.compact-kaeltetechnik.de\/de\/anlage\/carbo-rack-xl\/\",\n        \"name\": \"carbo-Rack XL\"\n      },\n      {\n        \"@type\": \"ListItem\",\n        \"position\": 5,\n        \"url\": \"https:\/\/www.compact-kaeltetechnik.de\/de\/anlage\/carbo-chill\/\",\n        \"name\": \"carbo-Chill\"\n      },\n      {\n        \"@type\": \"ListItem\",\n        \"position\": 6,\n        \"url\": \"https:\/\/www.compact-kaeltetechnik.de\/de\/anlage\/carbo-freeze\/\",\n        \"name\": \"carbo-Freeze\"\n      },\n      {\n        \"@type\": \"ListItem\",\n        \"position\": 7,\n        \"url\": \"https:\/\/www.compact-kaeltetechnik.de\/de\/anlage\/co2-c-ejector\/\",\n        \"name\": \"*c-Ejector\"\n      },\n      {\n        \"@type\": \"ListItem\",\n        \"position\": 8,\n        \"url\": \"https:\/\/www.compact-kaeltetechnik.de\/de\/anlage\/ejco2\/\",\n        \"name\": \"EJCO2\"\n      }\n    ]\n  }\n}\n<\/script>\n<\/div><\/div><div class=\"fusion-layout-column fusion_builder_column fusion-builder-column-1 fusion_builder_column_1_2 1_2 fusion-flex-column fusion-no-small-visibility fusion-no-medium-visibility\" style=\"--awb-bg-size:cover;--awb-width-large:50%;--awb-margin-top-large:0px;--awb-spacing-right-large:3.84%;--awb-margin-bottom-large:2%;--awb-spacing-left-large:3.84%;--awb-width-medium:100%;--awb-order-medium:0;--awb-spacing-right-medium:1.92%;--awb-spacing-left-medium:1.92%;--awb-width-small:100%;--awb-order-small:0;--awb-spacing-right-small:1.92%;--awb-spacing-left-small:1.92%;\"><div class=\"fusion-column-wrapper fusion-column-has-shadow fusion-flex-justify-content-flex-start fusion-content-layout-column\"><\/div><\/div><\/div><\/div><div class=\"fusion-fullwidth fullwidth-box fusion-builder-row-2 fusion-flex-container nonhundred-percent-fullwidth non-hundred-percent-height-scrolling\" style=\"--awb-border-radius-top-left:0px;--awb-border-radius-top-right:0px;--awb-border-radius-bottom-right:0px;--awb-border-radius-bottom-left:0px;--awb-padding-top:70px;--awb-padding-bottom:83px;--awb-padding-top-small:43px;--awb-margin-top:0px;--awb-margin-bottom:-30px;--awb-flex-wrap:wrap;\" ><div class=\"fusion-builder-row fusion-row fusion-flex-align-items-flex-start fusion-flex-content-wrap\" style=\"max-width:1248px;margin-left: calc(-4% \/ 2 );margin-right: calc(-4% \/ 2 );\"><div class=\"fusion-layout-column fusion_builder_column fusion-builder-column-2 fusion_builder_column_1_2 1_2 fusion-flex-column fusion-flex-align-self-stretch\" style=\"--awb-bg-size:cover;--awb-width-large:50%;--awb-margin-top-large:0px;--awb-spacing-right-large:3.84%;--awb-margin-bottom-large:2%;--awb-spacing-left-large:3.84%;--awb-width-medium:50%;--awb-order-medium:0;--awb-spacing-right-medium:3.84%;--awb-spacing-left-medium:3.84%;--awb-width-small:100%;--awb-order-small:0;--awb-spacing-right-small:1.92%;--awb-spacing-left-small:1.92%;\"><div class=\"fusion-column-wrapper fusion-column-has-shadow fusion-flex-justify-content-flex-start fusion-content-layout-column\"><div class=\"fusion-text fusion-text-1\"><p><span data-contrast=\"auto\">Entdecken Sie unsere umweltfreundlichen K\u00e4lteanlagen mit dem K\u00e4ltemittel CO<span style=\"font-size: smaller;\"><sub>2<\/sub><\/span> (R744, Kohlen(stoff)dioxid) bei einem GWP-Wert von 1. Durch den Einsatz einer CO<\/span><span style=\"font-size: smaller;\"><sub>2<\/sub><\/span><span data-contrast=\"auto\">\u00a0K\u00e4lteanlage setzt man auf eine langfristig einsetzbare und effiziente L\u00f6sung f\u00fcr viele K\u00fchlaufgaben. Keine Nor\u00admen und Gesetze verbieten den Einsatz des nat\u00fcrlichen K\u00e4ltemittels CO<span style=\"font-size: smaller;\"><sub>2<\/sub><\/span>.\u00a0<\/span><span data-ccp-props=\"{\">\u00a0<\/span><\/p>\n<p><span data-contrast=\"auto\">Dank der Einstufung als A1-K\u00e4ltemittel ist es weitgehend uneingeschr\u00e4nkt einsetzbar.<\/span><span data-ccp-props=\"{\">\u00a0<\/span><\/p>\n<p><span data-contrast=\"auto\">In der Gewerbek\u00fchlung hat sich CO<span style=\"font-size: smaller;\"><sub>2<\/sub><\/span> durch den weit verbreiteten Einsatz von Booster\u00adanlagen als Standardk\u00e4ltemittel durch\u00adgesetzt. Die Thermodynamischen Eigen\u00adschaften erlauben einen weiten Einsatz\u00adbereich. Auch in Industrie, Lebensmittel\u00adher\u00adstellung und -lagerung werden zunehmend unsere CO<\/span><span style=\"font-size: smaller;\"><sub>2<\/sub><\/span><span data-contrast=\"auto\">\u00a0Maschinen eingesetzt.<\/span><span data-ccp-props=\"{\">\u00a0<\/span><\/p>\n<\/div><div style=\"text-align:center;\"><a class=\"fusion-button button-flat fusion-button-default-size button-custom fusion-button-default button-1 fusion-button-default-span fusion-button-default-type\" style=\"--button_accent_color:var(--awb-custom15);--button_border_color:var(--awb-color8);--button_accent_hover_color:#ffffff;--button_border_hover_color:var(--awb-color1);--button_border_width-top:1px;--button_border_width-right:1px;--button_border_width-bottom:1px;--button_border_width-left:1px;--button_gradient_top_color:var(--awb-color1);--button_gradient_bottom_color:var(--awb-color1);--button_gradient_top_color_hover:#236192;--button_gradient_bottom_color_hover:#236192;\" target=\"_self\" href=\"https:\/\/ma.compact-kaeltetechnik.de\/asset\/83:co2-loesungen-compact?stream=1\"><span class=\"fusion-button-text awb-button__text awb-button__text--default\">Brosch\u00fcre CO2 L\u00f6sungen<\/span><\/a><\/div><div style=\"text-align:center;\"><a class=\"fusion-button button-flat fusion-button-default-size button-default fusion-button-default button-2 fusion-button-default-span fusion-button-default-type\" style=\"--awb-margin-top:10px;\" target=\"_self\" href=\"#ansprechpartner\"><span class=\"fusion-button-text awb-button__text awb-button__text--default\">Jetzt Kontakt aufnehmen<\/span><\/a><\/div><\/div><\/div><div class=\"fusion-layout-column fusion_builder_column fusion-builder-column-3 fusion_builder_column_1_2 1_2 fusion-flex-column fusion-flex-align-self-stretch fusion-no-small-visibility\" style=\"--awb-bg-color:var(--awb-color1);--awb-bg-color-hover:var(--awb-color1);--awb-bg-position:center center;--awb-bg-size:cover;--awb-width-large:50%;--awb-margin-top-large:0px;--awb-spacing-right-large:3.84%;--awb-margin-bottom-large:2%;--awb-spacing-left-large:3.84%;--awb-width-medium:50%;--awb-order-medium:0;--awb-spacing-right-medium:3.84%;--awb-spacing-left-medium:3.84%;--awb-width-small:100%;--awb-order-small:0;--awb-spacing-right-small:1.92%;--awb-spacing-left-small:1.92%;\"><div class=\"fusion-column-wrapper lazyload fusion-column-has-shadow fusion-flex-justify-content-flex-start fusion-content-layout-column fusion-empty-column-bg-image fusion-column-has-bg-image\" data-bg-url=\"https:\/\/www.compact-kaeltetechnik.de\/wp-content\/uploads\/2023\/09\/210702_-1.jpg\" data-bg=\"https:\/\/www.compact-kaeltetechnik.de\/wp-content\/uploads\/2023\/09\/210702_-1.jpg\"><img decoding=\"async\" class=\"fusion-empty-dims-img-placeholder\" alt=\"compact CO2 Booster mit Schaltschrank im Container\" aria-label=\"CO2 Booster\" src=\"data:image\/svg+xml,%3Csvg%20xmlns%3D%27http%3A%2F%2Fwww.w3.org%2F2000%2Fsvg%27%20width%3D%272000%27%20height%3D%271399%27%20viewBox%3D%270%200%202000%201399%27%3E%3Crect%20width%3D%272000%27%20height%3D%271399%27%20fill-opacity%3D%220%22%2F%3E%3C%2Fsvg%3E\"><\/div><\/div><\/div><\/div><div class=\"fusion-fullwidth fullwidth-box fusion-builder-row-3 fusion-flex-container has-pattern-background has-mask-background nonhundred-percent-fullwidth non-hundred-percent-height-scrolling fusion-no-small-visibility\" style=\"--awb-border-radius-top-left:0px;--awb-border-radius-top-right:0px;--awb-border-radius-bottom-right:0px;--awb-border-radius-bottom-left:0px;--awb-padding-top:30px;--awb-padding-bottom:0px;--awb-padding-top-small:40px;--awb-flex-wrap:wrap;\" ><div class=\"fusion-builder-row fusion-row fusion-flex-align-items-flex-start fusion-flex-content-wrap\" style=\"max-width:1248px;margin-left: calc(-4% \/ 2 );margin-right: calc(-4% \/ 2 );\"><div class=\"fusion-layout-column fusion_builder_column fusion-builder-column-4 fusion_builder_column_1_1 1_1 fusion-flex-column\" style=\"--awb-bg-size:cover;--awb-width-large:100%;--awb-margin-top-large:0px;--awb-spacing-right-large:1.92%;--awb-margin-bottom-large:0%;--awb-spacing-left-large:1.92%;--awb-width-medium:100%;--awb-order-medium:0;--awb-spacing-right-medium:1.92%;--awb-spacing-left-medium:1.92%;--awb-width-small:100%;--awb-order-small:0;--awb-spacing-right-small:1.92%;--awb-spacing-left-small:1.92%;\"><div class=\"fusion-column-wrapper fusion-column-has-shadow fusion-flex-justify-content-flex-start fusion-content-layout-column\"><div class=\"fusion-title title fusion-title-2 fusion-sep-none fusion-title-center fusion-title-text fusion-title-size-two\" style=\"--awb-text-color:var(--awb-color7);--awb-margin-top-small:0px;--awb-margin-right-small:0px;--awb-margin-bottom-small:10px;--awb-margin-left-small:0px;--awb-margin-bottom-medium:20px;--awb-font-size:32px;\"><h2 class=\"fusion-title-heading title-heading-center fusion-responsive-typography-calculated\" style=\"margin:0;font-size:1em;--fontSize:32;line-height:1.2;\">Produkte<\/h2><\/div><div class=\"fusion-recent-works fusion-portfolio-element fusion-portfolio fusion-portfolio-1 fusion-portfolio-carousel fusion-portfolio-paging-pagination recent-works-carousel portfolio-carousel\" data-id=\"-rw-1\"><div class=\"awb-carousel awb-swiper awb-swiper-carousel fusion-carousel-title-below-image fusion-portfolio-carousel-fixed\" style=\"--awb-columns:3;\" data-metacontent=\"yes\" data-autoplay=\"no\" data-columns=\"3\" data-itemmargin=\"12\" data-itemwidth=\"180\" data-touchscroll=\"yes\" data-imagesize=\"fixed\" data-scrollitems=\"1\"><div class=\"swiper-wrapper\"><div class=\"swiper-slide\"><div class=\"fusion-carousel-item-wrapper\"><div  class=\"fusion-image-wrapper fusion-image-size-fixed\" aria-haspopup=\"true\">\n\t\t\t\t\t\t\t<a href=\"https:\/\/www.compact-kaeltetechnik.de\/de\/anlage\/ejco2\/\" aria-label=\"EJCO2\">\n\t\t\t\t\t\t\t<img decoding=\"async\" width=\"460\" height=\"295\" src=\"https:\/\/www.compact-kaeltetechnik.de\/wp-content\/uploads\/2019\/09\/c-Ejector-460x295.jpg\" data-orig-src=\"https:\/\/www.compact-kaeltetechnik.de\/wp-content\/uploads\/2019\/09\/c-Ejector-460x295.jpg\" class=\"lazyload attachment-portfolio-two size-portfolio-two wp-post-image\" alt=\"\" srcset=\"data:image\/svg+xml,%3Csvg%20xmlns%3D%27http%3A%2F%2Fwww.w3.org%2F2000%2Fsvg%27%20width%3D%27460%27%20height%3D%27295%27%20viewBox%3D%270%200%20460%20295%27%3E%3Crect%20width%3D%27460%27%20height%3D%27295%27%20fill-opacity%3D%220%22%2F%3E%3C%2Fsvg%3E\" data-srcset=\"https:\/\/www.compact-kaeltetechnik.de\/wp-content\/uploads\/2019\/09\/c-Ejector-200x127.jpg 200w, https:\/\/www.compact-kaeltetechnik.de\/wp-content\/uploads\/2019\/09\/c-Ejector-460x295.jpg 460w\" data-sizes=\"auto\" data-orig-sizes=\"(max-width: 460px) 100vw, 460px\" \/>\t\t\t<\/a>\n\t\t\t\t\t\t\t<\/div>\n<h4 class=\"fusion-carousel-title\"><a href=\"https:\/\/www.compact-kaeltetechnik.de\/de\/anlage\/ejco2\/\" target=\"_self\">EJCO2<\/a><\/h4><div class=\"fusion-carousel-meta\"><a href=\"https:\/\/www.compact-kaeltetechnik.de\/de\/kategorie\/co2-standard\/\" rel=\"tag\">CO2 Standardl\u00f6sungen<\/a>, <a href=\"https:\/\/www.compact-kaeltetechnik.de\/de\/kategorie\/ergaenzungsprogramm\/\" rel=\"tag\">Erg\u00e4nzungsprogramm<\/a><\/div><\/div><\/div><div class=\"swiper-slide\"><div class=\"fusion-carousel-item-wrapper\"><div  class=\"fusion-image-wrapper fusion-image-size-fixed\" aria-haspopup=\"true\">\n\t\t\t\t\t\t\t<a href=\"https:\/\/www.compact-kaeltetechnik.de\/de\/anlage\/co2-c-ejector\/\" aria-label=\"*c-Ejector\">\n\t\t\t\t\t\t\t<img decoding=\"async\" width=\"460\" height=\"295\" src=\"https:\/\/www.compact-kaeltetechnik.de\/wp-content\/uploads\/2019\/09\/c-Ejector-460x295.jpg\" data-orig-src=\"https:\/\/www.compact-kaeltetechnik.de\/wp-content\/uploads\/2019\/09\/c-Ejector-460x295.jpg\" class=\"lazyload attachment-portfolio-two size-portfolio-two wp-post-image\" alt=\"\" srcset=\"data:image\/svg+xml,%3Csvg%20xmlns%3D%27http%3A%2F%2Fwww.w3.org%2F2000%2Fsvg%27%20width%3D%27460%27%20height%3D%27295%27%20viewBox%3D%270%200%20460%20295%27%3E%3Crect%20width%3D%27460%27%20height%3D%27295%27%20fill-opacity%3D%220%22%2F%3E%3C%2Fsvg%3E\" data-srcset=\"https:\/\/www.compact-kaeltetechnik.de\/wp-content\/uploads\/2019\/09\/c-Ejector-200x127.jpg 200w, https:\/\/www.compact-kaeltetechnik.de\/wp-content\/uploads\/2019\/09\/c-Ejector-460x295.jpg 460w\" data-sizes=\"auto\" data-orig-sizes=\"(max-width: 460px) 100vw, 460px\" \/>\t\t\t<\/a>\n\t\t\t\t\t\t\t<\/div>\n<h4 class=\"fusion-carousel-title\"><a href=\"https:\/\/www.compact-kaeltetechnik.de\/de\/anlage\/co2-c-ejector\/\" target=\"_self\">*c-Ejector<\/a><\/h4><div class=\"fusion-carousel-meta\"><a href=\"https:\/\/www.compact-kaeltetechnik.de\/de\/kategorie\/co2-standard\/\" rel=\"tag\">CO2 Standardl\u00f6sungen<\/a>, <a href=\"https:\/\/www.compact-kaeltetechnik.de\/de\/kategorie\/ergaenzungsprogramm\/\" rel=\"tag\">Erg\u00e4nzungsprogramm<\/a><\/div><\/div><\/div><div class=\"swiper-slide\"><div class=\"fusion-carousel-item-wrapper\"><div  class=\"fusion-image-wrapper fusion-image-size-fixed\" aria-haspopup=\"true\">\n\t\t\t\t\t\t\t<a href=\"https:\/\/www.compact-kaeltetechnik.de\/de\/anlage\/carbo-box\/\" aria-label=\"*carbo-Box\">\n\t\t\t\t\t\t\t<img decoding=\"async\" width=\"460\" height=\"295\" src=\"data:image\/svg+xml,%3Csvg%20xmlns%3D%27http%3A%2F%2Fwww.w3.org%2F2000%2Fsvg%27%20width%3D%27460%27%20height%3D%27295%27%20viewBox%3D%270%200%20460%20295%27%3E%3Crect%20width%3D%27460%27%20height%3D%27295%27%20fill-opacity%3D%220%22%2F%3E%3C%2Fsvg%3E\" data-orig-src=\"https:\/\/www.compact-kaeltetechnik.de\/wp-content\/uploads\/2019\/09\/carboBox_Aussengehaeuse_RGB-webseite3-460x295.jpg\" class=\"lazyload attachment-portfolio-two size-portfolio-two wp-post-image\" alt=\"\" \/>\t\t\t<\/a>\n\t\t\t\t\t\t\t<\/div>\n<h4 class=\"fusion-carousel-title\"><a href=\"https:\/\/www.compact-kaeltetechnik.de\/de\/anlage\/carbo-box\/\" target=\"_self\">*carbo-Box<\/a><\/h4><div class=\"fusion-carousel-meta\"><a href=\"https:\/\/www.compact-kaeltetechnik.de\/de\/kategorie\/co2-standard\/\" rel=\"tag\">CO2 Standardl\u00f6sungen<\/a>, <a href=\"https:\/\/www.compact-kaeltetechnik.de\/de\/kategorie\/gewerbekuehlung-standard\/\" rel=\"tag\">Gewerbek\u00fchlung Standardl\u00f6sungen<\/a>, <a href=\"https:\/\/www.compact-kaeltetechnik.de\/de\/kategorie\/standardloesungen\/\" rel=\"tag\">Standardl\u00f6sungen<\/a>, <a href=\"https:\/\/www.compact-kaeltetechnik.de\/de\/kategorie\/supermarktkuehlung-standard\/\" rel=\"tag\">Supermarktk\u00fchlung Standardl\u00f6sungen<\/a><\/div><\/div><\/div><div class=\"swiper-slide\"><div class=\"fusion-carousel-item-wrapper\"><div  class=\"fusion-image-wrapper fusion-image-size-fixed\" aria-haspopup=\"true\">\n\t\t\t\t\t\t\t<a href=\"https:\/\/www.compact-kaeltetechnik.de\/de\/anlage\/carbo-chill\/\" aria-label=\"*carbo-Chill\">\n\t\t\t\t\t\t\t<img decoding=\"async\" width=\"460\" height=\"295\" src=\"https:\/\/www.compact-kaeltetechnik.de\/wp-content\/uploads\/2020\/10\/CO2-Kaltwassersatz-460x295.jpg\" data-orig-src=\"https:\/\/www.compact-kaeltetechnik.de\/wp-content\/uploads\/2020\/10\/CO2-Kaltwassersatz-460x295.jpg\" class=\"lazyload attachment-portfolio-two size-portfolio-two wp-post-image\" alt=\"CO2 Kaltwassersatz\" srcset=\"data:image\/svg+xml,%3Csvg%20xmlns%3D%27http%3A%2F%2Fwww.w3.org%2F2000%2Fsvg%27%20width%3D%27460%27%20height%3D%27295%27%20viewBox%3D%270%200%20460%20295%27%3E%3Crect%20width%3D%27460%27%20height%3D%27295%27%20fill-opacity%3D%220%22%2F%3E%3C%2Fsvg%3E\" data-srcset=\"https:\/\/www.compact-kaeltetechnik.de\/wp-content\/uploads\/2020\/10\/CO2-Kaltwassersatz-200x127.jpg 200w, https:\/\/www.compact-kaeltetechnik.de\/wp-content\/uploads\/2020\/10\/CO2-Kaltwassersatz-460x295.jpg 460w\" data-sizes=\"auto\" data-orig-sizes=\"(max-width: 460px) 100vw, 460px\" \/>\t\t\t<\/a>\n\t\t\t\t\t\t\t<\/div>\n<h4 class=\"fusion-carousel-title\"><a href=\"https:\/\/www.compact-kaeltetechnik.de\/de\/anlage\/carbo-chill\/\" target=\"_self\">*carbo-Chill<\/a><\/h4><div class=\"fusion-carousel-meta\"><a href=\"https:\/\/www.compact-kaeltetechnik.de\/de\/kategorie\/co2-standard\/\" rel=\"tag\">CO2 Standardl\u00f6sungen<\/a>, <a href=\"https:\/\/www.compact-kaeltetechnik.de\/de\/kategorie\/gewerbekuehlung-standard\/\" rel=\"tag\">Gewerbek\u00fchlung Standardl\u00f6sungen<\/a>, <a href=\"https:\/\/www.compact-kaeltetechnik.de\/de\/kategorie\/industriekuehlung-standard\/\" rel=\"tag\">Industriek\u00fchlung Standardl\u00f6sungen<\/a>, <a href=\"https:\/\/www.compact-kaeltetechnik.de\/de\/kategorie\/kaltwassersaetze\/\" rel=\"tag\">Kaltwassers\u00e4tze<\/a>, <a href=\"https:\/\/www.compact-kaeltetechnik.de\/de\/kategorie\/lebensmittelkuehlung-standard\/\" rel=\"tag\">Lebensmittelk\u00fchlung Standardl\u00f6sungen<\/a>, <a href=\"https:\/\/www.compact-kaeltetechnik.de\/de\/kategorie\/standardloesungen\/\" rel=\"tag\">Standardl\u00f6sungen<\/a><\/div><\/div><\/div><div class=\"swiper-slide\"><div class=\"fusion-carousel-item-wrapper\"><div  class=\"fusion-image-wrapper fusion-image-size-fixed\" aria-haspopup=\"true\">\n\t\t\t\t\t\t\t<a href=\"https:\/\/www.compact-kaeltetechnik.de\/de\/anlage\/carbo-freeze\/\" aria-label=\"*carbo-Freeze\">\n\t\t\t\t\t\t\t<img decoding=\"async\" width=\"460\" height=\"295\" src=\"https:\/\/www.compact-kaeltetechnik.de\/wp-content\/uploads\/2020\/10\/CO2-TK-Kaskade-460x295.jpg\" data-orig-src=\"https:\/\/www.compact-kaeltetechnik.de\/wp-content\/uploads\/2020\/10\/CO2-TK-Kaskade-460x295.jpg\" class=\"lazyload attachment-portfolio-two size-portfolio-two wp-post-image\" alt=\"\" srcset=\"data:image\/svg+xml,%3Csvg%20xmlns%3D%27http%3A%2F%2Fwww.w3.org%2F2000%2Fsvg%27%20width%3D%27460%27%20height%3D%27295%27%20viewBox%3D%270%200%20460%20295%27%3E%3Crect%20width%3D%27460%27%20height%3D%27295%27%20fill-opacity%3D%220%22%2F%3E%3C%2Fsvg%3E\" data-srcset=\"https:\/\/www.compact-kaeltetechnik.de\/wp-content\/uploads\/2020\/10\/CO2-TK-Kaskade-200x127.jpg 200w, https:\/\/www.compact-kaeltetechnik.de\/wp-content\/uploads\/2020\/10\/CO2-TK-Kaskade-460x295.jpg 460w\" data-sizes=\"auto\" data-orig-sizes=\"(max-width: 460px) 100vw, 460px\" \/>\t\t\t<\/a>\n\t\t\t\t\t\t\t<\/div>\n<h4 class=\"fusion-carousel-title\"><a href=\"https:\/\/www.compact-kaeltetechnik.de\/de\/anlage\/carbo-freeze\/\" target=\"_self\">*carbo-Freeze<\/a><\/h4><div class=\"fusion-carousel-meta\"><a href=\"https:\/\/www.compact-kaeltetechnik.de\/de\/kategorie\/co2-standard\/\" rel=\"tag\">CO2 Standardl\u00f6sungen<\/a>, <a href=\"https:\/\/www.compact-kaeltetechnik.de\/de\/kategorie\/industriekuehlung-standard\/\" rel=\"tag\">Industriek\u00fchlung Standardl\u00f6sungen<\/a>, <a href=\"https:\/\/www.compact-kaeltetechnik.de\/de\/kategorie\/standardloesungen\/\" rel=\"tag\">Standardl\u00f6sungen<\/a><\/div><\/div><\/div><div class=\"swiper-slide\"><div class=\"fusion-carousel-item-wrapper\"><div  class=\"fusion-image-wrapper fusion-image-size-fixed\" aria-haspopup=\"true\">\n\t\t\t\t\t\t\t<a href=\"https:\/\/www.compact-kaeltetechnik.de\/de\/anlage\/carbo-rack-xl\/\" aria-label=\"*carbo-Rack XL\">\n\t\t\t\t\t\t\t<img decoding=\"async\" width=\"460\" height=\"295\" src=\"https:\/\/www.compact-kaeltetechnik.de\/wp-content\/uploads\/2020\/10\/190741_webseite-460x295.jpg\" data-orig-src=\"https:\/\/www.compact-kaeltetechnik.de\/wp-content\/uploads\/2020\/10\/190741_webseite-460x295.jpg\" class=\"lazyload attachment-portfolio-two size-portfolio-two wp-post-image\" alt=\"\" srcset=\"data:image\/svg+xml,%3Csvg%20xmlns%3D%27http%3A%2F%2Fwww.w3.org%2F2000%2Fsvg%27%20width%3D%27460%27%20height%3D%27295%27%20viewBox%3D%270%200%20460%20295%27%3E%3Crect%20width%3D%27460%27%20height%3D%27295%27%20fill-opacity%3D%220%22%2F%3E%3C%2Fsvg%3E\" data-srcset=\"https:\/\/www.compact-kaeltetechnik.de\/wp-content\/uploads\/2020\/10\/190741_webseite-200x127.jpg 200w, https:\/\/www.compact-kaeltetechnik.de\/wp-content\/uploads\/2020\/10\/190741_webseite-460x295.jpg 460w\" data-sizes=\"auto\" data-orig-sizes=\"(max-width: 460px) 100vw, 460px\" \/>\t\t\t<\/a>\n\t\t\t\t\t\t\t<\/div>\n<h4 class=\"fusion-carousel-title\"><a href=\"https:\/\/www.compact-kaeltetechnik.de\/de\/anlage\/carbo-rack-xl\/\" target=\"_self\">*carbo-Rack XL<\/a><\/h4><div class=\"fusion-carousel-meta\"><a href=\"https:\/\/www.compact-kaeltetechnik.de\/de\/kategorie\/co2-booster\/\" rel=\"tag\">CO2 Booster<\/a>, <a href=\"https:\/\/www.compact-kaeltetechnik.de\/de\/kategorie\/co2-standard\/\" rel=\"tag\">CO2 Standardl\u00f6sungen<\/a>, <a href=\"https:\/\/www.compact-kaeltetechnik.de\/de\/kategorie\/container-gehaeuseloesungen\/\" rel=\"tag\">Container- und Geh\u00e4usel\u00f6sungen<\/a>, <a href=\"https:\/\/www.compact-kaeltetechnik.de\/de\/kategorie\/standardloesungen\/\" rel=\"tag\">Standardl\u00f6sungen<\/a>, <a href=\"https:\/\/www.compact-kaeltetechnik.de\/de\/kategorie\/supermarktkuehlung-standard\/\" rel=\"tag\">Supermarktk\u00fchlung Standardl\u00f6sungen<\/a><\/div><\/div><\/div><div class=\"swiper-slide\"><div class=\"fusion-carousel-item-wrapper\"><div  class=\"fusion-image-wrapper fusion-image-size-fixed\" aria-haspopup=\"true\">\n\t\t\t\t\t\t\t<a href=\"https:\/\/www.compact-kaeltetechnik.de\/de\/anlage\/carbo-rack\/\" aria-label=\"*carbo-Rack\">\n\t\t\t\t\t\t\t<img decoding=\"async\" width=\"460\" height=\"295\" src=\"https:\/\/www.compact-kaeltetechnik.de\/wp-content\/uploads\/2018\/06\/carbo-Rack-460x295.jpg\" data-orig-src=\"https:\/\/www.compact-kaeltetechnik.de\/wp-content\/uploads\/2018\/06\/carbo-Rack-460x295.jpg\" class=\"lazyload attachment-portfolio-two size-portfolio-two wp-post-image\" alt=\"CO2 K\u00e4lteanlage\" srcset=\"data:image\/svg+xml,%3Csvg%20xmlns%3D%27http%3A%2F%2Fwww.w3.org%2F2000%2Fsvg%27%20width%3D%27460%27%20height%3D%27295%27%20viewBox%3D%270%200%20460%20295%27%3E%3Crect%20width%3D%27460%27%20height%3D%27295%27%20fill-opacity%3D%220%22%2F%3E%3C%2Fsvg%3E\" data-srcset=\"https:\/\/www.compact-kaeltetechnik.de\/wp-content\/uploads\/2018\/06\/carbo-Rack-200x127.jpg 200w, https:\/\/www.compact-kaeltetechnik.de\/wp-content\/uploads\/2018\/06\/carbo-Rack-460x295.jpg 460w\" data-sizes=\"auto\" data-orig-sizes=\"(max-width: 460px) 100vw, 460px\" \/>\t\t\t<\/a>\n\t\t\t\t\t\t\t<\/div>\n<h4 class=\"fusion-carousel-title\"><a href=\"https:\/\/www.compact-kaeltetechnik.de\/de\/anlage\/carbo-rack\/\" target=\"_self\">*carbo-Rack<\/a><\/h4><div class=\"fusion-carousel-meta\"><a href=\"https:\/\/www.compact-kaeltetechnik.de\/de\/kategorie\/co2-standard\/\" rel=\"tag\">CO2 Standardl\u00f6sungen<\/a>, <a href=\"https:\/\/www.compact-kaeltetechnik.de\/de\/kategorie\/standardloesungen\/\" rel=\"tag\">Standardl\u00f6sungen<\/a>, <a href=\"https:\/\/www.compact-kaeltetechnik.de\/de\/kategorie\/supermarktkuehlung-standard\/\" rel=\"tag\">Supermarktk\u00fchlung Standardl\u00f6sungen<\/a><\/div><\/div><\/div><div class=\"swiper-slide\"><div class=\"fusion-carousel-item-wrapper\"><div  class=\"fusion-image-wrapper fusion-image-size-fixed\" aria-haspopup=\"true\">\n\t\t\t\t\t\t\t<a href=\"https:\/\/www.compact-kaeltetechnik.de\/de\/anlage\/carbo-line\/\" aria-label=\"*carbo-Line\">\n\t\t\t\t\t\t\t<img decoding=\"async\" width=\"460\" height=\"295\" src=\"https:\/\/www.compact-kaeltetechnik.de\/wp-content\/uploads\/2019\/04\/carbo-Line-460x295.jpg\" data-orig-src=\"https:\/\/www.compact-kaeltetechnik.de\/wp-content\/uploads\/2019\/04\/carbo-Line-460x295.jpg\" class=\"lazyload attachment-portfolio-two size-portfolio-two wp-post-image\" alt=\"\" srcset=\"data:image\/svg+xml,%3Csvg%20xmlns%3D%27http%3A%2F%2Fwww.w3.org%2F2000%2Fsvg%27%20width%3D%27460%27%20height%3D%27295%27%20viewBox%3D%270%200%20460%20295%27%3E%3Crect%20width%3D%27460%27%20height%3D%27295%27%20fill-opacity%3D%220%22%2F%3E%3C%2Fsvg%3E\" data-srcset=\"https:\/\/www.compact-kaeltetechnik.de\/wp-content\/uploads\/2019\/04\/carbo-Line-200x127.jpg 200w, https:\/\/www.compact-kaeltetechnik.de\/wp-content\/uploads\/2019\/04\/carbo-Line-460x295.jpg 460w\" data-sizes=\"auto\" data-orig-sizes=\"(max-width: 460px) 100vw, 460px\" \/>\t\t\t<\/a>\n\t\t\t\t\t\t\t<\/div>\n<h4 class=\"fusion-carousel-title\"><a href=\"https:\/\/www.compact-kaeltetechnik.de\/de\/anlage\/carbo-line\/\" target=\"_self\">*carbo-Line<\/a><\/h4><div class=\"fusion-carousel-meta\"><a href=\"https:\/\/www.compact-kaeltetechnik.de\/de\/kategorie\/co2-standard\/\" rel=\"tag\">CO2 Standardl\u00f6sungen<\/a>, <a href=\"https:\/\/www.compact-kaeltetechnik.de\/de\/kategorie\/lebensmittelkuehlung-standard\/\" rel=\"tag\">Lebensmittelk\u00fchlung Standardl\u00f6sungen<\/a>, <a href=\"https:\/\/www.compact-kaeltetechnik.de\/de\/kategorie\/standardloesungen\/\" rel=\"tag\">Standardl\u00f6sungen<\/a>, <a href=\"https:\/\/www.compact-kaeltetechnik.de\/de\/kategorie\/supermarktkuehlung-standard\/\" rel=\"tag\">Supermarktk\u00fchlung Standardl\u00f6sungen<\/a><\/div><\/div><\/div><\/div><div class=\"awb-swiper-button awb-swiper-button-prev\"><i class=\"awb-icon-angle-left\" aria-hidden=\"true\"><\/i><\/div><div class=\"awb-swiper-button awb-swiper-button-next\"><i class=\"awb-icon-angle-right\" aria-hidden=\"true\"><\/i><\/div><\/div><\/div><\/div><\/div><\/div><\/div><div class=\"fusion-fullwidth fullwidth-box fusion-builder-row-4 fusion-flex-container has-pattern-background has-mask-background nonhundred-percent-fullwidth non-hundred-percent-height-scrolling fusion-no-medium-visibility fusion-no-large-visibility\" style=\"--awb-border-radius-top-left:0px;--awb-border-radius-top-right:0px;--awb-border-radius-bottom-right:0px;--awb-border-radius-bottom-left:0px;--awb-padding-top:60px;--awb-padding-bottom:0px;--awb-padding-top-small:0px;--awb-flex-wrap:wrap;\" ><div class=\"fusion-builder-row fusion-row fusion-flex-align-items-flex-start fusion-flex-content-wrap\" style=\"max-width:1248px;margin-left: calc(-4% \/ 2 );margin-right: calc(-4% \/ 2 );\"><div class=\"fusion-layout-column fusion_builder_column fusion-builder-column-5 fusion_builder_column_1_1 1_1 fusion-flex-column\" style=\"--awb-bg-size:cover;--awb-width-large:100%;--awb-margin-top-large:0px;--awb-spacing-right-large:1.92%;--awb-margin-bottom-large:0%;--awb-spacing-left-large:1.92%;--awb-width-medium:100%;--awb-order-medium:0;--awb-spacing-right-medium:1.92%;--awb-spacing-left-medium:1.92%;--awb-width-small:100%;--awb-order-small:0;--awb-spacing-right-small:1.92%;--awb-spacing-left-small:1.92%;\"><div class=\"fusion-column-wrapper fusion-column-has-shadow fusion-flex-justify-content-flex-start fusion-content-layout-column\"><div class=\"fusion-title title fusion-title-3 fusion-sep-none fusion-title-center fusion-title-text fusion-title-size-two\" style=\"--awb-text-color:var(--awb-color7);--awb-margin-top-small:0px;--awb-margin-right-small:0px;--awb-margin-bottom-small:10px;--awb-margin-left-small:0px;--awb-margin-bottom-medium:20px;--awb-font-size:32px;\"><h2 class=\"fusion-title-heading title-heading-center fusion-responsive-typography-calculated\" style=\"margin:0;font-size:1em;--fontSize:32;line-height:1.2;\">Produkte<\/h2><\/div><div class=\"fusion-recent-works fusion-portfolio-element fusion-portfolio fusion-portfolio-2 fusion-portfolio-carousel fusion-portfolio-paging-pagination recent-works-carousel portfolio-carousel\" data-id=\"-rw-2\"><div class=\"awb-carousel awb-swiper awb-swiper-carousel fusion-carousel-title-below-image fusion-portfolio-carousel-fixed\" style=\"--awb-columns:1;\" data-metacontent=\"yes\" data-autoplay=\"no\" data-columns=\"1\" data-itemmargin=\"12\" data-itemwidth=\"180\" data-touchscroll=\"yes\" data-imagesize=\"fixed\" data-scrollitems=\"1\"><div class=\"swiper-wrapper\"><div class=\"swiper-slide\"><div class=\"fusion-carousel-item-wrapper\"><div  class=\"fusion-image-wrapper fusion-image-size-fixed\" aria-haspopup=\"true\">\n\t\t\t\t\t\t\t<a href=\"https:\/\/www.compact-kaeltetechnik.de\/de\/anlage\/ejco2\/\" aria-label=\"EJCO2\">\n\t\t\t\t\t\t\t<img decoding=\"async\" width=\"460\" height=\"295\" src=\"https:\/\/www.compact-kaeltetechnik.de\/wp-content\/uploads\/2019\/09\/c-Ejector-460x295.jpg\" data-orig-src=\"https:\/\/www.compact-kaeltetechnik.de\/wp-content\/uploads\/2019\/09\/c-Ejector-460x295.jpg\" class=\"lazyload attachment-portfolio-two size-portfolio-two wp-post-image\" alt=\"\" srcset=\"data:image\/svg+xml,%3Csvg%20xmlns%3D%27http%3A%2F%2Fwww.w3.org%2F2000%2Fsvg%27%20width%3D%27460%27%20height%3D%27295%27%20viewBox%3D%270%200%20460%20295%27%3E%3Crect%20width%3D%27460%27%20height%3D%27295%27%20fill-opacity%3D%220%22%2F%3E%3C%2Fsvg%3E\" data-srcset=\"https:\/\/www.compact-kaeltetechnik.de\/wp-content\/uploads\/2019\/09\/c-Ejector-200x127.jpg 200w, https:\/\/www.compact-kaeltetechnik.de\/wp-content\/uploads\/2019\/09\/c-Ejector-460x295.jpg 460w\" data-sizes=\"auto\" data-orig-sizes=\"(max-width: 460px) 100vw, 460px\" \/>\t\t\t<\/a>\n\t\t\t\t\t\t\t<\/div>\n<h4 class=\"fusion-carousel-title\"><a href=\"https:\/\/www.compact-kaeltetechnik.de\/de\/anlage\/ejco2\/\" target=\"_self\">EJCO2<\/a><\/h4><div class=\"fusion-carousel-meta\"><a href=\"https:\/\/www.compact-kaeltetechnik.de\/de\/kategorie\/co2-standard\/\" rel=\"tag\">CO2 Standardl\u00f6sungen<\/a>, <a href=\"https:\/\/www.compact-kaeltetechnik.de\/de\/kategorie\/ergaenzungsprogramm\/\" rel=\"tag\">Erg\u00e4nzungsprogramm<\/a><\/div><\/div><\/div><div class=\"swiper-slide\"><div class=\"fusion-carousel-item-wrapper\"><div  class=\"fusion-image-wrapper fusion-image-size-fixed\" aria-haspopup=\"true\">\n\t\t\t\t\t\t\t<a href=\"https:\/\/www.compact-kaeltetechnik.de\/de\/anlage\/co2-c-ejector\/\" aria-label=\"*c-Ejector\">\n\t\t\t\t\t\t\t<img decoding=\"async\" width=\"460\" height=\"295\" src=\"https:\/\/www.compact-kaeltetechnik.de\/wp-content\/uploads\/2019\/09\/c-Ejector-460x295.jpg\" data-orig-src=\"https:\/\/www.compact-kaeltetechnik.de\/wp-content\/uploads\/2019\/09\/c-Ejector-460x295.jpg\" class=\"lazyload attachment-portfolio-two size-portfolio-two wp-post-image\" alt=\"\" srcset=\"data:image\/svg+xml,%3Csvg%20xmlns%3D%27http%3A%2F%2Fwww.w3.org%2F2000%2Fsvg%27%20width%3D%27460%27%20height%3D%27295%27%20viewBox%3D%270%200%20460%20295%27%3E%3Crect%20width%3D%27460%27%20height%3D%27295%27%20fill-opacity%3D%220%22%2F%3E%3C%2Fsvg%3E\" data-srcset=\"https:\/\/www.compact-kaeltetechnik.de\/wp-content\/uploads\/2019\/09\/c-Ejector-200x127.jpg 200w, https:\/\/www.compact-kaeltetechnik.de\/wp-content\/uploads\/2019\/09\/c-Ejector-460x295.jpg 460w\" data-sizes=\"auto\" data-orig-sizes=\"(max-width: 460px) 100vw, 460px\" \/>\t\t\t<\/a>\n\t\t\t\t\t\t\t<\/div>\n<h4 class=\"fusion-carousel-title\"><a href=\"https:\/\/www.compact-kaeltetechnik.de\/de\/anlage\/co2-c-ejector\/\" target=\"_self\">*c-Ejector<\/a><\/h4><div class=\"fusion-carousel-meta\"><a href=\"https:\/\/www.compact-kaeltetechnik.de\/de\/kategorie\/co2-standard\/\" rel=\"tag\">CO2 Standardl\u00f6sungen<\/a>, <a href=\"https:\/\/www.compact-kaeltetechnik.de\/de\/kategorie\/ergaenzungsprogramm\/\" rel=\"tag\">Erg\u00e4nzungsprogramm<\/a><\/div><\/div><\/div><div class=\"swiper-slide\"><div class=\"fusion-carousel-item-wrapper\"><div  class=\"fusion-image-wrapper fusion-image-size-fixed\" aria-haspopup=\"true\">\n\t\t\t\t\t\t\t<a href=\"https:\/\/www.compact-kaeltetechnik.de\/de\/anlage\/carbo-box\/\" aria-label=\"*carbo-Box\">\n\t\t\t\t\t\t\t<img decoding=\"async\" width=\"460\" height=\"295\" src=\"data:image\/svg+xml,%3Csvg%20xmlns%3D%27http%3A%2F%2Fwww.w3.org%2F2000%2Fsvg%27%20width%3D%27460%27%20height%3D%27295%27%20viewBox%3D%270%200%20460%20295%27%3E%3Crect%20width%3D%27460%27%20height%3D%27295%27%20fill-opacity%3D%220%22%2F%3E%3C%2Fsvg%3E\" data-orig-src=\"https:\/\/www.compact-kaeltetechnik.de\/wp-content\/uploads\/2019\/09\/carboBox_Aussengehaeuse_RGB-webseite3-460x295.jpg\" class=\"lazyload attachment-portfolio-two size-portfolio-two wp-post-image\" alt=\"\" \/>\t\t\t<\/a>\n\t\t\t\t\t\t\t<\/div>\n<h4 class=\"fusion-carousel-title\"><a href=\"https:\/\/www.compact-kaeltetechnik.de\/de\/anlage\/carbo-box\/\" target=\"_self\">*carbo-Box<\/a><\/h4><div class=\"fusion-carousel-meta\"><a href=\"https:\/\/www.compact-kaeltetechnik.de\/de\/kategorie\/co2-standard\/\" rel=\"tag\">CO2 Standardl\u00f6sungen<\/a>, <a href=\"https:\/\/www.compact-kaeltetechnik.de\/de\/kategorie\/gewerbekuehlung-standard\/\" rel=\"tag\">Gewerbek\u00fchlung Standardl\u00f6sungen<\/a>, <a href=\"https:\/\/www.compact-kaeltetechnik.de\/de\/kategorie\/standardloesungen\/\" rel=\"tag\">Standardl\u00f6sungen<\/a>, <a href=\"https:\/\/www.compact-kaeltetechnik.de\/de\/kategorie\/supermarktkuehlung-standard\/\" rel=\"tag\">Supermarktk\u00fchlung Standardl\u00f6sungen<\/a><\/div><\/div><\/div><div class=\"swiper-slide\"><div class=\"fusion-carousel-item-wrapper\"><div  class=\"fusion-image-wrapper fusion-image-size-fixed\" aria-haspopup=\"true\">\n\t\t\t\t\t\t\t<a href=\"https:\/\/www.compact-kaeltetechnik.de\/de\/anlage\/carbo-chill\/\" aria-label=\"*carbo-Chill\">\n\t\t\t\t\t\t\t<img decoding=\"async\" width=\"460\" height=\"295\" src=\"https:\/\/www.compact-kaeltetechnik.de\/wp-content\/uploads\/2020\/10\/CO2-Kaltwassersatz-460x295.jpg\" data-orig-src=\"https:\/\/www.compact-kaeltetechnik.de\/wp-content\/uploads\/2020\/10\/CO2-Kaltwassersatz-460x295.jpg\" class=\"lazyload attachment-portfolio-two size-portfolio-two wp-post-image\" alt=\"CO2 Kaltwassersatz\" srcset=\"data:image\/svg+xml,%3Csvg%20xmlns%3D%27http%3A%2F%2Fwww.w3.org%2F2000%2Fsvg%27%20width%3D%27460%27%20height%3D%27295%27%20viewBox%3D%270%200%20460%20295%27%3E%3Crect%20width%3D%27460%27%20height%3D%27295%27%20fill-opacity%3D%220%22%2F%3E%3C%2Fsvg%3E\" data-srcset=\"https:\/\/www.compact-kaeltetechnik.de\/wp-content\/uploads\/2020\/10\/CO2-Kaltwassersatz-200x127.jpg 200w, https:\/\/www.compact-kaeltetechnik.de\/wp-content\/uploads\/2020\/10\/CO2-Kaltwassersatz-460x295.jpg 460w\" data-sizes=\"auto\" data-orig-sizes=\"(max-width: 460px) 100vw, 460px\" \/>\t\t\t<\/a>\n\t\t\t\t\t\t\t<\/div>\n<h4 class=\"fusion-carousel-title\"><a href=\"https:\/\/www.compact-kaeltetechnik.de\/de\/anlage\/carbo-chill\/\" target=\"_self\">*carbo-Chill<\/a><\/h4><div class=\"fusion-carousel-meta\"><a href=\"https:\/\/www.compact-kaeltetechnik.de\/de\/kategorie\/co2-standard\/\" rel=\"tag\">CO2 Standardl\u00f6sungen<\/a>, <a href=\"https:\/\/www.compact-kaeltetechnik.de\/de\/kategorie\/gewerbekuehlung-standard\/\" rel=\"tag\">Gewerbek\u00fchlung Standardl\u00f6sungen<\/a>, <a href=\"https:\/\/www.compact-kaeltetechnik.de\/de\/kategorie\/industriekuehlung-standard\/\" rel=\"tag\">Industriek\u00fchlung Standardl\u00f6sungen<\/a>, <a href=\"https:\/\/www.compact-kaeltetechnik.de\/de\/kategorie\/kaltwassersaetze\/\" rel=\"tag\">Kaltwassers\u00e4tze<\/a>, <a href=\"https:\/\/www.compact-kaeltetechnik.de\/de\/kategorie\/lebensmittelkuehlung-standard\/\" rel=\"tag\">Lebensmittelk\u00fchlung Standardl\u00f6sungen<\/a>, <a href=\"https:\/\/www.compact-kaeltetechnik.de\/de\/kategorie\/standardloesungen\/\" rel=\"tag\">Standardl\u00f6sungen<\/a><\/div><\/div><\/div><div class=\"swiper-slide\"><div class=\"fusion-carousel-item-wrapper\"><div  class=\"fusion-image-wrapper fusion-image-size-fixed\" aria-haspopup=\"true\">\n\t\t\t\t\t\t\t<a href=\"https:\/\/www.compact-kaeltetechnik.de\/de\/anlage\/carbo-freeze\/\" aria-label=\"*carbo-Freeze\">\n\t\t\t\t\t\t\t<img decoding=\"async\" width=\"460\" height=\"295\" src=\"https:\/\/www.compact-kaeltetechnik.de\/wp-content\/uploads\/2020\/10\/CO2-TK-Kaskade-460x295.jpg\" data-orig-src=\"https:\/\/www.compact-kaeltetechnik.de\/wp-content\/uploads\/2020\/10\/CO2-TK-Kaskade-460x295.jpg\" class=\"lazyload attachment-portfolio-two size-portfolio-two wp-post-image\" alt=\"\" srcset=\"data:image\/svg+xml,%3Csvg%20xmlns%3D%27http%3A%2F%2Fwww.w3.org%2F2000%2Fsvg%27%20width%3D%27460%27%20height%3D%27295%27%20viewBox%3D%270%200%20460%20295%27%3E%3Crect%20width%3D%27460%27%20height%3D%27295%27%20fill-opacity%3D%220%22%2F%3E%3C%2Fsvg%3E\" data-srcset=\"https:\/\/www.compact-kaeltetechnik.de\/wp-content\/uploads\/2020\/10\/CO2-TK-Kaskade-200x127.jpg 200w, https:\/\/www.compact-kaeltetechnik.de\/wp-content\/uploads\/2020\/10\/CO2-TK-Kaskade-460x295.jpg 460w\" data-sizes=\"auto\" data-orig-sizes=\"(max-width: 460px) 100vw, 460px\" \/>\t\t\t<\/a>\n\t\t\t\t\t\t\t<\/div>\n<h4 class=\"fusion-carousel-title\"><a href=\"https:\/\/www.compact-kaeltetechnik.de\/de\/anlage\/carbo-freeze\/\" target=\"_self\">*carbo-Freeze<\/a><\/h4><div class=\"fusion-carousel-meta\"><a href=\"https:\/\/www.compact-kaeltetechnik.de\/de\/kategorie\/co2-standard\/\" rel=\"tag\">CO2 Standardl\u00f6sungen<\/a>, <a href=\"https:\/\/www.compact-kaeltetechnik.de\/de\/kategorie\/industriekuehlung-standard\/\" rel=\"tag\">Industriek\u00fchlung Standardl\u00f6sungen<\/a>, <a href=\"https:\/\/www.compact-kaeltetechnik.de\/de\/kategorie\/standardloesungen\/\" rel=\"tag\">Standardl\u00f6sungen<\/a><\/div><\/div><\/div><div class=\"swiper-slide\"><div class=\"fusion-carousel-item-wrapper\"><div  class=\"fusion-image-wrapper fusion-image-size-fixed\" aria-haspopup=\"true\">\n\t\t\t\t\t\t\t<a href=\"https:\/\/www.compact-kaeltetechnik.de\/de\/anlage\/carbo-rack-xl\/\" aria-label=\"*carbo-Rack XL\">\n\t\t\t\t\t\t\t<img decoding=\"async\" width=\"460\" height=\"295\" src=\"https:\/\/www.compact-kaeltetechnik.de\/wp-content\/uploads\/2020\/10\/190741_webseite-460x295.jpg\" data-orig-src=\"https:\/\/www.compact-kaeltetechnik.de\/wp-content\/uploads\/2020\/10\/190741_webseite-460x295.jpg\" class=\"lazyload attachment-portfolio-two size-portfolio-two wp-post-image\" alt=\"\" srcset=\"data:image\/svg+xml,%3Csvg%20xmlns%3D%27http%3A%2F%2Fwww.w3.org%2F2000%2Fsvg%27%20width%3D%27460%27%20height%3D%27295%27%20viewBox%3D%270%200%20460%20295%27%3E%3Crect%20width%3D%27460%27%20height%3D%27295%27%20fill-opacity%3D%220%22%2F%3E%3C%2Fsvg%3E\" data-srcset=\"https:\/\/www.compact-kaeltetechnik.de\/wp-content\/uploads\/2020\/10\/190741_webseite-200x127.jpg 200w, https:\/\/www.compact-kaeltetechnik.de\/wp-content\/uploads\/2020\/10\/190741_webseite-460x295.jpg 460w\" data-sizes=\"auto\" data-orig-sizes=\"(max-width: 460px) 100vw, 460px\" \/>\t\t\t<\/a>\n\t\t\t\t\t\t\t<\/div>\n<h4 class=\"fusion-carousel-title\"><a href=\"https:\/\/www.compact-kaeltetechnik.de\/de\/anlage\/carbo-rack-xl\/\" target=\"_self\">*carbo-Rack XL<\/a><\/h4><div class=\"fusion-carousel-meta\"><a href=\"https:\/\/www.compact-kaeltetechnik.de\/de\/kategorie\/co2-booster\/\" rel=\"tag\">CO2 Booster<\/a>, <a href=\"https:\/\/www.compact-kaeltetechnik.de\/de\/kategorie\/co2-standard\/\" rel=\"tag\">CO2 Standardl\u00f6sungen<\/a>, <a href=\"https:\/\/www.compact-kaeltetechnik.de\/de\/kategorie\/container-gehaeuseloesungen\/\" rel=\"tag\">Container- und Geh\u00e4usel\u00f6sungen<\/a>, <a href=\"https:\/\/www.compact-kaeltetechnik.de\/de\/kategorie\/standardloesungen\/\" rel=\"tag\">Standardl\u00f6sungen<\/a>, <a href=\"https:\/\/www.compact-kaeltetechnik.de\/de\/kategorie\/supermarktkuehlung-standard\/\" rel=\"tag\">Supermarktk\u00fchlung Standardl\u00f6sungen<\/a><\/div><\/div><\/div><div class=\"swiper-slide\"><div class=\"fusion-carousel-item-wrapper\"><div  class=\"fusion-image-wrapper fusion-image-size-fixed\" aria-haspopup=\"true\">\n\t\t\t\t\t\t\t<a href=\"https:\/\/www.compact-kaeltetechnik.de\/de\/anlage\/carbo-rack\/\" aria-label=\"*carbo-Rack\">\n\t\t\t\t\t\t\t<img decoding=\"async\" width=\"460\" height=\"295\" src=\"https:\/\/www.compact-kaeltetechnik.de\/wp-content\/uploads\/2018\/06\/carbo-Rack-460x295.jpg\" data-orig-src=\"https:\/\/www.compact-kaeltetechnik.de\/wp-content\/uploads\/2018\/06\/carbo-Rack-460x295.jpg\" class=\"lazyload attachment-portfolio-two size-portfolio-two wp-post-image\" alt=\"CO2 K\u00e4lteanlage\" srcset=\"data:image\/svg+xml,%3Csvg%20xmlns%3D%27http%3A%2F%2Fwww.w3.org%2F2000%2Fsvg%27%20width%3D%27460%27%20height%3D%27295%27%20viewBox%3D%270%200%20460%20295%27%3E%3Crect%20width%3D%27460%27%20height%3D%27295%27%20fill-opacity%3D%220%22%2F%3E%3C%2Fsvg%3E\" data-srcset=\"https:\/\/www.compact-kaeltetechnik.de\/wp-content\/uploads\/2018\/06\/carbo-Rack-200x127.jpg 200w, https:\/\/www.compact-kaeltetechnik.de\/wp-content\/uploads\/2018\/06\/carbo-Rack-460x295.jpg 460w\" data-sizes=\"auto\" data-orig-sizes=\"(max-width: 460px) 100vw, 460px\" \/>\t\t\t<\/a>\n\t\t\t\t\t\t\t<\/div>\n<h4 class=\"fusion-carousel-title\"><a href=\"https:\/\/www.compact-kaeltetechnik.de\/de\/anlage\/carbo-rack\/\" target=\"_self\">*carbo-Rack<\/a><\/h4><div class=\"fusion-carousel-meta\"><a href=\"https:\/\/www.compact-kaeltetechnik.de\/de\/kategorie\/co2-standard\/\" rel=\"tag\">CO2 Standardl\u00f6sungen<\/a>, <a href=\"https:\/\/www.compact-kaeltetechnik.de\/de\/kategorie\/standardloesungen\/\" rel=\"tag\">Standardl\u00f6sungen<\/a>, <a href=\"https:\/\/www.compact-kaeltetechnik.de\/de\/kategorie\/supermarktkuehlung-standard\/\" rel=\"tag\">Supermarktk\u00fchlung Standardl\u00f6sungen<\/a><\/div><\/div><\/div><div class=\"swiper-slide\"><div class=\"fusion-carousel-item-wrapper\"><div  class=\"fusion-image-wrapper fusion-image-size-fixed\" aria-haspopup=\"true\">\n\t\t\t\t\t\t\t<a href=\"https:\/\/www.compact-kaeltetechnik.de\/de\/anlage\/carbo-line\/\" aria-label=\"*carbo-Line\">\n\t\t\t\t\t\t\t<img decoding=\"async\" width=\"460\" height=\"295\" src=\"https:\/\/www.compact-kaeltetechnik.de\/wp-content\/uploads\/2019\/04\/carbo-Line-460x295.jpg\" data-orig-src=\"https:\/\/www.compact-kaeltetechnik.de\/wp-content\/uploads\/2019\/04\/carbo-Line-460x295.jpg\" class=\"lazyload attachment-portfolio-two size-portfolio-two wp-post-image\" alt=\"\" srcset=\"data:image\/svg+xml,%3Csvg%20xmlns%3D%27http%3A%2F%2Fwww.w3.org%2F2000%2Fsvg%27%20width%3D%27460%27%20height%3D%27295%27%20viewBox%3D%270%200%20460%20295%27%3E%3Crect%20width%3D%27460%27%20height%3D%27295%27%20fill-opacity%3D%220%22%2F%3E%3C%2Fsvg%3E\" data-srcset=\"https:\/\/www.compact-kaeltetechnik.de\/wp-content\/uploads\/2019\/04\/carbo-Line-200x127.jpg 200w, https:\/\/www.compact-kaeltetechnik.de\/wp-content\/uploads\/2019\/04\/carbo-Line-460x295.jpg 460w\" data-sizes=\"auto\" data-orig-sizes=\"(max-width: 460px) 100vw, 460px\" \/>\t\t\t<\/a>\n\t\t\t\t\t\t\t<\/div>\n<h4 class=\"fusion-carousel-title\"><a href=\"https:\/\/www.compact-kaeltetechnik.de\/de\/anlage\/carbo-line\/\" target=\"_self\">*carbo-Line<\/a><\/h4><div class=\"fusion-carousel-meta\"><a href=\"https:\/\/www.compact-kaeltetechnik.de\/de\/kategorie\/co2-standard\/\" rel=\"tag\">CO2 Standardl\u00f6sungen<\/a>, <a href=\"https:\/\/www.compact-kaeltetechnik.de\/de\/kategorie\/lebensmittelkuehlung-standard\/\" rel=\"tag\">Lebensmittelk\u00fchlung Standardl\u00f6sungen<\/a>, <a href=\"https:\/\/www.compact-kaeltetechnik.de\/de\/kategorie\/standardloesungen\/\" rel=\"tag\">Standardl\u00f6sungen<\/a>, <a href=\"https:\/\/www.compact-kaeltetechnik.de\/de\/kategorie\/supermarktkuehlung-standard\/\" rel=\"tag\">Supermarktk\u00fchlung Standardl\u00f6sungen<\/a><\/div><\/div><\/div><\/div><div class=\"awb-swiper-button awb-swiper-button-prev\"><i class=\"awb-icon-angle-left\" aria-hidden=\"true\"><\/i><\/div><div class=\"awb-swiper-button awb-swiper-button-next\"><i class=\"awb-icon-angle-right\" aria-hidden=\"true\"><\/i><\/div><\/div><\/div><\/div><\/div><\/div><\/div><div class=\"fusion-fullwidth fullwidth-box fusion-builder-row-5 fusion-flex-container has-pattern-background has-mask-background nonhundred-percent-fullwidth non-hundred-percent-height-scrolling fusion-no-small-visibility refer2\" style=\"--awb-border-radius-top-left:0px;--awb-border-radius-top-right:0px;--awb-border-radius-bottom-right:0px;--awb-border-radius-bottom-left:0px;--awb-padding-top:0px;--awb-margin-bottom:-60px;--awb-margin-top-medium:-20px;--awb-margin-bottom-medium:-200px;--awb-margin-top-small:-50px;--awb-flex-wrap:wrap;\" ><div class=\"fusion-builder-row fusion-row fusion-flex-align-items-flex-start fusion-flex-content-wrap\" style=\"max-width:1248px;margin-left: calc(-4% \/ 2 );margin-right: calc(-4% \/ 2 );\"><div class=\"fusion-layout-column fusion_builder_column fusion-builder-column-6 fusion_builder_column_1_1 1_1 fusion-flex-column referenz_lk\" style=\"--awb-bg-size:cover;--awb-width-large:100%;--awb-margin-top-large:0px;--awb-spacing-right-large:1.92%;--awb-margin-bottom-large:0px;--awb-spacing-left-large:1.92%;--awb-width-medium:100%;--awb-order-medium:0;--awb-spacing-right-medium:1.92%;--awb-spacing-left-medium:1.92%;--awb-width-small:100%;--awb-order-small:0;--awb-spacing-right-small:1.92%;--awb-spacing-left-small:1.92%;\"><div class=\"fusion-column-wrapper fusion-column-has-shadow fusion-flex-justify-content-flex-start fusion-content-layout-column\"><div class=\"fusion-title title fusion-title-4 fusion-sep-none fusion-title-center fusion-title-text fusion-title-size-two\" style=\"--awb-text-color:var(--awb-color7);--awb-margin-top-small:0px;--awb-margin-right-small:0px;--awb-margin-bottom-small:10px;--awb-margin-left-small:0px;--awb-margin-bottom-medium:20px;--awb-font-size:32px;\"><h2 class=\"fusion-title-heading title-heading-center fusion-responsive-typography-calculated\" style=\"margin:0;font-size:1em;--fontSize:32;line-height:1.2;\">Referenzen<\/h2><\/div><div class=\"fusion-recent-works fusion-portfolio-element fusion-portfolio fusion-portfolio-3 fusion-portfolio-carousel fusion-portfolio-paging-pagination recent-works-carousel portfolio-carousel\" data-id=\"-rw-3\"><div class=\"awb-carousel awb-swiper awb-swiper-carousel fusion-carousel-title-below-image fusion-portfolio-carousel-fixed\" style=\"--awb-columns:3;\" data-metacontent=\"yes\" data-autoplay=\"no\" data-columns=\"3\" data-itemmargin=\"12\" data-itemwidth=\"180\" data-touchscroll=\"yes\" data-imagesize=\"fixed\" data-scrollitems=\"1\"><div class=\"swiper-wrapper\"><div class=\"swiper-slide\"><div class=\"fusion-carousel-item-wrapper\"><div  class=\"fusion-image-wrapper fusion-image-size-fixed\" aria-haspopup=\"true\">\n\t\t\t\t\t\t\t<a href=\"https:\/\/www.compact-kaeltetechnik.de\/de\/anlage\/co2-booster-2\/\" aria-label=\"CO2 Booster mit WRG\">\n\t\t\t\t\t\t\t<img decoding=\"async\" width=\"460\" height=\"295\" src=\"data:image\/svg+xml,%3Csvg%20xmlns%3D%27http%3A%2F%2Fwww.w3.org%2F2000%2Fsvg%27%20width%3D%27460%27%20height%3D%27295%27%20viewBox%3D%270%200%20460%20295%27%3E%3Crect%20width%3D%27460%27%20height%3D%27295%27%20fill-opacity%3D%220%22%2F%3E%3C%2Fsvg%3E\" data-orig-src=\"https:\/\/www.compact-kaeltetechnik.de\/wp-content\/uploads\/2020\/05\/190741_1200x600-460x295.jpg\" class=\"lazyload attachment-portfolio-two size-portfolio-two wp-post-image\" alt=\"CO2 Booster\" \/>\t\t\t<\/a>\n\t\t\t\t\t\t\t<\/div>\n<h4 class=\"fusion-carousel-title\"><a href=\"https:\/\/www.compact-kaeltetechnik.de\/de\/anlage\/co2-booster-2\/\" target=\"_self\">CO2 Booster mit WRG<\/a><\/h4><div class=\"fusion-carousel-meta\"><a href=\"https:\/\/www.compact-kaeltetechnik.de\/de\/kategorie\/co2-booster\/\" rel=\"tag\">CO2 Booster<\/a>, <a href=\"https:\/\/www.compact-kaeltetechnik.de\/de\/kategorie\/co2-referenzen\/\" rel=\"tag\">CO2 Referenzen<\/a>, <a href=\"https:\/\/www.compact-kaeltetechnik.de\/de\/kategorie\/referenz\/\" rel=\"tag\">Referenzen<\/a>, <a href=\"https:\/\/www.compact-kaeltetechnik.de\/de\/kategorie\/schaltschraenke\/\" rel=\"tag\">Schaltschr\u00e4nke<\/a>, <a href=\"https:\/\/www.compact-kaeltetechnik.de\/de\/kategorie\/supermarktkuehlung-referenzen\/\" rel=\"tag\">Supermarktk\u00fchlung Referenzen<\/a>, <a href=\"https:\/\/www.compact-kaeltetechnik.de\/de\/kategorie\/verbundanlagen\/\" rel=\"tag\">Verbundanlagen<\/a>, <a href=\"https:\/\/www.compact-kaeltetechnik.de\/de\/kategorie\/waermerueckgewinnung\/\" rel=\"tag\">W\u00e4rmer\u00fcckgewinnung<\/a><\/div><\/div><\/div><div class=\"swiper-slide\"><div class=\"fusion-carousel-item-wrapper\"><div  class=\"fusion-image-wrapper fusion-image-size-fixed\" aria-haspopup=\"true\">\n\t\t\t\t\t\t\t<a href=\"https:\/\/www.compact-kaeltetechnik.de\/de\/anlage\/co2-kws-wrg\/\" aria-label=\"CO2 Kaltwassersatz mit W\u00e4rmer\u00fcckgewinnung\">\n\t\t\t\t\t\t\t<img decoding=\"async\" width=\"460\" height=\"295\" src=\"data:image\/svg+xml,%3Csvg%20xmlns%3D%27http%3A%2F%2Fwww.w3.org%2F2000%2Fsvg%27%20width%3D%27460%27%20height%3D%27295%27%20viewBox%3D%270%200%20460%20295%27%3E%3Crect%20width%3D%27460%27%20height%3D%27295%27%20fill-opacity%3D%220%22%2F%3E%3C%2Fsvg%3E\" data-orig-src=\"https:\/\/www.compact-kaeltetechnik.de\/wp-content\/uploads\/2020\/05\/180581_CO2-KWS_1200x600-460x295.jpg\" class=\"lazyload attachment-portfolio-two size-portfolio-two wp-post-image\" alt=\"\" \/>\t\t\t<\/a>\n\t\t\t\t\t\t\t<\/div>\n<h4 class=\"fusion-carousel-title\"><a href=\"https:\/\/www.compact-kaeltetechnik.de\/de\/anlage\/co2-kws-wrg\/\" target=\"_self\">CO2 Kaltwassersatz mit W\u00e4rmer\u00fcckgewinnung<\/a><\/h4><div class=\"fusion-carousel-meta\"><a href=\"https:\/\/www.compact-kaeltetechnik.de\/de\/kategorie\/co2-referenzen\/\" rel=\"tag\">CO2 Referenzen<\/a>, <a href=\"https:\/\/www.compact-kaeltetechnik.de\/de\/kategorie\/ergaenzungsprogramm\/\" rel=\"tag\">Erg\u00e4nzungsprogramm<\/a>, <a href=\"https:\/\/www.compact-kaeltetechnik.de\/de\/kategorie\/gewerbekuehlung-referenzen\/\" rel=\"tag\">Gewerbek\u00fchlung Referenzen<\/a>, <a href=\"https:\/\/www.compact-kaeltetechnik.de\/de\/kategorie\/industriekuehlung-referenzen\/\" rel=\"tag\">Industriek\u00fchlung Referenzen<\/a>, <a href=\"https:\/\/www.compact-kaeltetechnik.de\/de\/kategorie\/kaltwassersaetze\/\" rel=\"tag\">Kaltwassers\u00e4tze<\/a>, <a href=\"https:\/\/www.compact-kaeltetechnik.de\/de\/kategorie\/referenz\/\" rel=\"tag\">Referenzen<\/a>, <a href=\"https:\/\/www.compact-kaeltetechnik.de\/de\/kategorie\/schaltschraenke\/\" rel=\"tag\">Schaltschr\u00e4nke<\/a>, <a href=\"https:\/\/www.compact-kaeltetechnik.de\/de\/kategorie\/waermerueckgewinnung\/\" rel=\"tag\">W\u00e4rmer\u00fcckgewinnung<\/a><\/div><\/div><\/div><div class=\"swiper-slide\"><div class=\"fusion-carousel-item-wrapper\"><div  class=\"fusion-image-wrapper fusion-image-size-fixed\" aria-haspopup=\"true\">\n\t\t\t\t\t\t\t<a href=\"https:\/\/www.compact-kaeltetechnik.de\/de\/anlage\/booster-klimaverbund\/\" aria-label=\"Booster mit Flashgasbypass, Klimaverbund parallel integriert\">\n\t\t\t\t\t\t\t<img decoding=\"async\" width=\"460\" height=\"295\" src=\"data:image\/svg+xml,%3Csvg%20xmlns%3D%27http%3A%2F%2Fwww.w3.org%2F2000%2Fsvg%27%20width%3D%27460%27%20height%3D%27295%27%20viewBox%3D%270%200%20460%20295%27%3E%3Crect%20width%3D%27460%27%20height%3D%27295%27%20fill-opacity%3D%220%22%2F%3E%3C%2Fsvg%3E\" data-orig-src=\"https:\/\/www.compact-kaeltetechnik.de\/wp-content\/uploads\/2020\/04\/190594_1200x600-460x295.jpg\" class=\"lazyload attachment-portfolio-two size-portfolio-two wp-post-image\" alt=\"\" \/>\t\t\t<\/a>\n\t\t\t\t\t\t\t<\/div>\n<h4 class=\"fusion-carousel-title\"><a href=\"https:\/\/www.compact-kaeltetechnik.de\/de\/anlage\/booster-klimaverbund\/\" target=\"_self\">Booster mit Flashgasbypass, Klimaverbund parallel integriert<\/a><\/h4><div class=\"fusion-carousel-meta\"><a href=\"https:\/\/www.compact-kaeltetechnik.de\/de\/kategorie\/co2-booster\/\" rel=\"tag\">CO2 Booster<\/a>, <a href=\"https:\/\/www.compact-kaeltetechnik.de\/de\/kategorie\/co2-referenzen\/\" rel=\"tag\">CO2 Referenzen<\/a>, <a href=\"https:\/\/www.compact-kaeltetechnik.de\/de\/kategorie\/gewerbekuehlung-referenzen\/\" rel=\"tag\">Gewerbek\u00fchlung Referenzen<\/a>, <a href=\"https:\/\/www.compact-kaeltetechnik.de\/de\/kategorie\/referenz\/\" rel=\"tag\">Referenzen<\/a>, <a href=\"https:\/\/www.compact-kaeltetechnik.de\/de\/kategorie\/supermarktkuehlung-referenzen\/\" rel=\"tag\">Supermarktk\u00fchlung Referenzen<\/a>, <a href=\"https:\/\/www.compact-kaeltetechnik.de\/de\/kategorie\/verbundanlagen\/\" rel=\"tag\">Verbundanlagen<\/a>, <a href=\"https:\/\/www.compact-kaeltetechnik.de\/de\/kategorie\/verdichtersaetze\/\" rel=\"tag\">Verdichters\u00e4tze<\/a>, <a href=\"https:\/\/www.compact-kaeltetechnik.de\/de\/kategorie\/verdrahtung\/\" rel=\"tag\">Verdrahtung<\/a><\/div><\/div><\/div><div class=\"swiper-slide\"><div class=\"fusion-carousel-item-wrapper\"><div  class=\"fusion-image-wrapper fusion-image-size-fixed\" aria-haspopup=\"true\">\n\t\t\t\t\t\t\t<a href=\"https:\/\/www.compact-kaeltetechnik.de\/de\/anlage\/nk-verbund-parallelbetrieb\/\" aria-label=\"NK Verbund f\u00fcr Logistiklager\">\n\t\t\t\t\t\t\t<img decoding=\"async\" width=\"460\" height=\"295\" src=\"data:image\/svg+xml,%3Csvg%20xmlns%3D%27http%3A%2F%2Fwww.w3.org%2F2000%2Fsvg%27%20width%3D%27460%27%20height%3D%27295%27%20viewBox%3D%270%200%20460%20295%27%3E%3Crect%20width%3D%27460%27%20height%3D%27295%27%20fill-opacity%3D%220%22%2F%3E%3C%2Fsvg%3E\" data-orig-src=\"https:\/\/www.compact-kaeltetechnik.de\/wp-content\/uploads\/2020\/04\/190637_1200x600-460x295.jpg\" class=\"lazyload attachment-portfolio-two size-portfolio-two wp-post-image\" alt=\"\" \/>\t\t\t<\/a>\n\t\t\t\t\t\t\t<\/div>\n<h4 class=\"fusion-carousel-title\"><a href=\"https:\/\/www.compact-kaeltetechnik.de\/de\/anlage\/nk-verbund-parallelbetrieb\/\" target=\"_self\">NK Verbund f\u00fcr Logistiklager<\/a><\/h4><div class=\"fusion-carousel-meta\"><a href=\"https:\/\/www.compact-kaeltetechnik.de\/de\/kategorie\/co2-referenzen\/\" rel=\"tag\">CO2 Referenzen<\/a>, <a href=\"https:\/\/www.compact-kaeltetechnik.de\/de\/kategorie\/industriekuehlung-referenzen\/\" rel=\"tag\">Industriek\u00fchlung Referenzen<\/a>, <a href=\"https:\/\/www.compact-kaeltetechnik.de\/de\/kategorie\/referenz\/\" rel=\"tag\">Referenzen<\/a>, <a href=\"https:\/\/www.compact-kaeltetechnik.de\/de\/kategorie\/verbundanlagen\/\" rel=\"tag\">Verbundanlagen<\/a>, <a href=\"https:\/\/www.compact-kaeltetechnik.de\/de\/kategorie\/verdichtersaetze\/\" rel=\"tag\">Verdichters\u00e4tze<\/a><\/div><\/div><\/div><div class=\"swiper-slide\"><div class=\"fusion-carousel-item-wrapper\"><div  class=\"fusion-image-wrapper fusion-image-size-fixed\" aria-haspopup=\"true\">\n\t\t\t\t\t\t\t<a href=\"https:\/\/www.compact-kaeltetechnik.de\/de\/anlage\/co2-booster-sb-warenhaus\/\" aria-label=\"CO2 Booster f\u00fcr SB-Warenhaus\">\n\t\t\t\t\t\t\t<img decoding=\"async\" width=\"460\" height=\"295\" src=\"data:image\/svg+xml,%3Csvg%20xmlns%3D%27http%3A%2F%2Fwww.w3.org%2F2000%2Fsvg%27%20width%3D%27460%27%20height%3D%27295%27%20viewBox%3D%270%200%20460%20295%27%3E%3Crect%20width%3D%27460%27%20height%3D%27295%27%20fill-opacity%3D%220%22%2F%3E%3C%2Fsvg%3E\" data-orig-src=\"https:\/\/www.compact-kaeltetechnik.de\/wp-content\/uploads\/2020\/04\/IMG_1144_bearbeitet_1200x600-460x295.jpg\" class=\"lazyload attachment-portfolio-two size-portfolio-two wp-post-image\" alt=\"\" \/>\t\t\t<\/a>\n\t\t\t\t\t\t\t<\/div>\n<h4 class=\"fusion-carousel-title\"><a href=\"https:\/\/www.compact-kaeltetechnik.de\/de\/anlage\/co2-booster-sb-warenhaus\/\" target=\"_self\">CO2 Booster f\u00fcr SB-Warenhaus<\/a><\/h4><div class=\"fusion-carousel-meta\"><a href=\"https:\/\/www.compact-kaeltetechnik.de\/de\/kategorie\/co2-booster\/\" rel=\"tag\">CO2 Booster<\/a>, <a href=\"https:\/\/www.compact-kaeltetechnik.de\/de\/kategorie\/co2-referenzen\/\" rel=\"tag\">CO2 Referenzen<\/a>, <a href=\"https:\/\/www.compact-kaeltetechnik.de\/de\/kategorie\/ergaenzungsprogramm\/\" rel=\"tag\">Erg\u00e4nzungsprogramm<\/a>, <a href=\"https:\/\/www.compact-kaeltetechnik.de\/de\/kategorie\/gewerbekuehlung-referenzen\/\" rel=\"tag\">Gewerbek\u00fchlung Referenzen<\/a>, <a href=\"https:\/\/www.compact-kaeltetechnik.de\/de\/kategorie\/referenz\/\" rel=\"tag\">Referenzen<\/a>, <a href=\"https:\/\/www.compact-kaeltetechnik.de\/de\/kategorie\/schaltschraenke\/\" rel=\"tag\">Schaltschr\u00e4nke<\/a>, <a href=\"https:\/\/www.compact-kaeltetechnik.de\/de\/kategorie\/supermarktkuehlung-referenzen\/\" rel=\"tag\">Supermarktk\u00fchlung Referenzen<\/a>, <a href=\"https:\/\/www.compact-kaeltetechnik.de\/de\/kategorie\/verbundanlagen\/\" rel=\"tag\">Verbundanlagen<\/a>, <a href=\"https:\/\/www.compact-kaeltetechnik.de\/de\/kategorie\/verdichtersaetze\/\" rel=\"tag\">Verdichters\u00e4tze<\/a><\/div><\/div><\/div><div class=\"swiper-slide\"><div class=\"fusion-carousel-item-wrapper\"><div  class=\"fusion-image-wrapper fusion-image-size-fixed\" aria-haspopup=\"true\">\n\t\t\t\t\t\t\t<a href=\"https:\/\/www.compact-kaeltetechnik.de\/de\/anlage\/co2-booster-lagerkuehlung\/\" aria-label=\"CO2 Booster zur Lagerk\u00fchlung\">\n\t\t\t\t\t\t\t<img decoding=\"async\" width=\"460\" height=\"295\" src=\"data:image\/svg+xml,%3Csvg%20xmlns%3D%27http%3A%2F%2Fwww.w3.org%2F2000%2Fsvg%27%20width%3D%27460%27%20height%3D%27295%27%20viewBox%3D%270%200%20460%20295%27%3E%3Crect%20width%3D%27460%27%20height%3D%27295%27%20fill-opacity%3D%220%22%2F%3E%3C%2Fsvg%3E\" data-orig-src=\"https:\/\/www.compact-kaeltetechnik.de\/wp-content\/uploads\/2019\/09\/Lager-ALDI_1200x600-460x295.jpg\" class=\"lazyload attachment-portfolio-two size-portfolio-two wp-post-image\" alt=\"\" \/>\t\t\t<\/a>\n\t\t\t\t\t\t\t<\/div>\n<h4 class=\"fusion-carousel-title\"><a href=\"https:\/\/www.compact-kaeltetechnik.de\/de\/anlage\/co2-booster-lagerkuehlung\/\" target=\"_self\">CO2 Booster zur Lagerk\u00fchlung<\/a><\/h4><div class=\"fusion-carousel-meta\"><a href=\"https:\/\/www.compact-kaeltetechnik.de\/de\/kategorie\/co2-booster\/\" rel=\"tag\">CO2 Booster<\/a>, <a href=\"https:\/\/www.compact-kaeltetechnik.de\/de\/kategorie\/co2-referenzen\/\" rel=\"tag\">CO2 Referenzen<\/a>, <a href=\"https:\/\/www.compact-kaeltetechnik.de\/de\/kategorie\/industriekuehlung-referenzen\/\" rel=\"tag\">Industriek\u00fchlung Referenzen<\/a>, <a href=\"https:\/\/www.compact-kaeltetechnik.de\/de\/kategorie\/referenz\/\" rel=\"tag\">Referenzen<\/a>, <a href=\"https:\/\/www.compact-kaeltetechnik.de\/de\/kategorie\/verbundanlagen\/\" rel=\"tag\">Verbundanlagen<\/a>, <a href=\"https:\/\/www.compact-kaeltetechnik.de\/de\/kategorie\/verdichtersaetze\/\" rel=\"tag\">Verdichters\u00e4tze<\/a><\/div><\/div><\/div><div class=\"swiper-slide\"><div class=\"fusion-carousel-item-wrapper\"><div  class=\"fusion-image-wrapper fusion-image-size-fixed\" aria-haspopup=\"true\">\n\t\t\t\t\t\t\t<a href=\"https:\/\/www.compact-kaeltetechnik.de\/de\/anlage\/co2-booster-supermarkt\/\" aria-label=\"CO2 Booster f\u00fcr Supermarkt\">\n\t\t\t\t\t\t\t<img decoding=\"async\" width=\"460\" height=\"295\" src=\"data:image\/svg+xml,%3Csvg%20xmlns%3D%27http%3A%2F%2Fwww.w3.org%2F2000%2Fsvg%27%20width%3D%27460%27%20height%3D%27295%27%20viewBox%3D%270%200%20460%20295%27%3E%3Crect%20width%3D%27460%27%20height%3D%27295%27%20fill-opacity%3D%220%22%2F%3E%3C%2Fsvg%3E\" data-orig-src=\"https:\/\/www.compact-kaeltetechnik.de\/wp-content\/uploads\/2018\/03\/160288-460x295.png\" class=\"lazyload attachment-portfolio-two size-portfolio-two wp-post-image\" alt=\"\" \/>\t\t\t<\/a>\n\t\t\t\t\t\t\t<\/div>\n<h4 class=\"fusion-carousel-title\"><a href=\"https:\/\/www.compact-kaeltetechnik.de\/de\/anlage\/co2-booster-supermarkt\/\" target=\"_self\">CO2 Booster f\u00fcr Supermarkt<\/a><\/h4><div class=\"fusion-carousel-meta\"><a href=\"https:\/\/www.compact-kaeltetechnik.de\/de\/kategorie\/co2-booster\/\" rel=\"tag\">CO2 Booster<\/a>, <a href=\"https:\/\/www.compact-kaeltetechnik.de\/de\/kategorie\/co2-referenzen\/\" rel=\"tag\">CO2 Referenzen<\/a>, <a href=\"https:\/\/www.compact-kaeltetechnik.de\/de\/kategorie\/referenz\/\" rel=\"tag\">Referenzen<\/a>, <a href=\"https:\/\/www.compact-kaeltetechnik.de\/de\/kategorie\/supermarktkuehlung-referenzen\/\" rel=\"tag\">Supermarktk\u00fchlung Referenzen<\/a>, <a href=\"https:\/\/www.compact-kaeltetechnik.de\/de\/kategorie\/verdichtersaetze\/\" rel=\"tag\">Verdichters\u00e4tze<\/a><\/div><\/div><\/div><div class=\"swiper-slide\"><div class=\"fusion-carousel-item-wrapper\"><div  class=\"fusion-image-wrapper fusion-image-size-fixed\" aria-haspopup=\"true\">\n\t\t\t\t\t\t\t<a href=\"https:\/\/www.compact-kaeltetechnik.de\/de\/anlage\/co2-kaskade-pumpbetrieb\/\" aria-label=\"CO2 Kaskade mit Pumpbetrieb f\u00fcr Supermarkt\">\n\t\t\t\t\t\t\t<img decoding=\"async\" width=\"460\" height=\"295\" src=\"data:image\/svg+xml,%3Csvg%20xmlns%3D%27http%3A%2F%2Fwww.w3.org%2F2000%2Fsvg%27%20width%3D%27460%27%20height%3D%27295%27%20viewBox%3D%270%200%20460%20295%27%3E%3Crect%20width%3D%27460%27%20height%3D%27295%27%20fill-opacity%3D%220%22%2F%3E%3C%2Fsvg%3E\" data-orig-src=\"https:\/\/www.compact-kaeltetechnik.de\/wp-content\/uploads\/2018\/03\/160565-460x295.png\" class=\"lazyload attachment-portfolio-two size-portfolio-two wp-post-image\" alt=\"\" \/>\t\t\t<\/a>\n\t\t\t\t\t\t\t<\/div>\n<h4 class=\"fusion-carousel-title\"><a href=\"https:\/\/www.compact-kaeltetechnik.de\/de\/anlage\/co2-kaskade-pumpbetrieb\/\" target=\"_self\">CO2 Kaskade mit Pumpbetrieb f\u00fcr Supermarkt<\/a><\/h4><div class=\"fusion-carousel-meta\"><a href=\"https:\/\/www.compact-kaeltetechnik.de\/de\/kategorie\/co2-referenzen\/\" rel=\"tag\">CO2 Referenzen<\/a>, <a href=\"https:\/\/www.compact-kaeltetechnik.de\/de\/kategorie\/kaskade\/\" rel=\"tag\">Kaskade<\/a>, <a href=\"https:\/\/www.compact-kaeltetechnik.de\/de\/kategorie\/referenz\/\" rel=\"tag\">Referenzen<\/a>, <a href=\"https:\/\/www.compact-kaeltetechnik.de\/de\/kategorie\/supermarktkuehlung-referenzen\/\" rel=\"tag\">Supermarktk\u00fchlung Referenzen<\/a>, <a href=\"https:\/\/www.compact-kaeltetechnik.de\/de\/kategorie\/verdichtersaetze\/\" rel=\"tag\">Verdichters\u00e4tze<\/a><\/div><\/div><\/div><div class=\"swiper-slide\"><div class=\"fusion-carousel-item-wrapper\"><div  class=\"fusion-image-wrapper fusion-image-size-fixed\" aria-haspopup=\"true\">\n\t\t\t\t\t\t\t<a href=\"https:\/\/www.compact-kaeltetechnik.de\/de\/anlage\/co2-kaskade-solegekuehlt\/\" aria-label=\"Solegek\u00fchlte CO2 Kaskade\">\n\t\t\t\t\t\t\t<img decoding=\"async\" width=\"460\" height=\"295\" src=\"data:image\/svg+xml,%3Csvg%20xmlns%3D%27http%3A%2F%2Fwww.w3.org%2F2000%2Fsvg%27%20width%3D%27460%27%20height%3D%27295%27%20viewBox%3D%270%200%20460%20295%27%3E%3Crect%20width%3D%27460%27%20height%3D%27295%27%20fill-opacity%3D%220%22%2F%3E%3C%2Fsvg%3E\" data-orig-src=\"https:\/\/www.compact-kaeltetechnik.de\/wp-content\/uploads\/2018\/03\/160153-Kaskade-460x295.png\" class=\"lazyload attachment-portfolio-two size-portfolio-two wp-post-image\" alt=\"\" \/>\t\t\t<\/a>\n\t\t\t\t\t\t\t<\/div>\n<h4 class=\"fusion-carousel-title\"><a href=\"https:\/\/www.compact-kaeltetechnik.de\/de\/anlage\/co2-kaskade-solegekuehlt\/\" target=\"_self\">Solegek\u00fchlte CO2 Kaskade<\/a><\/h4><div class=\"fusion-carousel-meta\"><a href=\"https:\/\/www.compact-kaeltetechnik.de\/de\/kategorie\/co2-referenzen\/\" rel=\"tag\">CO2 Referenzen<\/a>, <a href=\"https:\/\/www.compact-kaeltetechnik.de\/de\/kategorie\/industriekuehlung-referenzen\/\" rel=\"tag\">Industriek\u00fchlung Referenzen<\/a>, <a href=\"https:\/\/www.compact-kaeltetechnik.de\/de\/kategorie\/kaskade\/\" rel=\"tag\">Kaskade<\/a>, <a href=\"https:\/\/www.compact-kaeltetechnik.de\/de\/kategorie\/referenz\/\" rel=\"tag\">Referenzen<\/a>, <a href=\"https:\/\/www.compact-kaeltetechnik.de\/de\/kategorie\/verdichtersaetze\/\" rel=\"tag\">Verdichters\u00e4tze<\/a><\/div><\/div><\/div><div class=\"swiper-slide\"><div class=\"fusion-carousel-item-wrapper\"><div  class=\"fusion-image-wrapper fusion-image-size-fixed\" aria-haspopup=\"true\">\n\t\t\t\t\t\t\t<a href=\"https:\/\/www.compact-kaeltetechnik.de\/de\/anlage\/tk-booster-gaskuehler\/\" aria-label=\"TK Booster mit Gask\u00fchler zur Lebensmittelproduktion\">\n\t\t\t\t\t\t\t<img decoding=\"async\" width=\"460\" height=\"295\" src=\"data:image\/svg+xml,%3Csvg%20xmlns%3D%27http%3A%2F%2Fwww.w3.org%2F2000%2Fsvg%27%20width%3D%27460%27%20height%3D%27295%27%20viewBox%3D%270%200%20460%20295%27%3E%3Crect%20width%3D%27460%27%20height%3D%27295%27%20fill-opacity%3D%220%22%2F%3E%3C%2Fsvg%3E\" data-orig-src=\"https:\/\/www.compact-kaeltetechnik.de\/wp-content\/uploads\/2018\/03\/160554-460x295.png\" class=\"lazyload attachment-portfolio-two size-portfolio-two wp-post-image\" alt=\"\" \/>\t\t\t<\/a>\n\t\t\t\t\t\t\t<\/div>\n<h4 class=\"fusion-carousel-title\"><a href=\"https:\/\/www.compact-kaeltetechnik.de\/de\/anlage\/tk-booster-gaskuehler\/\" target=\"_self\">TK Booster mit Gask\u00fchler zur Lebensmittelproduktion<\/a><\/h4><div class=\"fusion-carousel-meta\"><a href=\"https:\/\/www.compact-kaeltetechnik.de\/de\/kategorie\/co2-referenzen\/\" rel=\"tag\">CO2 Referenzen<\/a>, <a href=\"https:\/\/www.compact-kaeltetechnik.de\/de\/kategorie\/lebensmittelkuehlung-referenzen\/\" rel=\"tag\">Lebensmittelk\u00fchlung Referenzen<\/a>, <a href=\"https:\/\/www.compact-kaeltetechnik.de\/de\/kategorie\/referenz\/\" rel=\"tag\">Referenzen<\/a>, <a href=\"https:\/\/www.compact-kaeltetechnik.de\/de\/kategorie\/verdichtersaetze\/\" rel=\"tag\">Verdichters\u00e4tze<\/a>, <a href=\"https:\/\/www.compact-kaeltetechnik.de\/de\/kategorie\/verfluessigungssaetze\/\" rel=\"tag\">Verfl\u00fcssigungss\u00e4tze<\/a><\/div><\/div><\/div><\/div><div class=\"awb-swiper-button awb-swiper-button-prev\"><i class=\"awb-icon-angle-left\" aria-hidden=\"true\"><\/i><\/div><div class=\"awb-swiper-button awb-swiper-button-next\"><i class=\"awb-icon-angle-right\" aria-hidden=\"true\"><\/i><\/div><\/div><\/div><\/div><\/div><\/div><\/div><div class=\"fusion-fullwidth fullwidth-box fusion-builder-row-6 fusion-flex-container has-pattern-background has-mask-background nonhundred-percent-fullwidth non-hundred-percent-height-scrolling fusion-no-medium-visibility fusion-no-large-visibility\" style=\"--awb-border-radius-top-left:0px;--awb-border-radius-top-right:0px;--awb-border-radius-bottom-right:0px;--awb-border-radius-bottom-left:0px;--awb-padding-top:0px;--awb-margin-top-medium:-20px;--awb-margin-top-small:-30px;--awb-margin-bottom-small:-200px;--awb-flex-wrap:wrap;\" ><div class=\"fusion-builder-row fusion-row fusion-flex-align-items-flex-start fusion-flex-content-wrap\" style=\"max-width:1248px;margin-left: calc(-4% \/ 2 );margin-right: calc(-4% \/ 2 );\"><div class=\"fusion-layout-column fusion_builder_column fusion-builder-column-7 fusion_builder_column_1_1 1_1 fusion-flex-column referenz_lk\" style=\"--awb-bg-size:cover;--awb-width-large:100%;--awb-margin-top-large:0px;--awb-spacing-right-large:1.92%;--awb-margin-bottom-large:0%;--awb-spacing-left-large:1.92%;--awb-width-medium:100%;--awb-order-medium:0;--awb-spacing-right-medium:1.92%;--awb-spacing-left-medium:1.92%;--awb-width-small:100%;--awb-order-small:0;--awb-spacing-right-small:1.92%;--awb-spacing-left-small:1.92%;\"><div class=\"fusion-column-wrapper fusion-column-has-shadow fusion-flex-justify-content-flex-start fusion-content-layout-column\"><div class=\"fusion-title title fusion-title-5 fusion-sep-none fusion-title-center fusion-title-text fusion-title-size-two\" style=\"--awb-text-color:var(--awb-color7);--awb-margin-top-small:0px;--awb-margin-right-small:0px;--awb-margin-bottom-small:10px;--awb-margin-left-small:0px;--awb-margin-bottom-medium:20px;--awb-font-size:32px;\"><h2 class=\"fusion-title-heading title-heading-center fusion-responsive-typography-calculated\" style=\"margin:0;font-size:1em;--fontSize:32;line-height:1.2;\">Referenzen<\/h2><\/div><div class=\"fusion-recent-works fusion-portfolio-element fusion-portfolio fusion-portfolio-4 fusion-portfolio-carousel fusion-portfolio-paging-pagination recent-works-carousel portfolio-carousel\" data-id=\"-rw-4\"><div class=\"awb-carousel awb-swiper awb-swiper-carousel fusion-carousel-title-below-image fusion-portfolio-carousel-fixed\" style=\"--awb-columns:1;\" data-metacontent=\"yes\" data-autoplay=\"no\" data-columns=\"1\" data-itemmargin=\"12\" data-itemwidth=\"180\" data-touchscroll=\"yes\" data-imagesize=\"fixed\" data-scrollitems=\"1\"><div class=\"swiper-wrapper\"><div class=\"swiper-slide\"><div class=\"fusion-carousel-item-wrapper\"><div  class=\"fusion-image-wrapper fusion-image-size-fixed\" aria-haspopup=\"true\">\n\t\t\t\t\t\t\t<a href=\"https:\/\/www.compact-kaeltetechnik.de\/de\/anlage\/co2-booster-2\/\" aria-label=\"CO2 Booster mit WRG\">\n\t\t\t\t\t\t\t<img decoding=\"async\" width=\"460\" height=\"295\" src=\"data:image\/svg+xml,%3Csvg%20xmlns%3D%27http%3A%2F%2Fwww.w3.org%2F2000%2Fsvg%27%20width%3D%27460%27%20height%3D%27295%27%20viewBox%3D%270%200%20460%20295%27%3E%3Crect%20width%3D%27460%27%20height%3D%27295%27%20fill-opacity%3D%220%22%2F%3E%3C%2Fsvg%3E\" data-orig-src=\"https:\/\/www.compact-kaeltetechnik.de\/wp-content\/uploads\/2020\/05\/190741_1200x600-460x295.jpg\" class=\"lazyload attachment-portfolio-two size-portfolio-two wp-post-image\" alt=\"CO2 Booster\" \/>\t\t\t<\/a>\n\t\t\t\t\t\t\t<\/div>\n<h4 class=\"fusion-carousel-title\"><a href=\"https:\/\/www.compact-kaeltetechnik.de\/de\/anlage\/co2-booster-2\/\" target=\"_self\">CO2 Booster mit WRG<\/a><\/h4><div class=\"fusion-carousel-meta\"><a href=\"https:\/\/www.compact-kaeltetechnik.de\/de\/kategorie\/co2-booster\/\" rel=\"tag\">CO2 Booster<\/a>, <a href=\"https:\/\/www.compact-kaeltetechnik.de\/de\/kategorie\/co2-referenzen\/\" rel=\"tag\">CO2 Referenzen<\/a>, <a href=\"https:\/\/www.compact-kaeltetechnik.de\/de\/kategorie\/referenz\/\" rel=\"tag\">Referenzen<\/a>, <a href=\"https:\/\/www.compact-kaeltetechnik.de\/de\/kategorie\/schaltschraenke\/\" rel=\"tag\">Schaltschr\u00e4nke<\/a>, <a href=\"https:\/\/www.compact-kaeltetechnik.de\/de\/kategorie\/supermarktkuehlung-referenzen\/\" rel=\"tag\">Supermarktk\u00fchlung Referenzen<\/a>, <a href=\"https:\/\/www.compact-kaeltetechnik.de\/de\/kategorie\/verbundanlagen\/\" rel=\"tag\">Verbundanlagen<\/a>, <a href=\"https:\/\/www.compact-kaeltetechnik.de\/de\/kategorie\/waermerueckgewinnung\/\" rel=\"tag\">W\u00e4rmer\u00fcckgewinnung<\/a><\/div><\/div><\/div><div class=\"swiper-slide\"><div class=\"fusion-carousel-item-wrapper\"><div  class=\"fusion-image-wrapper fusion-image-size-fixed\" aria-haspopup=\"true\">\n\t\t\t\t\t\t\t<a href=\"https:\/\/www.compact-kaeltetechnik.de\/de\/anlage\/co2-kws-wrg\/\" aria-label=\"CO2 Kaltwassersatz mit W\u00e4rmer\u00fcckgewinnung\">\n\t\t\t\t\t\t\t<img decoding=\"async\" width=\"460\" height=\"295\" src=\"data:image\/svg+xml,%3Csvg%20xmlns%3D%27http%3A%2F%2Fwww.w3.org%2F2000%2Fsvg%27%20width%3D%27460%27%20height%3D%27295%27%20viewBox%3D%270%200%20460%20295%27%3E%3Crect%20width%3D%27460%27%20height%3D%27295%27%20fill-opacity%3D%220%22%2F%3E%3C%2Fsvg%3E\" data-orig-src=\"https:\/\/www.compact-kaeltetechnik.de\/wp-content\/uploads\/2020\/05\/180581_CO2-KWS_1200x600-460x295.jpg\" class=\"lazyload attachment-portfolio-two size-portfolio-two wp-post-image\" alt=\"\" \/>\t\t\t<\/a>\n\t\t\t\t\t\t\t<\/div>\n<h4 class=\"fusion-carousel-title\"><a href=\"https:\/\/www.compact-kaeltetechnik.de\/de\/anlage\/co2-kws-wrg\/\" target=\"_self\">CO2 Kaltwassersatz mit W\u00e4rmer\u00fcckgewinnung<\/a><\/h4><div class=\"fusion-carousel-meta\"><a href=\"https:\/\/www.compact-kaeltetechnik.de\/de\/kategorie\/co2-referenzen\/\" rel=\"tag\">CO2 Referenzen<\/a>, <a href=\"https:\/\/www.compact-kaeltetechnik.de\/de\/kategorie\/ergaenzungsprogramm\/\" rel=\"tag\">Erg\u00e4nzungsprogramm<\/a>, <a href=\"https:\/\/www.compact-kaeltetechnik.de\/de\/kategorie\/gewerbekuehlung-referenzen\/\" rel=\"tag\">Gewerbek\u00fchlung Referenzen<\/a>, <a href=\"https:\/\/www.compact-kaeltetechnik.de\/de\/kategorie\/industriekuehlung-referenzen\/\" rel=\"tag\">Industriek\u00fchlung Referenzen<\/a>, <a href=\"https:\/\/www.compact-kaeltetechnik.de\/de\/kategorie\/kaltwassersaetze\/\" rel=\"tag\">Kaltwassers\u00e4tze<\/a>, <a href=\"https:\/\/www.compact-kaeltetechnik.de\/de\/kategorie\/referenz\/\" rel=\"tag\">Referenzen<\/a>, <a href=\"https:\/\/www.compact-kaeltetechnik.de\/de\/kategorie\/schaltschraenke\/\" rel=\"tag\">Schaltschr\u00e4nke<\/a>, <a href=\"https:\/\/www.compact-kaeltetechnik.de\/de\/kategorie\/waermerueckgewinnung\/\" rel=\"tag\">W\u00e4rmer\u00fcckgewinnung<\/a><\/div><\/div><\/div><div class=\"swiper-slide\"><div class=\"fusion-carousel-item-wrapper\"><div  class=\"fusion-image-wrapper fusion-image-size-fixed\" aria-haspopup=\"true\">\n\t\t\t\t\t\t\t<a href=\"https:\/\/www.compact-kaeltetechnik.de\/de\/anlage\/booster-klimaverbund\/\" aria-label=\"Booster mit Flashgasbypass, Klimaverbund parallel integriert\">\n\t\t\t\t\t\t\t<img decoding=\"async\" width=\"460\" height=\"295\" src=\"data:image\/svg+xml,%3Csvg%20xmlns%3D%27http%3A%2F%2Fwww.w3.org%2F2000%2Fsvg%27%20width%3D%27460%27%20height%3D%27295%27%20viewBox%3D%270%200%20460%20295%27%3E%3Crect%20width%3D%27460%27%20height%3D%27295%27%20fill-opacity%3D%220%22%2F%3E%3C%2Fsvg%3E\" data-orig-src=\"https:\/\/www.compact-kaeltetechnik.de\/wp-content\/uploads\/2020\/04\/190594_1200x600-460x295.jpg\" class=\"lazyload attachment-portfolio-two size-portfolio-two wp-post-image\" alt=\"\" \/>\t\t\t<\/a>\n\t\t\t\t\t\t\t<\/div>\n<h4 class=\"fusion-carousel-title\"><a href=\"https:\/\/www.compact-kaeltetechnik.de\/de\/anlage\/booster-klimaverbund\/\" target=\"_self\">Booster mit Flashgasbypass, Klimaverbund parallel integriert<\/a><\/h4><div class=\"fusion-carousel-meta\"><a href=\"https:\/\/www.compact-kaeltetechnik.de\/de\/kategorie\/co2-booster\/\" rel=\"tag\">CO2 Booster<\/a>, <a href=\"https:\/\/www.compact-kaeltetechnik.de\/de\/kategorie\/co2-referenzen\/\" rel=\"tag\">CO2 Referenzen<\/a>, <a href=\"https:\/\/www.compact-kaeltetechnik.de\/de\/kategorie\/gewerbekuehlung-referenzen\/\" rel=\"tag\">Gewerbek\u00fchlung Referenzen<\/a>, <a href=\"https:\/\/www.compact-kaeltetechnik.de\/de\/kategorie\/referenz\/\" rel=\"tag\">Referenzen<\/a>, <a href=\"https:\/\/www.compact-kaeltetechnik.de\/de\/kategorie\/supermarktkuehlung-referenzen\/\" rel=\"tag\">Supermarktk\u00fchlung Referenzen<\/a>, <a href=\"https:\/\/www.compact-kaeltetechnik.de\/de\/kategorie\/verbundanlagen\/\" rel=\"tag\">Verbundanlagen<\/a>, <a href=\"https:\/\/www.compact-kaeltetechnik.de\/de\/kategorie\/verdichtersaetze\/\" rel=\"tag\">Verdichters\u00e4tze<\/a>, <a href=\"https:\/\/www.compact-kaeltetechnik.de\/de\/kategorie\/verdrahtung\/\" rel=\"tag\">Verdrahtung<\/a><\/div><\/div><\/div><div class=\"swiper-slide\"><div class=\"fusion-carousel-item-wrapper\"><div  class=\"fusion-image-wrapper fusion-image-size-fixed\" aria-haspopup=\"true\">\n\t\t\t\t\t\t\t<a href=\"https:\/\/www.compact-kaeltetechnik.de\/de\/anlage\/nk-verbund-parallelbetrieb\/\" aria-label=\"NK Verbund f\u00fcr Logistiklager\">\n\t\t\t\t\t\t\t<img decoding=\"async\" width=\"460\" height=\"295\" src=\"data:image\/svg+xml,%3Csvg%20xmlns%3D%27http%3A%2F%2Fwww.w3.org%2F2000%2Fsvg%27%20width%3D%27460%27%20height%3D%27295%27%20viewBox%3D%270%200%20460%20295%27%3E%3Crect%20width%3D%27460%27%20height%3D%27295%27%20fill-opacity%3D%220%22%2F%3E%3C%2Fsvg%3E\" data-orig-src=\"https:\/\/www.compact-kaeltetechnik.de\/wp-content\/uploads\/2020\/04\/190637_1200x600-460x295.jpg\" class=\"lazyload attachment-portfolio-two size-portfolio-two wp-post-image\" alt=\"\" \/>\t\t\t<\/a>\n\t\t\t\t\t\t\t<\/div>\n<h4 class=\"fusion-carousel-title\"><a href=\"https:\/\/www.compact-kaeltetechnik.de\/de\/anlage\/nk-verbund-parallelbetrieb\/\" target=\"_self\">NK Verbund f\u00fcr Logistiklager<\/a><\/h4><div class=\"fusion-carousel-meta\"><a href=\"https:\/\/www.compact-kaeltetechnik.de\/de\/kategorie\/co2-referenzen\/\" rel=\"tag\">CO2 Referenzen<\/a>, <a href=\"https:\/\/www.compact-kaeltetechnik.de\/de\/kategorie\/industriekuehlung-referenzen\/\" rel=\"tag\">Industriek\u00fchlung Referenzen<\/a>, <a href=\"https:\/\/www.compact-kaeltetechnik.de\/de\/kategorie\/referenz\/\" rel=\"tag\">Referenzen<\/a>, <a href=\"https:\/\/www.compact-kaeltetechnik.de\/de\/kategorie\/verbundanlagen\/\" rel=\"tag\">Verbundanlagen<\/a>, <a href=\"https:\/\/www.compact-kaeltetechnik.de\/de\/kategorie\/verdichtersaetze\/\" rel=\"tag\">Verdichters\u00e4tze<\/a><\/div><\/div><\/div><div class=\"swiper-slide\"><div class=\"fusion-carousel-item-wrapper\"><div  class=\"fusion-image-wrapper fusion-image-size-fixed\" aria-haspopup=\"true\">\n\t\t\t\t\t\t\t<a href=\"https:\/\/www.compact-kaeltetechnik.de\/de\/anlage\/co2-booster-sb-warenhaus\/\" aria-label=\"CO2 Booster f\u00fcr SB-Warenhaus\">\n\t\t\t\t\t\t\t<img decoding=\"async\" width=\"460\" height=\"295\" src=\"data:image\/svg+xml,%3Csvg%20xmlns%3D%27http%3A%2F%2Fwww.w3.org%2F2000%2Fsvg%27%20width%3D%27460%27%20height%3D%27295%27%20viewBox%3D%270%200%20460%20295%27%3E%3Crect%20width%3D%27460%27%20height%3D%27295%27%20fill-opacity%3D%220%22%2F%3E%3C%2Fsvg%3E\" data-orig-src=\"https:\/\/www.compact-kaeltetechnik.de\/wp-content\/uploads\/2020\/04\/IMG_1144_bearbeitet_1200x600-460x295.jpg\" class=\"lazyload attachment-portfolio-two size-portfolio-two wp-post-image\" alt=\"\" \/>\t\t\t<\/a>\n\t\t\t\t\t\t\t<\/div>\n<h4 class=\"fusion-carousel-title\"><a href=\"https:\/\/www.compact-kaeltetechnik.de\/de\/anlage\/co2-booster-sb-warenhaus\/\" target=\"_self\">CO2 Booster f\u00fcr SB-Warenhaus<\/a><\/h4><div class=\"fusion-carousel-meta\"><a href=\"https:\/\/www.compact-kaeltetechnik.de\/de\/kategorie\/co2-booster\/\" rel=\"tag\">CO2 Booster<\/a>, <a href=\"https:\/\/www.compact-kaeltetechnik.de\/de\/kategorie\/co2-referenzen\/\" rel=\"tag\">CO2 Referenzen<\/a>, <a href=\"https:\/\/www.compact-kaeltetechnik.de\/de\/kategorie\/ergaenzungsprogramm\/\" rel=\"tag\">Erg\u00e4nzungsprogramm<\/a>, <a href=\"https:\/\/www.compact-kaeltetechnik.de\/de\/kategorie\/gewerbekuehlung-referenzen\/\" rel=\"tag\">Gewerbek\u00fchlung Referenzen<\/a>, <a href=\"https:\/\/www.compact-kaeltetechnik.de\/de\/kategorie\/referenz\/\" rel=\"tag\">Referenzen<\/a>, <a href=\"https:\/\/www.compact-kaeltetechnik.de\/de\/kategorie\/schaltschraenke\/\" rel=\"tag\">Schaltschr\u00e4nke<\/a>, <a href=\"https:\/\/www.compact-kaeltetechnik.de\/de\/kategorie\/supermarktkuehlung-referenzen\/\" rel=\"tag\">Supermarktk\u00fchlung Referenzen<\/a>, <a href=\"https:\/\/www.compact-kaeltetechnik.de\/de\/kategorie\/verbundanlagen\/\" rel=\"tag\">Verbundanlagen<\/a>, <a href=\"https:\/\/www.compact-kaeltetechnik.de\/de\/kategorie\/verdichtersaetze\/\" rel=\"tag\">Verdichters\u00e4tze<\/a><\/div><\/div><\/div><div class=\"swiper-slide\"><div class=\"fusion-carousel-item-wrapper\"><div  class=\"fusion-image-wrapper fusion-image-size-fixed\" aria-haspopup=\"true\">\n\t\t\t\t\t\t\t<a href=\"https:\/\/www.compact-kaeltetechnik.de\/de\/anlage\/co2-booster-lagerkuehlung\/\" aria-label=\"CO2 Booster zur Lagerk\u00fchlung\">\n\t\t\t\t\t\t\t<img decoding=\"async\" width=\"460\" height=\"295\" src=\"data:image\/svg+xml,%3Csvg%20xmlns%3D%27http%3A%2F%2Fwww.w3.org%2F2000%2Fsvg%27%20width%3D%27460%27%20height%3D%27295%27%20viewBox%3D%270%200%20460%20295%27%3E%3Crect%20width%3D%27460%27%20height%3D%27295%27%20fill-opacity%3D%220%22%2F%3E%3C%2Fsvg%3E\" data-orig-src=\"https:\/\/www.compact-kaeltetechnik.de\/wp-content\/uploads\/2019\/09\/Lager-ALDI_1200x600-460x295.jpg\" class=\"lazyload attachment-portfolio-two size-portfolio-two wp-post-image\" alt=\"\" \/>\t\t\t<\/a>\n\t\t\t\t\t\t\t<\/div>\n<h4 class=\"fusion-carousel-title\"><a href=\"https:\/\/www.compact-kaeltetechnik.de\/de\/anlage\/co2-booster-lagerkuehlung\/\" target=\"_self\">CO2 Booster zur Lagerk\u00fchlung<\/a><\/h4><div class=\"fusion-carousel-meta\"><a href=\"https:\/\/www.compact-kaeltetechnik.de\/de\/kategorie\/co2-booster\/\" rel=\"tag\">CO2 Booster<\/a>, <a href=\"https:\/\/www.compact-kaeltetechnik.de\/de\/kategorie\/co2-referenzen\/\" rel=\"tag\">CO2 Referenzen<\/a>, <a href=\"https:\/\/www.compact-kaeltetechnik.de\/de\/kategorie\/industriekuehlung-referenzen\/\" rel=\"tag\">Industriek\u00fchlung Referenzen<\/a>, <a href=\"https:\/\/www.compact-kaeltetechnik.de\/de\/kategorie\/referenz\/\" rel=\"tag\">Referenzen<\/a>, <a href=\"https:\/\/www.compact-kaeltetechnik.de\/de\/kategorie\/verbundanlagen\/\" rel=\"tag\">Verbundanlagen<\/a>, <a href=\"https:\/\/www.compact-kaeltetechnik.de\/de\/kategorie\/verdichtersaetze\/\" rel=\"tag\">Verdichters\u00e4tze<\/a><\/div><\/div><\/div><div class=\"swiper-slide\"><div class=\"fusion-carousel-item-wrapper\"><div  class=\"fusion-image-wrapper fusion-image-size-fixed\" aria-haspopup=\"true\">\n\t\t\t\t\t\t\t<a href=\"https:\/\/www.compact-kaeltetechnik.de\/de\/anlage\/co2-booster-supermarkt\/\" aria-label=\"CO2 Booster f\u00fcr Supermarkt\">\n\t\t\t\t\t\t\t<img decoding=\"async\" width=\"460\" height=\"295\" src=\"data:image\/svg+xml,%3Csvg%20xmlns%3D%27http%3A%2F%2Fwww.w3.org%2F2000%2Fsvg%27%20width%3D%27460%27%20height%3D%27295%27%20viewBox%3D%270%200%20460%20295%27%3E%3Crect%20width%3D%27460%27%20height%3D%27295%27%20fill-opacity%3D%220%22%2F%3E%3C%2Fsvg%3E\" data-orig-src=\"https:\/\/www.compact-kaeltetechnik.de\/wp-content\/uploads\/2018\/03\/160288-460x295.png\" class=\"lazyload attachment-portfolio-two size-portfolio-two wp-post-image\" alt=\"\" \/>\t\t\t<\/a>\n\t\t\t\t\t\t\t<\/div>\n<h4 class=\"fusion-carousel-title\"><a href=\"https:\/\/www.compact-kaeltetechnik.de\/de\/anlage\/co2-booster-supermarkt\/\" target=\"_self\">CO2 Booster f\u00fcr Supermarkt<\/a><\/h4><div class=\"fusion-carousel-meta\"><a href=\"https:\/\/www.compact-kaeltetechnik.de\/de\/kategorie\/co2-booster\/\" rel=\"tag\">CO2 Booster<\/a>, <a href=\"https:\/\/www.compact-kaeltetechnik.de\/de\/kategorie\/co2-referenzen\/\" rel=\"tag\">CO2 Referenzen<\/a>, <a href=\"https:\/\/www.compact-kaeltetechnik.de\/de\/kategorie\/referenz\/\" rel=\"tag\">Referenzen<\/a>, <a href=\"https:\/\/www.compact-kaeltetechnik.de\/de\/kategorie\/supermarktkuehlung-referenzen\/\" rel=\"tag\">Supermarktk\u00fchlung Referenzen<\/a>, <a href=\"https:\/\/www.compact-kaeltetechnik.de\/de\/kategorie\/verdichtersaetze\/\" rel=\"tag\">Verdichters\u00e4tze<\/a><\/div><\/div><\/div><div class=\"swiper-slide\"><div class=\"fusion-carousel-item-wrapper\"><div  class=\"fusion-image-wrapper fusion-image-size-fixed\" aria-haspopup=\"true\">\n\t\t\t\t\t\t\t<a href=\"https:\/\/www.compact-kaeltetechnik.de\/de\/anlage\/co2-kaskade-pumpbetrieb\/\" aria-label=\"CO2 Kaskade mit Pumpbetrieb f\u00fcr Supermarkt\">\n\t\t\t\t\t\t\t<img decoding=\"async\" width=\"460\" height=\"295\" src=\"data:image\/svg+xml,%3Csvg%20xmlns%3D%27http%3A%2F%2Fwww.w3.org%2F2000%2Fsvg%27%20width%3D%27460%27%20height%3D%27295%27%20viewBox%3D%270%200%20460%20295%27%3E%3Crect%20width%3D%27460%27%20height%3D%27295%27%20fill-opacity%3D%220%22%2F%3E%3C%2Fsvg%3E\" data-orig-src=\"https:\/\/www.compact-kaeltetechnik.de\/wp-content\/uploads\/2018\/03\/160565-460x295.png\" class=\"lazyload attachment-portfolio-two size-portfolio-two wp-post-image\" alt=\"\" \/>\t\t\t<\/a>\n\t\t\t\t\t\t\t<\/div>\n<h4 class=\"fusion-carousel-title\"><a href=\"https:\/\/www.compact-kaeltetechnik.de\/de\/anlage\/co2-kaskade-pumpbetrieb\/\" target=\"_self\">CO2 Kaskade mit Pumpbetrieb f\u00fcr Supermarkt<\/a><\/h4><div class=\"fusion-carousel-meta\"><a href=\"https:\/\/www.compact-kaeltetechnik.de\/de\/kategorie\/co2-referenzen\/\" rel=\"tag\">CO2 Referenzen<\/a>, <a href=\"https:\/\/www.compact-kaeltetechnik.de\/de\/kategorie\/kaskade\/\" rel=\"tag\">Kaskade<\/a>, <a href=\"https:\/\/www.compact-kaeltetechnik.de\/de\/kategorie\/referenz\/\" rel=\"tag\">Referenzen<\/a>, <a href=\"https:\/\/www.compact-kaeltetechnik.de\/de\/kategorie\/supermarktkuehlung-referenzen\/\" rel=\"tag\">Supermarktk\u00fchlung Referenzen<\/a>, <a href=\"https:\/\/www.compact-kaeltetechnik.de\/de\/kategorie\/verdichtersaetze\/\" rel=\"tag\">Verdichters\u00e4tze<\/a><\/div><\/div><\/div><div class=\"swiper-slide\"><div class=\"fusion-carousel-item-wrapper\"><div  class=\"fusion-image-wrapper fusion-image-size-fixed\" aria-haspopup=\"true\">\n\t\t\t\t\t\t\t<a href=\"https:\/\/www.compact-kaeltetechnik.de\/de\/anlage\/co2-kaskade-solegekuehlt\/\" aria-label=\"Solegek\u00fchlte CO2 Kaskade\">\n\t\t\t\t\t\t\t<img decoding=\"async\" width=\"460\" height=\"295\" src=\"data:image\/svg+xml,%3Csvg%20xmlns%3D%27http%3A%2F%2Fwww.w3.org%2F2000%2Fsvg%27%20width%3D%27460%27%20height%3D%27295%27%20viewBox%3D%270%200%20460%20295%27%3E%3Crect%20width%3D%27460%27%20height%3D%27295%27%20fill-opacity%3D%220%22%2F%3E%3C%2Fsvg%3E\" data-orig-src=\"https:\/\/www.compact-kaeltetechnik.de\/wp-content\/uploads\/2018\/03\/160153-Kaskade-460x295.png\" class=\"lazyload attachment-portfolio-two size-portfolio-two wp-post-image\" alt=\"\" \/>\t\t\t<\/a>\n\t\t\t\t\t\t\t<\/div>\n<h4 class=\"fusion-carousel-title\"><a href=\"https:\/\/www.compact-kaeltetechnik.de\/de\/anlage\/co2-kaskade-solegekuehlt\/\" target=\"_self\">Solegek\u00fchlte CO2 Kaskade<\/a><\/h4><div class=\"fusion-carousel-meta\"><a href=\"https:\/\/www.compact-kaeltetechnik.de\/de\/kategorie\/co2-referenzen\/\" rel=\"tag\">CO2 Referenzen<\/a>, <a href=\"https:\/\/www.compact-kaeltetechnik.de\/de\/kategorie\/industriekuehlung-referenzen\/\" rel=\"tag\">Industriek\u00fchlung Referenzen<\/a>, <a href=\"https:\/\/www.compact-kaeltetechnik.de\/de\/kategorie\/kaskade\/\" rel=\"tag\">Kaskade<\/a>, <a href=\"https:\/\/www.compact-kaeltetechnik.de\/de\/kategorie\/referenz\/\" rel=\"tag\">Referenzen<\/a>, <a href=\"https:\/\/www.compact-kaeltetechnik.de\/de\/kategorie\/verdichtersaetze\/\" rel=\"tag\">Verdichters\u00e4tze<\/a><\/div><\/div><\/div><div class=\"swiper-slide\"><div class=\"fusion-carousel-item-wrapper\"><div  class=\"fusion-image-wrapper fusion-image-size-fixed\" aria-haspopup=\"true\">\n\t\t\t\t\t\t\t<a href=\"https:\/\/www.compact-kaeltetechnik.de\/de\/anlage\/tk-booster-gaskuehler\/\" aria-label=\"TK Booster mit Gask\u00fchler zur Lebensmittelproduktion\">\n\t\t\t\t\t\t\t<img decoding=\"async\" width=\"460\" height=\"295\" src=\"data:image\/svg+xml,%3Csvg%20xmlns%3D%27http%3A%2F%2Fwww.w3.org%2F2000%2Fsvg%27%20width%3D%27460%27%20height%3D%27295%27%20viewBox%3D%270%200%20460%20295%27%3E%3Crect%20width%3D%27460%27%20height%3D%27295%27%20fill-opacity%3D%220%22%2F%3E%3C%2Fsvg%3E\" data-orig-src=\"https:\/\/www.compact-kaeltetechnik.de\/wp-content\/uploads\/2018\/03\/160554-460x295.png\" class=\"lazyload attachment-portfolio-two size-portfolio-two wp-post-image\" alt=\"\" \/>\t\t\t<\/a>\n\t\t\t\t\t\t\t<\/div>\n<h4 class=\"fusion-carousel-title\"><a href=\"https:\/\/www.compact-kaeltetechnik.de\/de\/anlage\/tk-booster-gaskuehler\/\" target=\"_self\">TK Booster mit Gask\u00fchler zur Lebensmittelproduktion<\/a><\/h4><div class=\"fusion-carousel-meta\"><a href=\"https:\/\/www.compact-kaeltetechnik.de\/de\/kategorie\/co2-referenzen\/\" rel=\"tag\">CO2 Referenzen<\/a>, <a href=\"https:\/\/www.compact-kaeltetechnik.de\/de\/kategorie\/lebensmittelkuehlung-referenzen\/\" rel=\"tag\">Lebensmittelk\u00fchlung Referenzen<\/a>, <a href=\"https:\/\/www.compact-kaeltetechnik.de\/de\/kategorie\/referenz\/\" rel=\"tag\">Referenzen<\/a>, <a href=\"https:\/\/www.compact-kaeltetechnik.de\/de\/kategorie\/verdichtersaetze\/\" rel=\"tag\">Verdichters\u00e4tze<\/a>, <a href=\"https:\/\/www.compact-kaeltetechnik.de\/de\/kategorie\/verfluessigungssaetze\/\" rel=\"tag\">Verfl\u00fcssigungss\u00e4tze<\/a><\/div><\/div><\/div><\/div><div class=\"awb-swiper-button awb-swiper-button-prev\"><i class=\"awb-icon-angle-left\" aria-hidden=\"true\"><\/i><\/div><div class=\"awb-swiper-button awb-swiper-button-next\"><i class=\"awb-icon-angle-right\" aria-hidden=\"true\"><\/i><\/div><\/div><\/div><\/div><\/div><\/div><\/div><div class=\"fusion-fullwidth fullwidth-box fusion-builder-row-7 fusion-flex-container has-pattern-background has-mask-background nonhundred-percent-fullwidth non-hundred-percent-height-scrolling\" style=\"--awb-border-radius-top-left:0px;--awb-border-radius-top-right:0px;--awb-border-radius-bottom-right:0px;--awb-border-radius-bottom-left:0px;--awb-padding-top:0px;--awb-padding-bottom:43px;--awb-padding-top-medium:48px;--awb-padding-right-medium:30px;--awb-padding-left-medium:30px;--awb-padding-top-small:46px;--awb-padding-right-small:30px;--awb-padding-bottom-small:14px;--awb-padding-left-small:30px;--awb-margin-top:69px;--awb-margin-bottom:0px;--awb-margin-top-medium:0px;--awb-margin-top-small:0px;--awb-flex-wrap:wrap;\" ><div class=\"fusion-builder-row fusion-row fusion-flex-align-items-center fusion-flex-justify-content-center fusion-flex-content-wrap\" style=\"max-width:1248px;margin-left: calc(-4% \/ 2 );margin-right: calc(-4% \/ 2 );\"><div class=\"fusion-layout-column fusion_builder_column fusion-builder-column-8 fusion_builder_column_3_4 3_4 fusion-flex-column\" style=\"--awb-bg-size:cover;--awb-width-large:75%;--awb-margin-top-large:0px;--awb-spacing-right-large:2.56%;--awb-margin-bottom-large:2%;--awb-spacing-left-large:2.56%;--awb-width-medium:100%;--awb-order-medium:0;--awb-spacing-right-medium:1.92%;--awb-spacing-left-medium:1.92%;--awb-width-small:100%;--awb-order-small:0;--awb-spacing-right-small:1.92%;--awb-spacing-left-small:1.92%;\"><div class=\"fusion-column-wrapper fusion-column-has-shadow fusion-flex-justify-content-flex-start fusion-content-layout-column\"><div class=\"fusion-title title fusion-title-6 fusion-sep-none fusion-title-center fusion-title-text fusion-title-size-two\" style=\"--awb-text-color:var(--awb-color7);--awb-margin-top-small:0px;--awb-margin-right-small:0px;--awb-margin-bottom-small:20px;--awb-margin-left-small:0px;--awb-margin-bottom-medium:20px;--awb-font-size:32px;\"><h2 class=\"fusion-title-heading title-heading-center fusion-responsive-typography-calculated\" style=\"margin:0;font-size:1em;--fontSize:32;line-height:1.2;\">FAQ<\/h2><\/div><div class=\"fusion-text fusion-text-2 text-neu absatz\" style=\"--awb-text-color:var(--awb-color7);\"><p>Unser FAQ-Bereich bietet Ihnen eine schnelle und komfortable M\u00f6glichkeit, sich zu informieren. Sollte Ihre Frage nicht dabei sein, z\u00f6gern Sie nicht, uns zu kontaktieren. Wir helfen Ihnen gerne weiter.<\/p>\n<\/div><\/div><\/div><div class=\"fusion-layout-column fusion_builder_column fusion-builder-column-9 fusion_builder_column_1_1 1_1 fusion-flex-column\" style=\"--awb-bg-size:cover;--awb-width-large:100%;--awb-margin-top-large:0px;--awb-spacing-right-large:1.92%;--awb-margin-bottom-large:2%;--awb-spacing-left-large:1.92%;--awb-width-medium:100%;--awb-order-medium:0;--awb-spacing-right-medium:1.92%;--awb-spacing-left-medium:1.92%;--awb-width-small:100%;--awb-order-small:0;--awb-spacing-right-small:1.92%;--awb-spacing-left-small:1.92%;\"><div class=\"fusion-column-wrapper fusion-column-has-shadow fusion-flex-justify-content-flex-start fusion-content-layout-column\"><div class=\"accordian fusion-accordian\" style=\"--awb-padding-top:10px;--awb-padding-bottom:10px;--awb-border-size:1px;--awb-icon-size:20px;--awb-content-font-size:20px;--awb-icon-alignment:right;--awb-hover-color:#f9f9f9;--awb-border-color:#333333;--awb-background-color:#ffffff;--awb-divider-color:#e0dede;--awb-divider-hover-color:#e0dede;--awb-icon-color:var(--awb-color7);--awb-title-color:#333333;--awb-content-color:var(--awb-color7);--awb-icon-box-color:var(--awb-color7);--awb-toggle-hover-accent-color:var(--awb-color7);--awb-title-font-family:&quot;Source Sans 3&quot;;--awb-title-font-weight:700;--awb-title-font-style:normal;--awb-title-font-size:24px;--awb-content-font-family:&quot;Source Sans 3&quot;;--awb-content-font-style:normal;--awb-content-font-weight:300;\"><div class=\"panel-group fusion-toggle-icon-right fusion-toggle-icon-unboxed\" id=\"accordion-2029-1\"><div class=\"fusion-panel panel-default panel-e628f1b91409b467f fusion-toggle-has-divider\" style=\"--awb-title-color:#333333;--awb-content-color:var(--awb-color7);\"><div class=\"panel-heading\"><h4 class=\"panel-title toggle\" id=\"toggle_e628f1b91409b467f\"><a aria-expanded=\"false\" aria-controls=\"e628f1b91409b467f\" role=\"button\" data-toggle=\"collapse\" data-parent=\"#accordion-2029-1\" data-target=\"#e628f1b91409b467f\" href=\"#e628f1b91409b467f\"><span class=\"fusion-toggle-icon-wrapper\" aria-hidden=\"true\"><i class=\"fa-fusion-box active-icon awb-icon-minus\" aria-hidden=\"true\"><\/i><i class=\"fa-fusion-box inactive-icon awb-icon-plus\" aria-hidden=\"true\"><\/i><\/span><span class=\"fusion-toggle-heading\">Welche Vorteile hat CO2 als K\u00e4ltemittel?<\/span><\/a><\/h4><\/div><div id=\"e628f1b91409b467f\" class=\"panel-collapse collapse \" aria-labelledby=\"toggle_e628f1b91409b467f\"><div class=\"panel-body toggle-content fusion-clearfix\"><span data-contrast=\"auto\">CO<span style=\"font-size: smaller;\"><sub>2<\/sub><\/span> (R744) als K\u00e4ltemittel bietet eine Reihe von Vorteilen, die es f\u00fcr verschiedene Anwendungen besonders attraktiv machen:<\/span><span data-ccp-props=\"{\">\u00a0<\/span><\/p>\n<p><span data-contrast=\"auto\"><b>Umweltfreundlichkeit:<\/b> Kohlendioxid tr\u00e4gt mit einem Global Warming Potential (GWP) von 1 nur minimal zum Treibhauseffekt bei.<\/span><span data-ccp-props=\"{\">\u00a0<\/span><\/p>\n<p><b>Effiziente W\u00e4rme\u00fcbertragung:<\/b> CO<span style=\"font-size: smaller;\"><sub>2<\/sub><\/span> hat hervorragende thermodynamische Eigenschaften. Die hohe W\u00e4rme\u00fcbertragungsraten f\u00fchren zu hocheffizienten K\u00e4lteanlagen.<\/p>\n<p><span data-contrast=\"auto\"><b>Nichtbrennbarkeit:<\/b> Kohlendioxid ist ein nicht brennbares K\u00e4ltemittel und als solches in die Sicherheitsgruppe A1 eingestuft. <\/span><\/p>\n<p><span data-contrast=\"auto\"><b>Ungiftigkeit:<\/b> CO<span style=\"font-size: smaller;\"><sub>2<\/sub><\/span> ist ungiftig und stellt bei richtiger Handhabung kein Gesundheitsrisiko dar.<\/span><span data-ccp-props=\"{\">\u00a0<\/span><\/p>\n<p><span data-contrast=\"auto\">Damit ist es erste Wahl bei der Suche eines nat\u00fcrlichen K\u00e4ltemittels, welches ungiftig und nicht brennbar ist.\u00a0<\/span><span data-ccp-props=\"{\">\u00a0<\/span><\/p>\n<p><span data-contrast=\"auto\"><b>Verf\u00fcgbarkeit und Kosten:<\/b> CO<span style=\"font-size: smaller;\"><sub>2<\/sub><\/span> ist als nat\u00fcrliches K\u00e4ltemittel weit verbreitet und im Vergleich zu synthetischen K\u00e4ltemitteln relativ kosteng\u00fcnstig.<\/span><span data-ccp-props=\"{\">\u00a0<\/span><\/p>\n<p><span data-contrast=\"auto\"><b>Vielseitig:<\/b> Kohlendioxid kann in einer Vielzahl von Anwendungen eingesetzt werden, von kommerziellen K\u00fchlh\u00e4usern und Superm\u00e4rkten bis hin zu industriellen K\u00fchlprozessen und W\u00e4rmepumpen.<\/span><span data-ccp-props=\"{\">\u00a0<\/span><\/p>\n<p><span data-contrast=\"auto\">Es ist jedoch wichtig zu beachten, dass Kohlendioxid auch Herausforderungen mit sich bringt. Aufgrund hoher Betriebs- und Stillstandsdr\u00fccke sind entsprechende Sicherheitseinrichtungen unerl\u00e4sslich.<\/span><span data-ccp-props=\"{\">\u00a0<\/span><\/div><\/div><\/div><div class=\"fusion-panel panel-default panel-f2d793f15d3cef454 fusion-toggle-has-divider\" style=\"--awb-title-color:#333333;--awb-content-color:var(--awb-color7);\"><div class=\"panel-heading\"><h4 class=\"panel-title toggle\" id=\"toggle_f2d793f15d3cef454\"><a aria-expanded=\"false\" aria-controls=\"f2d793f15d3cef454\" role=\"button\" data-toggle=\"collapse\" data-parent=\"#accordion-2029-1\" data-target=\"#f2d793f15d3cef454\" href=\"#f2d793f15d3cef454\"><span class=\"fusion-toggle-icon-wrapper\" aria-hidden=\"true\"><i class=\"fa-fusion-box active-icon awb-icon-minus\" aria-hidden=\"true\"><\/i><i class=\"fa-fusion-box inactive-icon awb-icon-plus\" aria-hidden=\"true\"><\/i><\/span><span class=\"fusion-toggle-heading\">Ist der Umgang mit Kohlendioxid als K\u00e4ltemittel gef\u00e4hrlich?<\/span><\/a><\/h4><\/div><div id=\"f2d793f15d3cef454\" class=\"panel-collapse collapse \" aria-labelledby=\"toggle_f2d793f15d3cef454\"><div class=\"panel-body toggle-content fusion-clearfix\"><span data-contrast=\"auto\">Kohlendioxid (CO<span style=\"font-size: smaller;\"><sub>2<\/sub><\/span> oder R744) ist ein sicheres und nicht brennbares K\u00e4ltemittel, das in K\u00e4lteanlagen und W\u00e4rmepumpen eingesetzt wird. Beim Umgang mit diesem K\u00e4ltemittel sind jedoch einige Aspekte zu beachten.<\/span><span data-ccp-props=\"{\">\u00a0<\/span><\/p>\n<p><span data-contrast=\"auto\">CO<span style=\"font-size: smaller;\"><sub>2<\/sub><\/span> hat einen h\u00f6heren Betriebsdruck als viele andere K\u00e4ltemittel. Daher sind besondere Vorsichtsma\u00dfnahmen und Ausr\u00fcstungen erforderlich.\u00a0<\/span><span data-ccp-props=\"{\">\u00a0<\/span><\/p>\n<p><span data-contrast=\"auto\">Auch wenn CO<span style=\"font-size: smaller;\"><sub>2<\/sub><\/span> ungiftig ist, kann eine hohe Konzentration in der Luft zu Gesundheitsproblemen f\u00fchren. In geschlossenen R\u00e4umen kann eine zu hohe CO<span style=\"font-size: smaller;\"><sub>2<\/sub><\/span>-Konzentration zu Bewusst\u00adlosigkeit oder sogar zum Erstickungstod f\u00fchren. Daher sind geeignete Bel\u00fcftungssysteme und CO<span style=\"font-size: smaller;\"><sub>2<\/sub><\/span>-Detektoren erforderlich, um eine sichere Arbeitsumgebung zu gew\u00e4hrleisten.<\/span><span data-ccp-props=\"{\">\u00a0<\/span><\/p>\n<p><span data-contrast=\"auto\">Insgesamt ist der Umgang mit Kohlendioxid als K\u00e4ltemittel nur sicher, wenn entsprechende Sicherheitsma\u00df\u00adnahmen und Vorschriften beachtet und eingehalten werden. Die professionelle Ausbildung und Schulung von Technikern und Monteuren ist von entscheidender Bedeutung f\u00fcr einen sicheren und effizienten Anlagenbetrieb.<\/span><\/div><\/div><\/div><div class=\"fusion-panel panel-default panel-ab85830b22ffd21a0 fusion-toggle-has-divider\" style=\"--awb-title-color:#333333;--awb-content-color:var(--awb-color7);\"><div class=\"panel-heading\"><h4 class=\"panel-title toggle\" id=\"toggle_ab85830b22ffd21a0\"><a aria-expanded=\"false\" aria-controls=\"ab85830b22ffd21a0\" role=\"button\" data-toggle=\"collapse\" data-parent=\"#accordion-2029-1\" data-target=\"#ab85830b22ffd21a0\" href=\"#ab85830b22ffd21a0\"><span class=\"fusion-toggle-icon-wrapper\" aria-hidden=\"true\"><i class=\"fa-fusion-box active-icon awb-icon-minus\" aria-hidden=\"true\"><\/i><i class=\"fa-fusion-box inactive-icon awb-icon-plus\" aria-hidden=\"true\"><\/i><\/span><span class=\"fusion-toggle-heading\">Ist das CO2 K\u00e4ltemittel von der F-Gas-Verordnung betroffen?<\/span><\/a><\/h4><\/div><div id=\"ab85830b22ffd21a0\" class=\"panel-collapse collapse \" aria-labelledby=\"toggle_ab85830b22ffd21a0\"><div class=\"panel-body toggle-content fusion-clearfix\"><span data-contrast=\"auto\">Nein, das K\u00e4ltemittel CO<span style=\"font-size: smaller;\"><sub>2<\/sub><\/span> (R744) f\u00e4llt nicht unter die F-Gase-Verordnung. Die F-Gase-Verordnung wurde eingef\u00fchrt, um die Verwendung und Freisetzung von fluorierten Treibhausgasen (F-Gase) zu kontrollieren und zu reduzieren. Fluorierte Treibhausgase sind eine Gruppe industriell hergestellter Gase mit hohem Treibhauspotenzial, die in einer Vielzahl von Industriezweigen eingesetzt werden.<\/span><span data-ccp-props=\"{\">\u00a0<\/span><\/p>\n<p><span data-contrast=\"auto\">Kohlendioxid hingegen ist ein nat\u00fcrlich vorkommendes Gas ohne Fluor oder fluorierten Bestandteile mit einem Treibhauspotenzial (GWP) von 1.\u00a0<\/span><span data-ccp-props=\"{\">\u00a0<\/span><\/p>\n<p><span data-contrast=\"auto\">Aufgrund seiner Umweltfreundlichkeit und hohen Effizienz findet es immer h\u00e4ufiger Einsatz als K\u00e4ltemittel. Es ist wichtig zu beachten, dass obwohl CO<span style=\"font-size: smaller;\"><sub>2<\/sub><\/span> einen geringen Einfluss auf die globale Erw\u00e4rmung hat, es dennoch dazu beitr\u00e4gt. Ein verantwortungsvoller Umgang mit CO<span style=\"font-size: smaller;\"><sub>2<\/sub><\/span>\u00a0ist Voraussetzung f\u00fcr einen umweltfreundlichen und sicheren Anlagenbetrieb.<\/span><span data-ccp-props=\"{\">\u00a0<\/span><\/div><\/div><\/div><\/div><\/div><\/div><\/div><\/div><\/div><div class=\"fusion-fullwidth fullwidth-box fusion-builder-row-8 fusion-flex-container has-pattern-background has-mask-background nonhundred-percent-fullwidth non-hundred-percent-height-scrolling\" style=\"--awb-border-radius-top-left:0px;--awb-border-radius-top-right:0px;--awb-border-radius-bottom-right:0px;--awb-border-radius-bottom-left:0px;--awb-padding-top:40px;--awb-padding-bottom:70px;--awb-padding-top-medium:21px;--awb-padding-right-medium:0px;--awb-padding-bottom-medium:47px;--awb-padding-left-medium:0px;--awb-padding-top-small:29px;--awb-padding-right-small:20px;--awb-padding-left-small:20px;--awb-margin-bottom:0px;--awb-margin-bottom-medium:0px;--awb-flex-wrap:wrap;\" ><div class=\"fusion-builder-row fusion-row fusion-flex-align-items-flex-start fusion-flex-justify-content-center fusion-flex-content-wrap\" style=\"max-width:1248px;margin-left: calc(-4% \/ 2 );margin-right: calc(-4% \/ 2 );\"><div class=\"fusion-layout-column fusion_builder_column fusion-builder-column-10 fusion_builder_column_1_1 1_1 fusion-flex-column\" style=\"--awb-padding-bottom-medium:16px;--awb-bg-size:cover;--awb-width-large:100%;--awb-margin-top-large:0px;--awb-spacing-right-large:1.92%;--awb-margin-bottom-large:32px;--awb-spacing-left-large:1.92%;--awb-width-medium:100%;--awb-order-medium:0;--awb-spacing-right-medium:1.92%;--awb-margin-bottom-medium:0px;--awb-spacing-left-medium:1.92%;--awb-width-small:100%;--awb-order-small:0;--awb-spacing-right-small:1.92%;--awb-margin-bottom-small:20px;--awb-spacing-left-small:1.92%;\"><div class=\"fusion-column-wrapper fusion-column-has-shadow fusion-flex-justify-content-flex-start fusion-content-layout-column\"><div class=\"fusion-menu-anchor ankerlink\" id=\"ansprechpartner\"><\/div><div class=\"fusion-title title fusion-title-7 fusion-sep-none fusion-title-center fusion-title-text fusion-title-size-two mitt\" style=\"--awb-text-color:var(--awb-color7);--awb-margin-top-small:0px;--awb-margin-right-small:0px;--awb-margin-bottom-small:20px;--awb-margin-left-small:0px;--awb-font-size:32px;\"><h2 class=\"fusion-title-heading title-heading-center fusion-responsive-typography-calculated\" style=\"margin:0;font-size:1em;--fontSize:32;line-height:1.2;\">Ansprechpartner<\/h2><\/div><\/div><\/div><div class=\"fusion-layout-column fusion_builder_column fusion-builder-column-11 fusion_builder_column_1_5 1_5 fusion-flex-column\" style=\"--awb-bg-size:cover;--awb-width-large:20%;--awb-margin-top-large:0px;--awb-spacing-right-large:9.6%;--awb-margin-bottom-large:2%;--awb-spacing-left-large:9.6%;--awb-width-medium:25%;--awb-order-medium:1;--awb-spacing-right-medium:15.36%;--awb-spacing-left-medium:0%;--awb-width-small:100%;--awb-order-small:0;--awb-spacing-right-small:3.84%;--awb-spacing-left-small:0%;\"><div class=\"fusion-column-wrapper fusion-column-has-shadow fusion-flex-justify-content-flex-start fusion-content-layout-column\"><div class=\"fusion-image-element \" style=\"text-align:center;--awb-max-width:250px;--awb-caption-title-font-family:var(--h2_typography-font-family);--awb-caption-title-font-weight:var(--h2_typography-font-weight);--awb-caption-title-font-style:var(--h2_typography-font-style);--awb-caption-title-size:var(--h2_typography-font-size);--awb-caption-title-transform:var(--h2_typography-text-transform);--awb-caption-title-line-height:var(--h2_typography-line-height);--awb-caption-title-letter-spacing:var(--h2_typography-letter-spacing);\"><span class=\" fusion-imageframe imageframe-none imageframe-1 hover-type-none\" style=\"border-radius:50%;\"><img decoding=\"async\" width=\"500\" height=\"500\" alt=\"Dirk Leuteritz\" src=\"https:\/\/www.compact-kaeltetechnik.de\/wp-content\/uploads\/2023\/08\/Leuteritz.jpg\" data-orig-src=\"https:\/\/www.compact-kaeltetechnik.de\/wp-content\/uploads\/2023\/08\/Leuteritz.jpg\" class=\"lazyload img-responsive wp-image-12291\" srcset=\"data:image\/svg+xml,%3Csvg%20xmlns%3D%27http%3A%2F%2Fwww.w3.org%2F2000%2Fsvg%27%20width%3D%27500%27%20height%3D%27500%27%20viewBox%3D%270%200%20500%20500%27%3E%3Crect%20width%3D%27500%27%20height%3D%27500%27%20fill-opacity%3D%220%22%2F%3E%3C%2Fsvg%3E\" data-srcset=\"https:\/\/www.compact-kaeltetechnik.de\/wp-content\/uploads\/2023\/08\/Leuteritz-200x200.jpg 200w, https:\/\/www.compact-kaeltetechnik.de\/wp-content\/uploads\/2023\/08\/Leuteritz-400x400.jpg 400w, https:\/\/www.compact-kaeltetechnik.de\/wp-content\/uploads\/2023\/08\/Leuteritz.jpg 500w\" data-sizes=\"auto\" data-orig-sizes=\"(max-width: 1300px) 100vw, (max-width: 640px) 100vw, 200px\" \/><\/span><\/div><\/div><\/div><div class=\"fusion-layout-column fusion_builder_column fusion-builder-column-12 fusion_builder_column_1_3 1_3 fusion-flex-column\" style=\"--awb-padding-right-medium:10px;--awb-padding-left-medium:8px;--awb-bg-size:cover;--awb-width-large:33.333333333333%;--awb-margin-top-large:3%;--awb-spacing-right-large:0%;--awb-margin-bottom-large:2%;--awb-spacing-left-large:14.976%;--awb-width-medium:25%;--awb-order-medium:2;--awb-margin-top-medium:4%;--awb-spacing-right-medium:0%;--awb-margin-bottom-medium:10px;--awb-spacing-left-medium:0%;--awb-width-small:100%;--awb-order-small:0;--awb-margin-top-small:35px;--awb-spacing-right-small:0%;--awb-margin-bottom-small:0px;--awb-spacing-left-small:2.112%;\"><div class=\"fusion-column-wrapper fusion-column-has-shadow fusion-flex-justify-content-flex-start fusion-content-layout-column\"><div class=\"fusion-text fusion-text-3 person text-neu kleiner\" style=\"--awb-font-size:20px;--awb-line-height:1.6;--awb-text-color:var(--awb-color7);--awb-text-font-family:&quot;Source Sans 3&quot;;--awb-text-font-style:normal;--awb-text-font-weight:300;\"><h2 style=\"font-size: 24px !important; padding-top: 0; margin-top: 2px;\">Dirk Leuteritz<\/h2>\n<p>Leiter Vertrieb<\/p>\n<\/div><div class=\"fusion-social-links fusion-social-links-1\" style=\"--awb-margin-top:0px;--awb-margin-right:0px;--awb-margin-bottom:0px;--awb-margin-left:0px;--awb-box-border-top:0px;--awb-box-border-right:0px;--awb-box-border-bottom:0px;--awb-box-border-left:0px;--awb-icon-colors-hover:var(--awb-custom14);--awb-box-colors-hover:var(--awb-color1);--awb-box-border-color:var(--awb-color3);--awb-box-border-color-hover:var(--awb-color4);\"><div class=\"fusion-social-networks color-type-custom\"><div class=\"fusion-social-networks-wrapper\"><a class=\"fusion-social-network-icon fusion-tooltip fusion-linkedin awb-icon-linkedin\" style=\"color:var(--awb-custom14);font-size:16px;\" data-placement=\"right\" data-title=\"LinkedIn\" data-toggle=\"tooltip\" title=\"LinkedIn\" aria-label=\"linkedin\" target=\"_blank\" rel=\"noopener noreferrer\" href=\"https:\/\/www.linkedin.com\/in\/dirk-leuteritz-16903b14a\/\"><\/a><a class=\"fusion-social-network-icon fusion-tooltip fusion-mail awb-icon-mail\" style=\"color:var(--awb-custom14);font-size:16px;\" data-placement=\"right\" data-title=\"E-Mail\" data-toggle=\"tooltip\" title=\"E-Mail\" aria-label=\"mail\" target=\"_blank\" rel=\"noopener noreferrer\" href=\"mailto:&#118;&#101;r&#116;rieb&#064;&#099;o&#109;p&#097;ct-kae&#108;&#116;e&#116;&#101;&#099;h&#110;&#105;&#107;&#046;d&#101;\"><\/a><\/div><\/div><\/div><\/div><\/div><div class=\"fusion-layout-column fusion_builder_column fusion-builder-column-13 fusion_builder_column_1_3 1_3 fusion-flex-column\" style=\"--awb-padding-left-medium:10px;--awb-padding-top-small:20px;--awb-bg-size:cover;--awb-width-large:33.333333333333%;--awb-margin-top-large:3%;--awb-spacing-right-large:5.76%;--awb-margin-bottom-large:2%;--awb-spacing-left-large:5.76%;--awb-width-medium:33.333333333333%;--awb-order-medium:4;--awb-margin-top-medium:4.4%;--awb-spacing-right-medium:0%;--awb-margin-bottom-medium:10px;--awb-spacing-left-medium:0%;--awb-width-small:100%;--awb-order-small:0;--awb-margin-top-small:0px;--awb-spacing-right-small:0%;--awb-spacing-left-small:3px;\"><div class=\"fusion-column-wrapper fusion-column-has-shadow fusion-flex-justify-content-flex-start fusion-content-layout-column\"><div class=\"fusion-text fusion-text-4 text-neu kleiner\" style=\"--awb-font-size:20px;--awb-text-color:var(--awb-color7);--awb-text-font-family:&quot;Source Sans 3&quot;;--awb-text-font-style:normal;--awb-text-font-weight:300;\"><p>Telefon: <a href=\"tel:+493512079736\">+49 351 20797-36<\/a><\/p>\n<\/div><\/div><\/div><div class=\"fusion-layout-column fusion_builder_column fusion-builder-column-14 fusion_builder_column_1_1 1_1 fusion-flex-column\" style=\"--awb-bg-size:cover;--awb-width-large:100%;--awb-margin-top-large:0px;--awb-spacing-right-large:1.92%;--awb-margin-bottom-large:2%;--awb-spacing-left-large:1.92%;--awb-width-medium:100%;--awb-order-medium:7;--awb-spacing-right-medium:1.92%;--awb-spacing-left-medium:1.92%;--awb-width-small:100%;--awb-order-small:0;--awb-margin-top-small:0px;--awb-spacing-right-small:0%;--awb-margin-bottom-small:30px;--awb-spacing-left-small:0%;\"><div class=\"fusion-column-wrapper fusion-column-has-shadow fusion-flex-justify-content-flex-start fusion-content-layout-column\"><div class=\"fusion-separator\" style=\"align-self: center;margin-left: auto;margin-right: auto;margin-top:20px;margin-bottom:20px;width:100%;max-width:90%;\"><div class=\"fusion-separator-border sep-single sep-solid\" style=\"--awb-height:20px;--awb-amount:20px;border-color:#e0dede;border-top-width:1px;\"><\/div><\/div><\/div><\/div><div class=\"fusion-layout-column fusion_builder_column fusion-builder-column-15 fusion_builder_column_1_5 1_5 fusion-flex-column\" style=\"--awb-bg-size:cover;--awb-width-large:20%;--awb-margin-top-large:0px;--awb-spacing-right-large:9.6%;--awb-margin-bottom-large:2%;--awb-spacing-left-large:9.6%;--awb-width-medium:25%;--awb-order-medium:6;--awb-spacing-right-medium:15.36%;--awb-spacing-left-medium:0%;--awb-width-small:100%;--awb-order-small:0;--awb-spacing-right-small:0%;--awb-spacing-left-small:0%;\"><div class=\"fusion-column-wrapper fusion-column-has-shadow fusion-flex-justify-content-flex-start fusion-content-layout-column\"><div class=\"fusion-image-element \" style=\"text-align:center;--awb-max-width:250px;--awb-caption-title-font-family:var(--h2_typography-font-family);--awb-caption-title-font-weight:var(--h2_typography-font-weight);--awb-caption-title-font-style:var(--h2_typography-font-style);--awb-caption-title-size:var(--h2_typography-font-size);--awb-caption-title-transform:var(--h2_typography-text-transform);--awb-caption-title-line-height:var(--h2_typography-line-height);--awb-caption-title-letter-spacing:var(--h2_typography-letter-spacing);\"><span class=\" fusion-imageframe imageframe-none imageframe-2 hover-type-none\" style=\"border-radius:50%;\"><img decoding=\"async\" width=\"500\" height=\"500\" alt=\"Sebastian Z\u00fcrich\" src=\"https:\/\/www.compact-kaeltetechnik.de\/wp-content\/uploads\/2023\/08\/Zuerich.jpg\" data-orig-src=\"https:\/\/www.compact-kaeltetechnik.de\/wp-content\/uploads\/2023\/08\/Zuerich.jpg\" class=\"lazyload img-responsive wp-image-12294\" srcset=\"data:image\/svg+xml,%3Csvg%20xmlns%3D%27http%3A%2F%2Fwww.w3.org%2F2000%2Fsvg%27%20width%3D%27500%27%20height%3D%27500%27%20viewBox%3D%270%200%20500%20500%27%3E%3Crect%20width%3D%27500%27%20height%3D%27500%27%20fill-opacity%3D%220%22%2F%3E%3C%2Fsvg%3E\" data-srcset=\"https:\/\/www.compact-kaeltetechnik.de\/wp-content\/uploads\/2023\/08\/Zuerich-200x200.jpg 200w, https:\/\/www.compact-kaeltetechnik.de\/wp-content\/uploads\/2023\/08\/Zuerich-400x400.jpg 400w, https:\/\/www.compact-kaeltetechnik.de\/wp-content\/uploads\/2023\/08\/Zuerich.jpg 500w\" data-sizes=\"auto\" data-orig-sizes=\"(max-width: 1300px) 100vw, (max-width: 640px) 100vw, 200px\" \/><\/span><\/div><\/div><\/div><div class=\"fusion-layout-column fusion_builder_column fusion-builder-column-16 fusion_builder_column_1_3 1_3 fusion-flex-column\" style=\"--awb-padding-right-medium:10px;--awb-padding-left-medium:8px;--awb-bg-size:cover;--awb-width-large:33.333333333333%;--awb-margin-top-large:3%;--awb-spacing-right-large:0%;--awb-margin-bottom-large:2%;--awb-spacing-left-large:14.976%;--awb-width-medium:25%;--awb-order-medium:7;--awb-margin-top-medium:4%;--awb-spacing-right-medium:0%;--awb-margin-bottom-medium:10px;--awb-spacing-left-medium:0%;--awb-width-small:100%;--awb-order-small:0;--awb-margin-top-small:35px;--awb-spacing-right-small:0%;--awb-margin-bottom-small:0px;--awb-spacing-left-small:2.112%;\"><div class=\"fusion-column-wrapper fusion-column-has-shadow fusion-flex-justify-content-flex-start fusion-content-layout-column\"><div class=\"fusion-text fusion-text-5 person text-neu kleiner \" style=\"--awb-font-size:20px;--awb-line-height:1.6;--awb-text-color:var(--awb-color7);--awb-text-font-family:&quot;Source Sans 3&quot;;--awb-text-font-style:normal;--awb-text-font-weight:300;\"><h2 style=\"font-size: 24px !important; padding-top: 0; margin-top: 2px;\">Sebastian Z\u00fcrich<\/h2>\n<p>Leiter Projektierung<\/p>\n<\/div><div class=\"fusion-social-links fusion-social-links-2\" style=\"--awb-margin-top:0px;--awb-margin-right:0px;--awb-margin-bottom:0px;--awb-margin-left:0px;--awb-box-border-top:0px;--awb-box-border-right:0px;--awb-box-border-bottom:0px;--awb-box-border-left:0px;--awb-icon-colors-hover:var(--awb-custom14);--awb-box-colors-hover:var(--awb-color1);--awb-box-border-color:var(--awb-color3);--awb-box-border-color-hover:var(--awb-color4);\"><div class=\"fusion-social-networks color-type-custom\"><div class=\"fusion-social-networks-wrapper\"><a class=\"fusion-social-network-icon fusion-tooltip fusion-linkedin awb-icon-linkedin\" style=\"color:var(--awb-custom14);font-size:16px;\" data-placement=\"right\" data-title=\"LinkedIn\" data-toggle=\"tooltip\" title=\"LinkedIn\" aria-label=\"linkedin\" target=\"_blank\" rel=\"noopener noreferrer\" href=\"https:\/\/www.linkedin.com\/in\/sebastian-z%C3%BCrich-4834b2179\/\"><\/a><a class=\"fusion-social-network-icon fusion-tooltip fusion-mail awb-icon-mail\" style=\"color:var(--awb-custom14);font-size:16px;\" data-placement=\"right\" data-title=\"E-Mail\" data-toggle=\"tooltip\" title=\"E-Mail\" aria-label=\"mail\" target=\"_blank\" rel=\"noopener noreferrer\" href=\"mailto:v&#101;r&#116;r&#105;eb&#064;c&#111;m&#112;ac&#116;&#045;k&#097;&#101;&#108;&#116;e&#116;e&#099;h&#110;&#105;&#107;&#046;&#100;&#101;\"><\/a><\/div><\/div><\/div><\/div><\/div><div class=\"fusion-layout-column fusion_builder_column fusion-builder-column-17 fusion_builder_column_1_3 1_3 fusion-flex-column\" style=\"--awb-padding-left-medium:10px;--awb-padding-top-small:20px;--awb-bg-size:cover;--awb-width-large:33.333333333333%;--awb-margin-top-large:3%;--awb-spacing-right-large:5.76%;--awb-margin-bottom-large:2%;--awb-spacing-left-large:5.76%;--awb-width-medium:33.333333333333%;--awb-order-medium:8;--awb-margin-top-medium:4.4%;--awb-spacing-right-medium:0%;--awb-margin-bottom-medium:10px;--awb-spacing-left-medium:0%;--awb-width-small:100%;--awb-order-small:0;--awb-margin-top-small:0px;--awb-spacing-right-small:0%;--awb-spacing-left-small:3px;\"><div class=\"fusion-column-wrapper fusion-column-has-shadow fusion-flex-justify-content-flex-start fusion-content-layout-column\"><div class=\"fusion-text fusion-text-6 text-neu kleiner\" style=\"--awb-font-size:20px;--awb-text-color:var(--awb-color7);--awb-text-font-family:&quot;Source Sans 3&quot;;--awb-text-font-style:normal;--awb-text-font-weight:300;\"><p>Telefon: <a href=\"tel:+493512079729\">+49 351 20797-29<\/a><\/p>\n<\/div><\/div><\/div><div class=\"fusion-layout-column fusion_builder_column fusion-builder-column-18 fusion_builder_column_1_1 1_1 fusion-flex-column\" style=\"--awb-bg-size:cover;--awb-width-large:100%;--awb-margin-top-large:0px;--awb-spacing-right-large:1.92%;--awb-margin-bottom-large:2%;--awb-spacing-left-large:1.92%;--awb-width-medium:100%;--awb-order-medium:7;--awb-spacing-right-medium:1.92%;--awb-spacing-left-medium:1.92%;--awb-width-small:100%;--awb-order-small:0;--awb-margin-top-small:0px;--awb-spacing-right-small:0%;--awb-margin-bottom-small:30px;--awb-spacing-left-small:0%;\"><div class=\"fusion-column-wrapper fusion-column-has-shadow fusion-flex-justify-content-flex-start fusion-content-layout-column\"><div class=\"fusion-separator\" style=\"align-self: center;margin-left: auto;margin-right: auto;margin-top:20px;margin-bottom:20px;width:100%;max-width:90%;\"><div class=\"fusion-separator-border sep-single sep-solid\" style=\"--awb-height:20px;--awb-amount:20px;border-color:#e0dede;border-top-width:1px;\"><\/div><\/div><\/div><\/div><div class=\"fusion-layout-column fusion_builder_column fusion-builder-column-19 fusion_builder_column_1_5 1_5 fusion-flex-column\" style=\"--awb-bg-size:cover;--awb-width-large:20%;--awb-margin-top-large:0px;--awb-spacing-right-large:9.6%;--awb-margin-bottom-large:2%;--awb-spacing-left-large:9.6%;--awb-width-medium:25%;--awb-order-medium:1;--awb-spacing-right-medium:15.36%;--awb-spacing-left-medium:0%;--awb-width-small:100%;--awb-order-small:0;--awb-spacing-right-small:3.84%;--awb-spacing-left-small:0%;\"><div class=\"fusion-column-wrapper fusion-column-has-shadow fusion-flex-justify-content-flex-start fusion-content-layout-column\"><div class=\"fusion-image-element \" style=\"text-align:center;--awb-max-width:250px;--awb-caption-title-font-family:var(--h2_typography-font-family);--awb-caption-title-font-weight:var(--h2_typography-font-weight);--awb-caption-title-font-style:var(--h2_typography-font-style);--awb-caption-title-size:var(--h2_typography-font-size);--awb-caption-title-transform:var(--h2_typography-text-transform);--awb-caption-title-line-height:var(--h2_typography-line-height);--awb-caption-title-letter-spacing:var(--h2_typography-letter-spacing);\"><span class=\" fusion-imageframe imageframe-none imageframe-3 hover-type-none\" style=\"border-radius:50%;\"><img decoding=\"async\" width=\"500\" height=\"500\" alt=\"Adam Grohmann\" src=\"https:\/\/www.compact-kaeltetechnik.de\/wp-content\/uploads\/2025\/12\/Kontaktbild_AGro_Website4.jpg\" data-orig-src=\"https:\/\/www.compact-kaeltetechnik.de\/wp-content\/uploads\/2025\/12\/Kontaktbild_AGro_Website4.jpg\" class=\"lazyload img-responsive wp-image-25742\" srcset=\"data:image\/svg+xml,%3Csvg%20xmlns%3D%27http%3A%2F%2Fwww.w3.org%2F2000%2Fsvg%27%20width%3D%27500%27%20height%3D%27500%27%20viewBox%3D%270%200%20500%20500%27%3E%3Crect%20width%3D%27500%27%20height%3D%27500%27%20fill-opacity%3D%220%22%2F%3E%3C%2Fsvg%3E\" data-srcset=\"https:\/\/www.compact-kaeltetechnik.de\/wp-content\/uploads\/2025\/12\/Kontaktbild_AGro_Website4-200x200.jpg 200w, https:\/\/www.compact-kaeltetechnik.de\/wp-content\/uploads\/2025\/12\/Kontaktbild_AGro_Website4-400x400.jpg 400w, https:\/\/www.compact-kaeltetechnik.de\/wp-content\/uploads\/2025\/12\/Kontaktbild_AGro_Website4.jpg 500w\" data-sizes=\"auto\" data-orig-sizes=\"(max-width: 1300px) 100vw, (max-width: 640px) 100vw, 200px\" \/><\/span><\/div><\/div><\/div><div class=\"fusion-layout-column fusion_builder_column fusion-builder-column-20 fusion_builder_column_1_3 1_3 fusion-flex-column\" style=\"--awb-padding-right-medium:10px;--awb-padding-left-medium:8px;--awb-bg-size:cover;--awb-width-large:33.333333333333%;--awb-margin-top-large:3%;--awb-spacing-right-large:0%;--awb-margin-bottom-large:2%;--awb-spacing-left-large:14.976%;--awb-width-medium:25%;--awb-order-medium:2;--awb-margin-top-medium:4%;--awb-spacing-right-medium:0%;--awb-margin-bottom-medium:10px;--awb-spacing-left-medium:0%;--awb-width-small:100%;--awb-order-small:0;--awb-margin-top-small:35px;--awb-spacing-right-small:0%;--awb-margin-bottom-small:0px;--awb-spacing-left-small:2.112%;\"><div class=\"fusion-column-wrapper fusion-column-has-shadow fusion-flex-justify-content-flex-start fusion-content-layout-column\"><div class=\"fusion-text fusion-text-7 person text-neu kleiner\" style=\"--awb-font-size:20px;--awb-line-height:1.6;--awb-text-color:var(--awb-color7);--awb-text-font-family:&quot;Source Sans 3&quot;;--awb-text-font-style:normal;--awb-text-font-weight:300;\"><h2 style=\"font-size: 24px; padding-top: 0; margin-top: 2px;\">Adam Grohmann<\/h2>\n<p>Vertrieb &amp; Aftersales<\/p>\n<\/div><div class=\"fusion-social-links fusion-social-links-3\" style=\"--awb-margin-top:0px;--awb-margin-right:0px;--awb-margin-bottom:0px;--awb-margin-left:0px;--awb-box-border-top:0px;--awb-box-border-right:0px;--awb-box-border-bottom:0px;--awb-box-border-left:0px;--awb-icon-colors-hover:var(--awb-custom14);--awb-box-colors-hover:var(--awb-color1);--awb-box-border-color:var(--awb-color3);--awb-box-border-color-hover:var(--awb-color4);\"><div class=\"fusion-social-networks color-type-custom\"><div class=\"fusion-social-networks-wrapper\"><a class=\"fusion-social-network-icon fusion-tooltip fusion-linkedin awb-icon-linkedin\" style=\"color:var(--awb-custom14);font-size:16px;\" data-placement=\"right\" data-title=\"LinkedIn\" data-toggle=\"tooltip\" title=\"LinkedIn\" aria-label=\"linkedin\" target=\"_blank\" rel=\"noopener noreferrer\" href=\"https:\/\/linkedin.com\/in\/adam-grohmann-41639b215\"><\/a><a class=\"fusion-social-network-icon fusion-tooltip fusion-mail awb-icon-mail\" style=\"color:var(--awb-custom14);font-size:16px;\" data-placement=\"right\" data-title=\"E-Mail\" data-toggle=\"tooltip\" title=\"E-Mail\" aria-label=\"mail\" target=\"_blank\" rel=\"noopener noreferrer\" href=\"mailto:vert&#114;i&#101;b&#064;c&#111;m&#112;a&#099;t&#045;&#107;a&#101;&#108;&#116;&#101;&#116;&#101;c&#104;&#110;ik&#046;de\"><\/a><\/div><\/div><\/div><\/div><\/div><div class=\"fusion-layout-column fusion_builder_column fusion-builder-column-21 fusion_builder_column_1_3 1_3 fusion-flex-column\" style=\"--awb-padding-left-medium:10px;--awb-padding-top-small:20px;--awb-bg-size:cover;--awb-width-large:33.333333333333%;--awb-margin-top-large:3%;--awb-spacing-right-large:5.76%;--awb-margin-bottom-large:2%;--awb-spacing-left-large:5.76%;--awb-width-medium:33.333333333333%;--awb-order-medium:4;--awb-margin-top-medium:4.4%;--awb-spacing-right-medium:0%;--awb-margin-bottom-medium:10px;--awb-spacing-left-medium:0%;--awb-width-small:100%;--awb-order-small:0;--awb-margin-top-small:0px;--awb-spacing-right-small:0%;--awb-spacing-left-small:3px;\"><div class=\"fusion-column-wrapper fusion-column-has-shadow fusion-flex-justify-content-flex-start fusion-content-layout-column\"><div class=\"fusion-text fusion-text-8 text-neu kleiner\" style=\"--awb-font-size:20px;--awb-text-color:var(--awb-color7);--awb-text-font-family:&quot;Source Sans 3&quot;;--awb-text-font-style:normal;--awb-text-font-weight:300;\"><p>Telefon: <a href=\"tel:+493512079736\">+49 351 20797-50<\/a><\/p>\n<\/div><\/div><\/div><\/div><\/div>\n<div class=\"fusion-fullwidth fullwidth-box fusion-builder-row-9 fusion-flex-container has-pattern-background has-mask-background nonhundred-percent-fullwidth non-hundred-percent-height-scrolling\" style=\"--awb-border-radius-top-left:0px;--awb-border-radius-top-right:0px;--awb-border-radius-bottom-right:0px;--awb-border-radius-bottom-left:0px;--awb-padding-top:60px;--awb-padding-bottom:60px;--awb-padding-right-medium:45px;--awb-padding-left-medium:45px;--awb-padding-top-small:46px;--awb-padding-right-small:19px;--awb-padding-bottom-small:35px;--awb-padding-left-small:20px;--awb-background-color:#f4f4f4;--awb-flex-wrap:wrap;\" ><div class=\"fusion-builder-row fusion-row fusion-flex-align-items-flex-start fusion-flex-justify-content-center fusion-flex-content-wrap\" style=\"max-width:1248px;margin-left: calc(-4% \/ 2 );margin-right: calc(-4% \/ 2 );\"><div class=\"fusion-layout-column fusion_builder_column fusion-builder-column-22 fusion_builder_column_3_4 3_4 fusion-flex-column\" style=\"--awb-padding-right-small:0px;--awb-padding-left-small:0px;--awb-bg-size:cover;--awb-width-large:75%;--awb-margin-top-large:0px;--awb-spacing-right-large:2.56%;--awb-margin-bottom-large:2%;--awb-spacing-left-large:2.56%;--awb-width-medium:100%;--awb-order-medium:0;--awb-spacing-right-medium:1.92%;--awb-spacing-left-medium:1.92%;--awb-width-small:100%;--awb-order-small:0;--awb-spacing-right-small:0%;--awb-margin-bottom-small:0;--awb-spacing-left-small:2.112%;\"><div class=\"fusion-column-wrapper fusion-column-has-shadow fusion-flex-justify-content-flex-start fusion-content-layout-column\"><div class=\"fusion-title title fusion-title-8 fusion-sep-none fusion-title-center fusion-title-text fusion-title-size-two lef\" style=\"--awb-text-color:var(--awb-color7);--awb-margin-top-small:0px;--awb-margin-right-small:0px;--awb-margin-bottom-small:10px;--awb-margin-left-small:0px;--awb-margin-bottom-medium:20px;--awb-font-size:32px;\"><h2 class=\"fusion-title-heading title-heading-center fusion-responsive-typography-calculated\" style=\"font-family:&quot;Source Sans 3&quot;;font-style:normal;font-weight:700;margin:0;font-size:1em;--fontSize:32;line-height:1.2;\">Kontakt<\/h2><\/div><div class=\"fusion-text fusion-text-9 text-neu absatz\" style=\"--awb-text-color:var(--awb-color7);--awb-margin-right:0px;--awb-margin-left:0px;\"><p>Entdecken Sie eine nachhaltige Zukunft mit compact K\u00e4ltetechnik! Unser Team unter\u00adst\u00fctzt Sie gerne bei effizienten und umwelt\u00adfreundlichen K\u00e4ltel\u00f6sungen \u2013 Kontaktieren Sie uns noch heute.<\/p>\n<\/div><\/div><\/div><div class=\"fusion-layout-column fusion_builder_column fusion-builder-column-23 fusion_builder_column_3_4 3_4 fusion-flex-column\" style=\"--awb-bg-size:cover;--awb-width-large:75%;--awb-margin-top-large:0px;--awb-spacing-right-large:3.84%;--awb-margin-bottom-large:2%;--awb-spacing-left-large:3.84%;--awb-width-medium:100%;--awb-order-medium:0;--awb-spacing-right-medium:2.88%;--awb-spacing-left-medium:2.88%;--awb-width-small:100%;--awb-order-small:0;--awb-spacing-right-small:6.048%;--awb-spacing-left-small:6.048%;\"><div class=\"fusion-column-wrapper fusion-column-has-shadow fusion-flex-justify-content-flex-start fusion-content-layout-column\"><script type=\"text\/javascript\" src=\"\/\/ma.compact-kaeltetechnik.de\/form\/generate.js?id=56\"><\/script><\/div><\/div><\/div><\/div>\n<\/p>\n","protected":false},"excerpt":{"rendered":"","protected":false},"author":13,"featured_media":0,"parent":4829,"menu_order":0,"comment_status":"closed","ping_status":"closed","template":"100-width.php","meta":{"footnotes":""},"class_list":["post-4834","page","type-page","status-publish","hentry"],"_links":{"self":[{"href":"https:\/\/www.compact-kaeltetechnik.de\/de\/wp-json\/wp\/v2\/pages\/4834","targetHints":{"allow":["GET"]}}],"collection":[{"href":"https:\/\/www.compact-kaeltetechnik.de\/de\/wp-json\/wp\/v2\/pages"}],"about":[{"href":"https:\/\/www.compact-kaeltetechnik.de\/de\/wp-json\/wp\/v2\/types\/page"}],"author":[{"embeddable":true,"href":"https:\/\/www.compact-kaeltetechnik.de\/de\/wp-json\/wp\/v2\/users\/13"}],"replies":[{"embeddable":true,"href":"https:\/\/www.compact-kaeltetechnik.de\/de\/wp-json\/wp\/v2\/comments?post=4834"}],"version-history":[{"count":214,"href":"https:\/\/www.compact-kaeltetechnik.de\/de\/wp-json\/wp\/v2\/pages\/4834\/revisions"}],"predecessor-version":[{"id":5195,"href":"https:\/\/www.compact-kaeltetechnik.de\/de\/wp-json\/wp\/v2\/pages\/4834\/revisions\/5195"}],"up":[{"embeddable":true,"href":"https:\/\/www.compact-kaeltetechnik.de\/de\/wp-json\/wp\/v2\/pages\/4829"}],"wp:attachment":[{"href":"https:\/\/www.compact-kaeltetechnik.de\/de\/wp-json\/wp\/v2\/media?parent=4834"}],"curies":[{"name":"wp","href":"https:\/\/api.w.org\/{rel}","templated":true}]}}